{"id":21177,"date":"2026-01-20T13:29:43","date_gmt":"2026-01-20T12:29:43","guid":{"rendered":"https:\/\/www.nevadomarbella.com\/?page_id=21177"},"modified":"2026-01-20T13:29:44","modified_gmt":"2026-01-20T12:29:44","slug":"questions-et-reponses-sur-la-location-immobiliere","status":"publish","type":"page","link":"https:\/\/www.nevadomarbella.com\/fr\/questions-et-reponses-sur-la-location-immobiliere","title":{"rendered":"Questions et r\u00e9ponses sur la location immobili\u00e8re"},"content":{"rendered":"\n<div class=\"wp-block-group alignfull has-contrast-2-color has-base-background-color has-text-color has-background has-link-color wp-elements-c730fea285cae1fd18881a7e1e619303 has-global-padding is-layout-constrained wp-container-core-group-is-layout-d89aad35 wp-block-group-is-layout-constrained\" style=\"margin-top:0;margin-bottom:0;padding-top:var(--wp--preset--spacing--50);padding-right:var(--wp--preset--spacing--50);padding-bottom:var(--wp--preset--spacing--50);padding-left:var(--wp--preset--spacing--50)\">\n<figure class=\"wp-block-image size-full wp-duotone-duotone-2\"><img decoding=\"async\" width=\"1920\" height=\"360\" src=\"https:\/\/www.nevadomarbella.com\/wp-content\/uploads\/2025\/11\/preguntas-y-respuestas-inmobiliarias-sobre-nevado-realty.webp\" alt=\"Questions et r\u00e9ponses immobili\u00e8res sur Nevado Realty\" class=\"wp-image-20983\"\/><\/figure>\n\n\n\n<h2 class=\"wp-block-heading alignwide is-style-default has-contrast-2-color has-text-color has-link-color wp-elements-217c5cc2546a4866d1fa5ee00b530f91\" style=\"font-size:clamp(4.509rem, 4.509rem + ((1vw - 0.2rem) * 8.786), 10rem);letter-spacing:-0.02em\">FAQs<\/h2>\n\n\n\n<h2 class=\"wp-block-heading\">Questions et r\u00e9ponses sur la location immobili\u00e8re<\/h2>\n\n\n\n<hr class=\"wp-block-separator has-text-color has-base-color has-alpha-channel-opacity has-base-background-color has-background is-style-wide\" style=\"margin-top:var(--wp--preset--spacing--30);margin-bottom:var(--wp--preset--spacing--30)\"\/>\n\n\n\n<div class=\"wp-block-group alignwide has-global-padding is-layout-constrained wp-block-group-is-layout-constrained\">\n<div class=\"wp-block-group alignwide has-global-padding is-layout-constrained wp-block-group-is-layout-constrained\">\n<div class=\"wp-block-group alignwide has-global-padding is-layout-constrained wp-block-group-is-layout-constrained\">\n<details class=\"wp-block-details is-layout-flow wp-block-details-is-layout-flow\"><summary>Proposez-vous des locations \u00e0 long terme ?<\/summary>\n<hr class=\"wp-block-separator has-text-color has-base-color has-alpha-channel-opacity has-base-background-color has-background is-style-wide\" style=\"margin-top:var(--wp--preset--spacing--10);margin-bottom:var(--wp--preset--spacing--10)\"\/>\n\n\n\n<p><strong>Nevado Realty propose des locations \u00e0 long terme, en s\u00e9lectionnant toujours des propri\u00e9t\u00e9s de qualit\u00e9 dans des emplacements bien \u00e9tablis.<\/strong><\/p>\n\n\n\n<p>Notre objectif n&rsquo;est pas le volume, mais plut\u00f4t d&rsquo;offrir des locations stables et bien g\u00e9r\u00e9es qui r\u00e9pondent aux attentes des propri\u00e9taires et des locataires.<\/p>\n\n\n\n<h4 class=\"wp-block-heading\"><strong>1. Type de propri\u00e9t\u00e9s<\/strong><\/h4>\n\n\n\n<p>Nous g\u00e9rons principalement des locations \u00e0 long terme dans :<\/p>\n\n\n\n<ul class=\"wp-block-list\">\n<li><strong>Le centre de Marbella.<\/strong><\/li>\n\n\n\n<li><strong>Les zones r\u00e9sidentielles proches de la mer.<\/strong><\/li>\n\n\n\n<li><strong>Les zones r\u00e9sidentielles bien \u00e9tablies et offrant de bons services.<\/strong><\/li>\n<\/ul>\n\n\n\n<p>Il s&rsquo;agit de propri\u00e9t\u00e9s con\u00e7ues pour des s\u00e9jours de longue dur\u00e9e, et non pour un roulement constant.<\/p>\n\n\n\n<h4 class=\"wp-block-heading\"><strong>2. S\u00e9lection des locataires<\/strong><\/h4>\n\n\n\n<p>Nous appliquons un processus rigoureux :<\/p>\n\n\n\n<ul class=\"wp-block-list\">\n<li>Analyse de solvabilit\u00e9.<\/li>\n\n\n\n<li>V\u00e9rification des revenus.<\/li>\n\n\n\n<li>Profil adapt\u00e9 \u00e0 la propri\u00e9t\u00e9.<\/li>\n<\/ul>\n\n\n\n<p>Cela prot\u00e8ge le propri\u00e9taire et garantit des relations contractuelles stables.<\/p>\n\n\n\n<h4 class=\"wp-block-heading\"><strong>3. Contrats clairs et s\u00e9curis\u00e9s<\/strong><\/h4>\n\n\n\n<p>Les locations sont formalis\u00e9es avec :<\/p>\n\n\n\n<ul class=\"wp-block-list\">\n<li>Des contrats \u00e0 long terme conformes \u00e0 la l\u00e9gislation en vigueur.<\/li>\n\n\n\n<li>Des conditions claires d\u00e8s le d\u00e9part.<\/li>\n\n\n\n<li>Des conseils juridiques si n\u00e9cessaire.<\/li>\n<\/ul>\n\n\n\n<p>L&rsquo;id\u00e9e est d&rsquo;\u00e9viter les surprises pour les deux parties.<\/p>\n\n\n\n<h4 class=\"wp-block-heading\"><strong>4. Accompagnement tout au long du processus<\/strong><\/h4>\n\n\n\n<p>Nous vous aidons dans les domaines suivants :<\/p>\n\n\n\n<ul class=\"wp-block-list\">\n<li>\u00c9valuation du loyer.<\/li>\n\n\n\n<li>La commercialisation du bien immobilier.<\/li>\n\n\n\n<li>La gestion des visites.<\/li>\n\n\n\n<li>La pr\u00e9paration et la signature du contrat.<\/li>\n<\/ul>\n\n\n\n<p>Dans certains cas, nous pouvons \u00e9galement coordonner des services suppl\u00e9mentaires.<\/p>\n\n\n\n<h4 class=\"wp-block-heading\"><strong>5. Une approche professionnelle<\/strong><\/h4>\n\n\n\n<p>Oui, chez Nevado Realty, nous g\u00e9rons des locations de vacances et des locations mensuelles, toujours selon des crit\u00e8res de qualit\u00e9, de contr\u00f4le et de bonne gestion pour le propri\u00e9taire.<\/p>\n\n\n\n<p>Nous nous concentrons sur les s\u00e9jours de moyenne dur\u00e9e, g\u00e9n\u00e9ralement d&rsquo;au moins deux semaines, car ce format nous permet d&rsquo;offrir un service plus fiable et de mieux entretenir le bien.<\/p>\n\n\n\n<p>1. Locations de vacances de moyenne dur\u00e9e<\/p>\n\n\n\n<p>Nous travaillons principalement avec :<\/p>\n\n\n\n<p>\u2022 Des locations de vacances de deux semaines ou plus.<\/p>\n\n\n\n<p>\u2022 Des s\u00e9jours mensuels, en particulier en dehors de la haute saison.<\/p>\n\n\n\n<p>Ce type de location nous permet de mieux s\u00e9lectionner les locataires, de mieux contr\u00f4ler l&rsquo;utilisation du bien et de garantir une exp\u00e9rience positive tant pour le propri\u00e9taire que pour le client.<\/p>\n\n\n\n<p>2. Nous ne g\u00e9rons pas les locations de tr\u00e8s courte dur\u00e9e<\/p>\n\n\n\n<p>Nous ne proposons pas de locations touristiques pour 2 ou 3 jours.<\/p>\n\n\n\n<p>Ce type de s\u00e9jour rend difficile le contr\u00f4le de la propri\u00e9t\u00e9 et des locataires, et peut avoir un impact n\u00e9gatif sur l&rsquo;entretien de la propri\u00e9t\u00e9 et la qualit\u00e9 du service offert au propri\u00e9taire. C&rsquo;est pourquoi nous pr\u00e9f\u00e9rons ne pas travailler avec ce mod\u00e8le.<\/p>\n\n\n\n<p>3. S\u00e9lection et contr\u00f4le<\/p>\n\n\n\n<p>Nous appliquons des crit\u00e8res de s\u00e9lection des locataires et une gestion organis\u00e9e qui nous permettent de :<\/p>\n\n\n\n<p>\u2022 Prot\u00e9ger l&rsquo;\u00e9tat de la propri\u00e9t\u00e9.<\/p>\n\n\n\n<p>\u2022 R\u00e9duire les incidents et les rotations excessives.<\/p>\n\n\n\n<p>4. Service orient\u00e9 vers le propri\u00e9taire<\/p>\n\n\n\n<p>Notre objectif est d&rsquo;offrir un service responsable et professionnel, en privil\u00e9giant la tranquillit\u00e9 d&rsquo;esprit du propri\u00e9taire et la gestion durable de la location plut\u00f4t que le volume ou le roulement constant.<\/p>\n<\/details>\n<\/div>\n\n\n\n<hr class=\"wp-block-separator has-text-color has-base-color has-alpha-channel-opacity has-base-background-color has-background is-style-wide\" style=\"margin-top:var(--wp--preset--spacing--10);margin-bottom:var(--wp--preset--spacing--10)\"\/>\n<\/div>\n\n\n\n<div class=\"wp-block-group has-global-padding is-layout-constrained wp-block-group-is-layout-constrained\">\n<div class=\"wp-block-group has-global-padding is-layout-constrained wp-block-group-is-layout-constrained\">\n<div class=\"wp-block-group has-global-padding is-layout-constrained wp-block-group-is-layout-constrained\">\n<details class=\"wp-block-details is-layout-flow wp-block-details-is-layout-flow\"><summary>G\u00e9rez-vous des locations de vacances ou des locations mensuelles ?<\/summary>\n<hr class=\"wp-block-separator has-text-color has-base-color has-alpha-channel-opacity has-base-background-color has-background is-style-wide\" style=\"margin-top:var(--wp--preset--spacing--10);margin-bottom:var(--wp--preset--spacing--10)\"\/>\n\n\n\n<p><strong>Oui, chez Nevado Realty, nous g\u00e9rons des locations de vacances et des locations mensuelles, toujours selon des crit\u00e8res de qualit\u00e9, de contr\u00f4le et de bonne gestion pour le propri\u00e9taire.<\/strong><\/p>\n\n\n\n<p>Nous nous concentrons sur les s\u00e9jours de moyenne dur\u00e9e, g\u00e9n\u00e9ralement d&rsquo;au moins deux semaines, car ce format nous permet d&rsquo;offrir un service plus fiable et de mieux entretenir le bien.<\/p>\n\n\n\n<h4 class=\"wp-block-heading\"><strong>1. Locations de vacances de moyenne dur\u00e9e<\/strong><\/h4>\n\n\n\n<p>Nous travaillons principalement avec :<\/p>\n\n\n\n<p>\u2022 <strong>Des locations de vacances de deux semaines ou plus.<\/strong><\/p>\n\n\n\n<p>\u2022 <strong>Des s\u00e9jours mensuels<\/strong>, en particulier en dehors de la haute saison.<\/p>\n\n\n\n<p>Ce type de location nous permet de mieux s\u00e9lectionner les locataires, de mieux contr\u00f4ler l&rsquo;utilisation du bien et de garantir une exp\u00e9rience positive tant pour le propri\u00e9taire que pour le client.<\/p>\n\n\n\n<h4 class=\"wp-block-heading\"><strong>2. Nous ne g\u00e9rons pas les locations de tr\u00e8s courte dur\u00e9e<\/strong><\/h4>\n\n\n\n<p><strong>Nous ne proposons pas de locations touristiques pour 2 ou 3 jours.<\/strong><\/p>\n\n\n\n<p>Ce type de s\u00e9jour rend difficile le contr\u00f4le de la propri\u00e9t\u00e9 et des locataires, et peut avoir un impact n\u00e9gatif sur l&rsquo;entretien de la propri\u00e9t\u00e9 et la qualit\u00e9 du service offert au propri\u00e9taire. C&rsquo;est pourquoi nous pr\u00e9f\u00e9rons ne pas travailler avec ce mod\u00e8le.<\/p>\n\n\n\n<h4 class=\"wp-block-heading\"><strong>3. S\u00e9lection et contr\u00f4le<\/strong><\/h4>\n\n\n\n<p>Nous appliquons des crit\u00e8res de s\u00e9lection des locataires et une gestion organis\u00e9e qui nous permettent de :<\/p>\n\n\n\n<ul class=\"wp-block-list\">\n<li>Prot\u00e9ger l&rsquo;\u00e9tat de la propri\u00e9t\u00e9.<\/li>\n\n\n\n<li>R\u00e9duire les incidents et les rotations excessives.<\/li>\n<\/ul>\n\n\n\n<h4 class=\"wp-block-heading\"><strong>4. Service orient\u00e9 vers le propri\u00e9taire<\/strong><\/h4>\n\n\n\n<p>Notre objectif est d&rsquo;offrir un service responsable et professionnel, en privil\u00e9giant la tranquillit\u00e9 d&rsquo;esprit du propri\u00e9taire et la gestion durable de la location plut\u00f4t que le volume ou le roulement constant.<\/p>\n<\/details>\n<\/div>\n<\/div>\n\n\n\n<hr class=\"wp-block-separator has-text-color has-base-color has-alpha-channel-opacity has-base-background-color has-background is-style-wide\" style=\"margin-top:var(--wp--preset--spacing--10);margin-bottom:var(--wp--preset--spacing--10)\"\/>\n<\/div>\n\n\n\n<div class=\"wp-block-group has-global-padding is-layout-constrained wp-block-group-is-layout-constrained\">\n<div class=\"wp-block-group has-global-padding is-layout-constrained wp-block-group-is-layout-constrained\">\n<details class=\"wp-block-details is-layout-flow wp-block-details-is-layout-flow\"><summary>Quelles conditions dois-je remplir pour louer un bien immobilier ?<\/summary>\n<hr class=\"wp-block-separator has-text-color has-base-color has-alpha-channel-opacity has-base-background-color has-background is-style-wide\" style=\"margin-top:var(--wp--preset--spacing--10);margin-bottom:var(--wp--preset--spacing--10)\"\/>\n\n\n\n<p>Pour louer un bien immobilier g\u00e9r\u00e9 par Nevado Realty, le locataire doit remplir une s\u00e9rie de conditions destin\u00e9es \u00e0 garantir une relation contractuelle s\u00fbre et \u00e9quilibr\u00e9e pour les deux parties.<\/p>\n\n\n\n<p>Ces crit\u00e8res prot\u00e8gent le bien immobilier et offrent une tranquillit\u00e9 d&rsquo;esprit au propri\u00e9taire.<\/p>\n\n\n\n<h4 class=\"wp-block-heading\"><strong>1. Preuve d&rsquo;identit\u00e9<\/strong><\/h4>\n\n\n\n<p>Le locataire doit pr\u00e9senter :<\/p>\n\n\n\n<ul class=\"wp-block-list\">\n<li>Une carte d&rsquo;identit\u00e9 ou un passeport en cours de validit\u00e9.<\/li>\n\n\n\n<li>Un NIE (num\u00e9ro d&rsquo;identification \u00e9tranger), dans le cas des \u00e9trangers r\u00e9sidents ou en s\u00e9jour prolong\u00e9.<\/li>\n<\/ul>\n\n\n\n<h4 class=\"wp-block-heading\"><strong>2. Solvabilit\u00e9 financi\u00e8re<\/strong><\/h4>\n\n\n\n<p>Il est essentiel de d\u00e9montrer une capacit\u00e9 financi\u00e8re suffisante pour couvrir le loyer :<\/p>\n\n\n\n<ul class=\"wp-block-list\">\n<li>Contrat de travail ou preuve d&rsquo;activit\u00e9 professionnelle.<\/li>\n\n\n\n<li>Fiches de paie, revenus r\u00e9guliers ou relev\u00e9s bancaires.<\/li>\n\n\n\n<li>Dans certains cas, d\u00e9claration d&rsquo;imp\u00f4ts sur le revenu ou autres documents financiers.<\/li>\n<\/ul>\n\n\n\n<p>La solvabilit\u00e9 est \u00e9valu\u00e9e en fonction du montant du loyer et de la dur\u00e9e du contrat.<\/p>\n\n\n\n<h4 class=\"wp-block-heading\"><strong>3. Garanties financi\u00e8res<\/strong><\/h4>\n\n\n\n<p>En plus du paiement du loyer, les \u00e9l\u00e9ments suivants sont g\u00e9n\u00e9ralement exig\u00e9s :<\/p>\n\n\n\n<ul class=\"wp-block-list\">\n<li>D\u00e9p\u00f4t l\u00e9gal, conform\u00e9ment \u00e0 la r\u00e9glementation en vigueur.<\/li>\n\n\n\n<li>Garanties suppl\u00e9mentaires, telles qu&rsquo;un d\u00e9p\u00f4t suppl\u00e9mentaire ou une caution, en fonction du profil du locataire et du type de location.<\/li>\n<\/ul>\n\n\n\n<h4 class=\"wp-block-heading\"><strong>4. Utilisation responsable du bien immobilier<\/strong><\/h4>\n\n\n\n<p>Le locataire doit s&rsquo;engager \u00e0 :<\/p>\n\n\n\n<ul class=\"wp-block-list\">\n<li>Utiliser le bien immobilier de mani\u00e8re appropri\u00e9e.<\/li>\n\n\n\n<li>Respecter les r\u00e8gles communautaires.<\/li>\n\n\n\n<li>Se conformer aux termes du contrat.<\/li>\n<\/ul>\n\n\n\n<h4 class=\"wp-block-heading\"><strong>5. Transparence d\u00e8s le d\u00e9part<\/strong><\/h4>\n\n\n\n<p>Toutes les exigences sont clairement communiqu\u00e9es avant la formalisation du contrat, ce qui \u00e9vite les malentendus et garantit un processus \u00e9quitable et professionnel.<\/p>\n<\/details>\n<\/div>\n\n\n\n<hr class=\"wp-block-separator has-text-color has-base-color has-alpha-channel-opacity has-base-background-color has-background is-style-wide\" style=\"margin-top:var(--wp--preset--spacing--10);margin-bottom:var(--wp--preset--spacing--10)\"\/>\n<\/div>\n\n\n\n<div class=\"wp-block-group has-global-padding is-layout-constrained wp-block-group-is-layout-constrained\">\n<div class=\"wp-block-group has-global-padding is-layout-constrained wp-block-group-is-layout-constrained\">\n<details class=\"wp-block-details is-layout-flow wp-block-details-is-layout-flow\"><summary>Quels sont les documents requis pour signer un contrat de location ?<\/summary>\n<hr class=\"wp-block-separator has-text-color has-base-color has-alpha-channel-opacity has-base-background-color has-background is-style-wide\" style=\"margin-top:var(--wp--preset--spacing--10);margin-bottom:var(--wp--preset--spacing--10)\"\/>\n\n\n\n<p><strong>Pour signer un contrat de location, vous devez fournir une s\u00e9rie de documents permettant de formaliser la transaction en toute s\u00e9curit\u00e9 et conform\u00e9ment \u00e0 la l\u00e9gislation en vigueur.<\/strong><\/p>\n\n\n\n<p>Les documents peuvent varier l\u00e9g\u00e8rement selon qu&rsquo;il s&rsquo;agit d&rsquo;une location \u00e0 long terme, temporaire ou de vacances \u00e0 moyen terme.<\/p>\n\n\n\n<h4 class=\"wp-block-heading\"><strong>1. Documents du locataire<\/strong><\/h4>\n\n\n\n<p>Le locataire doit pr\u00e9senter :<\/p>\n\n\n\n<ul class=\"wp-block-list\">\n<li>Une <strong>carte d&rsquo;identit\u00e9 ou un passeport<\/strong> en cours de validit\u00e9.<\/li>\n\n\n\n<li>NIE (num\u00e9ro d&rsquo;identification des \u00e9trangers), dans le cas des ressortissants \u00e9trangers.<\/li>\n\n\n\n<li>Preuve de solvabilit\u00e9 financi\u00e8re, telle que fiches de paie, contrat de travail, certificats de revenus ou relev\u00e9s bancaires.<\/li>\n\n\n\n<li><strong>Coordonn\u00e9es compl\u00e8tes<\/strong> (adresse, num\u00e9ro de t\u00e9l\u00e9phone et adresse \u00e9lectronique).<\/li>\n<\/ul>\n\n\n\n<p>Pour les locations \u00e0 long terme, des documents suppl\u00e9mentaires peuvent \u00eatre demand\u00e9s afin de prouver la stabilit\u00e9 financi\u00e8re.<\/p>\n\n\n\n<h4 class=\"wp-block-heading\"><strong>2. Garanties financi\u00e8res<\/strong><\/h4>\n\n\n\n<p>Avant la signature, les \u00e9l\u00e9ments suivants sont g\u00e9n\u00e9ralement exig\u00e9s :<\/p>\n\n\n\n<ul class=\"wp-block-list\">\n<li><strong>D\u00e9p\u00f4t l\u00e9gal<\/strong>, conform\u00e9ment \u00e0 la r\u00e9glementation en vigueur.<\/li>\n\n\n\n<li><strong>D\u00e9p\u00f4t ou garantie suppl\u00e9mentaire<\/strong>, si le propri\u00e9taire l&rsquo;exige.<\/li>\n\n\n\n<li>Dans certains cas, une <strong>garantie bancaire<\/strong> ou une garantie \u00e9quivalente.<\/li>\n<\/ul>\n\n\n\n<h4 class=\"wp-block-heading\"><strong>3. Documents du propri\u00e9taire<\/strong><\/h4>\n\n\n\n<p>Le propri\u00e9taire doit fournir :<\/p>\n\n\n\n<ul class=\"wp-block-list\">\n<li>Une pi\u00e8ce d&rsquo;identit\u00e9.<\/li>\n\n\n\n<li><strong>Le titre de propri\u00e9t\u00e9<\/strong> ou une note simple mise \u00e0 jour.<\/li>\n\n\n\n<li>Coordonn\u00e9es bancaires pour le pr\u00e9l\u00e8vement du loyer.<\/li>\n<\/ul>\n\n\n\n<h4 class=\"wp-block-heading\"><strong>4. Dans les contrats avec repr\u00e9sentation<\/strong><\/h4>\n\n\n\n<p>Si l&rsquo;une des parties signe par l&rsquo;interm\u00e9diaire d&rsquo;un repr\u00e9sentant :<\/p>\n\n\n\n<ul class=\"wp-block-list\">\n<li>Procuration valide autorisant la signature du contrat.<\/li>\n<\/ul>\n\n\n\n<h4 class=\"wp-block-heading\"><strong>5. Informations sur le bien immobilier<\/strong><\/h4>\n\n\n\n<p>Avant la signature, le locataire re\u00e7oit :<\/p>\n\n\n\n<ul class=\"wp-block-list\">\n<li>Les conditions du contrat (dur\u00e9e, loyer, mises \u00e0 jour).<\/li>\n\n\n\n<li>L&rsquo;inventaire du bien immobilier, s&rsquo;il est meubl\u00e9.<\/li>\n\n\n\n<li>R\u00e8glement de copropri\u00e9t\u00e9, le cas \u00e9ch\u00e9ant.<\/li>\n<\/ul>\n\n\n\n<h4 class=\"wp-block-heading\"><strong>6. Assistance de Nevado Realty<\/strong><\/h4>\n\n\n\n<p>Chez Nevado Realty, nous examinons tous les documents, pr\u00e9parons le contrat et coordonnons la signature afin que le processus soit clair, fluide et sans surprise, tant pour les propri\u00e9taires que pour les locataires.<\/p>\n<\/details>\n<\/div>\n\n\n\n<hr class=\"wp-block-separator has-text-color has-base-color has-alpha-channel-opacity has-base-background-color has-background is-style-wide\" style=\"margin-top:var(--wp--preset--spacing--10);margin-bottom:var(--wp--preset--spacing--10)\"\/>\n<\/div>\n\n\n\n<div class=\"wp-block-group has-global-padding is-layout-constrained wp-block-group-is-layout-constrained\">\n<div class=\"wp-block-group has-global-padding is-layout-constrained wp-block-group-is-layout-constrained\">\n<details class=\"wp-block-details is-layout-flow wp-block-details-is-layout-flow\"><summary>Quelle est la dur\u00e9e minimale des contrats de location ?<\/summary>\n<hr class=\"wp-block-separator has-text-color has-base-color has-alpha-channel-opacity has-base-background-color has-background is-style-wide\" style=\"margin-top:var(--wp--preset--spacing--10);margin-bottom:var(--wp--preset--spacing--10)\"\/>\n\n\n\n<p><strong>La dur\u00e9e minimale des contrats de location d\u00e9pend du type de location et de l&rsquo;usage pr\u00e9vu du bien immobilier.<\/strong><\/p>\n\n\n\n<p>Chez Nevado Realty, nous travaillons avec diff\u00e9rents formats, toujours en conformit\u00e9 avec la r\u00e9glementation en vigueur et les besoins du propri\u00e9taire et du locataire.<\/p>\n\n\n\n<h4 class=\"wp-block-heading\"><strong>1. Locations \u00e0 long terme<\/strong><\/h4>\n\n\n\n<p>Pour les locations destin\u00e9es \u00e0 servir de r\u00e9sidence principale :<\/p>\n\n\n\n<ul class=\"wp-block-list\">\n<li>La dur\u00e9e initiale du contrat est g\u00e9n\u00e9ralement <strong>d&rsquo;un an<\/strong>.<\/li>\n\n\n\n<li>Le locataire a droit \u00e0 des prolongations obligatoires jusqu&rsquo;\u00e0 <strong>un maximum de cinq ans<\/strong>, <strong>ou sept ans<\/strong> si le propri\u00e9taire est une personne morale, conform\u00e9ment \u00e0 la loi sur les baux urbains.<\/li>\n<\/ul>\n\n\n\n<p>Ce type de contrat est con\u00e7u pour des s\u00e9jours stables et continus.<\/p>\n\n\n\n<h4 class=\"wp-block-heading\"><strong>2. Locations \u00e0 court terme<\/strong><\/h4>\n\n\n\n<p>Pour les locations temporaires pour raisons professionnelles, acad\u00e9miques ou personnelles :<\/p>\n\n\n\n<ul class=\"wp-block-list\">\n<li>La dur\u00e9e est librement convenue entre les parties.<\/li>\n\n\n\n<li>Elle peut aller <strong>de 15 jours ou plusieurs mois \u00e0 un an<\/strong>, selon les cas.<\/li>\n<\/ul>\n\n\n\n<h4 class=\"wp-block-heading\"><strong>3. Clart\u00e9 contractuelle<\/strong><\/h4>\n\n\n\n<p>Dans tous les cas :<\/p>\n\n\n\n<ul class=\"wp-block-list\">\n<li>La dur\u00e9e est clairement indiqu\u00e9e dans le contrat.<\/li>\n\n\n\n<li>Les conditions de renouvellement, de prolongation ou de r\u00e9siliation sont pr\u00e9cis\u00e9es.<\/li>\n<\/ul>\n\n\n\n<h4 class=\"wp-block-heading\"><strong>4. Conseil personnalis\u00e9<\/strong><\/h4>\n\n\n\n<p>Avant de formaliser toute location, nous conseillons le propri\u00e9taire sur le type de contrat le plus appropri\u00e9 en fonction de l&rsquo;utilisation du bien et de la r\u00e9glementation applicable, afin de garantir une gestion s\u00fbre et transparente.<\/p>\n<\/details>\n<\/div>\n\n\n\n<hr class=\"wp-block-separator has-text-color has-base-color has-alpha-channel-opacity has-base-background-color has-background is-style-wide\" style=\"margin-top:var(--wp--preset--spacing--10);margin-bottom:var(--wp--preset--spacing--10)\"\/>\n<\/div>\n\n\n\n<div class=\"wp-block-group has-global-padding is-layout-constrained wp-block-group-is-layout-constrained\">\n<div class=\"wp-block-group has-global-padding is-layout-constrained wp-block-group-is-layout-constrained\">\n<details class=\"wp-block-details is-layout-flow wp-block-details-is-layout-flow\"><summary>Nevado Realty g\u00e8re-t-il l&rsquo;entretien pendant la p\u00e9riode de location ?<\/summary>\n<hr class=\"wp-block-separator has-text-color has-base-color has-alpha-channel-opacity has-base-background-color has-background is-style-wide\" style=\"margin-top:var(--wp--preset--spacing--10);margin-bottom:var(--wp--preset--spacing--10)\"\/>\n\n\n\n<p><strong>Oui, chez Nevado Realty, nous offrons un soutien et une coordination dans la gestion de l&rsquo;entretien pendant la p\u00e9riode de location, en fonction du type de contrat et des services convenus avec le propri\u00e9taire.<\/strong><\/p>\n\n\n\n<p>Notre objectif est de faciliter la relation entre le propri\u00e9taire et le locataire et de veiller \u00e0 ce que le bien soit maintenu en bon \u00e9tat.<\/p>\n\n\n\n<h4 class=\"wp-block-heading\"><strong>1. Coordination des incidents<\/strong><\/h4>\n\n\n\n<p>Pendant la p\u00e9riode de location, nous pouvons nous occuper de :<\/p>\n\n\n\n<ul class=\"wp-block-list\">\n<li>Recevoir et transmettre les incidents signal\u00e9s par le locataire.<\/li>\n\n\n\n<li>Coordonner les r\u00e9parations avec des professionnels de confiance.<\/li>\n\n\n\n<li>Superviser les travaux d&rsquo;entretien.<\/li>\n<\/ul>\n\n\n\n<p>Cela permet une r\u00e9ponse rapide et organis\u00e9e \u00e0 tout impr\u00e9vu.<\/p>\n\n\n\n<h4 class=\"wp-block-heading\"><strong>2. Diff\u00e9renciation des responsabilit\u00e9s<\/strong><\/h4>\n\n\n\n<p>L&rsquo;entretien est g\u00e9r\u00e9 conform\u00e9ment \u00e0 la r\u00e9glementation en vigueur :<\/p>\n\n\n\n<p>\u2022 Le <strong>propri\u00e9taire <\/strong>est responsable des r\u00e9parations structurelles ou de la conservation.<\/p>\n\n\n\n<p>\u2022 Le <strong>locataire <\/strong>est responsable de l&rsquo;utilisation correcte et de l&rsquo;entretien courant.<\/p>\n\n\n\n<p>Nous agissons toujours conform\u00e9ment aux termes du contrat de location.<\/p>\n\n\n\n<h4 class=\"wp-block-heading\"><strong>3. Locations de vacances et s\u00e9jours de moyenne dur\u00e9e<\/strong><\/h4>\n\n\n\n<p>Pour les locations de vacances de moyenne dur\u00e9e :<\/p>\n\n\n\n<ul class=\"wp-block-list\">\n<li>L&rsquo;\u00e9tat du bien est v\u00e9rifi\u00e9 entre deux s\u00e9jours.<\/li>\n\n\n\n<li>Le nettoyage, les inspections et l&rsquo;entretien n\u00e9cessaires sont coordonn\u00e9s.<\/li>\n<\/ul>\n\n\n\n<p>Cela permet de garantir que le bien est maintenu dans un \u00e9tat optimal.<\/p>\n\n\n\n<h4 class=\"wp-block-heading\"><strong>4. Services suppl\u00e9mentaires<\/strong><\/h4>\n\n\n\n<p>En fonction de l&rsquo;accord conclu avec le propri\u00e9taire, nous pouvons \u00e9galement coordonner :<\/p>\n\n\n\n<ul class=\"wp-block-list\">\n<li>Le nettoyage r\u00e9gulier.<\/li>\n\n\n\n<li>L&rsquo;entretien du jardin ou de la piscine.<\/li>\n\n\n\n<li>Les services techniques sp\u00e9cialis\u00e9s.<\/li>\n<\/ul>\n\n\n\n<h4 class=\"wp-block-heading\"><strong>5. Tranquillit\u00e9 d&rsquo;esprit pour le propri\u00e9taire<\/strong><\/h4>\n\n\n\n<p>Ce service offre notamment aux propri\u00e9taires non r\u00e9sidents :<\/p>\n\n\n\n<ul class=\"wp-block-list\">\n<li>Un meilleur contr\u00f4le de la propri\u00e9t\u00e9.<\/li>\n\n\n\n<li>Moins de gestion directe.<\/li>\n\n\n\n<li>Une plus grande tranquillit\u00e9 d&rsquo;esprit pendant la p\u00e9riode de location.<\/li>\n<\/ul>\n<\/details>\n<\/div>\n\n\n\n<hr class=\"wp-block-separator has-text-color has-base-color has-alpha-channel-opacity has-base-background-color has-background is-style-wide\" style=\"margin-top:var(--wp--preset--spacing--10);margin-bottom:var(--wp--preset--spacing--10)\"\/>\n<\/div>\n\n\n\n<div class=\"wp-block-group has-global-padding is-layout-constrained wp-block-group-is-layout-constrained\">\n<div class=\"wp-block-group has-global-padding is-layout-constrained wp-block-group-is-layout-constrained\">\n<details class=\"wp-block-details is-layout-flow wp-block-details-is-layout-flow\"><summary>Quelles sont les d\u00e9penses \u00e0 la charge du locataire ?<\/summary>\n<hr class=\"wp-block-separator has-text-color has-base-color has-alpha-channel-opacity has-base-background-color has-background is-style-wide\" style=\"margin-top:var(--wp--preset--spacing--10);margin-bottom:var(--wp--preset--spacing--10)\"\/>\n\n\n\n<p><strong>Les d\u00e9penses prises en charge par le locataire pendant la location d\u00e9pendent du type de contrat et de ce qui a \u00e9t\u00e9 express\u00e9ment convenu, mais il existe certains crit\u00e8res g\u00e9n\u00e9raux.<\/strong><\/p>\n\n\n\n<p>Toutes ces d\u00e9penses sont toujours clairement d\u00e9taill\u00e9es dans le contrat afin d&rsquo;\u00e9viter tout malentendu.<\/p>\n\n\n\n<h4 class=\"wp-block-heading\"><strong>1. Loyer mensuel<\/strong><\/h4>\n\n\n\n<p>Ledoit payer :<\/p>\n\n\n\n<ul class=\"wp-block-list\">\n<li>Le loyer mensuel convenu, selon les modalit\u00e9s et dans les d\u00e9lais fix\u00e9s dans le contrat.<\/li>\n<\/ul>\n\n\n\n<h4 class=\"wp-block-heading\"><strong>2. Charges<\/strong><\/h4>\n\n\n\n<p>Sauf indication contraire, le locataire est responsable :<\/p>\n\n\n\n<ul class=\"wp-block-list\">\n<li>De l&rsquo;<strong>\u00e9lectricit\u00e9<\/strong>.<\/li>\n\n\n\n<li>De l&rsquo;<strong>eau<\/strong>.<\/li>\n\n\n\n<li>Du <strong>gaz<\/strong>, le cas \u00e9ch\u00e9ant.<\/li>\n\n\n\n<li>De l&rsquo;<strong>internet<\/strong> et des t\u00e9l\u00e9communications.<\/li>\n<\/ul>\n\n\n\n<p>Dans le cas de locations de vacances ou temporaires, ces d\u00e9penses peuvent \u00eatre incluses dans le loyer, selon l&rsquo;accord conclu.<\/p>\n\n\n\n<h4 class=\"wp-block-heading\"><strong>3. Charges communautaires<\/strong><\/h4>\n\n\n\n<p>En r\u00e8gle g\u00e9n\u00e9rale :<\/p>\n\n\n\n<ul class=\"wp-block-list\">\n<li>Les charges communautaires ordinaires sont g\u00e9n\u00e9ralement incluses dans le loyer et pay\u00e9es par le propri\u00e9taire.<\/li>\n\n\n\n<li>Toutefois, cela est toujours express\u00e9ment pr\u00e9cis\u00e9 dans le contrat.<\/li>\n<\/ul>\n\n\n\n<h4 class=\"wp-block-heading\"><strong>4. Entretien ordinaire<\/strong><\/h4>\n\n\n\n<p>Le locataire est responsable :<\/p>\n\n\n\n<ul class=\"wp-block-list\">\n<li>De l&rsquo;entretien de base du bien immobilier.<\/li>\n\n\n\n<li>Des petites r\u00e9parations r\u00e9sultant de l&rsquo;usage quotidien.<\/li>\n\n\n\n<li>Des petits remplacements (ampoules, robinets, filtres, etc.).<\/li>\n<\/ul>\n\n\n\n<h4 class=\"wp-block-heading\"><strong>5. Caution et garanties<\/strong><\/h4>\n\n\n\n<p>Au d\u00e9but du contrat, le locataire doit payer :<\/p>\n\n\n\n<ul class=\"wp-block-list\">\n<li>Une <strong>caution l\u00e9gale<\/strong>, conform\u00e9ment \u00e0 la r\u00e9glementation en vigueur.<\/li>\n\n\n\n<li>Des <strong>garanties suppl\u00e9mentaires<\/strong>, si elles ont \u00e9t\u00e9 convenues (caution suppl\u00e9mentaire, cautionnement, etc.).<\/li>\n<\/ul>\n\n\n\n<h4 class=\"wp-block-heading\"><strong>6. Autres d\u00e9penses<\/strong><\/h4>\n\n\n\n<p>Selon le contrat, le locataire peut \u00eatre responsable :<\/p>\n\n\n\n<ul class=\"wp-block-list\">\n<li>Des frais de collecte des <strong>ordures m\u00e9nag\u00e8res<\/strong>.<\/li>\n\n\n\n<li>Des consommations extraordinaires.<\/li>\n\n\n\n<li>Des services suppl\u00e9mentaires express\u00e9ment demand\u00e9s.<\/li>\n<\/ul>\n\n\n\n<h4 class=\"wp-block-heading\"><strong>7. Transparence du contrat<\/strong><\/h4>\n\n\n\n<p>Chez Nevado Realty, nous d\u00e9taillons toutes les d\u00e9penses par \u00e9crit d\u00e8s le d\u00e9but afin que le locataire sache exactement ce qu&rsquo;il doit payer et dans quelles conditions, \u00e9vitant ainsi les surprises pendant la p\u00e9riode de location.<\/p>\n<\/details>\n<\/div>\n\n\n\n<hr class=\"wp-block-separator has-text-color has-base-color has-alpha-channel-opacity has-base-background-color has-background is-style-wide\" style=\"margin-top:var(--wp--preset--spacing--10);margin-bottom:var(--wp--preset--spacing--10)\"\/>\n<\/div>\n\n\n\n<div class=\"wp-block-group has-global-padding is-layout-constrained wp-block-group-is-layout-constrained\">\n<div class=\"wp-block-group has-global-padding is-layout-constrained wp-block-group-is-layout-constrained\">\n<details class=\"wp-block-details is-layout-flow wp-block-details-is-layout-flow\"><summary>Quelle caution dois-je payer lors de la signature d&rsquo;un contrat ?<\/summary>\n<hr class=\"wp-block-separator has-text-color has-base-color has-alpha-channel-opacity has-base-background-color has-background is-style-wide\" style=\"margin-top:var(--wp--preset--spacing--10);margin-bottom:var(--wp--preset--spacing--10)\"\/>\n\n\n\n<p><strong>La caution \u00e0 verser lors de la signature d&rsquo;un contrat de location est r\u00e9glement\u00e9e par la loi et d\u00e9pend du type de contrat qui est formalis\u00e9.<\/strong><\/p>\n\n\n\n<p>En plus de la caution l\u00e9gale, d&rsquo;autres garanties suppl\u00e9mentaires peuvent \u00eatre demand\u00e9es, toujours dans les limites autoris\u00e9es par la r\u00e9glementation en vigueur.<\/p>\n\n\n\n<h4 class=\"wp-block-heading\"><strong>1. Caution l\u00e9gale<\/strong><\/h4>\n\n\n\n<p>Selon la loi sur les baux urbains :<\/p>\n\n\n\n<ul class=\"wp-block-list\">\n<li>Pour la <strong>location d&rsquo;une r\u00e9sidence principale<\/strong>, la caution l\u00e9gale correspond \u00e0 un mois de loyer.<\/li>\n\n\n\n<li>Pour les<strong> locations \u00e0 des fins autres que le logement<\/strong> (temporaires ou de vacances), la caution l\u00e9gale correspond <strong>g\u00e9n\u00e9ralement \u00e0 deux mois de loyer<\/strong>.<\/li>\n<\/ul>\n\n\n\n<p>Cette caution est vers\u00e9e pour couvrir d&rsquo;\u00e9ventuels dommages ou ruptures de contrat.<\/p>\n\n\n\n<h4 class=\"wp-block-heading\"><strong>2. Garanties suppl\u00e9mentaires<\/strong><\/h4>\n\n\n\n<p>En plus de la caution l\u00e9gale, le propri\u00e9taire peut demander :<\/p>\n\n\n\n<ul class=\"wp-block-list\">\n<li>Une <strong>caution suppl\u00e9mentaire<\/strong> en esp\u00e8ces.<\/li>\n\n\n\n<li>Une <strong>garantie bancaire<\/strong>.<\/li>\n\n\n\n<li><strong>Des garanties \u00e9quivalentes<\/strong>, en fonction du profil du locataire et de la dur\u00e9e du contrat.<\/li>\n<\/ul>\n\n\n\n<p>Ces garanties sont convenues \u00e0 l&rsquo;avance et figurent dans le contrat.<\/p>\n\n\n\n<h4 class=\"wp-block-heading\"><strong>3. Restitution de la caution<\/strong><\/h4>\n\n\n\n<p>Une fois la p\u00e9riode de location termin\u00e9e :<\/p>\n\n\n\n<ul class=\"wp-block-list\">\n<li>La caution est restitu\u00e9e si le bien est laiss\u00e9 en bon \u00e9tat.<\/li>\n\n\n\n<li>Les consommations impay\u00e9es ou les dommages imputables au locataire seront d\u00e9duits, le cas \u00e9ch\u00e9ant.<\/li>\n<\/ul>\n\n\n\n<p>La caution est restitu\u00e9e dans les d\u00e9lais l\u00e9gaux fix\u00e9s.<\/p>\n\n\n\n<h4 class=\"wp-block-heading\"><strong>4. Transparence et conseil<\/strong><\/h4>\n\n\n\n<p>Chez Nevado Realty, nous expliquons d\u00e8s le d\u00e9part :<\/p>\n\n\n\n<ul class=\"wp-block-list\">\n<li>Le montant exact de la caution.<\/li>\n\n\n\n<li>Les garanties suppl\u00e9mentaires \u00e9ventuelles.<\/li>\n\n\n\n<li>Les conditions de sa restitution.<\/li>\n<\/ul>\n\n\n\n<p>De cette mani\u00e8re, le locataire a clairement connaissance de toutes ses obligations financi\u00e8res avant de signer.<\/p>\n<\/details>\n<\/div>\n\n\n\n<hr class=\"wp-block-separator has-text-color has-base-color has-alpha-channel-opacity has-base-background-color has-background is-style-wide\" style=\"margin-top:var(--wp--preset--spacing--10);margin-bottom:var(--wp--preset--spacing--10)\"\/>\n<\/div>\n\n\n\n<div class=\"wp-block-group has-global-padding is-layout-constrained wp-block-group-is-layout-constrained\">\n<div class=\"wp-block-group has-global-padding is-layout-constrained wp-block-group-is-layout-constrained\">\n<details class=\"wp-block-details is-layout-flow wp-block-details-is-layout-flow\"><summary>Que se passe-t-il si le locataire souhaite partir avant la fin du bail ?<\/summary>\n<hr class=\"wp-block-separator has-text-color has-base-color has-alpha-channel-opacity has-base-background-color has-background is-style-wide\" style=\"margin-top:var(--wp--preset--spacing--10);margin-bottom:var(--wp--preset--spacing--10)\"\/>\n\n\n\n<p><strong>Si le locataire souhaite r\u00e9silier le contrat avant la fin de la dur\u00e9e convenue, les cons\u00e9quences d\u00e9pendent du type de location et des termes du contrat.<\/strong><\/p>\n\n\n\n<p>La loi couvre diff\u00e9rents sc\u00e9narios et il est essentiel d&rsquo;examiner chaque cas sp\u00e9cifique.<\/p>\n\n\n\n<h4 class=\"wp-block-heading\"><strong>1. Location d&rsquo;une r\u00e9sidence principale<\/strong><\/h4>\n\n\n\n<p>Dans les contrats de location d&rsquo;une r\u00e9sidence principale, la loi autorise le locataire \u00e0 :<\/p>\n\n\n\n<p>\u2022 R\u00e9silier le contrat<strong> apr\u00e8s 6 mois<\/strong>, \u00e0 condition de donner un <strong>pr\u00e9avis d&rsquo;au moins 30 jours<\/strong>.<\/p>\n\n\n\n<p>Si cela est convenu dans le contrat, le propri\u00e9taire peut exiger :<\/p>\n\n\n\n<p>\u2022 Une <strong>indemnit\u00e9 \u00e9quivalente \u00e0 un mois de loyer pour chaque ann\u00e9e restante du contrat<\/strong>, ou un montant proportionnel si la dur\u00e9e restante est inf\u00e9rieure \u00e0 un an.<\/p>\n\n\n\n<p><strong>2. Location temporaire ou autres types de location<\/strong><\/p>\n\n\n\n<p>Pour les locations temporaires ou de vacances de dur\u00e9e moyenne :<\/p>\n\n\n\n<p>\u2022 La dur\u00e9e convenue est <strong>contraignante pour les deux parties<\/strong>.<\/p>\n\n\n\n<p>\u2022 Si le locataire quitte le logement avant la fin du contrat, <strong>il peut perdre tout ou partie des sommes vers\u00e9es<\/strong>, comme stipul\u00e9 dans le contrat.<\/p>\n\n\n\n<p>Ces contrats ne pr\u00e9voient pas les m\u00eames prolongations ou droits de r\u00e9tractation que les logements classiques.<\/p>\n\n\n\n<h4 class=\"wp-block-heading\"><strong>3. Circonstances exceptionnelles<\/strong><\/h4>\n\n\n\n<p>Dans certaines situations, des solutions sp\u00e9cifiques peuvent \u00eatre convenues :<\/p>\n\n\n\n<ul class=\"wp-block-list\">\n<li>Causes justifi\u00e9es d\u00fbment accr\u00e9dit\u00e9es.<\/li>\n\n\n\n<li>Accords entre le propri\u00e9taire et le locataire pour un d\u00e9part anticip\u00e9 convenu.<\/li>\n<\/ul>\n\n\n\n<p>Dans ces cas, les conditions sont n\u00e9goci\u00e9es individuellement.<\/p>\n\n\n\n<h4 class=\"wp-block-heading\"><strong>4. Importance du contrat<\/strong><\/h4>\n\n\n\n<p>Pour cette raison, il est essentiel que le contrat :<\/p>\n\n\n\n<p>\u2022 Indique clairement la dur\u00e9e.<\/p>\n\n\n\n<p>\u2022 R\u00e9glemente la possibilit\u00e9 de r\u00e9siliation.<\/p>\n\n\n\n<p>\u2022 Pr\u00e9cise les p\u00e9nalit\u00e9s ou indemnit\u00e9s \u00e9ventuelles.<\/p>\n\n\n\n<h4 class=\"wp-block-heading\"><strong>5. Assistance de Nevado Realty<\/strong><\/h4>\n\n\n\n<p>Chez Nevado Realty, nous conseillons \u00e0 la fois les propri\u00e9taires et les locataires en :<\/p>\n\n\n\n<ul class=\"wp-block-list\">\n<li>Expliquant les cons\u00e9quences juridiques avant la signature.<\/li>\n\n\n\n<li>Intervenant pour trouver des solutions \u00e9quilibr\u00e9es en cas de r\u00e9siliation anticip\u00e9e.<\/li>\n\n\n\n<li>Garantissant toujours une gestion transparente, conforme \u00e0 la r\u00e9glementation en vigueur.<\/li>\n<\/ul>\n<\/details>\n<\/div>\n\n\n\n<hr class=\"wp-block-separator has-text-color has-base-color has-alpha-channel-opacity has-base-background-color has-background is-style-wide\" style=\"margin-top:var(--wp--preset--spacing--10);margin-bottom:var(--wp--preset--spacing--10)\"\/>\n<\/div>\n\n\n\n<div class=\"wp-block-group has-global-padding is-layout-constrained wp-block-group-is-layout-constrained\">\n<div class=\"wp-block-group has-global-padding is-layout-constrained wp-block-group-is-layout-constrained\">\n<details class=\"wp-block-details is-layout-flow wp-block-details-is-layout-flow\"><summary>Aidez-vous les propri\u00e9taires qui souhaitent louer leurs biens immobiliers ?<\/summary>\n<hr class=\"wp-block-separator has-text-color has-base-color has-alpha-channel-opacity has-base-background-color has-background is-style-wide\" style=\"margin-top:var(--wp--preset--spacing--10);margin-bottom:var(--wp--preset--spacing--10)\"\/>\n\n\n\n<p><strong>Oui, chez Nevado Realty, nous aidons les propri\u00e9taires qui souhaitent louer leurs biens immobiliers en leur offrant un service structur\u00e9 et professionnel, con\u00e7u pour leur garantir une tranquillit\u00e9 d&rsquo;esprit.<\/strong><\/p>\n\n\n\n<p>Nous appliquons la m\u00eame rigueur et les m\u00eames crit\u00e8res qu&rsquo;en mati\u00e8re de vente, en prenant soin de chaque d\u00e9tail du processus.<\/p>\n\n\n\n<h4 class=\"wp-block-heading\"><strong>1. Conseil initial<\/strong><\/h4>\n\n\n\n<p>Nous commen\u00e7ons par :<\/p>\n\n\n\n<ul class=\"wp-block-list\">\n<li>Analyser le type de location le plus appropri\u00e9 (location \u00e0 long terme, temporaire ou location de vacances \u00e0 moyen terme).<\/li>\n\n\n\n<li>\u00c9valuer le prix de la location en fonction du march\u00e9.<\/li>\n\n\n\n<li>Formuler des recommandations sur la pr\u00e9sentation et la pr\u00e9paration du bien immobilier.<\/li>\n<\/ul>\n\n\n\n<h4 class=\"wp-block-heading\"><strong>2. Pr\u00e9paration et documentation<\/strong><\/h4>\n\n\n\n<p>Nous aidons le propri\u00e9taire \u00e0 :<\/p>\n\n\n\n<ul class=\"wp-block-list\">\n<li>Examiner les documents n\u00e9cessaires.<\/li>\n\n\n\n<li>Pr\u00e9parer le bien pour la commercialisation.<\/li>\n\n\n\n<li>D\u00e9finir des conditions de location claires.<\/li>\n<\/ul>\n\n\n\n<h4 class=\"wp-block-heading\"><strong>3. Commercialisation du bien<\/strong><\/h4>\n\n\n\n<p>Nous nous occupons de :<\/p>\n\n\n\n<ul class=\"wp-block-list\">\n<li>La photographie professionnelle.<\/li>\n\n\n\n<li>La publication sur les canaux appropri\u00e9s en fonction du type de location.<\/li>\n\n\n\n<li>La publicit\u00e9 aupr\u00e8s de clients qualifi\u00e9s.<\/li>\n\n\n\n<li>La gestion des demandes et des requ\u00eates.<\/li>\n<\/ul>\n\n\n\n<h4 class=\"wp-block-heading\"><strong>4. S\u00e9lection des locataires<\/strong><\/h4>\n\n\n\n<p>Nous appliquons des crit\u00e8res de s\u00e9lection visant \u00e0 :<\/p>\n\n\n\n<ul class=\"wp-block-list\">\n<li>La solvabilit\u00e9 financi\u00e8re.<\/li>\n\n\n\n<li>Un profil adapt\u00e9 au bien immobilier.<\/li>\n\n\n\n<li>Une dur\u00e9e et une utilisation conformes au contrat.<\/li>\n<\/ul>\n\n\n\n<p>Cela r\u00e9duit les risques et am\u00e9liore la stabilit\u00e9 de la location.<\/p>\n\n\n\n<h4 class=\"wp-block-heading\"><strong>5. Contrat et signature<\/strong><\/h4>\n\n\n\n<p>Nous coordonnons :<\/p>\n\n\n\n<ul class=\"wp-block-list\">\n<li>La r\u00e9daction et la r\u00e9vision du contrat.<\/li>\n\n\n\n<li>La signature du d\u00e9p\u00f4t et des garanties.<\/li>\n\n\n\n<li>La remise des cl\u00e9s et le \u00e9tat des lieux.<\/li>\n<\/ul>\n\n\n\n<h4 class=\"wp-block-heading\"><strong>6. Assistance pendant la p\u00e9riode de location<\/strong><\/h4>\n\n\n\n<p>En fonction de l&rsquo;accord conclu avec le propri\u00e9taire, nous proposons :<\/p>\n\n\n\n<ul class=\"wp-block-list\">\n<li>La coordination des incidents.<\/li>\n\n\n\n<li>L&rsquo;assistance \u00e0 l&rsquo;entretien.<\/li>\n\n\n\n<li>Le suivi du contrat.<\/li>\n<\/ul>\n\n\n\n<h4 class=\"wp-block-heading\"><strong>7. Une approche responsable<\/strong><\/h4>\n\n\n\n<p>Notre objectif est de prot\u00e9ger la valeur du bien et d&rsquo;offrir au propri\u00e9taire une location bien g\u00e9r\u00e9e, avec moins d&rsquo;incidents et plus de tranquillit\u00e9 d&rsquo;esprit.<\/p>\n<\/details>\n<\/div>\n\n\n\n<hr class=\"wp-block-separator has-text-color has-base-color has-alpha-channel-opacity has-base-background-color has-background is-style-wide\" style=\"margin-top:var(--wp--preset--spacing--10);margin-bottom:var(--wp--preset--spacing--10)\"\/>\n<\/div>\n\n\n\n<div class=\"wp-block-group has-global-padding is-layout-constrained wp-block-group-is-layout-constrained\">\n<div class=\"wp-block-group has-global-padding is-layout-constrained wp-block-group-is-layout-constrained\">\n<details class=\"wp-block-details is-layout-flow wp-block-details-is-layout-flow\"><summary>Proposez-vous une gestion locative compl\u00e8te ?<\/summary>\n<hr class=\"wp-block-separator has-text-color has-base-color has-alpha-channel-opacity has-base-background-color has-background is-style-wide\" style=\"margin-top:var(--wp--preset--spacing--10);margin-bottom:var(--wp--preset--spacing--10)\"\/>\n\n\n\n<p><strong>Oui, chez Nevado Realty, nous proposons un service de gestion locative complet, adapt\u00e9 au type de bien et aux besoins de chaque propri\u00e9taire.<\/strong><\/p>\n\n\n\n<p>Notre objectif est de g\u00e9rer la location de mani\u00e8re ordonn\u00e9e et efficace, sans aucun souci pour le propri\u00e9taire.<\/p>\n\n\n\n<h4 class=\"wp-block-heading\"><strong>1. Gestion compl\u00e8te d\u00e8s le d\u00e9but<\/strong><\/h4>\n\n\n\n<p>Nous nous occupons de :<\/p>\n\n\n\n<ul class=\"wp-block-list\">\n<li>Conseils sur le type de location le plus appropri\u00e9.<\/li>\n\n\n\n<li>\u00c9valuation du prix du march\u00e9.<\/li>\n\n\n\n<li>La pr\u00e9paration et la commercialisation du bien.<\/li>\n\n\n\n<li>La s\u00e9lection rigoureuse des locataires.<\/li>\n\n\n\n<li>La r\u00e9daction et la signature du contrat.<\/li>\n\n\n\n<li>La gestion des d\u00e9p\u00f4ts et des garanties.<\/li>\n<\/ul>\n\n\n\n<h4 class=\"wp-block-heading\"><strong>2. Suivi pendant la p\u00e9riode de location<\/strong><\/h4>\n\n\n\n<p>Pendant la dur\u00e9e du contrat, nous pouvons vous proposer :<\/p>\n\n\n\n<ul class=\"wp-block-list\">\n<li>La coordination des incidents et de l&rsquo;entretien.<\/li>\n\n\n\n<li>La communication avec le locataire.<\/li>\n\n\n\n<li>La supervision de la bonne utilisation du bien.<\/li>\n\n\n\n<li>Assistance administrative selon accord.<\/li>\n<\/ul>\n\n\n\n<h4 class=\"wp-block-heading\"><strong>3. Locations de vacances de moyenne dur\u00e9e<\/strong><\/h4>\n\n\n\n<p>Pour les locations de vacances de moyenne dur\u00e9e :<\/p>\n\n\n\n<ul class=\"wp-block-list\">\n<li>Nous coordonnons les arriv\u00e9es et les d\u00e9parts.<\/li>\n\n\n\n<li>Nous supervisons l&rsquo;\u00e9tat du bien.<\/li>\n\n\n\n<li>Nous organisons le nettoyage et les inspections entre les s\u00e9jours.<\/li>\n<\/ul>\n\n\n\n<p>Tout cela en mettant l&rsquo;accent sur le contr\u00f4le et l&rsquo;entretien du bien.<\/p>\n\n\n\n<h4 class=\"wp-block-heading\"><strong>4. Service flexible<\/strong><\/h4>\n\n\n\n<p>La gestion compl\u00e8te s&rsquo;adapte :<\/p>\n\n\n\n<ul class=\"wp-block-list\">\n<li>Aux propri\u00e9taires r\u00e9sidents ou non-r\u00e9sidents.<\/li>\n\n\n\n<li>Aux locations \u00e0 long terme, temporaires ou de vacances.<\/li>\n\n\n\n<li>Aux besoins sp\u00e9cifiques de chaque propri\u00e9t\u00e9.<\/li>\n<\/ul>\n\n\n\n<h4 class=\"wp-block-heading\"><strong>5. Tranquillit\u00e9 d&rsquo;esprit pour le propri\u00e9taire<\/strong><\/h4>\n\n\n\n<p>Ce service permet au propri\u00e9taire de :<\/p>\n\n\n\n<ul class=\"wp-block-list\">\n<li>D\u00e9l\u00e9guer des t\u00e2ches.<\/li>\n\n\n\n<li>R\u00e9duire les incidents.<\/li>\n\n\n\n<li>Avoir un meilleur contr\u00f4le et un meilleur suivi.<\/li>\n\n\n\n<li>Maintenir sa propri\u00e9t\u00e9 en bon \u00e9tat.<\/li>\n<\/ul>\n<\/details>\n<\/div>\n\n\n\n<hr class=\"wp-block-separator has-text-color has-base-color has-alpha-channel-opacity has-base-background-color has-background is-style-wide\" style=\"margin-top:var(--wp--preset--spacing--10);margin-bottom:var(--wp--preset--spacing--10)\"\/>\n<\/div>\n\n\n\n<div class=\"wp-block-group has-global-padding is-layout-constrained wp-block-group-is-layout-constrained\">\n<div class=\"wp-block-group has-global-padding is-layout-constrained wp-block-group-is-layout-constrained\">\n<details class=\"wp-block-details is-layout-flow wp-block-details-is-layout-flow\"><summary>Oui, vous pouvez d\u00e9l\u00e9guer enti\u00e8rement la gestion de votre bien immobilier \u00e0 Nevado Realty.<\/summary>\n<hr class=\"wp-block-separator has-text-color has-base-color has-alpha-channel-opacity has-base-background-color has-background is-style-wide\" style=\"margin-top:var(--wp--preset--spacing--10);margin-bottom:var(--wp--preset--spacing--10)\"\/>\n\n\n\n<p><strong>Oui, vous pouvez d\u00e9l\u00e9guer enti\u00e8rement la gestion de votre bien immobilier \u00e0 Nevado Realty.<\/strong><\/p>\n\n\n\n<p>Nous proposons un service con\u00e7u pour les propri\u00e9taires qui souhaitent avoir l&rsquo;esprit tranquille, en particulier ceux qui ne r\u00e9sident pas \u00e0 Marbella ou qui pr\u00e9f\u00e8rent ne pas s&rsquo;occuper de la gestion quotidienne.<\/p>\n\n\n\n<h4 class=\"wp-block-heading\"><strong>1. Gestion compl\u00e8te de la propri\u00e9t\u00e9<\/strong><\/h4>\n\n\n\n<p>Nous nous occupons de tous les aspects n\u00e9cessaires :<\/p>\n\n\n\n<ul class=\"wp-block-list\">\n<li>Commercialisation pour la location (locations de vacances \u00e0 long terme, \u00e0 court terme ou \u00e0 moyen terme).<\/li>\n\n\n\n<li>S\u00e9lection et gestion des locataires.<\/li>\n\n\n\n<li>Contrats, d\u00e9p\u00f4ts et garanties.<\/li>\n\n\n\n<li>Coordination des services publics et des changements de propri\u00e9t\u00e9.<\/li>\n<\/ul>\n\n\n\n<p>Le propri\u00e9taire conserve le contr\u00f4le strat\u00e9gique, mais sans la charge op\u00e9rationnelle.<\/p>\n\n\n\n<h4 class=\"wp-block-heading\"><strong>2. Administration pendant la p\u00e9riode de location<\/strong><\/h4>\n\n\n\n<p>Pendant la dur\u00e9e du contrat, nous g\u00e9rons :<\/p>\n\n\n\n<ul class=\"wp-block-list\">\n<li>La communication avec le locataire.<\/li>\n\n\n\n<li>Les incidents et l&rsquo;entretien.<\/li>\n\n\n\n<li>La coordination avec les fournisseurs et les professionnels.<\/li>\n\n\n\n<li>Le suivi de l&rsquo;\u00e9tat du bien.<\/li>\n<\/ul>\n\n\n\n<p>Tout est effectu\u00e9 comme convenu et avec des mises \u00e0 jour r\u00e9guli\u00e8res au propri\u00e9taire.<\/p>\n\n\n\n<h4 class=\"wp-block-heading\"><strong>3. Locations de vacances de moyenne dur\u00e9e<\/strong><\/h4>\n\n\n\n<p>Pour ce type de location :<\/p>\n\n\n\n<ul class=\"wp-block-list\">\n<li>Nous coordonnons les arriv\u00e9es et les d\u00e9parts.<\/li>\n\n\n\n<li>Nous supervisons le nettoyage et les inspections.<\/li>\n\n\n\n<li>Nous veillons \u00e0 l&rsquo;utilisation responsable du bien.<\/li>\n<\/ul>\n\n\n\n<p>Ce mod\u00e8le permet une gestion efficace sans le roulement excessif des locations touristiques \u00e0 court terme.<\/p>\n\n\n\n<h4 class=\"wp-block-heading\"><strong>4. Tranquillit\u00e9 d&rsquo;esprit et contr\u00f4le<\/strong><\/h4>\n\n\n\n<p>D\u00e9l\u00e9guer l&rsquo;administration signifie :<\/p>\n\n\n\n<ul class=\"wp-block-list\">\n<li>Moins d&rsquo;implication personnelle.<\/li>\n\n\n\n<li>Moins d&rsquo;incidents impr\u00e9vus.<\/li>\n\n\n\n<li>Un meilleur entretien du bien.<\/li>\n\n\n\n<li>Un seul interlocuteur professionnel.<\/li>\n<\/ul>\n<\/details>\n<\/div>\n\n\n\n<hr class=\"wp-block-separator has-text-color has-base-color has-alpha-channel-opacity has-base-background-color has-background is-style-wide\" style=\"margin-top:var(--wp--preset--spacing--10);margin-bottom:var(--wp--preset--spacing--10)\"\/>\n<\/div>\n\n\n\n<div class=\"wp-block-group has-global-padding is-layout-constrained wp-block-group-is-layout-constrained\">\n<div class=\"wp-block-group has-global-padding is-layout-constrained wp-block-group-is-layout-constrained\">\n<details class=\"wp-block-details is-layout-flow wp-block-details-is-layout-flow\"><summary>Comment s\u00e9lectionnez-vous les locataires ?<\/summary>\n<hr class=\"wp-block-separator has-text-color has-base-color has-alpha-channel-opacity has-base-background-color has-background is-style-wide\" style=\"margin-top:var(--wp--preset--spacing--10);margin-bottom:var(--wp--preset--spacing--10)\"\/>\n\n\n\n<p><strong>Chez Nevado Realty, nous appliquons un processus de s\u00e9lection rigoureux et responsable pour choisir les locataires, dans le but de prot\u00e9ger le bien et d&rsquo;offrir une tranquillit\u00e9 d&rsquo;esprit au propri\u00e9taire.<\/strong><\/p>\n\n\n\n<p>Il ne s&rsquo;agit pas seulement de louer, mais de bien louer.<\/p>\n\n\n\n<h4 class=\"wp-block-heading\"><strong>1. Analyse du profil du locataire<\/strong><\/h4>\n\n\n\n<p>Nous \u00e9valuons si le profil est adapt\u00e9 :<\/p>\n\n\n\n<ul class=\"wp-block-list\">\n<li>Au type de bien.<\/li>\n\n\n\n<li>\u00c0 l&#8217;emplacement et \u00e0 la communaut\u00e9.<\/li>\n\n\n\n<li>La dur\u00e9e de la location (longue dur\u00e9e, temporaire ou vacances).<\/li>\n<\/ul>\n\n\n\n<p>Nous recherchons la coh\u00e9rence entre le bien immobilier et l&rsquo;usage qui en sera fait.<\/p>\n\n\n\n<h4 class=\"wp-block-heading\"><strong>2. V\u00e9rification de la solvabilit\u00e9<\/strong><\/h4>\n\n\n\n<p>Nous v\u00e9rifions la capacit\u00e9 financi\u00e8re du locataire au moyen :<\/p>\n\n\n\n<ul class=\"wp-block-list\">\n<li>D&rsquo;une preuve de revenus.<\/li>\n\n\n\n<li>D&rsquo;un contrat de travail ou d&rsquo;une activit\u00e9 professionnelle.<\/li>\n\n\n\n<li>De relev\u00e9s bancaires ou d&rsquo;autres documents financiers.<\/li>\n<\/ul>\n\n\n\n<p>Cette \u00e9tape est essentielle pour garantir la stabilit\u00e9 et le respect des paiements.<\/p>\n\n\n\n<h4 class=\"wp-block-heading\"><strong>3. Documentation et identification<\/strong><\/h4>\n\n\n\n<p>Nous demandons toujours :<\/p>\n\n\n\n<ul class=\"wp-block-list\">\n<li>Une carte d&rsquo;identit\u00e9 ou un passeport en cours de validit\u00e9.<\/li>\n\n\n\n<li>Le NIE, le cas \u00e9ch\u00e9ant.<\/li>\n\n\n\n<li>Les coordonn\u00e9es compl\u00e8tes.<\/li>\n<\/ul>\n\n\n\n<p>L&rsquo;ensemble du processus est r\u00e9alis\u00e9 conform\u00e9ment \u00e0 la r\u00e9glementation en vigueur.<\/p>\n\n\n\n<h4 class=\"wp-block-heading\"><strong>4. Explication claire des conditions<\/strong><\/h4>\n\n\n\n<p>Avant de formaliser le contrat :<\/p>\n\n\n\n<ul class=\"wp-block-list\">\n<li>Nous expliquons en d\u00e9tail les conditions de location.<\/li>\n\n\n\n<li>Nous clarifions les droits et obligations.<\/li>\n\n\n\n<li>Nous v\u00e9rifions que le locataire comprend et accepte l&rsquo;utilisation responsable du bien.<\/li>\n<\/ul>\n\n\n\n<h4 class=\"wp-block-heading\"><strong>5. Crit\u00e8res professionnels<\/strong><\/h4>\n\n\n\n<p>Notre \u00e9quipe met \u00e0 profit son exp\u00e9rience et ses crit\u00e8res pour :<\/p>\n\n\n\n<ul class=\"wp-block-list\">\n<li>Filtrer les candidatures inadapt\u00e9es.<\/li>\n\n\n\n<li>Privil\u00e9gier la stabilit\u00e9 au d\u00e9triment du chiffre d&rsquo;affaires.<\/li>\n\n\n\n<li>R\u00e9duire les incidents pendant la p\u00e9riode de location.<\/li>\n<\/ul>\n<\/details>\n<\/div>\n\n\n\n<hr class=\"wp-block-separator has-text-color has-base-color has-alpha-channel-opacity has-base-background-color has-background is-style-wide\" style=\"margin-top:var(--wp--preset--spacing--10);margin-bottom:var(--wp--preset--spacing--10)\"\/>\n<\/div>\n\n\n\n<div class=\"wp-block-group has-global-padding is-layout-constrained wp-block-group-is-layout-constrained\">\n<div class=\"wp-block-group has-global-padding is-layout-constrained wp-block-group-is-layout-constrained\">\n<details class=\"wp-block-details is-layout-flow wp-block-details-is-layout-flow\"><summary>Proposez-vous une assurance contre le non-paiement ou une couverture des incidents ?<\/summary>\n<hr class=\"wp-block-separator has-text-color has-base-color has-alpha-channel-opacity has-base-background-color has-background is-style-wide\" style=\"margin-top:var(--wp--preset--spacing--10);margin-bottom:var(--wp--preset--spacing--10)\"\/>\n\n\n\n<p><strong>Oui, chez Nevado Realty, nous conseillons et facilitons la souscription d&rsquo;une assurance contre le non-paiement et d&rsquo;une couverture des incidents, lorsque le profil de la location et du locataire le permet.<\/strong><\/p>\n\n\n\n<p>Ces outils offrent une s\u00e9curit\u00e9 suppl\u00e9mentaire et une tranquillit\u00e9 d&rsquo;esprit au propri\u00e9taire.<\/p>\n\n\n\n<h4 class=\"wp-block-heading\"><strong>1. Assurance contre le d\u00e9faut de paiement du loyer<\/strong><\/h4>\n\n\n\n<p>Pour les locations \u00e0 long terme, il est possible de souscrire une assurance contre le d\u00e9faut de paiement du loyer, sous r\u00e9serve de l&rsquo;accord de l&rsquo;assureur.<\/p>\n\n\n\n<p>Ce type d&rsquo;assurance couvre g\u00e9n\u00e9ralement :<\/p>\n\n\n\n<ul class=\"wp-block-list\">\n<li>Le non-paiement du loyer pendant une p\u00e9riode d\u00e9termin\u00e9e.<\/li>\n\n\n\n<li>Les frais juridiques et de r\u00e9clamation.<\/li>\n<\/ul>\n\n\n\n<p>Le contrat d\u00e9pend d&rsquo;une analyse pr\u00e9alable de la solvabilit\u00e9 du locataire.<\/p>\n\n\n\n<h4 class=\"wp-block-heading\"><strong>2. Couverture des incidents<\/strong><\/h4>\n\n\n\n<p>En plus de l&rsquo;assurance contre le non-paiement, il est possible de souscrire :<\/p>\n\n\n\n<ul class=\"wp-block-list\">\n<li>Une assurance habitation avec une couverture \u00e9tendue.<\/li>\n\n\n\n<li>Une assistance pour les r\u00e9parations urgentes.<\/li>\n\n\n\n<li>La gestion des incidents pendant la p\u00e9riode de location, en fonction du service souscrit.<\/li>\n<\/ul>\n\n\n\n<p>Cette couverture permet de r\u00e9soudre rapidement et efficacement les impr\u00e9vus.<\/p>\n\n\n\n<h4 class=\"wp-block-heading\"><strong>3. \u00c9valuation pr\u00e9alable et conseil<\/strong><\/h4>\n\n\n\n<p>Avant de recommander une assurance, nous analysons :<\/p>\n\n\n\n<ul class=\"wp-block-list\">\n<li>Le type de location (longue ou courte dur\u00e9e).<\/li>\n\n\n\n<li>Le profil du locataire.<\/li>\n\n\n\n<li>Les conditions du contrat.<\/li>\n<\/ul>\n\n\n\n<p>De cette mani\u00e8re, nous ne proposons que des solutions r\u00e9alistes et adapt\u00e9es \u00e0 chaque cas.<\/p>\n\n\n\n<h4 class=\"wp-block-heading\"><strong>4. Tranquillit\u00e9 d&rsquo;esprit pour le propri\u00e9taire<\/strong><\/h4>\n\n\n\n<p>Disposer d&rsquo;une assurance et d&rsquo;une couverture ad\u00e9quates vous permet :<\/p>\n\n\n\n<ul class=\"wp-block-list\">\n<li>De r\u00e9duire les risques financiers.<\/li>\n\n\n\n<li>De faire face aux incidents avec un meilleur soutien.<\/li>\n\n\n\n<li>De louer avec plus de s\u00e9curit\u00e9 et de pr\u00e9voyance.<\/li>\n<\/ul>\n\n\n\n<h4 class=\"wp-block-heading\"><strong>5. Soutien de Nevado Realty<\/strong><\/h4>\n\n\n\n<p>Chez Nevado Realty, nous informons, coordonnons et soutenons le propri\u00e9taire tout au long du processus, en collaborant avec des assureurs et des professionnels de confiance afin d&rsquo;offrir des solutions claires et efficaces.<\/p>\n<\/details>\n<\/div>\n\n\n\n<hr class=\"wp-block-separator has-text-color has-base-color has-alpha-channel-opacity has-base-background-color has-background is-style-wide\" style=\"margin-top:var(--wp--preset--spacing--10);margin-bottom:var(--wp--preset--spacing--10)\"\/>\n<\/div>\n\n\n\n<hr class=\"wp-block-separator has-text-color has-base-color has-alpha-channel-opacity has-base-background-color has-background is-style-wide\" style=\"margin-top:var(--wp--preset--spacing--10);margin-bottom:var(--wp--preset--spacing--10)\"\/>\n<\/div>\n<\/div>\n","protected":false},"excerpt":{"rendered":"<p>FAQs Questions et r\u00e9ponses sur la location immobili\u00e8re<\/p>\n","protected":false},"author":3,"featured_media":0,"parent":0,"menu_order":0,"comment_status":"closed","ping_status":"closed","template":"","meta":{"_acf_changed":false,"footnotes":""},"class_list":["post-21177","page","type-page","status-publish","hentry"],"acf":[],"_links":{"self":[{"href":"https:\/\/www.nevadomarbella.com\/fr\/wp-json\/wp\/v2\/pages\/21177","targetHints":{"allow":["GET"]}}],"collection":[{"href":"https:\/\/www.nevadomarbella.com\/fr\/wp-json\/wp\/v2\/pages"}],"about":[{"href":"https:\/\/www.nevadomarbella.com\/fr\/wp-json\/wp\/v2\/types\/page"}],"author":[{"embeddable":true,"href":"https:\/\/www.nevadomarbella.com\/fr\/wp-json\/wp\/v2\/users\/3"}],"replies":[{"embeddable":true,"href":"https:\/\/www.nevadomarbella.com\/fr\/wp-json\/wp\/v2\/comments?post=21177"}],"version-history":[{"count":1,"href":"https:\/\/www.nevadomarbella.com\/fr\/wp-json\/wp\/v2\/pages\/21177\/revisions"}],"predecessor-version":[{"id":21252,"href":"https:\/\/www.nevadomarbella.com\/fr\/wp-json\/wp\/v2\/pages\/21177\/revisions\/21252"}],"wp:attachment":[{"href":"https:\/\/www.nevadomarbella.com\/fr\/wp-json\/wp\/v2\/media?parent=21177"}],"curies":[{"name":"wp","href":"https:\/\/api.w.org\/{rel}","templated":true}]}}