{"id":20364,"date":"2025-07-30T12:17:44","date_gmt":"2025-07-30T10:17:44","guid":{"rendered":"https:\/\/www.nevadomarbella.com\/?page_id=20364"},"modified":"2025-08-08T12:41:15","modified_gmt":"2025-08-08T10:41:15","slug":"penthouses","status":"publish","type":"page","link":"https:\/\/www.nevadomarbella.com\/fr\/propriete-a-vendre-san-pedro\/penthouses","title":{"rendered":"Penthouses \u00e0 vendre \u00e0 San Pedro"},"content":{"rendered":"\n<section class=\"wp-block-group jaleo-properties-grid is-layout-flow wp-block-group-is-layout-flow\" style=\"margin-top:0;margin-bottom:var(--wp--preset--spacing--60);padding-right:var(--wp--preset--spacing--50);padding-left:var(--wp--preset--spacing--50)\">\n<h1 class=\"wp-block-heading has-text-align-center\" style=\"padding-right:0;padding-left:0\">Derniers Penthouses \u00e0 vendre \u00e0 San Pedro de Alc\u00e1ntara<\/h1>\n\n\n\n<div class=\"wp-block-group is-layout-flow wp-block-group-is-layout-flow\" style=\"margin-top:var(--wp--preset--spacing--30);padding-top:0;padding-right:0;padding-bottom:0;padding-left:0\">\t<div id=\"wpb__style_container\" class=\"wpb--container\">\r\n\t\t<div class=\"wpb--card-container\">\r\n\t\t\t<div class=\"wpb--card\">\n\t<div class=\"wpb--aspect-box wpb--panoramic\">\n\t\t<a class=\"wpb--stretched-link\" href=\"\/fr\/propriete\/vente-castiglione-appartement-terrasse-670201\">\n\t\t\t\t\t\t\t<img decoding=\"async\" loading=\"lazy\" class=\"wpb--image-fit\" src=\"https:\/\/www.nevadomarbella.com\/wp-content\/uploads\/inmoba\/thumb-all-0.75-exact-670201.webp\" alt=\"Penthouse dans le lotissement Castiglione avec vue panoramique sur la mer \u00e0 vendre\" \/>\n\t\t\t\n\t\t\t\t\t<\/a>\n\t<\/div>\n\t<div class=\"wpb--card-body\">\n\t\t<span class=\"wpb--card-body-location\">Castiglione - San Pedro de Alcantara<\/span>\n\t\t<h3 class=\"wpb--card-title\">\n\t\t\t<a class=\"wpb--stretched-link\" href=\"\/fr\/propriete\/vente-castiglione-appartement-terrasse-670201\">\n\t\t\t\tPenthouse dans le lotissement Castiglione avec vue panoramique sur la mer \u00e0 vendre\t\t\t<\/a>\n\t\t<\/h3>\n\t\t<div class=\"wpb--card-data\">\n\t\t\t<ul class=\"wpb--card-features\">\n\t\t\t\t\t\t\t\t\t\t<li>3  Chambres, <\/li>\n\t\t\t\t\t\t\t\t\t\t<li>2  Bains, <\/li>\n\t\t\t\t\t\t\t\t\t\t<li>163 m&sup2; Construit<\/li>\n\t\t\t\t\t\t\t<\/ul>\n\t\t\t<div class=\"wpb--card-price\">\n\t\t\t\t2.495.000 &euro;<span>163-04530P<\/span>\t\t\t<\/div>\n\t\t<\/div>\n\t<\/div>\n<\/div>\n<div class=\"wpb--card\">\n\t<div class=\"wpb--aspect-box wpb--panoramic\">\n\t\t<a class=\"wpb--stretched-link\" href=\"\/fr\/propriete\/vente-cortijo-blanco-appartement-terrasse-650000\">\n\t\t\t\t\t\t\t<img decoding=\"async\" loading=\"lazy\" class=\"wpb--image-fit\" src=\"https:\/\/www.nevadomarbella.com\/wp-content\/uploads\/inmoba\/thumb-all-0.75-exact-650000.webp\" alt=\"Penthouse enti\u00e8rement r\u00e9nov\u00e9 \u00e0 vendre \u00e0 Cortijo Blanco\" \/>\n\t\t\t\n\t\t\t\t\t<\/a>\n\t<\/div>\n\t<div class=\"wpb--card-body\">\n\t\t<span class=\"wpb--card-body-location\">Cortijo Blanco - San Pedro de Alcantara<\/span>\n\t\t<h3 class=\"wpb--card-title\">\n\t\t\t<a class=\"wpb--stretched-link\" href=\"\/fr\/propriete\/vente-cortijo-blanco-appartement-terrasse-650000\">\n\t\t\t\tPenthouse enti\u00e8rement r\u00e9nov\u00e9 \u00e0 vendre \u00e0 Cortijo Blanco\t\t\t<\/a>\n\t\t<\/h3>\n\t\t<div class=\"wpb--card-data\">\n\t\t\t<ul class=\"wpb--card-features\">\n\t\t\t\t\t\t\t\t\t\t<li>3  Chambres, <\/li>\n\t\t\t\t\t\t\t\t\t\t<li>3  Bains, <\/li>\n\t\t\t\t\t\t\t\t\t\t<li>292 m&sup2; Construit<\/li>\n\t\t\t\t\t\t\t<\/ul>\n\t\t\t<div class=\"wpb--card-price\">\n\t\t\t\t1.695.000 &euro;<span>163-04442P<\/span>\t\t\t<\/div>\n\t\t<\/div>\n\t<\/div>\n<\/div>\n<div class=\"wpb--card\">\n\t<div class=\"wpb--aspect-box wpb--panoramic\">\n\t\t<a class=\"wpb--stretched-link\" href=\"\/fr\/propriete\/vente-san-pedro-de-alcantara-appartement-terrasse-625718\">\n\t\t\t\t\t\t\t<img decoding=\"async\" loading=\"lazy\" class=\"wpb--image-fit\" src=\"https:\/\/www.nevadomarbella.com\/wp-content\/uploads\/inmoba\/thumb-all-0.75-exact-625718.webp\" alt=\"Zinnia, penthouse \u00e0 San Pedro de Alc\u00e1ntara, tout pr\u00e8s de la plage\" \/>\n\t\t\t\n\t\t\t\t\t<\/a>\n\t<\/div>\n\t<div class=\"wpb--card-body\">\n\t\t<span class=\"wpb--card-body-location\">San Pedro de Alcantara<\/span>\n\t\t<h3 class=\"wpb--card-title\">\n\t\t\t<a class=\"wpb--stretched-link\" href=\"\/fr\/propriete\/vente-san-pedro-de-alcantara-appartement-terrasse-625718\">\n\t\t\t\tZinnia, penthouse \u00e0 San Pedro de Alc\u00e1ntara, tout pr\u00e8s de la plage\t\t\t<\/a>\n\t\t<\/h3>\n\t\t<div class=\"wpb--card-data\">\n\t\t\t<ul class=\"wpb--card-features\">\n\t\t\t\t\t\t\t\t\t\t<li>3  Chambres, <\/li>\n\t\t\t\t\t\t\t\t\t\t<li>2  Bains, <\/li>\n\t\t\t\t\t\t\t\t\t\t<li>329 m&sup2; Construit<\/li>\n\t\t\t\t\t\t\t<\/ul>\n\t\t\t<div class=\"wpb--card-price\">\n\t\t\t\t1.461.200 &euro;<span>163-04297P-DUP<\/span>\t\t\t<\/div>\n\t\t<\/div>\n\t<\/div>\n<\/div>\n<div class=\"wpb--card\">\n\t<div class=\"wpb--aspect-box wpb--panoramic\">\n\t\t<a class=\"wpb--stretched-link\" href=\"\/fr\/propriete\/vente-san-pedro-de-alcantara-appartement-terrasse-501281\">\n\t\t\t\t\t\t\t<img decoding=\"async\" loading=\"lazy\" class=\"wpb--image-fit\" src=\"https:\/\/www.nevadomarbella.com\/wp-content\/uploads\/inmoba\/thumb-all-0.75-exact-501281.webp\" alt=\"Penthouse \u00e0 San Pedro Alcantara proche de la mer \u00e0 vendre\" \/>\n\t\t\t\n\t\t\t\t\t<\/a>\n\t<\/div>\n\t<div class=\"wpb--card-body\">\n\t\t<span class=\"wpb--card-body-location\">San Pedro de Alcantara<\/span>\n\t\t<h3 class=\"wpb--card-title\">\n\t\t\t<a class=\"wpb--stretched-link\" href=\"\/fr\/propriete\/vente-san-pedro-de-alcantara-appartement-terrasse-501281\">\n\t\t\t\tPenthouse \u00e0 San Pedro Alcantara proche de la mer \u00e0 vendre\t\t\t<\/a>\n\t\t<\/h3>\n\t\t<div class=\"wpb--card-data\">\n\t\t\t<ul class=\"wpb--card-features\">\n\t\t\t\t\t\t\t\t\t\t<li>3  Chambres, <\/li>\n\t\t\t\t\t\t\t\t\t\t<li>2  Bains, <\/li>\n\t\t\t\t\t\t\t\t\t\t<li>229 m&sup2; Construit<\/li>\n\t\t\t\t\t\t\t<\/ul>\n\t\t\t<div class=\"wpb--card-price\">\n\t\t\t\t1.175.000 &euro;<span>163-03859P-DUP<\/span>\t\t\t<\/div>\n\t\t<\/div>\n\t<\/div>\n<\/div>\n\t\t<\/div>\r\n\t\t<!-- Go to the full list -->\r\n\t\t\t\t<div class=\"wpb--center\">\r\n\t\t\t<a class=\"wpb--btn-outline\" href=\"\/fr\/propriete-a-vendre-a-marbella?f=sale&c=c35&a&t=t3&pf&pt&b\">Voir plus<\/a>\r\n\t\t<\/div>\r\n\t\t\t<\/div>\r\n\n<\/div>\n<\/section>\n\n\n\n<div class=\"wp-block-group has-global-padding is-layout-constrained wp-block-group-is-layout-constrained\" style=\"margin-bottom:var(--wp--preset--spacing--50)\">\n<p style=\"padding-top:var(--wp--preset--spacing--20);padding-right:var(--wp--preset--spacing--50);padding-bottom:var(--wp--preset--spacing--20);padding-left:var(--wp--preset--spacing--50)\">Nous proposons une s\u00e9lection exclusive d&rsquo;appartements en attique \u00e0 vendre \u00e0 San Pedro de Alc\u00e1ntara, l&rsquo;un des quartiers les plus pris\u00e9s de la commune de Marbella. Cette charmante localit\u00e9 c\u00f4ti\u00e8re allie l&rsquo;ambiance traditionnelle andalouse \u00e0 une offre croissante de logements modernes et de services de haute qualit\u00e9.<\/p>\n\n\n\n<p style=\"padding-top:var(--wp--preset--spacing--20);padding-right:var(--wp--preset--spacing--50);padding-bottom:var(--wp--preset--spacing--20);padding-left:var(--wp--preset--spacing--50)\">Ses plages, sa proximit\u00e9 avec le centre de Marbella et Puerto Ban\u00fas, ainsi que son atmosph\u00e8re familiale et tranquille, font de San Pedro un excellent choix tant pour les r\u00e9sidences principales que pour les investissements. Les penthouses ici se distinguent par leurs grandes terrasses, leurs vues d\u00e9gag\u00e9es sur la mer ou la montagne, leur intimit\u00e9 et leur style de vie d\u00e9tendu sous le soleil de la Costa del Sol.<\/p>\n<\/div>\n\n\n\n<section class=\"wp-block-group alignfull jaleo-herobox-group wide right has-shell-background-color has-background is-layout-flow wp-block-group-is-layout-flow\" style=\"margin-top:0;margin-bottom:var(--wp--preset--spacing--60);padding-right:var(--wp--preset--spacing--50);padding-left:var(--wp--preset--spacing--50)\">\n<div class=\"wp-block-columns alignwide are-vertically-aligned-center jaleo-herobox-columns is-layout-flex wp-container-core-columns-is-layout-2e289adc wp-block-columns-is-layout-flex\" style=\"padding-top:0;padding-right:0;padding-bottom:0;padding-left:0\">\n<div class=\"wp-block-column is-vertically-aligned-center jaleo-herobox-content is-layout-flow wp-block-column-is-layout-flow\" style=\"padding-right:0;flex-basis:50%\">\n<div class=\"wp-block-group has-global-padding is-content-justification-right is-layout-constrained wp-container-core-group-is-layout-d74be48a wp-block-group-is-layout-constrained\" style=\"margin-top:0;margin-bottom:0;padding-top:0;padding-right:var(--wp--preset--spacing--30);padding-left:var(--wp--preset--spacing--30)\">\n<h2 class=\"wp-block-heading\" style=\"margin-bottom:var(--wp--preset--spacing--40);font-style:normal;font-weight:400;text-transform:uppercase\">Vues depuis son penthouse \u00e0 San Pedro de Alc\u00e1ntara<\/h2>\n\n\n\n<p>Choisir un penthouse \u00e0 San Pedro de Alc\u00e1ntara, c&rsquo;est miser sur une qualit\u00e9 de vie sup\u00e9rieure. Ces propri\u00e9t\u00e9s, situ\u00e9es dans des complexes r\u00e9sidentiels haut de gamme, offrent des terrasses et des vues pour profiter du climat m\u00e9diterran\u00e9en, des espaces communs bien entretenus et un acc\u00e8s \u00e0 toutes sortes de services : \u00e9coles, restaurants, centres sportifs et zones commerciales.<\/p>\n\n\n\n<p>De plus, leur proximit\u00e9 avec la promenade maritime et les espaces naturels fait de ces penthouses un choix id\u00e9al pour ceux qui recherchent la tranquillit\u00e9 sans renoncer \u00e0 la proximit\u00e9 de Marbella et de Puerto Ban\u00fas. Que ce soit comme r\u00e9sidence principale, r\u00e9sidence secondaire ou investissement, les penthouses \u00e0 San Pedro repr\u00e9sentent une opportunit\u00e9 unique sur le march\u00e9 immobilier de la Costa del Sol.<\/p>\n<\/div>\n<\/div>\n\n\n\n<div class=\"wp-block-column is-vertically-aligned-center jaleo-herobox-column is-layout-flow wp-block-column-is-layout-flow\" style=\"flex-basis:50%\">\n<figure class=\"wp-block-image size-full jaleo-herobox-image wp-duotone-unset-1\"><img decoding=\"async\" width=\"1280\" height=\"1280\" src=\"https:\/\/www.nevadomarbella.com\/wp-content\/uploads\/2025\/01\/real-club-de-golf-de-guadalmina.webp\" alt=\"Real Club de Golf de Guadalmina, \u00e0 c\u00f4t\u00e9 de la plage\" class=\"wp-image-19473\" style=\"aspect-ratio:1;object-fit:cover\"\/><\/figure>\n<\/div>\n<\/div>\n<\/section>\n\n\n\n<section class=\"wp-block-group alignfull jaleo-heroform is-layout-flow wp-block-group-is-layout-flow\" style=\"margin-bottom:var(--wp--preset--spacing--60);padding-right:var(--wp--preset--spacing--50);padding-left:var(--wp--preset--spacing--50)\">\n<div class=\"wp-block-columns alignwide are-vertically-aligned-center is-layout-flex wp-container-core-columns-is-layout-28f84493 wp-block-columns-is-layout-flex\">\n<div class=\"wp-block-column is-vertically-aligned-center has-global-padding is-layout-constrained wp-block-column-is-layout-constrained\" style=\"flex-basis:50%\">\n<figure class=\"wp-block-image size-full is-style-default wp-duotone-unset-2\"><img decoding=\"async\" width=\"1000\" height=\"1250\" src=\"https:\/\/www.nevadomarbella.com\/wp-content\/uploads\/2024\/09\/gines-garcia-ceo-nevado-realty-marbella.jpg\" alt=\"\" class=\"wp-image-16598\" style=\"aspect-ratio:3\/4;object-fit:cover\"\/><\/figure>\n<\/div>\n\n\n\n<div class=\"wp-block-column is-vertically-aligned-center has-global-padding is-layout-constrained wp-block-column-is-layout-constrained\" style=\"flex-basis:50%\">\n<h2 class=\"wp-block-heading has-x-large-font-size\">VOUS NE TROUVEZ PAS CE QUE VOUS CHERCHEZ ?<\/h2>\n\n\n\n<p>Si vous ne trouvez pas l&rsquo;appartement de vos r\u00eaves \u00e0 San Pedro Alc\u00e1ntara mais que vous savez ce que vous voulez, nous pouvons vous aider. Contactez-nous et nous essaierons de la trouver pour vous et s&rsquo;il n&rsquo;y a pas d&rsquo;unit\u00e9 disponible, nous serons au courant de toute nouvelle propri\u00e9t\u00e9 qui pourrait vous int\u00e9resser.<\/p>\n\n\n<div id=\"wpb__style_container\" class=\"wpb__style_container wpb--container\"><form id=\"property_form\" class=\"wpb--property-form\" action=\"localhost\" method=\"POST\" data-contact=\"property_form\" data-lead-sent-ok=\"Votre message a \u00e9t\u00e9 envoy\u00e9.\" data-sitekey=\"6Lcu70ApAAAAALSclGERBvdFXlfg15po4zMqthx0\">\n\t<input type=\"hidden\" name=\"subject\" value=\"Contact \u00e0 partir de la propri\u00e9t\u00e9 \/fr\/wp-json\/wp\/v2\/pages\/20364\" \/>\n\t<input type=\"hidden\" name=\"g-recaptcha-response\" value=\"\" \/>\n\t<input type=\"hidden\" name=\"success\" value=\"\/fr\/thank-you-page\" \/> \n\t\t<input name=\"name\" type=\"text\" autocomplete=\"off\" placeholder=\"Nom complet\" required data-error=\"Nom complet Obligatoire \" \/>\n\t<input name=\"email\" type=\"email\" autocomplete=\"off\" placeholder=\"Adresse \u00e9lectronique \" required data-error=\"Courriel requis\" \/>\n\t<input name=\"intphone\" style=\"width: 100%\" type=\"tel\" autocomplete=\"off\" placeholder=\"T\u00e9l\u00e9phone\" data-error=\"Les num\u00e9ros de t\u00e9l\u00e9phone doivent comporter entre 8 et 20 chiffres.\" \/>\n\t<input name=\"source\" type=\"hidden\" value=\"https:\/\/www.nevadomarbella.com\/fr\/wp-json\/wp\/v2\/pages\/20364\"\/>\n\t\t<textarea name=\"comment\" rows=\"6\" placeholder=\"Tapez vos questions\"><\/textarea>\n\n\t<div class=\"wpb--custom-checkbox\">\n\t\t<input type=\"checkbox\" id=\"property_form-property_form-customCheck1\" name=\"privacy_policy\" required data-error=\"Champ obligatoire\" \/>\n\t\t<label for=\"property_form-property_form-customCheck1\">J'accepte la  <a href=\"https:\/\/www.nevadomarbella.com\/privacy\" target=\"_blank\">Politique de confidentialit\u00e9 <\/a><\/label>\n\t<\/div>\n\t<div class=\"wpb--custom-checkbox\">\n\t\t<input type=\"checkbox\" id=\"property_form-property_form-customCheck2\" name=\"commercial_information\" \/>\n\t\t<label for=\"property_form-property_form-customCheck2\">J'accepte de recevoir des informations par e-mail <\/label>\n\t<\/div>\n\t<button data-ids=\"property_form\" data-lang=\"\" class=\"btn wpb--formbutton g-recaptcha\" type=\"submit\"><span id=\"text-send\">Envoyer<\/span> <span id=\"spinner-send\"><\/span><\/button>\n\t<p id=\"result\" class=\"wpb--form-msg\"><\/p>\n<\/form>\n\t<script src=\"https:\/\/www.google.com\/recaptcha\/api.js?render=6Lcu70ApAAAAALSclGERBvdFXlfg15po4zMqthx0&hl=\"><\/script>\n\t<link rel=\"stylesheet\" href=\"https:\/\/cdn.jsdelivr.net\/npm\/intl-tel-input@23.0.10\/build\/css\/intlTelInput.css\">\n\t<script src=\"https:\/\/cdn.jsdelivr.net\/npm\/intl-tel-input@23.0.10\/build\/js\/intlTelInput.min.js\"><\/script>\n\t<script>\n\t\tconst input = document.querySelectorAll(\"[name=intphone]\");\n\t\tif (input.length) {\n\t\t\tlet initialCountry ;\n\t\t\tconst currentLang = document.querySelector(\"html\").getAttribute(\"lang\").split(\"-\")[0];\n\t\t\tswitch (currentLang) {\n\t\t\t\tcase \"en\" : \n\t\t\t\t\tinitialCountry = \"gb\";\n\t\t\t\t\tbreak;\n\t\t\t\tcase \"es\" : \n\t\t\t\t\tinitialCountry = \"es\";\n\t\t\t\t\tbreak;\n\t\t\t\tcase \"fr\":\n\t\t\t\t\tinitialCountry = \"fr\";\n\t\t\t\t\tbreak;\n\t\t\t\tdefault:\n\t\t\t\t\tinitialCountry = \"es\";\n\t\t\t\t\tbreak;\n\t\t\t}\n\t\t\tinput.forEach(function(item) {\n\t\t\t\twindow.intlTelInput(item, {\n\t\t\t\t\tutilsScript: \"https:\/\/cdn.jsdelivr.net\/npm\/intl-tel-input@23.0.10\/build\/js\/utils.js\",\n\t\t\t\t\tinitialCountry: initialCountry,\n\t\t\t\t\thiddenInput: () => ({ phone: \"phone\", country: \"country_code\" }),\n\t\t\t\t\tcountryOrder: [\"gb\", \"se\", \"es\", \"fr\", \"de\"],\n\t\t\t\t\tnationalMode: false,\n\t\t\t\t\tautoHideDialCode: false,\n\t\t\t\t\texcludeCountries: [\"none\"],\n\t\t\t\t\tseparateDialCode: true\n\t\t\t\t})\n\t\t\t});\n\t\t}\n\t<\/script>\n<\/div>\n<\/div>\n<\/div>\n<\/section>\n\n\n\n<p><\/p>\n","protected":false},"excerpt":{"rendered":"<p>Derniers Penthouses \u00e0 vendre \u00e0 San Pedro de Alc\u00e1ntara Nous proposons une s\u00e9lection exclusive d&rsquo;appartements en attique \u00e0 vendre \u00e0 San Pedro de Alc\u00e1ntara, l&rsquo;un des quartiers les plus pris\u00e9s de la commune de Marbella. Cette charmante localit\u00e9 c\u00f4ti\u00e8re allie l&rsquo;ambiance traditionnelle andalouse \u00e0 une offre croissante de logements modernes et de services de haute [&hellip;]<\/p>\n","protected":false},"author":3,"featured_media":0,"parent":17623,"menu_order":1,"comment_status":"closed","ping_status":"closed","template":"solid-header","meta":{"_acf_changed":false,"footnotes":""},"class_list":["post-20364","page","type-page","status-publish","hentry"],"acf":[],"_links":{"self":[{"href":"https:\/\/www.nevadomarbella.com\/fr\/wp-json\/wp\/v2\/pages\/20364","targetHints":{"allow":["GET"]}}],"collection":[{"href":"https:\/\/www.nevadomarbella.com\/fr\/wp-json\/wp\/v2\/pages"}],"about":[{"href":"https:\/\/www.nevadomarbella.com\/fr\/wp-json\/wp\/v2\/types\/page"}],"author":[{"embeddable":true,"href":"https:\/\/www.nevadomarbella.com\/fr\/wp-json\/wp\/v2\/users\/3"}],"replies":[{"embeddable":true,"href":"https:\/\/www.nevadomarbella.com\/fr\/wp-json\/wp\/v2\/comments?post=20364"}],"version-history":[{"count":1,"href":"https:\/\/www.nevadomarbella.com\/fr\/wp-json\/wp\/v2\/pages\/20364\/revisions"}],"predecessor-version":[{"id":20524,"href":"https:\/\/www.nevadomarbella.com\/fr\/wp-json\/wp\/v2\/pages\/20364\/revisions\/20524"}],"up":[{"embeddable":true,"href":"https:\/\/www.nevadomarbella.com\/fr\/wp-json\/wp\/v2\/pages\/17623"}],"wp:attachment":[{"href":"https:\/\/www.nevadomarbella.com\/fr\/wp-json\/wp\/v2\/media?parent=20364"}],"curies":[{"name":"wp","href":"https:\/\/api.w.org\/{rel}","templated":true}]}}