{"id":20235,"date":"2025-07-29T12:25:58","date_gmt":"2025-07-29T10:25:58","guid":{"rendered":"https:\/\/www.nevadomarbella.com\/?page_id=20235"},"modified":"2025-10-03T13:20:40","modified_gmt":"2025-10-03T11:20:40","slug":"maisons-mitoyennes","status":"publish","type":"page","link":"https:\/\/www.nevadomarbella.com\/fr\/propriete-a-vendre-a-marbella-est\/maisons-mitoyennes","title":{"rendered":"maisons mitoyennes \u00e0 vendre \u00e0 Marbella Est"},"content":{"rendered":"\n<section class=\"wp-block-group jaleo-properties-grid is-layout-flow wp-block-group-is-layout-flow\" style=\"margin-top:0;margin-bottom:var(--wp--preset--spacing--60);padding-right:var(--wp--preset--spacing--50);padding-left:var(--wp--preset--spacing--50)\">\n<h1 class=\"wp-block-heading has-text-align-center\" style=\"padding-right:0;padding-left:0\">Derni\u00e8res maisons mitoyennes \u00e0 vendre \u00e0 Marbella Est<\/h1>\n\n\n\n<div class=\"wp-block-group is-layout-flow wp-block-group-is-layout-flow\" style=\"margin-top:var(--wp--preset--spacing--30);padding-top:0;padding-right:0;padding-bottom:0;padding-left:0\">\t<div id=\"wpb__style_container\" class=\"wpb--container\">\r\n\t\t<div class=\"wpb--card-container\">\r\n\t\t\t<div class=\"wpb--card\">\n\t<div class=\"wpb--aspect-box wpb--panoramic\">\n\t\t<a class=\"wpb--stretched-link\" href=\"\/fr\/propriete\/vente-santa-clara-maison-jumelee-651135\">\n\t\t\t\t\t\t\t<img decoding=\"async\" loading=\"lazy\" class=\"wpb--image-fit\" src=\"https:\/\/www.nevadomarbella.com\/wp-content\/uploads\/inmoba\/thumb-all-0.75-exact-651135.webp\" alt=\"Villa jumel\u00e9e \u00e0 vendre dans le lotissement Santa Clara Golf avec vue sur la mer\" \/>\n\t\t\t\n\t\t\t\t\t<\/a>\n\t<\/div>\n\t<div class=\"wpb--card-body\">\n\t\t<span class=\"wpb--card-body-location\">Santa Clara - Marbella Est<\/span>\n\t\t<h3 class=\"wpb--card-title\">\n\t\t\t<a class=\"wpb--stretched-link\" href=\"\/fr\/propriete\/vente-santa-clara-maison-jumelee-651135\">\n\t\t\t\tVilla jumel\u00e9e \u00e0 vendre dans le lotissement Santa Clara Golf avec vue sur la mer\t\t\t<\/a>\n\t\t<\/h3>\n\t\t<div class=\"wpb--card-data\">\n\t\t\t<ul class=\"wpb--card-features\">\n\t\t\t\t\t\t\t\t\t\t<li>3  Chambres, <\/li>\n\t\t\t\t\t\t\t\t\t\t<li>4  Bains, <\/li>\n\t\t\t\t\t\t\t\t\t\t<li>588 m&sup2; Parcelle , <\/li>\n\t\t\t\t\t\t\t\t\t\t<li>206 m&sup2; Construit<\/li>\n\t\t\t\t\t\t\t<\/ul>\n\t\t\t<div class=\"wpb--card-price\">\n\t\t\t\t1.495.000 &euro;<span>163-04443P<\/span>\t\t\t<\/div>\n\t\t<\/div>\n\t<\/div>\n<\/div>\n<div class=\"wpb--card\">\n\t<div class=\"wpb--aspect-box wpb--panoramic\">\n\t\t<a class=\"wpb--stretched-link\" href=\"\/fr\/propriete\/vente-artola-maison-jumelee-638037\">\n\t\t\t\t\t\t\t<img decoding=\"async\" loading=\"lazy\" class=\"wpb--image-fit\" src=\"https:\/\/www.nevadomarbella.com\/wp-content\/uploads\/inmoba\/thumb-all-0.75-exact-638037.webp\" alt=\"Maison jumel\u00e9e dans le lotissement Artola Homes avec piscine priv\u00e9e \u00e0 vendre\" \/>\n\t\t\t\n\t\t\t\t\t<\/a>\n\t<\/div>\n\t<div class=\"wpb--card-body\">\n\t\t<span class=\"wpb--card-body-location\">Artola - Marbella Est<\/span>\n\t\t<h3 class=\"wpb--card-title\">\n\t\t\t<a class=\"wpb--stretched-link\" href=\"\/fr\/propriete\/vente-artola-maison-jumelee-638037\">\n\t\t\t\tMaison jumel\u00e9e dans le lotissement Artola Homes avec piscine priv\u00e9e \u00e0 vendre\t\t\t<\/a>\n\t\t<\/h3>\n\t\t<div class=\"wpb--card-data\">\n\t\t\t<ul class=\"wpb--card-features\">\n\t\t\t\t\t\t\t\t\t\t<li>3  Chambres, <\/li>\n\t\t\t\t\t\t\t\t\t\t<li>3  Bains, <\/li>\n\t\t\t\t\t\t\t\t\t\t<li>216 m&sup2; Parcelle , <\/li>\n\t\t\t\t\t\t\t\t\t\t<li>288 m&sup2; Construit<\/li>\n\t\t\t\t\t\t\t<\/ul>\n\t\t\t<div class=\"wpb--card-price\">\n\t\t\t\t1.150.000 &euro;<span>163-04359P<\/span>\t\t\t<\/div>\n\t\t<\/div>\n\t<\/div>\n<\/div>\n<div class=\"wpb--card\">\n\t<div class=\"wpb--aspect-box wpb--panoramic\">\n\t\t<a class=\"wpb--stretched-link\" href=\"\/fr\/propriete\/vente-estrella-del-mar-maison-630640\">\n\t\t\t\t\t\t\t<img decoding=\"async\" loading=\"lazy\" class=\"wpb--image-fit\" src=\"https:\/\/www.nevadomarbella.com\/wp-content\/uploads\/inmoba\/thumb-all-0.75-exact-630640.webp\" alt=\"Maison mitoyenne neuve \u00e0 vendre \u00e0 Las Chapas\" \/>\n\t\t\t\n\t\t\t\t\t<\/a>\n\t<\/div>\n\t<div class=\"wpb--card-body\">\n\t\t<span class=\"wpb--card-body-location\">Estrella del Mar - Marbella Est<\/span>\n\t\t<h3 class=\"wpb--card-title\">\n\t\t\t<a class=\"wpb--stretched-link\" href=\"\/fr\/propriete\/vente-estrella-del-mar-maison-630640\">\n\t\t\t\tMaison mitoyenne neuve \u00e0 vendre \u00e0 Las Chapas\t\t\t<\/a>\n\t\t<\/h3>\n\t\t<div class=\"wpb--card-data\">\n\t\t\t<ul class=\"wpb--card-features\">\n\t\t\t\t\t\t\t\t\t\t<li>3  Chambres, <\/li>\n\t\t\t\t\t\t\t\t\t\t<li>2  Bains, <\/li>\n\t\t\t\t\t\t\t\t\t\t<li>150 m&sup2; Construit<\/li>\n\t\t\t\t\t\t\t<\/ul>\n\t\t\t<div class=\"wpb--card-price\">\n\t\t\t\t860.000 &euro;<span>163-04333P<\/span>\t\t\t<\/div>\n\t\t<\/div>\n\t<\/div>\n<\/div>\n<div class=\"wpb--card\">\n\t<div class=\"wpb--aspect-box wpb--panoramic\">\n\t\t<a class=\"wpb--stretched-link\" href=\"\/fr\/propriete\/vente-rio-real-maison-de-ville-599890\">\n\t\t\t\t\t\t\t<img decoding=\"async\" loading=\"lazy\" class=\"wpb--image-fit\" src=\"https:\/\/www.nevadomarbella.com\/wp-content\/uploads\/inmoba\/thumb-all-0.75-exact-599890.webp\" alt=\"Maison jumel\u00e9e \u00e0 Rio Real avec vue sur la mer \u00e0 vendre\" \/>\n\t\t\t\n\t\t\t\t\t<\/a>\n\t<\/div>\n\t<div class=\"wpb--card-body\">\n\t\t<span class=\"wpb--card-body-location\">Rio Real - Marbella Est<\/span>\n\t\t<h3 class=\"wpb--card-title\">\n\t\t\t<a class=\"wpb--stretched-link\" href=\"\/fr\/propriete\/vente-rio-real-maison-de-ville-599890\">\n\t\t\t\tMaison jumel\u00e9e \u00e0 Rio Real avec vue sur la mer \u00e0 vendre\t\t\t<\/a>\n\t\t<\/h3>\n\t\t<div class=\"wpb--card-data\">\n\t\t\t<ul class=\"wpb--card-features\">\n\t\t\t\t\t\t\t\t\t\t<li>4  Chambres, <\/li>\n\t\t\t\t\t\t\t\t\t\t<li>5  Bains, <\/li>\n\t\t\t\t\t\t\t\t\t\t<li>492 m&sup2; Construit<\/li>\n\t\t\t\t\t\t\t<\/ul>\n\t\t\t<div class=\"wpb--card-price\">\n\t\t\t\t1.675.000 &euro;<span>163-04181P<\/span>\t\t\t<\/div>\n\t\t<\/div>\n\t<\/div>\n<\/div>\n\t\t<\/div>\r\n\t\t<!-- Go to the full list -->\r\n\t\t\t<\/div>\r\n\n<\/div>\n<\/section>\n\n\n\n<div class=\"wp-block-buttons is-content-justification-center is-layout-flex wp-container-core-buttons-is-layout-e9a8509b wp-block-buttons-is-layout-flex\" style=\"margin-top:0;margin-bottom:var(--wp--preset--spacing--40)\">\n<div class=\"wp-block-button is-style-outline is-style-outline--1\"><a class=\"wp-block-button__link wp-element-button\" href=\"http:\/\/www.nevadomarbella.com\/fr\/propriete-a-vendre-a-marbella\">Moteur de recherche<\/a><\/div>\n<\/div>\n\n\n\n<div class=\"wp-block-group has-global-padding is-layout-constrained wp-block-group-is-layout-constrained\" style=\"margin-bottom:var(--wp--preset--spacing--50)\">\n<p style=\"padding-top:var(--wp--preset--spacing--20);padding-right:var(--wp--preset--spacing--50);padding-bottom:var(--wp--preset--spacing--20);padding-left:var(--wp--preset--spacing--50)\">D\u00e9couvrez notre s\u00e9lection de maisons mitoyennes \u00e0 vendre \u00e0 Marbella Est, l&rsquo;un des quartiers les plus pris\u00e9s par ceux qui recherchent la tranquillit\u00e9, la nature et la proximit\u00e9 de la mer. Ce quartier combine un environnement r\u00e9sidentiel bien \u00e9tabli avec un acc\u00e8s facile aux meilleures plages de Marbella, aux terrains de golf et \u00e0 tous les services n\u00e9cessaires pour vivre confortablement toute l&rsquo;ann\u00e9e ou passer des vacances inoubliables.<\/p>\n<\/div>\n\n\n\n<section class=\"wp-block-group alignfull jaleo-herobox-group wide right has-shell-background-color has-background is-layout-flow wp-block-group-is-layout-flow\" style=\"margin-top:0;margin-bottom:var(--wp--preset--spacing--60);padding-right:var(--wp--preset--spacing--50);padding-left:var(--wp--preset--spacing--50)\">\n<div class=\"wp-block-columns alignwide are-vertically-aligned-center jaleo-herobox-columns is-layout-flex wp-container-core-columns-is-layout-2e289adc wp-block-columns-is-layout-flex\" style=\"padding-top:0;padding-right:0;padding-bottom:0;padding-left:0\">\n<div class=\"wp-block-column is-vertically-aligned-center jaleo-herobox-content is-layout-flow wp-block-column-is-layout-flow\" style=\"padding-right:0;flex-basis:50%\">\n<div class=\"wp-block-group has-global-padding is-content-justification-right is-layout-constrained wp-container-core-group-is-layout-d74be48a wp-block-group-is-layout-constrained\" style=\"margin-top:0;margin-bottom:0;padding-top:0;padding-right:var(--wp--preset--spacing--30);padding-left:var(--wp--preset--spacing--30)\">\n<h2 class=\"wp-block-heading\" style=\"margin-bottom:var(--wp--preset--spacing--40);font-style:normal;font-weight:400;text-transform:uppercase\">Maison mitoyenne \u00e0 Marbella Est: confort, intimit\u00e9 et style de vie<\/h2>\n\n\n\n<p>Marbella Est est synonyme de plages de sable fin, de v\u00e9g\u00e9tation luxuriante et d&rsquo;une ambiance plus d\u00e9tendue que celle du centre de Marbella. Les maisons mitoyennes de ce quartier offrent de grands espaces, des terrasses ensoleill\u00e9es, des jardins priv\u00e9s et, dans de nombreux cas, une vue sur la mer ou la montagne. Elles sont \u00e9galement situ\u00e9es \u00e0 proximit\u00e9 d&rsquo;\u00e9coles internationales, de terrains de golf, de restaurants de qualit\u00e9 et de tous les services n\u00e9cessaires \u00e0 la vie quotidienne. Choisir une maison mitoyenne \u00e0 Marbella Est, c&rsquo;est opter pour une vie familiale, tranquille et en contact avec la nature, sans renoncer aux avantages de vivre dans l&rsquo;une des localit\u00e9s les plus exclusives de la Costa del Sol.<\/p>\n<\/div>\n<\/div>\n\n\n\n<div class=\"wp-block-column is-vertically-aligned-center jaleo-herobox-column is-layout-flow wp-block-column-is-layout-flow\" style=\"flex-basis:50%\">\n<figure class=\"wp-block-image size-full jaleo-herobox-image wp-duotone-unset-2\"><img decoding=\"async\" width=\"1080\" height=\"1080\" src=\"https:\/\/www.nevadomarbella.com\/wp-content\/uploads\/2025\/01\/vista-aerea-rio-real-nevado-realty-marbella.webp\" alt=\"Terrain de golf Rio Real \u00e0 Marbella\" class=\"wp-image-19455\" style=\"aspect-ratio:1;object-fit:cover\"\/><\/figure>\n<\/div>\n<\/div>\n<\/section>\n\n\n\n<section class=\"wp-block-group alignfull jaleo-heroform is-layout-flow wp-block-group-is-layout-flow\" style=\"margin-bottom:var(--wp--preset--spacing--60);padding-right:var(--wp--preset--spacing--50);padding-left:var(--wp--preset--spacing--50)\">\n<div class=\"wp-block-columns alignwide are-vertically-aligned-center is-layout-flex wp-container-core-columns-is-layout-28f84493 wp-block-columns-is-layout-flex\">\n<div class=\"wp-block-column is-vertically-aligned-center has-global-padding is-layout-constrained wp-block-column-is-layout-constrained\" style=\"flex-basis:50%\">\n<figure class=\"wp-block-image size-full is-style-default wp-duotone-unset-3\"><img decoding=\"async\" width=\"1000\" height=\"1250\" src=\"https:\/\/www.nevadomarbella.com\/wp-content\/uploads\/2024\/09\/gines-garcia-ceo-nevado-realty-marbella.jpg\" alt=\"\" class=\"wp-image-16598\" style=\"aspect-ratio:3\/4;object-fit:cover\"\/><\/figure>\n<\/div>\n\n\n\n<div class=\"wp-block-column is-vertically-aligned-center has-global-padding is-layout-constrained wp-block-column-is-layout-constrained\" style=\"flex-basis:50%\">\n<h2 class=\"wp-block-heading has-x-large-font-size\">VOUS NE TROUVEZ PAS CE QUE VOUS CHERCHEZ ?<\/h2>\n\n\n\n<p>Si vous ne trouvez pas la maison mitoyenne de vos r\u00eaves \u00e0 Marbella Est mais que vous savez ce que vous voulez, nous pouvons vous aider. Contactez-nous et nous essaierons de la trouver pour vous et s&rsquo;il n&rsquo;y a pas d&rsquo;unit\u00e9 disponible, nous serons au courant de toute nouvelle propri\u00e9t\u00e9 qui pourrait vous int\u00e9resser.<\/p>\n\n\n<div id=\"wpb__style_container\" class=\"wpb__style_container wpb--container\"><form id=\"property_form\" class=\"wpb--property-form\" action=\"localhost\" method=\"POST\" data-contact=\"property_form\" data-lead-sent-ok=\"Votre message a \u00e9t\u00e9 envoy\u00e9.\" data-sitekey=\"6Lcu70ApAAAAALSclGERBvdFXlfg15po4zMqthx0\">\n\t<input type=\"hidden\" name=\"subject\" value=\"Contact \u00e0 partir de la propri\u00e9t\u00e9 \/fr\/wp-json\/wp\/v2\/pages\/20235\" \/>\n\t<input type=\"hidden\" name=\"g-recaptcha-response\" value=\"\" \/>\n\t<input type=\"hidden\" name=\"success\" value=\"\/fr\/thank-you-page\" \/> \n\t\t<input name=\"name\" type=\"text\" autocomplete=\"off\" placeholder=\"Nom complet\" required data-error=\"Nom complet Obligatoire \" \/>\n\t<input name=\"email\" type=\"email\" autocomplete=\"off\" placeholder=\"Adresse \u00e9lectronique \" required data-error=\"Courriel requis\" \/>\n\t<input name=\"intphone\" style=\"width: 100%\" type=\"tel\" autocomplete=\"off\" placeholder=\"T\u00e9l\u00e9phone\" data-error=\"Les num\u00e9ros de t\u00e9l\u00e9phone doivent comporter entre 8 et 20 chiffres.\" \/>\n\t<input name=\"source\" type=\"hidden\" value=\"https:\/\/www.nevadomarbella.com\/fr\/wp-json\/wp\/v2\/pages\/20235\"\/>\n\t\t<textarea name=\"comment\" rows=\"6\" placeholder=\"Tapez vos questions\"><\/textarea>\n\n\t<div class=\"wpb--custom-checkbox\">\n\t\t<input type=\"checkbox\" id=\"property_form-property_form-customCheck1\" name=\"privacy_policy\" required data-error=\"Champ obligatoire\" \/>\n\t\t<label for=\"property_form-property_form-customCheck1\">J'accepte la  <a href=\"https:\/\/www.nevadomarbella.com\/privacy\" target=\"_blank\">Politique de confidentialit\u00e9 <\/a><\/label>\n\t<\/div>\n\t<div class=\"wpb--custom-checkbox\">\n\t\t<input type=\"checkbox\" id=\"property_form-property_form-customCheck2\" name=\"commercial_information\" \/>\n\t\t<label for=\"property_form-property_form-customCheck2\">J'accepte de recevoir des informations par e-mail <\/label>\n\t<\/div>\n\t<button data-ids=\"property_form\" data-lang=\"\" class=\"btn wpb--formbutton g-recaptcha\" type=\"submit\"><span id=\"text-send\">Envoyer<\/span> <span id=\"spinner-send\"><\/span><\/button>\n\t<p id=\"result\" class=\"wpb--form-msg\"><\/p>\n<\/form>\n\t<script src=\"https:\/\/www.google.com\/recaptcha\/api.js?render=6Lcu70ApAAAAALSclGERBvdFXlfg15po4zMqthx0&hl=\"><\/script>\n\t<link rel=\"stylesheet\" href=\"https:\/\/cdn.jsdelivr.net\/npm\/intl-tel-input@23.0.10\/build\/css\/intlTelInput.css\">\n\t<script src=\"https:\/\/cdn.jsdelivr.net\/npm\/intl-tel-input@23.0.10\/build\/js\/intlTelInput.min.js\"><\/script>\n\t<script>\n\t\tconst input = document.querySelectorAll(\"[name=intphone]\");\n\t\tif (input.length) {\n\t\t\tlet initialCountry ;\n\t\t\tconst currentLang = document.querySelector(\"html\").getAttribute(\"lang\").split(\"-\")[0];\n\t\t\tswitch (currentLang) {\n\t\t\t\tcase \"en\" : \n\t\t\t\t\tinitialCountry = \"gb\";\n\t\t\t\t\tbreak;\n\t\t\t\tcase \"es\" : \n\t\t\t\t\tinitialCountry = \"es\";\n\t\t\t\t\tbreak;\n\t\t\t\tcase \"fr\":\n\t\t\t\t\tinitialCountry = \"fr\";\n\t\t\t\t\tbreak;\n\t\t\t\tdefault:\n\t\t\t\t\tinitialCountry = \"es\";\n\t\t\t\t\tbreak;\n\t\t\t}\n\t\t\tinput.forEach(function(item) {\n\t\t\t\twindow.intlTelInput(item, {\n\t\t\t\t\tutilsScript: \"https:\/\/cdn.jsdelivr.net\/npm\/intl-tel-input@23.0.10\/build\/js\/utils.js\",\n\t\t\t\t\tinitialCountry: initialCountry,\n\t\t\t\t\thiddenInput: () => ({ phone: \"phone\", country: \"country_code\" }),\n\t\t\t\t\tcountryOrder: [\"gb\", \"se\", \"es\", \"fr\", \"de\"],\n\t\t\t\t\tnationalMode: false,\n\t\t\t\t\tautoHideDialCode: false,\n\t\t\t\t\texcludeCountries: [\"none\"],\n\t\t\t\t\tseparateDialCode: true\n\t\t\t\t})\n\t\t\t});\n\t\t}\n\t<\/script>\n<\/div>\n<\/div>\n<\/div>\n<\/section>\n\n\n\n<p><\/p>\n","protected":false},"excerpt":{"rendered":"<p>Derni\u00e8res maisons mitoyennes \u00e0 vendre \u00e0 Marbella Est D\u00e9couvrez notre s\u00e9lection de maisons mitoyennes \u00e0 vendre \u00e0 Marbella Est, l&rsquo;un des quartiers les plus pris\u00e9s par ceux qui recherchent la tranquillit\u00e9, la nature et la proximit\u00e9 de la mer. Ce quartier combine un environnement r\u00e9sidentiel bien \u00e9tabli avec un acc\u00e8s facile aux meilleures plages de [&hellip;]<\/p>\n","protected":false},"author":3,"featured_media":0,"parent":17596,"menu_order":1,"comment_status":"closed","ping_status":"closed","template":"solid-header","meta":{"_acf_changed":false,"footnotes":""},"class_list":["post-20235","page","type-page","status-publish","hentry"],"acf":[],"_links":{"self":[{"href":"https:\/\/www.nevadomarbella.com\/fr\/wp-json\/wp\/v2\/pages\/20235","targetHints":{"allow":["GET"]}}],"collection":[{"href":"https:\/\/www.nevadomarbella.com\/fr\/wp-json\/wp\/v2\/pages"}],"about":[{"href":"https:\/\/www.nevadomarbella.com\/fr\/wp-json\/wp\/v2\/types\/page"}],"author":[{"embeddable":true,"href":"https:\/\/www.nevadomarbella.com\/fr\/wp-json\/wp\/v2\/users\/3"}],"replies":[{"embeddable":true,"href":"https:\/\/www.nevadomarbella.com\/fr\/wp-json\/wp\/v2\/comments?post=20235"}],"version-history":[{"count":1,"href":"https:\/\/www.nevadomarbella.com\/fr\/wp-json\/wp\/v2\/pages\/20235\/revisions"}],"predecessor-version":[{"id":20784,"href":"https:\/\/www.nevadomarbella.com\/fr\/wp-json\/wp\/v2\/pages\/20235\/revisions\/20784"}],"up":[{"embeddable":true,"href":"https:\/\/www.nevadomarbella.com\/fr\/wp-json\/wp\/v2\/pages\/17596"}],"wp:attachment":[{"href":"https:\/\/www.nevadomarbella.com\/fr\/wp-json\/wp\/v2\/media?parent=20235"}],"curies":[{"name":"wp","href":"https:\/\/api.w.org\/{rel}","templated":true}]}}