{"id":20004,"date":"2025-04-02T14:14:36","date_gmt":"2025-04-02T12:14:36","guid":{"rendered":"https:\/\/www.nevadomarbella.com\/privacy"},"modified":"2025-05-19T14:15:58","modified_gmt":"2025-05-19T12:15:58","slug":"politique-de-confidentialite","status":"publish","type":"page","link":"https:\/\/www.nevadomarbella.com\/fr\/politique-de-confidentialite","title":{"rendered":"Politique de confidentialit\u00e9"},"content":{"rendered":"\n<div class=\"wp-block-group has-global-padding is-layout-constrained wp-block-group-is-layout-constrained\" style=\"margin-bottom:var(--wp--preset--spacing--50)\">\n<h1 class=\"wp-block-heading\">POLITIQUE DE CONFIDENTIALIT\u00c9 <\/h1>\n\n\n\n<p>Dans le respect des dispositions de la l\u00e9gislation en vigueur, Best Realty SL s&rsquo;engage \u00e0 adopter les mesures techniques et organisationnelles n\u00e9cessaires, en fonction du niveau de s\u00e9curit\u00e9 appropri\u00e9 au risque des donn\u00e9es collect\u00e9es.<\/p>\n\n\n\n<h3 class=\"wp-block-heading\"><strong>Lois incorpor\u00e9es dans la pr\u00e9sente politique de confidentialit\u00e9<\/strong><\/h3>\n\n\n\n<p>Cette politique de confidentialit\u00e9 est adapt\u00e9e \u00e0 la r\u00e9glementation espagnole et europ\u00e9enne en vigueur en mati\u00e8re de protection des donn\u00e9es personnelles sur Internet. En particulier, elle respecte les r\u00e8gles suivantes :<\/p>\n\n\n\n<ul class=\"wp-block-list\">\n<li>R\u00e8glement (UE) 2016\/679 du Parlement europ\u00e9en et du Conseil du 27 avril 2016 relatif \u00e0 la protection des personnes physiques \u00e0 l&rsquo;\u00e9gard du traitement des donn\u00e9es \u00e0 caract\u00e8re personnel et \u00e0 la libre circulation de ces donn\u00e9es (GDPR).<\/li>\n\n\n\n<li>Loi organique 3\/2018 du 5 d\u00e9cembre 2018 sur la protection des donn\u00e9es \u00e0 caract\u00e8re personnel et la garantie des droits num\u00e9riques (LOPD-GDD).<\/li>\n\n\n\n<li>D\u00e9cret royal 1720\/2007, du 21 d\u00e9cembre 2007, approuvant le r\u00e8glement d&rsquo;application de la loi organique 15\/1999, du 13 d\u00e9cembre 1999, sur la protection des donn\u00e9es \u00e0 caract\u00e8re personnel (RDLOPD).<\/li>\n\n\n\n<li>Loi 34\/2002, du 11 juillet 2002, sur les services de la soci\u00e9t\u00e9 de l&rsquo;information et le commerce \u00e9lectronique (LSSI-CE).<\/li>\n<\/ul>\n\n\n\n<h3 class=\"wp-block-heading\"><strong>Identit\u00e9 de la personne responsable du traitement des donn\u00e9es \u00e0 caract\u00e8re personnel<\/strong><\/h3>\n\n\n\n<p>Le responsable du traitement des donn\u00e9es personnelles collect\u00e9es par Nevado Realty est : Gin\u00e9s Garc\u00eda Morillo, avec NIF : 27330660J (ci-apr\u00e8s, le contr\u00f4leur). Ses coordonn\u00e9es sont les suivantes :<\/p>\n\n\n\n<ul class=\"wp-block-list\">\n<li><strong>Adresse :<\/strong> Calle Camilo Jos\u00e9 Cela 18.<\/li>\n\n\n\n<li><strong>Num\u00e9ro de t\u00e9l\u00e9phone de contact :<\/strong> +34952825517<\/li>\n\n\n\n<li><strong>Courriel de contact :<\/strong> jose@nevadomarbella.com<\/li>\n<\/ul>\n\n\n\n<h3 class=\"wp-block-heading\"><strong>Registre des donn\u00e9es personnelles<\/strong><\/h3>\n\n\n\n<p>Conform\u00e9ment aux dispositions du RGPD et de la LOPD-GDD, nous vous informons que les donn\u00e9es personnelles collect\u00e9es par Nevado Realty, \u00e0 travers les formulaires fournis sur leurs pages, seront incorpor\u00e9es et trait\u00e9es dans notre fichier afin de faciliter, d&rsquo;acc\u00e9l\u00e9rer et de remplir les engagements \u00e9tablis entre Nevado Realty et l&rsquo;Utilisateur ou le maintien de la relation \u00e9tablie dans les formulaires que celui-ci remplit, ou pour r\u00e9pondre \u00e0 une demande ou \u00e0 une requ\u00eate de celui-ci.<\/p>\n\n\n\n<p>De m\u00eame, conform\u00e9ment aux dispositions du RGPD et de la LOPD-GDD, sauf exception pr\u00e9vue \u00e0 l&rsquo;article 30.5 du RGPD, il est tenu un registre des activit\u00e9s de traitement qui pr\u00e9cise, en fonction de ses finalit\u00e9s, les activit\u00e9s de traitement effectu\u00e9es et les autres circonstances pr\u00e9vues par le RGPD.<\/p>\n\n\n\n<h3 class=\"wp-block-heading\"><strong>Principes applicables au traitement des donn\u00e9es \u00e0 caract\u00e8re personnel<\/strong><\/h3>\n\n\n\n<p>Le traitement des donn\u00e9es personnelles de l&rsquo;Utilisateur sera soumis aux principes suivants contenus dans l&rsquo;article 5 du RGPD et dans les articles 4 et suivants de la Loi organique 3\/2018, du 5 d\u00e9cembre, sur la protection des donn\u00e9es personnelles et la garantie des droits num\u00e9riques :<\/p>\n\n\n\n<ul class=\"wp-block-list\">\n<li><strong>Principe de l\u00e9galit\u00e9, d&rsquo;\u00e9quit\u00e9 et de transparence :<\/strong> le consentement de l&rsquo;utilisateur sera toujours requis apr\u00e8s une information totalement transparente sur les finalit\u00e9s pour lesquelles les donn\u00e9es personnelles sont collect\u00e9es.<\/li>\n\n\n\n<li><strong>Principe de limitation des finalit\u00e9s :<\/strong> les donn\u00e9es \u00e0 caract\u00e8re personnel sont collect\u00e9es pour des finalit\u00e9s d\u00e9termin\u00e9es, explicites et l\u00e9gitimes.<\/li>\n\n\n\n<li><strong>Principe de minimisation des donn\u00e9es :<\/strong> les donn\u00e9es \u00e0 caract\u00e8re personnel collect\u00e9es sont uniquement celles qui sont strictement n\u00e9cessaires au regard des finalit\u00e9s pour lesquelles elles sont trait\u00e9es.<\/li>\n\n\n\n<li><strong>Principe d&rsquo;exactitude :<\/strong> les donn\u00e9es \u00e0 caract\u00e8re personnel doivent \u00eatre exactes et toujours \u00e0 jour.<\/li>\n\n\n\n<li><strong>Principe de limitation de la dur\u00e9e de conservation :<\/strong> les donn\u00e9es \u00e0 caract\u00e8re personnel ne seront conserv\u00e9es de mani\u00e8re \u00e0 permettre l&rsquo;identification de l&rsquo;utilisateur que pendant la dur\u00e9e n\u00e9cessaire aux fins de leur traitement.<\/li>\n\n\n\n<li><strong>Principe de responsabilit\u00e9 proactive :<\/strong> le responsable du traitement est charg\u00e9 de veiller au respect des principes susmentionn\u00e9s.<\/li>\n<\/ul>\n\n\n\n<h3 class=\"wp-block-heading\"><strong>Cat\u00e9gories de donn\u00e9es \u00e0 caract\u00e8re personnel<\/strong><\/h3>\n\n\n\n<p>Les cat\u00e9gories de donn\u00e9es trait\u00e9es par Nevado Realty sont uniquement des donn\u00e9es d&rsquo;identification. En aucun cas, des cat\u00e9gories particuli\u00e8res de donn\u00e9es \u00e0 caract\u00e8re personnel au sens de l&rsquo;article 9 du RGPD ne sont trait\u00e9es.<\/p>\n\n\n\n<h3 class=\"wp-block-heading\"><strong>Base juridique du traitement des donn\u00e9es \u00e0 caract\u00e8re personnel<\/strong><\/h3>\n\n\n\n<p>La base juridique du traitement des donn\u00e9es \u00e0 caract\u00e8re personnel est le consentement. Nevado Realty s&rsquo;engage \u00e0 obtenir le consentement explicite et v\u00e9rifiable de l&rsquo;utilisateur pour le traitement de ses donn\u00e9es \u00e0 caract\u00e8re personnel pour une ou plusieurs finalit\u00e9s sp\u00e9cifiques<\/p>\n\n\n\n<p id=\"block-a24855c3-38c1-4512-abea-f776bad0b161\">L&rsquo;utilisateur a le droit de retirer son consentement \u00e0 tout moment. Il doit \u00eatre aussi facile de retirer son consentement que de le donner. En r\u00e8gle g\u00e9n\u00e9rale, le retrait du consentement ne conditionne pas l&rsquo;utilisation du site web.<\/p>\n\n\n\n<p>Dans les cas o\u00f9 l&rsquo;utilisateur doit ou peut fournir ses donn\u00e9es par le biais de formulaires pour effectuer des enqu\u00eates, demander des informations ou pour des raisons li\u00e9es au contenu du site Web, il sera inform\u00e9 si la r\u00e9alisation de l&rsquo;un d&rsquo;entre eux est obligatoire parce qu&rsquo;elle est essentielle au bon d\u00e9roulement de l&rsquo;op\u00e9ration effectu\u00e9e.<\/p>\n\n\n\n<h3 class=\"wp-block-heading\"><strong>Finalit\u00e9s du traitement pour lequel les donn\u00e9es \u00e0 caract\u00e8re personnel sont utilis\u00e9es<\/strong><\/h3>\n\n\n\n<p>Les donn\u00e9es personnelles sont collect\u00e9es et g\u00e9r\u00e9es par Nevado Realty afin de faciliter, d&rsquo;acc\u00e9l\u00e9rer et de remplir les engagements \u00e9tablis entre le site Web et l&rsquo;utilisateur ou le maintien de la relation \u00e9tablie dans les formulaires que ce dernier remplit ou pour r\u00e9pondre \u00e0 une demande ou \u00e0 une requ\u00eate.<\/p>\n\n\n\n<p id=\"block-0aa411c4-f679-4a5c-8c9e-8e45d74ae591\">De m\u00eame, les donn\u00e9es peuvent \u00eatre utilis\u00e9es \u00e0 des fins commerciales de personnalisation, op\u00e9rationnelles et statistiques, et pour les activit\u00e9s de l&rsquo;objet social de Nevado Realty, ainsi que pour l&rsquo;extraction, le stockage des donn\u00e9es et les \u00e9tudes de marketing afin d&rsquo;adapter le contenu offert \u00e0 l&rsquo;utilisateur, ainsi que d&rsquo;am\u00e9liorer la qualit\u00e9, la performance et la navigation \u00e0 travers le site Web.<\/p>\n\n\n\n<p>Au moment o\u00f9 les donn\u00e9es personnelles sont obtenues, l&rsquo;utilisateur sera inform\u00e9 de la ou des finalit\u00e9s sp\u00e9cifiques du traitement pour lequel les donn\u00e9es personnelles seront utilis\u00e9es, c&rsquo;est-\u00e0-dire de l&rsquo;utilisation ou des utilisations qui seront faites des informations collect\u00e9es.<\/p>\n\n\n\n<h3 class=\"wp-block-heading\"><strong>P\u00e9riodes de conservation des donn\u00e9es \u00e0 caract\u00e8re personnel<\/strong><\/h3>\n\n\n\n<p>Les donn\u00e9es \u00e0 caract\u00e8re personnel ne seront conserv\u00e9es que pendant la dur\u00e9e minimale n\u00e9cessaire aux fins de leur traitement et, en tout \u00e9tat de cause, pendant la p\u00e9riode suivante : ind\u00e9finiment, ou jusqu&rsquo;\u00e0 ce que l&rsquo;utilisateur demande leur suppression.<\/p>\n\n\n\n<p>Au moment o\u00f9 les donn\u00e9es personnelles sont obtenues, l&rsquo;utilisateur est inform\u00e9 de la dur\u00e9e de conservation des donn\u00e9es personnelles ou, lorsque cela n&rsquo;est pas possible, des crit\u00e8res utilis\u00e9s pour d\u00e9terminer cette dur\u00e9e.<\/p>\n\n\n\n<h3 class=\"wp-block-heading\"><strong>Destinataires des donn\u00e9es \u00e0 caract\u00e8re personnel<\/strong><\/h3>\n\n\n\n<p>Les donn\u00e9es personnelles de l&rsquo;utilisateur ne seront pas partag\u00e9es avec des tiers.<\/p>\n\n\n\n<p>En tout \u00e9tat de cause, au moment de la collecte des donn\u00e9es \u00e0 caract\u00e8re personnel, l&rsquo;utilisateur sera inform\u00e9 des destinataires ou des cat\u00e9gories de destinataires des donn\u00e9es \u00e0 caract\u00e8re personnel.<\/p>\n\n\n\n<h3 class=\"wp-block-heading\"><strong>Donn\u00e9es personnelles des mineurs<\/strong><\/h3>\n\n\n\n<p>En respectant les dispositions des articles 8 du RGPD et 7 de la loi organique 3\/2018, du 5 d\u00e9cembre, sur la protection des donn\u00e9es personnelles et la garantie des droits num\u00e9riques, seules les personnes \u00e2g\u00e9es de plus de 14 ans peuvent donner leur consentement au traitement de leurs donn\u00e9es personnelles de mani\u00e8re licite par Nevado Realty. Dans le cas d&rsquo;un mineur de moins de 14 ans, le consentement des parents ou des tuteurs sera requis pour le traitement, et celui-ci ne sera consid\u00e9r\u00e9 comme licite que dans la mesure o\u00f9 ils l&rsquo;ont autoris\u00e9.<\/p>\n\n\n\n<h3 class=\"wp-block-heading\"><strong>Secret et s\u00e9curit\u00e9 des donn\u00e9es \u00e0 caract\u00e8re personnel<\/strong><\/h3>\n\n\n\n<p>Nevado Realty s&rsquo;engage \u00e0 adopter les mesures techniques et organisationnelles n\u00e9cessaires, selon le niveau de s\u00e9curit\u00e9 appropri\u00e9 au risque des donn\u00e9es collect\u00e9es, afin d&rsquo;assurer la s\u00e9curit\u00e9 des donn\u00e9es personnelles et d&#8217;emp\u00eacher la destruction accidentelle ou ill\u00e9gale, la perte ou l&rsquo;alt\u00e9ration des donn\u00e9es personnelles transmises, stock\u00e9es ou trait\u00e9es d&rsquo;une autre mani\u00e8re, ou la communication ou l&rsquo;acc\u00e8s non autoris\u00e9 \u00e0 ces donn\u00e9es.<\/p>\n\n\n\n<p id=\"block-ce1924fe-2c3e-48dc-b29e-1b89cf8a3ee6\">Le site Web dispose d&rsquo;un certificat SSL (Secure Socket Layer), qui garantit que les donn\u00e9es personnelles sont transmises de mani\u00e8re s\u00fbre et confidentielle, \u00e9tant donn\u00e9 que la transmission des donn\u00e9es entre le serveur et l&rsquo;utilisateur, et en retour, est enti\u00e8rement crypt\u00e9e ou chiffr\u00e9e.<\/p>\n\n\n\n<p>Toutefois, Nevado Realty ne pouvant garantir l&rsquo;impr\u00e9gnabilit\u00e9 d&rsquo;Internet ou l&rsquo;absence totale de hackers ou autres personnes acc\u00e9dant frauduleusement aux donn\u00e9es personnelles, le Responsable du traitement s&rsquo;engage \u00e0 notifier \u00e0 l&rsquo;Utilisateur, dans les meilleurs d\u00e9lais, toute atteinte \u00e0 la s\u00e9curit\u00e9 des donn\u00e9es personnelles susceptible d&rsquo;engendrer un risque \u00e9lev\u00e9 pour les droits et libert\u00e9s des personnes physiques. Conform\u00e9ment aux dispositions de l&rsquo;article 4 du GDPR, on entend par violation de la s\u00e9curit\u00e9 des donn\u00e9es \u00e0 caract\u00e8re personnel toute violation de la s\u00e9curit\u00e9 entra\u00eenant accidentellement ou de mani\u00e8re illicite la destruction, la perte ou l&rsquo;alt\u00e9ration de donn\u00e9es \u00e0 caract\u00e8re personnel transmises, conserv\u00e9es ou trait\u00e9es d&rsquo;une autre mani\u00e8re, ou la communication ou l&rsquo;acc\u00e8s non autoris\u00e9 \u00e0 de telles donn\u00e9es.<\/p>\n\n\n\n<p>Les donn\u00e9es \u00e0 caract\u00e8re personnel sont trait\u00e9es de mani\u00e8re confidentielle par le responsable du traitement, qui s&rsquo;engage \u00e0 informer et \u00e0 faire respecter, par le biais d&rsquo;une obligation l\u00e9gale ou contractuelle, cette confidentialit\u00e9 par ses employ\u00e9s, ses associ\u00e9s et toute personne \u00e0 laquelle il rend l&rsquo;information accessible.<\/p>\n\n\n\n<h3 class=\"wp-block-heading\"><strong>Droits d\u00e9coulant du traitement des donn\u00e9es \u00e0 caract\u00e8re personnel<\/strong><\/h3>\n\n\n\n<p>L&rsquo;Utilisateur a sur Nevado Realty et peut, par cons\u00e9quent, exercer contre le contr\u00f4leur de donn\u00e9es les droits suivants reconnus dans le RGPD et la loi organique 3\/2018, du 5 d\u00e9cembre, sur la protection des donn\u00e9es personnelles et la garantie des droits num\u00e9riques :<\/p>\n\n\n\n<p id=\"block-0c95d4e5-a1b8-44e2-95f2-2c59c5b8f3a0\"><strong>Droit d&rsquo;acc\u00e8s :<\/strong> L&rsquo;utilisateur a le droit d&rsquo;obtenir la confirmation que Nevado Realty traite ou non ses donn\u00e9es personnelles et, le cas \u00e9ch\u00e9ant, d&rsquo;obtenir des informations sur ses donn\u00e9es personnelles sp\u00e9cifiques et sur le traitement que Nevado Realty a effectu\u00e9 ou effectue, ainsi que, entre autres, les informations disponibles sur l&rsquo;origine de ces donn\u00e9es et les destinataires des communications effectu\u00e9es ou pr\u00e9vues.<\/p>\n\n\n\n<p><strong>Droit de rectification :<\/strong> Il s&rsquo;agit du droit de l&rsquo;utilisateur de faire modifier ses donn\u00e9es personnelles si elles s&rsquo;av\u00e8rent inexactes ou, compte tenu des finalit\u00e9s du traitement, incompl\u00e8tes.<\/p>\n\n\n\n<p><strong>Droit \u00e0 l&rsquo;effacement (\u00ab\u00a0droit \u00e0 l&rsquo;oubli\u00a0\u00bb) :<\/strong> Il s&rsquo;agit du droit de l&rsquo;utilisateur, sauf disposition contraire de la l\u00e9gislation en vigueur, d&rsquo;obtenir l&rsquo;effacement de ses donn\u00e9es \u00e0 caract\u00e8re personnel lorsque ces donn\u00e9es ne sont plus n\u00e9cessaires aux fins pour lesquelles elles ont \u00e9t\u00e9 collect\u00e9es ou trait\u00e9es ; l&rsquo;utilisateur a retir\u00e9 son consentement au traitement et le traitement n&rsquo;a pas d&rsquo;autre fondement juridique ; l&rsquo;utilisateur s&rsquo;oppose au traitement et il n&rsquo;y a pas d&rsquo;autre raison l\u00e9gitime de poursuivre le traitement ; les donn\u00e9es \u00e0 caract\u00e8re personnel ont \u00e9t\u00e9 trait\u00e9es ill\u00e9galement ; les donn\u00e9es \u00e0 caract\u00e8re personnel doivent \u00eatre effac\u00e9es en vertu d&rsquo;une obligation l\u00e9gale ; ou les donn\u00e9es \u00e0 caract\u00e8re personnel ont \u00e9t\u00e9 obtenues \u00e0 la suite d&rsquo;une offre directe de services de la soci\u00e9t\u00e9 de l&rsquo;information \u00e0 un mineur de moins de 14 ans. Outre la suppression des donn\u00e9es, le contr\u00f4leur, compte tenu de la technologie disponible et du co\u00fbt de sa mise en \u0153uvre, prend des mesures raisonnables pour informer les contr\u00f4leurs qui traitent les donn\u00e9es personnelles de la demande de la personne concern\u00e9e de supprimer tout lien avec ces donn\u00e9es personnelles.<\/p>\n\n\n\n<p><strong>Droit \u00e0 la limitation du traitement :<\/strong> Il s&rsquo;agit du droit de l&rsquo;utilisateur de limiter le traitement de ses donn\u00e9es personnelles. L&rsquo;utilisateur a le droit d&rsquo;obtenir la limitation du traitement lorsqu&rsquo;il conteste l&rsquo;exactitude de ses donn\u00e9es personnelles ; le traitement est ill\u00e9gal ; le responsable du traitement n&rsquo;a plus besoin des donn\u00e9es personnelles, mais l&rsquo;utilisateur en a besoin pour faire des r\u00e9clamations ; et lorsque l&rsquo;utilisateur s&rsquo;est oppos\u00e9 au traitement.<\/p>\n\n\n\n<p><strong>Droit \u00e0 la portabilit\u00e9 des donn\u00e9es :<\/strong> Si le traitement est effectu\u00e9 par des moyens automatis\u00e9s, l&rsquo;utilisateur a le droit de recevoir du responsable du traitement ses donn\u00e9es personnelles dans un format structur\u00e9, couramment utilis\u00e9 et lisible par machine, et de les transmettre \u00e0 un autre responsable du traitement. Lorsque cela est techniquement possible, le responsable du traitement transmet les donn\u00e9es directement \u00e0 cet autre responsable du traitement.<\/p>\n\n\n\n<p id=\"block-53353a77-e922-49a9-a0a2-93e575e77d5f\"><strong>Droit d&rsquo;opposition : <\/strong>L&rsquo;utilisateur a le droit de ne pas effectuer le traitement de ses donn\u00e9es \u00e0 caract\u00e8re personnel ou de cesser le traitement de celles-ci par Nevado Realty.<\/p>\n\n\n\n<p id=\"block-4512f5a5-d2c6-4743-9919-9641bf8cf533\"><strong>Droit de ne pas faire l&rsquo;objet d&rsquo;une d\u00e9cision fond\u00e9e exclusivement sur un traitement automatis\u00e9, y compris le profilage :<\/strong> Il s&rsquo;agit du droit de l&rsquo;Utilisateur de ne pas faire l&rsquo;objet d&rsquo;une d\u00e9cision individualis\u00e9e fond\u00e9e exclusivement sur un traitement automatis\u00e9 de ses donn\u00e9es \u00e0 caract\u00e8re personnel, y compris le profilage, sauf disposition contraire de la loi applicable.<\/p>\n\n\n\n<p>Ainsi, l&rsquo;Utilisateur peut exercer ses droits par le biais d&rsquo;une communication \u00e9crite adress\u00e9e au Responsable du traitement avec la r\u00e9f\u00e9rence \u00ab\u00a0RGPD-www.nevadomarbella.com\u00a0\u00bb, en pr\u00e9cisant :<\/p>\n\n\n\n<ul class=\"wp-block-list\">\n<li>Nom et pr\u00e9nom de l&rsquo;utilisateur et copie du DNI. Dans les cas o\u00f9 la repr\u00e9sentation est admise, il sera \u00e9galement n\u00e9cessaire d&rsquo;identifier par les m\u00eames moyens la personne qui repr\u00e9sente l&rsquo;utilisateur, ainsi que le document prouvant la repr\u00e9sentation. La photocopie de la carte d&rsquo;identit\u00e9 peut \u00eatre remplac\u00e9e par tout autre moyen valable en droit qui prouve l&rsquo;identit\u00e9.<\/li>\n\n\n\n<li>Demande avec les raisons sp\u00e9cifiques de la demande ou de l&rsquo;acc\u00e8s \u00e0 l&rsquo;information.<\/li>\n\n\n\n<li>Adresse \u00e0 des fins de notification.<\/li>\n\n\n\n<li>Date et signature du demandeur.<\/li>\n\n\n\n<li>Tout document permettant d&rsquo;accr\u00e9diter la demande que vous formulez.<\/li>\n<\/ul>\n\n\n\n<p>TLa candidature et les pi\u00e8ces jointes peuvent \u00eatre envoy\u00e9es \u00e0 l&rsquo;adresse postale et\/ou \u00e0 l&rsquo;adresse \u00e9lectronique suivantes :<\/p>\n\n\n\n<p id=\"block-22ad4310-eb0a-4a89-995d-3216a20826d4\">Adresse postale : Calle Camilo Jos\u00e9 Cela 18<\/p>\n\n\n\n<p><a>Adresse \u00e9lectronique : jose@nevadomarbella.com<\/a><\/p>\n\n\n\n<h3 class=\"wp-block-heading\"><strong>Liens vers des sites web de tiers<\/strong><\/h3>\n\n\n\n<p>Le site Internet peut inclure des hyperliens ou des liens qui permettent d&rsquo;acc\u00e9der \u00e0 des sites Internet de tiers autres que Nevado Realty, et qui ne sont donc pas exploit\u00e9s par Nevado Realty. Les propri\u00e9taires de ces sites web auront leur propre politique de protection des donn\u00e9es, \u00e9tant eux-m\u00eames, dans chaque cas, responsables de leurs propres fichiers et de leurs propres pratiques en mati\u00e8re de protection de la vie priv\u00e9e.<\/p>\n\n\n\n<h3 class=\"wp-block-heading\"><strong>Plaintes aupr\u00e8s de l&rsquo;autorit\u00e9 de contr\u00f4le<\/strong><\/h3>\n\n\n\n<p>Si l&rsquo;utilisateur estime que le traitement de ses donn\u00e9es personnelles pose un probl\u00e8me ou enfreint la r\u00e9glementation en vigueur, il a le droit de b\u00e9n\u00e9ficier d&rsquo;une protection judiciaire efficace et de d\u00e9poser une plainte aupr\u00e8s d&rsquo;une autorit\u00e9 de contr\u00f4le, en particulier dans l&rsquo;\u00c9tat dans lequel il a sa r\u00e9sidence habituelle, son lieu de travail ou le lieu de l&rsquo;infraction pr\u00e9sum\u00e9e. Dans le cas de l&rsquo;Espagne, l&rsquo;autorit\u00e9 de contr\u00f4le est l&rsquo;Agence espagnole de protection des donn\u00e9es (https:\/\/www.aepd.es\/).<\/p>\n\n\n\n<h3 class=\"wp-block-heading\"><strong>II. ACCEPTATION ET MODIFICATION DE LA POLITIQUE DE PROTECTION DE LA VIE PRIVEE<\/strong><\/h3>\n\n\n\n<p>Il est n\u00e9cessaire que l&rsquo;utilisateur ait lu et accepte les conditions relatives \u00e0 la protection des donn\u00e9es personnelles contenues dans la pr\u00e9sente politique de confidentialit\u00e9, ainsi que d&rsquo;accepter le traitement de ses donn\u00e9es personnelles afin que le responsable du traitement puisse proc\u00e9der de la mani\u00e8re, pendant les p\u00e9riodes et aux fins indiqu\u00e9es. L&rsquo;utilisation du site Web implique l&rsquo;acceptation de la politique de confidentialit\u00e9 de ce dernier.<\/p>\n\n\n\n<p id=\"block-c7e0bbe3-2c79-440d-be22-c45a8f88422d\">Nevado Realty se r\u00e9serve le droit de modifier sa Politique de confidentialit\u00e9, selon ses propres crit\u00e8res, ou motiv\u00e9e par un changement l\u00e9gislatif, jurisprudentiel ou doctrinal de l&rsquo;Agence espagnole de protection des donn\u00e9es. Les changements ou mises \u00e0 jour de cette politique de confidentialit\u00e9 ne seront pas explicitement notifi\u00e9s \u00e0 l&rsquo;utilisateur. Il est recommand\u00e9 \u00e0 l&rsquo;Utilisateur de consulter p\u00e9riodiquement cette page pour prendre connaissance des derni\u00e8res modifications ou mises \u00e0 jour.<\/p>\n\n\n\n<p id=\"block-cbfa1f7d-9d7d-45d7-b444-2d76c750878c\">Cette politique de confidentialit\u00e9 a \u00e9t\u00e9 mise \u00e0 jour pour s&rsquo;adapter au R\u00e8glement (UE) 2016\/679 du Parlement europ\u00e9en et du Conseil du 27 avril 2016 relatif \u00e0 la protection des personnes physiques \u00e0 l&rsquo;\u00e9gard du traitement des donn\u00e9es \u00e0 caract\u00e8re personnel et \u00e0 la libre circulation de ces donn\u00e9es (GDPR) et \u00e0 la Loi organique 3\/2018 du 5 d\u00e9cembre relative \u00e0 la protection des donn\u00e9es \u00e0 caract\u00e8re personnel et \u00e0 la garantie des droits num\u00e9riques.<\/p>\n\n\n\n<p>Ce document de politique de confidentialit\u00e9 du site web a \u00e9t\u00e9 cr\u00e9\u00e9 en utilisant le g\u00e9n\u00e9rateur de mod\u00e8le de politique de confidentialit\u00e9 web gratuit en ligne le 16\/04\/2025.<\/p>\n<\/div>\n","protected":false},"excerpt":{"rendered":"<p>POLITIQUE DE CONFIDENTIALIT\u00c9 Dans le respect des dispositions de la l\u00e9gislation en vigueur, Best Realty SL s&rsquo;engage \u00e0 adopter les mesures techniques et organisationnelles n\u00e9cessaires, en fonction du niveau de s\u00e9curit\u00e9 appropri\u00e9 au risque des donn\u00e9es collect\u00e9es. Lois incorpor\u00e9es dans la pr\u00e9sente politique de confidentialit\u00e9 Cette politique de confidentialit\u00e9 est adapt\u00e9e \u00e0 la r\u00e9glementation espagnole [&hellip;]<\/p>\n","protected":false},"author":8,"featured_media":0,"parent":0,"menu_order":0,"comment_status":"closed","ping_status":"closed","template":"","meta":{"_acf_changed":false,"footnotes":""},"class_list":["post-20004","page","type-page","status-publish","hentry"],"acf":[],"_links":{"self":[{"href":"https:\/\/www.nevadomarbella.com\/fr\/wp-json\/wp\/v2\/pages\/20004","targetHints":{"allow":["GET"]}}],"collection":[{"href":"https:\/\/www.nevadomarbella.com\/fr\/wp-json\/wp\/v2\/pages"}],"about":[{"href":"https:\/\/www.nevadomarbella.com\/fr\/wp-json\/wp\/v2\/types\/page"}],"author":[{"embeddable":true,"href":"https:\/\/www.nevadomarbella.com\/fr\/wp-json\/wp\/v2\/users\/8"}],"replies":[{"embeddable":true,"href":"https:\/\/www.nevadomarbella.com\/fr\/wp-json\/wp\/v2\/comments?post=20004"}],"version-history":[{"count":1,"href":"https:\/\/www.nevadomarbella.com\/fr\/wp-json\/wp\/v2\/pages\/20004\/revisions"}],"predecessor-version":[{"id":20115,"href":"https:\/\/www.nevadomarbella.com\/fr\/wp-json\/wp\/v2\/pages\/20004\/revisions\/20115"}],"wp:attachment":[{"href":"https:\/\/www.nevadomarbella.com\/fr\/wp-json\/wp\/v2\/media?parent=20004"}],"curies":[{"name":"wp","href":"https:\/\/api.w.org\/{rel}","templated":true}]}}