{"id":17596,"date":"2024-10-08T13:43:37","date_gmt":"2024-10-08T11:43:24","guid":{"rendered":"https:\/\/www.nevadomarbella.com\/?page_id=17596"},"modified":"2025-10-02T17:49:17","modified_gmt":"2025-10-02T15:49:17","slug":"propriete-a-vendre-a-marbella-est","status":"publish","type":"page","link":"https:\/\/www.nevadomarbella.com\/fr\/propriete-a-vendre-a-marbella-est","title":{"rendered":"Propri\u00e9t\u00e9 \u00e0 vendre \u00e0 Marbella Est"},"content":{"rendered":"\n<section class=\"wp-block-group jaleo-properties-grid is-layout-flow wp-block-group-is-layout-flow\" style=\"margin-top:0;margin-bottom:var(--wp--preset--spacing--60);padding-right:var(--wp--preset--spacing--50);padding-left:var(--wp--preset--spacing--50)\">\n<h1 class=\"wp-block-heading has-text-align-center\" style=\"padding-right:0;padding-left:0\">PROPRI\u00c9T\u00c9 \u00c0 VENDRE \u00c0 MARBELLA EST<\/h1>\n\n\n\n<div class=\"wp-block-group is-layout-flow wp-block-group-is-layout-flow\" style=\"margin-top:var(--wp--preset--spacing--30);padding-top:0;padding-right:0;padding-bottom:0;padding-left:0\">\t<div id=\"wpb__style_container\" class=\"wpb--container\">\r\n\t\t<div class=\"wpb--card-container\">\r\n\t\t\t<div class=\"wpb--card\">\n\t<div class=\"wpb--aspect-box wpb--panoramic\">\n\t\t<a class=\"wpb--stretched-link\" href=\"\/fr\/propriete\/vente-elviria-appartement-695867\">\n\t\t\t\t\t\t\t<img decoding=\"async\" loading=\"lazy\" class=\"wpb--image-fit\" src=\"https:\/\/www.nevadomarbella.com\/wp-content\/uploads\/inmoba\/thumb-all-0.75-exact-695867.webp\" alt=\"Penthouse \u00e0 Elviria avec solarium et piscine priv\u00e9e \u00e0 vendre\" \/>\n\t\t\t\n\t\t\t\t\t<\/a>\n\t<\/div>\n\t<div class=\"wpb--card-body\">\n\t\t<span class=\"wpb--card-body-location\">Elviria - Marbella Est<\/span>\n\t\t<h3 class=\"wpb--card-title\">\n\t\t\t<a class=\"wpb--stretched-link\" href=\"\/fr\/propriete\/vente-elviria-appartement-695867\">\n\t\t\t\tPenthouse \u00e0 Elviria avec solarium et piscine priv\u00e9e \u00e0 vendre\t\t\t<\/a>\n\t\t<\/h3>\n\t\t<div class=\"wpb--card-data\">\n\t\t\t<ul class=\"wpb--card-features\">\n\t\t\t\t\t\t\t\t\t\t<li>2  Chambres, <\/li>\n\t\t\t\t\t\t\t\t\t\t<li>2  Bains, <\/li>\n\t\t\t\t\t\t\t\t\t\t<li>250 m&sup2; Construit<\/li>\n\t\t\t\t\t\t\t<\/ul>\n\t\t\t<div class=\"wpb--card-price\">\n\t\t\t\t930.000 &euro;<span>163-04616P-DUP<\/span>\t\t\t<\/div>\n\t\t<\/div>\n\t<\/div>\n<\/div>\n<div class=\"wpb--card\">\n\t<div class=\"wpb--aspect-box wpb--panoramic\">\n\t\t<a class=\"wpb--stretched-link\" href=\"\/fr\/propriete\/vente-elviria-appartement-695628\">\n\t\t\t\t\t\t\t<img decoding=\"async\" loading=\"lazy\" class=\"wpb--image-fit\" src=\"https:\/\/www.nevadomarbella.com\/wp-content\/uploads\/inmoba\/thumb-all-0.75-exact-695628.webp\" alt=\"Appartement \u00e0 vendre \u00e0 Elviria, Marbella Est\" \/>\n\t\t\t\n\t\t\t\t\t<\/a>\n\t<\/div>\n\t<div class=\"wpb--card-body\">\n\t\t<span class=\"wpb--card-body-location\">Elviria - Marbella Est<\/span>\n\t\t<h3 class=\"wpb--card-title\">\n\t\t\t<a class=\"wpb--stretched-link\" href=\"\/fr\/propriete\/vente-elviria-appartement-695628\">\n\t\t\t\tAppartement \u00e0 vendre \u00e0 Elviria, Marbella Est\t\t\t<\/a>\n\t\t<\/h3>\n\t\t<div class=\"wpb--card-data\">\n\t\t\t<ul class=\"wpb--card-features\">\n\t\t\t\t\t\t\t\t\t\t<li>3  Chambres, <\/li>\n\t\t\t\t\t\t\t\t\t\t<li>3  Bains, <\/li>\n\t\t\t\t\t\t\t\t\t\t<li>241 m&sup2; Construit<\/li>\n\t\t\t\t\t\t\t<\/ul>\n\t\t\t<div class=\"wpb--card-price\">\n\t\t\t\t880.000 &euro;<span>163-04615P<\/span>\t\t\t<\/div>\n\t\t<\/div>\n\t<\/div>\n<\/div>\n<div class=\"wpb--card\">\n\t<div class=\"wpb--aspect-box wpb--panoramic\">\n\t\t<a class=\"wpb--stretched-link\" href=\"\/fr\/propriete\/vente-artola-villa-665730\">\n\t\t\t\t\t\t\t<img decoding=\"async\" loading=\"lazy\" class=\"wpb--image-fit\" src=\"https:\/\/www.nevadomarbella.com\/wp-content\/uploads\/inmoba\/thumb-all-0.75-exact-665730.webp\" alt=\"Villa en construction avec vue mer \u00e0 Artola Alta, \u00e0 vendre\" \/>\n\t\t\t\n\t\t\t\t\t<\/a>\n\t<\/div>\n\t<div class=\"wpb--card-body\">\n\t\t<span class=\"wpb--card-body-location\">Artola - Marbella Est<\/span>\n\t\t<h3 class=\"wpb--card-title\">\n\t\t\t<a class=\"wpb--stretched-link\" href=\"\/fr\/propriete\/vente-artola-villa-665730\">\n\t\t\t\tVilla en construction avec vue mer \u00e0 Artola Alta, \u00e0 vendre\t\t\t<\/a>\n\t\t<\/h3>\n\t\t<div class=\"wpb--card-data\">\n\t\t\t<ul class=\"wpb--card-features\">\n\t\t\t\t\t\t\t\t\t\t<li>5  Chambres, <\/li>\n\t\t\t\t\t\t\t\t\t\t<li>5  Bains, <\/li>\n\t\t\t\t\t\t\t\t\t\t<li>1.200 m&sup2; Parcelle , <\/li>\n\t\t\t\t\t\t\t\t\t\t<li>671 m&sup2; Construit<\/li>\n\t\t\t\t\t\t\t<\/ul>\n\t\t\t<div class=\"wpb--card-price\">\n\t\t\t\t4.275.000 &euro;<span>163-04518P<\/span>\t\t\t<\/div>\n\t\t<\/div>\n\t<\/div>\n<\/div>\n<div class=\"wpb--card\">\n\t<div class=\"wpb--aspect-box wpb--panoramic\">\n\t\t<a class=\"wpb--stretched-link\" href=\"\/fr\/propriete\/vente-marbesa-villa-659021\">\n\t\t\t\t\t\t\t<img decoding=\"async\" loading=\"lazy\" class=\"wpb--image-fit\" src=\"https:\/\/www.nevadomarbella.com\/wp-content\/uploads\/inmoba\/thumb-all-0.75-exact-659021.webp\" alt=\"Villa \u00e0 vendre dans l'urbanisation Marbesa en construction\" \/>\n\t\t\t\n\t\t\t\t\t<\/a>\n\t<\/div>\n\t<div class=\"wpb--card-body\">\n\t\t<span class=\"wpb--card-body-location\">Marbesa - Marbella Est<\/span>\n\t\t<h3 class=\"wpb--card-title\">\n\t\t\t<a class=\"wpb--stretched-link\" href=\"\/fr\/propriete\/vente-marbesa-villa-659021\">\n\t\t\t\tVilla \u00e0 vendre dans l'urbanisation Marbesa en construction\t\t\t<\/a>\n\t\t<\/h3>\n\t\t<div class=\"wpb--card-data\">\n\t\t\t<ul class=\"wpb--card-features\">\n\t\t\t\t\t\t\t\t\t\t<li>5  Chambres, <\/li>\n\t\t\t\t\t\t\t\t\t\t<li>5  Bains, <\/li>\n\t\t\t\t\t\t\t\t\t\t<li>694 m&sup2; Parcelle , <\/li>\n\t\t\t\t\t\t\t\t\t\t<li>280 m&sup2; Construit<\/li>\n\t\t\t\t\t\t\t<\/ul>\n\t\t\t<div class=\"wpb--card-price\">\n\t\t\t\t1.800.000 &euro;<span>163-04485P<\/span>\t\t\t<\/div>\n\t\t<\/div>\n\t<\/div>\n<\/div>\n<div class=\"wpb--card\">\n\t<div class=\"wpb--aspect-box wpb--panoramic\">\n\t\t<a class=\"wpb--stretched-link\" href=\"\/fr\/propriete\/vente-santa-clara-villa-jumelee-652644\">\n\t\t\t\t\t\t\t<img decoding=\"async\" loading=\"lazy\" class=\"wpb--image-fit\" src=\"https:\/\/www.nevadomarbella.com\/wp-content\/uploads\/inmoba\/thumb-all-0.75-exact-652644.webp\" alt=\"Villa jumel\u00e9e en construction \u00e0 Santa Clara Golf avec vue mer \u00e0 vendre\" \/>\n\t\t\t\n\t\t\t\t\t<\/a>\n\t<\/div>\n\t<div class=\"wpb--card-body\">\n\t\t<span class=\"wpb--card-body-location\">Santa Clara - Marbella Est<\/span>\n\t\t<h3 class=\"wpb--card-title\">\n\t\t\t<a class=\"wpb--stretched-link\" href=\"\/fr\/propriete\/vente-santa-clara-villa-jumelee-652644\">\n\t\t\t\tVilla jumel\u00e9e en construction \u00e0 Santa Clara Golf avec vue mer \u00e0 vendre\t\t\t<\/a>\n\t\t<\/h3>\n\t\t<div class=\"wpb--card-data\">\n\t\t\t<ul class=\"wpb--card-features\">\n\t\t\t\t\t\t\t\t\t\t<li>4  Chambres, <\/li>\n\t\t\t\t\t\t\t\t\t\t<li>5  Bains, <\/li>\n\t\t\t\t\t\t\t\t\t\t<li>477 m&sup2; Construit<\/li>\n\t\t\t\t\t\t\t<\/ul>\n\t\t\t<div class=\"wpb--card-price\">\n\t\t\t\t2.045.000 &euro;<span>163-04452P<\/span>\t\t\t<\/div>\n\t\t<\/div>\n\t<\/div>\n<\/div>\n<div class=\"wpb--card\">\n\t<div class=\"wpb--aspect-box wpb--panoramic\">\n\t\t<a class=\"wpb--stretched-link\" href=\"\/fr\/propriete\/vente-santa-clara-appartement-652631\">\n\t\t\t\t\t\t\t<img decoding=\"async\" loading=\"lazy\" class=\"wpb--image-fit\" src=\"https:\/\/www.nevadomarbella.com\/wp-content\/uploads\/inmoba\/thumb-all-0.75-exact-652631.webp\" alt=\"Appartement neuf \u00e0 vendre \u00e0 Soul Marbella Sunlife III\" \/>\n\t\t\t\n\t\t\t\t\t<\/a>\n\t<\/div>\n\t<div class=\"wpb--card-body\">\n\t\t<span class=\"wpb--card-body-location\">Santa Clara - Marbella Est<\/span>\n\t\t<h3 class=\"wpb--card-title\">\n\t\t\t<a class=\"wpb--stretched-link\" href=\"\/fr\/propriete\/vente-santa-clara-appartement-652631\">\n\t\t\t\tAppartement neuf \u00e0 vendre \u00e0 Soul Marbella Sunlife III\t\t\t<\/a>\n\t\t<\/h3>\n\t\t<div class=\"wpb--card-data\">\n\t\t\t<ul class=\"wpb--card-features\">\n\t\t\t\t\t\t\t\t\t\t<li>2  Chambres, <\/li>\n\t\t\t\t\t\t\t\t\t\t<li>2  Bains, <\/li>\n\t\t\t\t\t\t\t\t\t\t<li>167 m&sup2; Construit<\/li>\n\t\t\t\t\t\t\t<\/ul>\n\t\t\t<div class=\"wpb--card-price\">\n\t\t\t\t1.125.000 &euro;<span>163-04451P<\/span>\t\t\t<\/div>\n\t\t<\/div>\n\t<\/div>\n<\/div>\n<div class=\"wpb--card\">\n\t<div class=\"wpb--aspect-box wpb--panoramic\">\n\t\t<a class=\"wpb--stretched-link\" href=\"\/fr\/propriete\/vente-santa-clara-maison-jumelee-651135\">\n\t\t\t\t\t\t\t<img decoding=\"async\" loading=\"lazy\" class=\"wpb--image-fit\" src=\"https:\/\/www.nevadomarbella.com\/wp-content\/uploads\/inmoba\/thumb-all-0.75-exact-651135.webp\" alt=\"Villa jumel\u00e9e \u00e0 vendre dans le lotissement Santa Clara Golf avec vue sur la mer\" \/>\n\t\t\t\n\t\t\t\t\t<\/a>\n\t<\/div>\n\t<div class=\"wpb--card-body\">\n\t\t<span class=\"wpb--card-body-location\">Santa Clara - Marbella Est<\/span>\n\t\t<h3 class=\"wpb--card-title\">\n\t\t\t<a class=\"wpb--stretched-link\" href=\"\/fr\/propriete\/vente-santa-clara-maison-jumelee-651135\">\n\t\t\t\tVilla jumel\u00e9e \u00e0 vendre dans le lotissement Santa Clara Golf avec vue sur la mer\t\t\t<\/a>\n\t\t<\/h3>\n\t\t<div class=\"wpb--card-data\">\n\t\t\t<ul class=\"wpb--card-features\">\n\t\t\t\t\t\t\t\t\t\t<li>3  Chambres, <\/li>\n\t\t\t\t\t\t\t\t\t\t<li>4  Bains, <\/li>\n\t\t\t\t\t\t\t\t\t\t<li>588 m&sup2; Parcelle , <\/li>\n\t\t\t\t\t\t\t\t\t\t<li>206 m&sup2; Construit<\/li>\n\t\t\t\t\t\t\t<\/ul>\n\t\t\t<div class=\"wpb--card-price\">\n\t\t\t\t1.495.000 &euro;<span>163-04443P<\/span>\t\t\t<\/div>\n\t\t<\/div>\n\t<\/div>\n<\/div>\n<div class=\"wpb--card\">\n\t<div class=\"wpb--aspect-box wpb--panoramic\">\n\t\t<a class=\"wpb--stretched-link\" href=\"\/fr\/propriete\/vente-santa-clara-appartement-645768\">\n\t\t\t\t\t\t\t<img decoding=\"async\" loading=\"lazy\" class=\"wpb--image-fit\" src=\"https:\/\/www.nevadomarbella.com\/wp-content\/uploads\/inmoba\/thumb-all-0.75-exact-645768.webp\" alt=\"Appartement \u00e0 vendre dans le complexe r\u00e9sidentiel Santa Clara Homes avec piscine priv\u00e9e\" \/>\n\t\t\t\n\t\t\t\t\t<\/a>\n\t<\/div>\n\t<div class=\"wpb--card-body\">\n\t\t<span class=\"wpb--card-body-location\">Santa Clara - Marbella Est<\/span>\n\t\t<h3 class=\"wpb--card-title\">\n\t\t\t<a class=\"wpb--stretched-link\" href=\"\/fr\/propriete\/vente-santa-clara-appartement-645768\">\n\t\t\t\tAppartement \u00e0 vendre dans le complexe r\u00e9sidentiel Santa Clara Homes avec piscine priv\u00e9e\t\t\t<\/a>\n\t\t<\/h3>\n\t\t<div class=\"wpb--card-data\">\n\t\t\t<ul class=\"wpb--card-features\">\n\t\t\t\t\t\t\t\t\t\t<li>4  Chambres, <\/li>\n\t\t\t\t\t\t\t\t\t\t<li>4  Bains, <\/li>\n\t\t\t\t\t\t\t\t\t\t<li>318 m&sup2; Construit<\/li>\n\t\t\t\t\t\t\t<\/ul>\n\t\t\t<div class=\"wpb--card-price\">\n\t\t\t\t1.340.000 &euro;<span>163-04432P<\/span>\t\t\t<\/div>\n\t\t<\/div>\n\t<\/div>\n<\/div>\n<div class=\"wpb--card\">\n\t<div class=\"wpb--aspect-box wpb--panoramic\">\n\t\t<a class=\"wpb--stretched-link\" href=\"\/fr\/propriete\/vente-santa-clara-villa-642002\">\n\t\t\t\t\t\t\t<img decoding=\"async\" loading=\"lazy\" class=\"wpb--image-fit\" src=\"https:\/\/www.nevadomarbella.com\/wp-content\/uploads\/inmoba\/thumb-all-0.75-exact-642002.webp\" alt=\"Villa \u00e0 vendre dans le complexe Santa Clara Golf, en premi\u00e8re ligne du golf\" \/>\n\t\t\t\n\t\t\t\t\t<\/a>\n\t<\/div>\n\t<div class=\"wpb--card-body\">\n\t\t<span class=\"wpb--card-body-location\">Santa Clara - Marbella Est<\/span>\n\t\t<h3 class=\"wpb--card-title\">\n\t\t\t<a class=\"wpb--stretched-link\" href=\"\/fr\/propriete\/vente-santa-clara-villa-642002\">\n\t\t\t\tVilla \u00e0 vendre dans le complexe Santa Clara Golf, en premi\u00e8re ligne du golf\t\t\t<\/a>\n\t\t<\/h3>\n\t\t<div class=\"wpb--card-data\">\n\t\t\t<ul class=\"wpb--card-features\">\n\t\t\t\t\t\t\t\t\t\t<li>4  Chambres, <\/li>\n\t\t\t\t\t\t\t\t\t\t<li>4  Bains, <\/li>\n\t\t\t\t\t\t\t\t\t\t<li>1.065 m&sup2; Parcelle , <\/li>\n\t\t\t\t\t\t\t\t\t\t<li>235 m&sup2; Construit<\/li>\n\t\t\t\t\t\t\t<\/ul>\n\t\t\t<div class=\"wpb--card-price\">\n\t\t\t\t1.650.000 &euro;<span>163-04396P<\/span>\t\t\t<\/div>\n\t\t<\/div>\n\t<\/div>\n<\/div>\n<div class=\"wpb--card\">\n\t<div class=\"wpb--aspect-box wpb--panoramic\">\n\t\t<a class=\"wpb--stretched-link\" href=\"\/fr\/propriete\/vente-elviria-villa-638520\">\n\t\t\t\t\t\t\t<img decoding=\"async\" loading=\"lazy\" class=\"wpb--image-fit\" src=\"https:\/\/www.nevadomarbella.com\/wp-content\/uploads\/inmoba\/thumb-all-0.75-exact-638520.webp\" alt=\"Villa \u00e0 Elviria en premi\u00e8re ligne de golf \u00e0 vendre\" \/>\n\t\t\t\n\t\t\t\t\t<\/a>\n\t<\/div>\n\t<div class=\"wpb--card-body\">\n\t\t<span class=\"wpb--card-body-location\">Elviria - Marbella Est<\/span>\n\t\t<h3 class=\"wpb--card-title\">\n\t\t\t<a class=\"wpb--stretched-link\" href=\"\/fr\/propriete\/vente-elviria-villa-638520\">\n\t\t\t\tVilla \u00e0 Elviria en premi\u00e8re ligne de golf \u00e0 vendre\t\t\t<\/a>\n\t\t<\/h3>\n\t\t<div class=\"wpb--card-data\">\n\t\t\t<ul class=\"wpb--card-features\">\n\t\t\t\t\t\t\t\t\t\t<li>5  Chambres, <\/li>\n\t\t\t\t\t\t\t\t\t\t<li>6  Bains, <\/li>\n\t\t\t\t\t\t\t\t\t\t<li>1.743 m&sup2; Parcelle , <\/li>\n\t\t\t\t\t\t\t\t\t\t<li>902 m&sup2; Construit<\/li>\n\t\t\t\t\t\t\t<\/ul>\n\t\t\t<div class=\"wpb--card-price\">\n\t\t\t\t2.999.000 &euro;<span>163-04362P<\/span>\t\t\t<\/div>\n\t\t<\/div>\n\t<\/div>\n<\/div>\n<div class=\"wpb--card\">\n\t<div class=\"wpb--aspect-box wpb--panoramic\">\n\t\t<a class=\"wpb--stretched-link\" href=\"\/fr\/propriete\/vente-artola-maison-jumelee-638037\">\n\t\t\t\t\t\t\t<img decoding=\"async\" loading=\"lazy\" class=\"wpb--image-fit\" src=\"https:\/\/www.nevadomarbella.com\/wp-content\/uploads\/inmoba\/thumb-all-0.75-exact-638037.webp\" alt=\"Maison jumel\u00e9e dans le lotissement Artola Homes avec piscine priv\u00e9e \u00e0 vendre\" \/>\n\t\t\t\n\t\t\t\t\t<\/a>\n\t<\/div>\n\t<div class=\"wpb--card-body\">\n\t\t<span class=\"wpb--card-body-location\">Artola - Marbella Est<\/span>\n\t\t<h3 class=\"wpb--card-title\">\n\t\t\t<a class=\"wpb--stretched-link\" href=\"\/fr\/propriete\/vente-artola-maison-jumelee-638037\">\n\t\t\t\tMaison jumel\u00e9e dans le lotissement Artola Homes avec piscine priv\u00e9e \u00e0 vendre\t\t\t<\/a>\n\t\t<\/h3>\n\t\t<div class=\"wpb--card-data\">\n\t\t\t<ul class=\"wpb--card-features\">\n\t\t\t\t\t\t\t\t\t\t<li>3  Chambres, <\/li>\n\t\t\t\t\t\t\t\t\t\t<li>3  Bains, <\/li>\n\t\t\t\t\t\t\t\t\t\t<li>216 m&sup2; Parcelle , <\/li>\n\t\t\t\t\t\t\t\t\t\t<li>288 m&sup2; Construit<\/li>\n\t\t\t\t\t\t\t<\/ul>\n\t\t\t<div class=\"wpb--card-price\">\n\t\t\t\t1.150.000 &euro;<span>163-04359P<\/span>\t\t\t<\/div>\n\t\t<\/div>\n\t<\/div>\n<\/div>\n<div class=\"wpb--card\">\n\t<div class=\"wpb--aspect-box wpb--panoramic\">\n\t\t<a class=\"wpb--stretched-link\" href=\"\/fr\/propriete\/vente-estrella-del-mar-maison-630640\">\n\t\t\t\t\t\t\t<img decoding=\"async\" loading=\"lazy\" class=\"wpb--image-fit\" src=\"https:\/\/www.nevadomarbella.com\/wp-content\/uploads\/inmoba\/thumb-all-0.75-exact-630640.webp\" alt=\"Maison mitoyenne neuve \u00e0 vendre \u00e0 Las Chapas\" \/>\n\t\t\t\n\t\t\t\t\t<\/a>\n\t<\/div>\n\t<div class=\"wpb--card-body\">\n\t\t<span class=\"wpb--card-body-location\">Estrella del Mar - Marbella Est<\/span>\n\t\t<h3 class=\"wpb--card-title\">\n\t\t\t<a class=\"wpb--stretched-link\" href=\"\/fr\/propriete\/vente-estrella-del-mar-maison-630640\">\n\t\t\t\tMaison mitoyenne neuve \u00e0 vendre \u00e0 Las Chapas\t\t\t<\/a>\n\t\t<\/h3>\n\t\t<div class=\"wpb--card-data\">\n\t\t\t<ul class=\"wpb--card-features\">\n\t\t\t\t\t\t\t\t\t\t<li>3  Chambres, <\/li>\n\t\t\t\t\t\t\t\t\t\t<li>2  Bains, <\/li>\n\t\t\t\t\t\t\t\t\t\t<li>150 m&sup2; Construit<\/li>\n\t\t\t\t\t\t\t<\/ul>\n\t\t\t<div class=\"wpb--card-price\">\n\t\t\t\t860.000 &euro;<span>163-04333P<\/span>\t\t\t<\/div>\n\t\t<\/div>\n\t<\/div>\n<\/div>\n<div class=\"wpb--card\">\n\t<div class=\"wpb--aspect-box wpb--panoramic\">\n\t\t<a class=\"wpb--stretched-link\" href=\"\/fr\/propriete\/vente-elviria-villa-629853\">\n\t\t\t\t\t\t\t<img decoding=\"async\" loading=\"lazy\" class=\"wpb--image-fit\" src=\"https:\/\/www.nevadomarbella.com\/wp-content\/uploads\/inmoba\/thumb-all-0.75-exact-629853.webp\" alt=\"Villa enti\u00e8rement r\u00e9nov\u00e9e \u00e0 vendre \u00e0 Elviria\" \/>\n\t\t\t\n\t\t\t\t\t<\/a>\n\t<\/div>\n\t<div class=\"wpb--card-body\">\n\t\t<span class=\"wpb--card-body-location\">Elviria - Marbella Est<\/span>\n\t\t<h3 class=\"wpb--card-title\">\n\t\t\t<a class=\"wpb--stretched-link\" href=\"\/fr\/propriete\/vente-elviria-villa-629853\">\n\t\t\t\tVilla enti\u00e8rement r\u00e9nov\u00e9e \u00e0 vendre \u00e0 Elviria\t\t\t<\/a>\n\t\t<\/h3>\n\t\t<div class=\"wpb--card-data\">\n\t\t\t<ul class=\"wpb--card-features\">\n\t\t\t\t\t\t\t\t\t\t<li>5  Chambres, <\/li>\n\t\t\t\t\t\t\t\t\t\t<li>5  Bains, <\/li>\n\t\t\t\t\t\t\t\t\t\t<li>1.100 m&sup2; Parcelle , <\/li>\n\t\t\t\t\t\t\t\t\t\t<li>460 m&sup2; Construit<\/li>\n\t\t\t\t\t\t\t<\/ul>\n\t\t\t<div class=\"wpb--card-price\">\n\t\t\t\t2.500.000 &euro;<span>163-04329P<\/span>\t\t\t<\/div>\n\t\t<\/div>\n\t<\/div>\n<\/div>\n<div class=\"wpb--card\">\n\t<div class=\"wpb--aspect-box wpb--panoramic\">\n\t\t<a class=\"wpb--stretched-link\" href=\"\/fr\/propriete\/vente-los-monteros-palm-beach-appartement-623168\">\n\t\t\t\t\t\t\t<img decoding=\"async\" loading=\"lazy\" class=\"wpb--image-fit\" src=\"https:\/\/www.nevadomarbella.com\/wp-content\/uploads\/inmoba\/thumb-all-0.75-exact-623168.webp\" alt=\"Appartement en bord de mer dans l'urbanisation de Palm Beach \u00e0 vendre\" \/>\n\t\t\t\n\t\t\t\t\t<\/a>\n\t<\/div>\n\t<div class=\"wpb--card-body\">\n\t\t<span class=\"wpb--card-body-location\">Los Monteros Palm Beach - Marbella Est<\/span>\n\t\t<h3 class=\"wpb--card-title\">\n\t\t\t<a class=\"wpb--stretched-link\" href=\"\/fr\/propriete\/vente-los-monteros-palm-beach-appartement-623168\">\n\t\t\t\tAppartement en bord de mer dans l'urbanisation de Palm Beach \u00e0 vendre\t\t\t<\/a>\n\t\t<\/h3>\n\t\t<div class=\"wpb--card-data\">\n\t\t\t<ul class=\"wpb--card-features\">\n\t\t\t\t\t\t\t\t\t\t<li>3  Chambres, <\/li>\n\t\t\t\t\t\t\t\t\t\t<li>2  Bains, <\/li>\n\t\t\t\t\t\t\t\t\t\t<li>190 m&sup2; Construit<\/li>\n\t\t\t\t\t\t\t<\/ul>\n\t\t\t<div class=\"wpb--card-price\">\n\t\t\t\t2.450.000 &euro;<span>163-04284P<\/span>\t\t\t<\/div>\n\t\t<\/div>\n\t<\/div>\n<\/div>\n<div class=\"wpb--card\">\n\t<div class=\"wpb--aspect-box wpb--panoramic\">\n\t\t<a class=\"wpb--stretched-link\" href=\"\/fr\/propriete\/vente-elviria-appartement-terrasse-617287\">\n\t\t\t\t\t\t\t<img decoding=\"async\" loading=\"lazy\" class=\"wpb--image-fit\" src=\"https:\/\/www.nevadomarbella.com\/wp-content\/uploads\/inmoba\/thumb-all-0.75-exact-617287.webp\" alt=\"Appartement Terrasse \u00e0 vendre \u00e0 Elviria, Marbella Est\" \/>\n\t\t\t\n\t\t\t\t\t<\/a>\n\t<\/div>\n\t<div class=\"wpb--card-body\">\n\t\t<span class=\"wpb--card-body-location\">Elviria - Marbella Est<\/span>\n\t\t<h3 class=\"wpb--card-title\">\n\t\t\t<a class=\"wpb--stretched-link\" href=\"\/fr\/propriete\/vente-elviria-appartement-terrasse-617287\">\n\t\t\t\tAppartement Terrasse \u00e0 vendre \u00e0 Elviria, Marbella Est\t\t\t<\/a>\n\t\t<\/h3>\n\t\t<div class=\"wpb--card-data\">\n\t\t\t<ul class=\"wpb--card-features\">\n\t\t\t\t\t\t\t\t\t\t<li>3  Chambres, <\/li>\n\t\t\t\t\t\t\t\t\t\t<li>3  Bains, <\/li>\n\t\t\t\t\t\t\t\t\t\t<li>214 m&sup2; Construit<\/li>\n\t\t\t\t\t\t\t<\/ul>\n\t\t\t<div class=\"wpb--card-price\">\n\t\t\t\t1.295.000 &euro;<span>163-04267P<\/span>\t\t\t<\/div>\n\t\t<\/div>\n\t<\/div>\n<\/div>\n<div class=\"wpb--card\">\n\t<div class=\"wpb--aspect-box wpb--panoramic\">\n\t\t<a class=\"wpb--stretched-link\" href=\"\/fr\/propriete\/vente-elviria-appartement-terrasse-617280\">\n\t\t\t\t\t\t\t<img decoding=\"async\" loading=\"lazy\" class=\"wpb--image-fit\" src=\"https:\/\/www.nevadomarbella.com\/wp-content\/uploads\/inmoba\/thumb-all-0.75-exact-617280.webp\" alt=\"Penthouse neuf \u00e0 vendre \u00e0 Elviria\" \/>\n\t\t\t\n\t\t\t\t\t<\/a>\n\t<\/div>\n\t<div class=\"wpb--card-body\">\n\t\t<span class=\"wpb--card-body-location\">Elviria - Marbella Est<\/span>\n\t\t<h3 class=\"wpb--card-title\">\n\t\t\t<a class=\"wpb--stretched-link\" href=\"\/fr\/propriete\/vente-elviria-appartement-terrasse-617280\">\n\t\t\t\tPenthouse neuf \u00e0 vendre \u00e0 Elviria\t\t\t<\/a>\n\t\t<\/h3>\n\t\t<div class=\"wpb--card-data\">\n\t\t\t<ul class=\"wpb--card-features\">\n\t\t\t\t\t\t\t\t\t\t<li>2  Chambres, <\/li>\n\t\t\t\t\t\t\t\t\t\t<li>2  Bains, <\/li>\n\t\t\t\t\t\t\t\t\t\t<li>154 m&sup2; Construit<\/li>\n\t\t\t\t\t\t\t<\/ul>\n\t\t\t<div class=\"wpb--card-price\">\n\t\t\t\t870.000 &euro;<span>163-04266P<\/span>\t\t\t<\/div>\n\t\t<\/div>\n\t<\/div>\n<\/div>\n<div class=\"wpb--card\">\n\t<div class=\"wpb--aspect-box wpb--panoramic\">\n\t\t<a class=\"wpb--stretched-link\" href=\"\/fr\/propriete\/vente-la-mairena-villa-612989\">\n\t\t\t\t\t\t\t<img decoding=\"async\" loading=\"lazy\" class=\"wpb--image-fit\" src=\"https:\/\/www.nevadomarbella.com\/wp-content\/uploads\/inmoba\/thumb-all-0.75-exact-612989.webp\" alt=\"Villa \u00e0 La Mairena en construction avec vue panoramique \u00e0 vendre\" \/>\n\t\t\t\n\t\t\t\t\t<\/a>\n\t<\/div>\n\t<div class=\"wpb--card-body\">\n\t\t<span class=\"wpb--card-body-location\">La Mairena - Marbella Est<\/span>\n\t\t<h3 class=\"wpb--card-title\">\n\t\t\t<a class=\"wpb--stretched-link\" href=\"\/fr\/propriete\/vente-la-mairena-villa-612989\">\n\t\t\t\tVilla \u00e0 La Mairena en construction avec vue panoramique \u00e0 vendre\t\t\t<\/a>\n\t\t<\/h3>\n\t\t<div class=\"wpb--card-data\">\n\t\t\t<ul class=\"wpb--card-features\">\n\t\t\t\t\t\t\t\t\t\t<li>5  Chambres, <\/li>\n\t\t\t\t\t\t\t\t\t\t<li>6  Bains, <\/li>\n\t\t\t\t\t\t\t\t\t\t<li>2.545 m&sup2; Parcelle , <\/li>\n\t\t\t\t\t\t\t\t\t\t<li>895 m&sup2; Construit<\/li>\n\t\t\t\t\t\t\t<\/ul>\n\t\t\t<div class=\"wpb--card-price\">\n\t\t\t\t3.500.000 &euro;<span>163-04240P<\/span>\t\t\t<\/div>\n\t\t<\/div>\n\t<\/div>\n<\/div>\n<div class=\"wpb--card\">\n\t<div class=\"wpb--aspect-box wpb--panoramic\">\n\t\t<a class=\"wpb--stretched-link\" href=\"\/fr\/propriete\/vente-cabopino-appartement-603009\">\n\t\t\t\t\t\t\t<img decoding=\"async\" loading=\"lazy\" class=\"wpb--image-fit\" src=\"https:\/\/www.nevadomarbella.com\/wp-content\/uploads\/inmoba\/thumb-all-0.75-exact-603009.webp\" alt=\"Appartement \u00e0 Cabopino Golf avec vue panoramique sur la mer \u00e0 vendre\" \/>\n\t\t\t\n\t\t\t\t\t<\/a>\n\t<\/div>\n\t<div class=\"wpb--card-body\">\n\t\t<span class=\"wpb--card-body-location\">Cabopino - Marbella Est<\/span>\n\t\t<h3 class=\"wpb--card-title\">\n\t\t\t<a class=\"wpb--stretched-link\" href=\"\/fr\/propriete\/vente-cabopino-appartement-603009\">\n\t\t\t\tAppartement \u00e0 Cabopino Golf avec vue panoramique sur la mer \u00e0 vendre\t\t\t<\/a>\n\t\t<\/h3>\n\t\t<div class=\"wpb--card-data\">\n\t\t\t<ul class=\"wpb--card-features\">\n\t\t\t\t\t\t\t\t\t\t<li>3  Chambres, <\/li>\n\t\t\t\t\t\t\t\t\t\t<li>3  Bains, <\/li>\n\t\t\t\t\t\t\t\t\t\t<li>214 m&sup2; Construit<\/li>\n\t\t\t\t\t\t\t<\/ul>\n\t\t\t<div class=\"wpb--card-price\">\n\t\t\t\t1.475.000 &euro;<span>163-04206P<\/span>\t\t\t<\/div>\n\t\t<\/div>\n\t<\/div>\n<\/div>\n<div class=\"wpb--card\">\n\t<div class=\"wpb--aspect-box wpb--panoramic\">\n\t\t<a class=\"wpb--stretched-link\" href=\"\/fr\/propriete\/vente-rio-real-maison-de-ville-599890\">\n\t\t\t\t\t\t\t<img decoding=\"async\" loading=\"lazy\" class=\"wpb--image-fit\" src=\"https:\/\/www.nevadomarbella.com\/wp-content\/uploads\/inmoba\/thumb-all-0.75-exact-599890.webp\" alt=\"Maison jumel\u00e9e \u00e0 Rio Real avec vue sur la mer \u00e0 vendre\" \/>\n\t\t\t\n\t\t\t\t\t<\/a>\n\t<\/div>\n\t<div class=\"wpb--card-body\">\n\t\t<span class=\"wpb--card-body-location\">Rio Real - Marbella Est<\/span>\n\t\t<h3 class=\"wpb--card-title\">\n\t\t\t<a class=\"wpb--stretched-link\" href=\"\/fr\/propriete\/vente-rio-real-maison-de-ville-599890\">\n\t\t\t\tMaison jumel\u00e9e \u00e0 Rio Real avec vue sur la mer \u00e0 vendre\t\t\t<\/a>\n\t\t<\/h3>\n\t\t<div class=\"wpb--card-data\">\n\t\t\t<ul class=\"wpb--card-features\">\n\t\t\t\t\t\t\t\t\t\t<li>4  Chambres, <\/li>\n\t\t\t\t\t\t\t\t\t\t<li>5  Bains, <\/li>\n\t\t\t\t\t\t\t\t\t\t<li>492 m&sup2; Construit<\/li>\n\t\t\t\t\t\t\t<\/ul>\n\t\t\t<div class=\"wpb--card-price\">\n\t\t\t\t1.675.000 &euro;<span>163-04181P<\/span>\t\t\t<\/div>\n\t\t<\/div>\n\t<\/div>\n<\/div>\n<div class=\"wpb--card\">\n\t<div class=\"wpb--aspect-box wpb--panoramic\">\n\t\t<a class=\"wpb--stretched-link\" href=\"\/fr\/propriete\/vente-marbella-est-villa-589565\">\n\t\t\t\t\t\t\t<img decoding=\"async\" loading=\"lazy\" class=\"wpb--image-fit\" src=\"https:\/\/www.nevadomarbella.com\/wp-content\/uploads\/inmoba\/thumb-all-0.75-exact-589565.webp\" alt=\"Villa de bord de mer en construction \u00e0 Marbella Est \u00e0 vendre\" \/>\n\t\t\t\n\t\t\t\t\t<\/a>\n\t<\/div>\n\t<div class=\"wpb--card-body\">\n\t\t<span class=\"wpb--card-body-location\">Marbella Est<\/span>\n\t\t<h3 class=\"wpb--card-title\">\n\t\t\t<a class=\"wpb--stretched-link\" href=\"\/fr\/propriete\/vente-marbella-est-villa-589565\">\n\t\t\t\tVilla de bord de mer en construction \u00e0 Marbella Est \u00e0 vendre\t\t\t<\/a>\n\t\t<\/h3>\n\t\t<div class=\"wpb--card-data\">\n\t\t\t<ul class=\"wpb--card-features\">\n\t\t\t\t\t\t\t\t\t\t<li>4  Chambres, <\/li>\n\t\t\t\t\t\t\t\t\t\t<li>4  Bains, <\/li>\n\t\t\t\t\t\t\t\t\t\t<li>540 m&sup2; Parcelle , <\/li>\n\t\t\t\t\t\t\t\t\t\t<li>496 m&sup2; Construit<\/li>\n\t\t\t\t\t\t\t<\/ul>\n\t\t\t<div class=\"wpb--card-price\">\n\t\t\t\t3.300.000 &euro;<span>163-04152P<\/span>\t\t\t<\/div>\n\t\t<\/div>\n\t<\/div>\n<\/div>\n<div class=\"wpb--card\">\n\t<div class=\"wpb--aspect-box wpb--panoramic\">\n\t\t<a class=\"wpb--stretched-link\" href=\"\/fr\/propriete\/vente-marbesa-villa-584421\">\n\t\t\t\t\t\t\t<img decoding=\"async\" loading=\"lazy\" class=\"wpb--image-fit\" src=\"https:\/\/www.nevadomarbella.com\/wp-content\/uploads\/inmoba\/thumb-all-0.75-exact-584421.webp\" alt=\"Villa dans l'Urbanisation Marbesa enti\u00e8rement r\u00e9nov\u00e9e tr\u00e8s proche de la plage \u00e0 vendre\" \/>\n\t\t\t\n\t\t\t\t\t<\/a>\n\t<\/div>\n\t<div class=\"wpb--card-body\">\n\t\t<span class=\"wpb--card-body-location\">Marbesa - Marbella Est<\/span>\n\t\t<h3 class=\"wpb--card-title\">\n\t\t\t<a class=\"wpb--stretched-link\" href=\"\/fr\/propriete\/vente-marbesa-villa-584421\">\n\t\t\t\tVilla dans l'Urbanisation Marbesa enti\u00e8rement r\u00e9nov\u00e9e tr\u00e8s proche de la plage \u00e0 vendre\t\t\t<\/a>\n\t\t<\/h3>\n\t\t<div class=\"wpb--card-data\">\n\t\t\t<ul class=\"wpb--card-features\">\n\t\t\t\t\t\t\t\t\t\t<li>5  Chambres, <\/li>\n\t\t\t\t\t\t\t\t\t\t<li>5  Bains, <\/li>\n\t\t\t\t\t\t\t\t\t\t<li>2.500 m&sup2; Parcelle , <\/li>\n\t\t\t\t\t\t\t\t\t\t<li>700 m&sup2; Construit<\/li>\n\t\t\t\t\t\t\t<\/ul>\n\t\t\t<div class=\"wpb--card-price\">\n\t\t\t\t5.795.000 &euro;<span>163-04125P<\/span>\t\t\t<\/div>\n\t\t<\/div>\n\t<\/div>\n<\/div>\n<div class=\"wpb--card\">\n\t<div class=\"wpb--aspect-box wpb--panoramic\">\n\t\t<a class=\"wpb--stretched-link\" href=\"\/fr\/propriete\/vente-elviria-villa-581324\">\n\t\t\t\t\t\t\t<img decoding=\"async\" loading=\"lazy\" class=\"wpb--image-fit\" src=\"https:\/\/www.nevadomarbella.com\/wp-content\/uploads\/inmoba\/thumb-all-0.75-exact-581324.webp\" alt=\"Villa \u00e0 Elviria dans une communaut\u00e9 ferm\u00e9e avec vue sur la mer \u00e0 vendre\" \/>\n\t\t\t\n\t\t\t\t\t<\/a>\n\t<\/div>\n\t<div class=\"wpb--card-body\">\n\t\t<span class=\"wpb--card-body-location\">Elviria - Marbella Est<\/span>\n\t\t<h3 class=\"wpb--card-title\">\n\t\t\t<a class=\"wpb--stretched-link\" href=\"\/fr\/propriete\/vente-elviria-villa-581324\">\n\t\t\t\tVilla \u00e0 Elviria dans une communaut\u00e9 ferm\u00e9e avec vue sur la mer \u00e0 vendre\t\t\t<\/a>\n\t\t<\/h3>\n\t\t<div class=\"wpb--card-data\">\n\t\t\t<ul class=\"wpb--card-features\">\n\t\t\t\t\t\t\t\t\t\t<li>5  Chambres, <\/li>\n\t\t\t\t\t\t\t\t\t\t<li>5  Bains, <\/li>\n\t\t\t\t\t\t\t\t\t\t<li>601 m&sup2; Parcelle , <\/li>\n\t\t\t\t\t\t\t\t\t\t<li>548 m&sup2; Construit<\/li>\n\t\t\t\t\t\t\t<\/ul>\n\t\t\t<div class=\"wpb--card-price\">\n\t\t\t\t2.750.000 &euro;<span>163-04117P<\/span>\t\t\t<\/div>\n\t\t<\/div>\n\t<\/div>\n<\/div>\n<div class=\"wpb--card\">\n\t<div class=\"wpb--aspect-box wpb--panoramic\">\n\t\t<a class=\"wpb--stretched-link\" href=\"\/fr\/propriete\/vente-artola-appartement-rez-de-chaussee-572727\">\n\t\t\t\t\t\t\t<img decoding=\"async\" loading=\"lazy\" class=\"wpb--image-fit\" src=\"https:\/\/www.nevadomarbella.com\/wp-content\/uploads\/inmoba\/thumb-all-0.75-exact-572727.webp\" alt=\"Appartement au rez-de-chauss\u00e9e d'Artola avec vue panoramique sur la mer \u00e0 vendre\" \/>\n\t\t\t\n\t\t\t\t\t<\/a>\n\t<\/div>\n\t<div class=\"wpb--card-body\">\n\t\t<span class=\"wpb--card-body-location\">Artola - Marbella Est<\/span>\n\t\t<h3 class=\"wpb--card-title\">\n\t\t\t<a class=\"wpb--stretched-link\" href=\"\/fr\/propriete\/vente-artola-appartement-rez-de-chaussee-572727\">\n\t\t\t\tAppartement au rez-de-chauss\u00e9e d'Artola avec vue panoramique sur la mer \u00e0 vendre\t\t\t<\/a>\n\t\t<\/h3>\n\t\t<div class=\"wpb--card-data\">\n\t\t\t<ul class=\"wpb--card-features\">\n\t\t\t\t\t\t\t\t\t\t<li>3  Chambres, <\/li>\n\t\t\t\t\t\t\t\t\t\t<li>2  Bains, <\/li>\n\t\t\t\t\t\t\t\t\t\t<li>151 m&sup2; Construit<\/li>\n\t\t\t\t\t\t\t<\/ul>\n\t\t\t<div class=\"wpb--card-price\">\n\t\t\t\t898.000 &euro;<span>163-04081P<\/span>\t\t\t<\/div>\n\t\t<\/div>\n\t<\/div>\n<\/div>\n<div class=\"wpb--card\">\n\t<div class=\"wpb--aspect-box wpb--panoramic\">\n\t\t<a class=\"wpb--stretched-link\" href=\"\/fr\/propriete\/vente-marbesa-terrain-506992\">\n\t\t\t\t\t\t\t<img decoding=\"async\" loading=\"lazy\" class=\"wpb--image-fit\" src=\"https:\/\/www.nevadomarbella.com\/wp-content\/uploads\/inmoba\/thumb-all-0.75-exact-506992.webp\" alt=\"Terrain avec projet \u00e0 Marbesa \u00e0 vendre\" \/>\n\t\t\t\n\t\t\t\t\t<\/a>\n\t<\/div>\n\t<div class=\"wpb--card-body\">\n\t\t<span class=\"wpb--card-body-location\">Marbesa - Marbella Est<\/span>\n\t\t<h3 class=\"wpb--card-title\">\n\t\t\t<a class=\"wpb--stretched-link\" href=\"\/fr\/propriete\/vente-marbesa-terrain-506992\">\n\t\t\t\tTerrain avec projet \u00e0 Marbesa \u00e0 vendre\t\t\t<\/a>\n\t\t<\/h3>\n\t\t<div class=\"wpb--card-data\">\n\t\t\t<ul class=\"wpb--card-features\">\n\t\t\t\t\t\t\t\t\t\t<li>828 m&sup2; Parcelle , <\/li>\n\t\t\t\t\t\t\t<\/ul>\n\t\t\t<div class=\"wpb--card-price\">\n\t\t\t\t1.250.000 &euro;<span>163-03880P<\/span>\t\t\t<\/div>\n\t\t<\/div>\n\t<\/div>\n<\/div>\n<div class=\"wpb--card\">\n\t<div class=\"wpb--aspect-box wpb--panoramic\">\n\t\t<a class=\"wpb--stretched-link\" href=\"\/fr\/propriete\/vente-los-altos-de-los-monteros-appartement-419866\">\n\t\t\t\t\t\t\t<img decoding=\"async\" loading=\"lazy\" class=\"wpb--image-fit\" src=\"https:\/\/www.nevadomarbella.com\/wp-content\/uploads\/inmoba\/thumb-all-0.75-exact-419866.webp\" alt=\"Appartement nouvellement construit \u00e0 Altos de Los Monteros \u00e0 vendre\" \/>\n\t\t\t\n\t\t\t\t\t<\/a>\n\t<\/div>\n\t<div class=\"wpb--card-body\">\n\t\t<span class=\"wpb--card-body-location\">Los Altos de los Monteros - Marbella Est<\/span>\n\t\t<h3 class=\"wpb--card-title\">\n\t\t\t<a class=\"wpb--stretched-link\" href=\"\/fr\/propriete\/vente-los-altos-de-los-monteros-appartement-419866\">\n\t\t\t\tAppartement nouvellement construit \u00e0 Altos de Los Monteros \u00e0 vendre\t\t\t<\/a>\n\t\t<\/h3>\n\t\t<div class=\"wpb--card-data\">\n\t\t\t<ul class=\"wpb--card-features\">\n\t\t\t\t\t\t\t\t\t\t<li>3  Chambres, <\/li>\n\t\t\t\t\t\t\t\t\t\t<li>2  Bains, <\/li>\n\t\t\t\t\t\t\t\t\t\t<li>278 m&sup2; Construit<\/li>\n\t\t\t\t\t\t\t<\/ul>\n\t\t\t<div class=\"wpb--card-price\">\n\t\t\t\t759.000 &euro;<span>163-03528P<\/span>\t\t\t<\/div>\n\t\t<\/div>\n\t<\/div>\n<\/div>\n<div class=\"wpb--card\">\n\t<div class=\"wpb--aspect-box wpb--panoramic\">\n\t\t<a class=\"wpb--stretched-link\" href=\"\/fr\/propriete\/vente-las-chapas-appartement-411937\">\n\t\t\t\t\t\t\t<img decoding=\"async\" loading=\"lazy\" class=\"wpb--image-fit\" src=\"https:\/\/www.nevadomarbella.com\/wp-content\/uploads\/inmoba\/thumb-all-0.75-exact-411937.webp\" alt=\"Appartement en bord de mer \u00e0 Las Chapas \u00e0 vendre\" \/>\n\t\t\t\n\t\t\t\t\t<\/a>\n\t<\/div>\n\t<div class=\"wpb--card-body\">\n\t\t<span class=\"wpb--card-body-location\">Las Chapas - Marbella Est<\/span>\n\t\t<h3 class=\"wpb--card-title\">\n\t\t\t<a class=\"wpb--stretched-link\" href=\"\/fr\/propriete\/vente-las-chapas-appartement-411937\">\n\t\t\t\tAppartement en bord de mer \u00e0 Las Chapas \u00e0 vendre\t\t\t<\/a>\n\t\t<\/h3>\n\t\t<div class=\"wpb--card-data\">\n\t\t\t<ul class=\"wpb--card-features\">\n\t\t\t\t\t\t\t\t\t\t<li>3  Chambres, <\/li>\n\t\t\t\t\t\t\t\t\t\t<li>3  Bains, <\/li>\n\t\t\t\t\t\t\t\t\t\t<li>617 m&sup2; Construit<\/li>\n\t\t\t\t\t\t\t<\/ul>\n\t\t\t<div class=\"wpb--card-price\">\n\t\t\t\t4.480.000 &euro;<span>163-03494P<\/span>\t\t\t<\/div>\n\t\t<\/div>\n\t<\/div>\n<\/div>\n<div class=\"wpb--card\">\n\t<div class=\"wpb--aspect-box wpb--panoramic\">\n\t\t<a class=\"wpb--stretched-link\" href=\"\/fr\/propriete\/vente-elviria-villa-187768\">\n\t\t\t\t\t\t\t<img decoding=\"async\" loading=\"lazy\" class=\"wpb--image-fit\" src=\"https:\/\/www.nevadomarbella.com\/wp-content\/uploads\/inmoba\/thumb-all-0.75-exact-187768.webp\" alt=\"Villa \u00e0 Elviria avec belle vue sur la mer \u00e0 vendre\" \/>\n\t\t\t\n\t\t\t\t\t<\/a>\n\t<\/div>\n\t<div class=\"wpb--card-body\">\n\t\t<span class=\"wpb--card-body-location\">Elviria - Marbella Est<\/span>\n\t\t<h3 class=\"wpb--card-title\">\n\t\t\t<a class=\"wpb--stretched-link\" href=\"\/fr\/propriete\/vente-elviria-villa-187768\">\n\t\t\t\tVilla \u00e0 Elviria avec belle vue sur la mer \u00e0 vendre\t\t\t<\/a>\n\t\t<\/h3>\n\t\t<div class=\"wpb--card-data\">\n\t\t\t<ul class=\"wpb--card-features\">\n\t\t\t\t\t\t\t\t\t\t<li>8  Chambres, <\/li>\n\t\t\t\t\t\t\t\t\t\t<li>8  Bains, <\/li>\n\t\t\t\t\t\t\t\t\t\t<li>2.700 m&sup2; Parcelle , <\/li>\n\t\t\t\t\t\t\t\t\t\t<li>976 m&sup2; Construit<\/li>\n\t\t\t\t\t\t\t<\/ul>\n\t\t\t<div class=\"wpb--card-price\">\n\t\t\t\t4.500.000 &euro;<span>163-02458P<\/span>\t\t\t<\/div>\n\t\t<\/div>\n\t<\/div>\n<\/div>\n\t\t<\/div>\r\n\t\t<!-- Go to the full list -->\r\n\t\t\t<\/div>\r\n\n<\/div>\n<\/section>\n\n\n\n<div class=\"wp-block-buttons is-content-justification-center is-layout-flex wp-container-core-buttons-is-layout-e9a8509b wp-block-buttons-is-layout-flex\" style=\"margin-top:0;margin-bottom:var(--wp--preset--spacing--40)\">\n<div class=\"wp-block-button is-style-outline is-style-outline--1\"><a class=\"wp-block-button__link wp-element-button\" href=\"http:\/\/www.nevadomarbella.com\/fr\/propriete-a-vendre-a-marbella\">Moteur de recherche<\/a><\/div>\n<\/div>\n\n\n\n<div class=\"wp-block-group has-global-padding is-layout-constrained wp-block-group-is-layout-constrained\" style=\"margin-bottom:var(--wp--preset--spacing--50)\">\n<p style=\"padding-top:var(--wp--preset--spacing--20);padding-right:var(--wp--preset--spacing--50);padding-bottom:var(--wp--preset--spacing--20);padding-left:var(--wp--preset--spacing--50)\">Marbella Est est connue pour ses plages sereines, ses paysages verdoyants et son atmosph\u00e8re plus d\u00e9tendue. Marbella Est attire ceux qui recherchent un m\u00e9lange de luxe et de nature. Des charmants quartiers r\u00e9sidentiels aux terrains de golf immacul\u00e9s, c&rsquo;est un joyau cach\u00e9 pour ceux qui souhaitent un mode de vie tranquille sans compromettre le confort et l&rsquo;exclusivit\u00e9. Cette zone est id\u00e9ale pour les familles, les amoureux de la nature et ceux qui recherchent une retraite paisible tout en \u00e9tant proches de l&rsquo;animation du centre de Marbella.<br>Des quartiers r\u00e9sidentiels comme <a href=\"https:\/\/www.nevadomarbella.com\/fr\/12909-vivre-a-rio-real-le-luxe-a-5-minutes-du-centre-ville-de-marbella-2.html\" data-type=\"post\" data-id=\"12909\">R\u00edo Real<\/a>, Los Monteros, Elviria et Cabopino abritent des villas modernes et des appartements de luxe dot\u00e9s d&rsquo;\u00e9quipements ultramodernes, dont beaucoup offrent une vue imprenable sur la mer.<\/p>\n<\/div>\n\n\n\n<section class=\"wp-block-group alignfull jaleo-herobox-group wide right has-shell-background-color has-background is-layout-flow wp-block-group-is-layout-flow\" style=\"margin-top:0;margin-bottom:var(--wp--preset--spacing--60);padding-right:var(--wp--preset--spacing--50);padding-left:var(--wp--preset--spacing--50)\">\n<div class=\"wp-block-columns alignwide are-vertically-aligned-center jaleo-herobox-columns is-layout-flex wp-container-core-columns-is-layout-2e289adc wp-block-columns-is-layout-flex\" style=\"padding-top:0;padding-right:0;padding-bottom:0;padding-left:0\">\n<div class=\"wp-block-column is-vertically-aligned-center jaleo-herobox-content is-layout-flow wp-block-column-is-layout-flow\" style=\"padding-right:0;flex-basis:50%\">\n<div class=\"wp-block-group has-global-padding is-content-justification-right is-layout-constrained wp-container-core-group-is-layout-d74be48a wp-block-group-is-layout-constrained\" style=\"margin-top:0;margin-bottom:0;padding-top:0;padding-right:var(--wp--preset--spacing--30);padding-left:var(--wp--preset--spacing--30)\">\n<h2 class=\"wp-block-heading\" style=\"margin-bottom:var(--wp--preset--spacing--40);font-style:normal;font-weight:400;text-transform:uppercase\">MARBELLA EST : O\u00d9 LA BEAUT\u00c9 NATURELLE RENCONTRE LE LUXE MODERNE<\/h2>\n\n\n\n<p>Marbella Est offre un m\u00e9lange unique de beaut\u00e9 naturelle intacte et de vie contemporaine, ce qui en fait un endroit de choix pour ceux qui recherchent le meilleur des deux mondes. On y trouve \u00e9galement certains des clubs de plage les plus hupp\u00e9s de Marbella et, bien s\u00fbr, Marbella Est n&rsquo;est qu&rsquo;\u00e0 une courte distance en voiture du centre anim\u00e9 de Marbella. L&rsquo;acc\u00e8s facile aux restaurants haut de gamme, au shopping et \u00e0 la vie nocturne anim\u00e9e est toujours \u00e0 proximit\u00e9, si vous pouvez vous \u00e9loigner des belles plages. Les propri\u00e9t\u00e9s \u00e0 vendre dans l&rsquo;est de Marbella sont tr\u00e8s recherch\u00e9es et avec tant de choses \u00e0 offrir dans ce cadre magnifique, il est facile de comprendre pourquoi.<\/p>\n<\/div>\n<\/div>\n\n\n\n<div class=\"wp-block-column is-vertically-aligned-center jaleo-herobox-column is-layout-flow wp-block-column-is-layout-flow\" style=\"flex-basis:50%\">\n<figure class=\"wp-block-image size-full jaleo-herobox-image wp-duotone-unset-2\"><img decoding=\"async\" width=\"1080\" height=\"1080\" src=\"https:\/\/www.nevadomarbella.com\/wp-content\/uploads\/2025\/01\/vista-aerea-rio-real-nevado-realty-marbella.webp\" alt=\"Terrain de golf Rio Real \u00e0 Marbella\" class=\"wp-image-19455\" style=\"aspect-ratio:1;object-fit:cover\"\/><\/figure>\n<\/div>\n<\/div>\n<\/section>\n\n\n\n<section class=\"wp-block-group alignfull jaleo-heroform is-layout-flow wp-block-group-is-layout-flow\" style=\"margin-bottom:var(--wp--preset--spacing--60);padding-right:var(--wp--preset--spacing--50);padding-left:var(--wp--preset--spacing--50)\">\n<div class=\"wp-block-columns alignwide are-vertically-aligned-center is-layout-flex wp-container-core-columns-is-layout-28f84493 wp-block-columns-is-layout-flex\">\n<div class=\"wp-block-column is-vertically-aligned-center has-global-padding is-layout-constrained wp-block-column-is-layout-constrained\" style=\"flex-basis:50%\">\n<figure class=\"wp-block-image size-full is-style-default wp-duotone-unset-3\"><img decoding=\"async\" width=\"1000\" height=\"1250\" src=\"https:\/\/www.nevadomarbella.com\/wp-content\/uploads\/2025\/01\/gines-garcia-morillo-ceo-de-nevado-realty.webp\" alt=\"Gin\u00e9s Garc\u00eda, PDG de Nevado Realty\" class=\"wp-image-19503\"\/><\/figure>\n<\/div>\n\n\n\n<div class=\"wp-block-column is-vertically-aligned-center has-global-padding is-layout-constrained wp-block-column-is-layout-constrained\" style=\"flex-basis:50%\">\n<h2 class=\"wp-block-heading has-x-large-font-size\">VOUS NE TROUVEZ PAS CE QUE VOUS CHERCHEZ ?<\/h2>\n\n\n\n<p>Si vous ne trouvez pas la propri\u00e9t\u00e9 de vos r\u00eaves dans Marbella Est mais que vous savez ce que vous voulez, nous pouvons vous aider. Contactez-nous et nous essaierons de le trouver pour vous et s&rsquo;il n&rsquo;y a pas d&rsquo;unit\u00e9 disponible, nous serons au courant de toute nouvelle propri\u00e9t\u00e9 qui pourrait vous int\u00e9resser.<\/p>\n\n\n<div id=\"wpb__style_container\" class=\"wpb__style_container wpb--container\"><form id=\"property_form\" class=\"wpb--property-form\" action=\"localhost\" method=\"POST\" data-contact=\"property_form\" data-lead-sent-ok=\"Votre message a \u00e9t\u00e9 envoy\u00e9.\" data-sitekey=\"6Lcu70ApAAAAALSclGERBvdFXlfg15po4zMqthx0\">\n\t<input type=\"hidden\" name=\"subject\" value=\"Contact \u00e0 partir de la propri\u00e9t\u00e9 \/fr\/wp-json\/wp\/v2\/pages\/17596\" \/>\n\t<input type=\"hidden\" name=\"g-recaptcha-response\" value=\"\" \/>\n\t<input type=\"hidden\" name=\"success\" value=\"\/fr\/thank-you-page\" \/> \n\t\t<input name=\"name\" type=\"text\" autocomplete=\"off\" placeholder=\"Nom complet\" required data-error=\"Nom complet Obligatoire \" \/>\n\t<input name=\"email\" type=\"email\" autocomplete=\"off\" placeholder=\"Adresse \u00e9lectronique \" required data-error=\"Courriel requis\" \/>\n\t<input name=\"intphone\" style=\"width: 100%\" type=\"tel\" autocomplete=\"off\" placeholder=\"T\u00e9l\u00e9phone\" data-error=\"Les num\u00e9ros de t\u00e9l\u00e9phone doivent comporter entre 8 et 20 chiffres.\" \/>\n\t<input name=\"source\" type=\"hidden\" value=\"https:\/\/www.nevadomarbella.com\/fr\/wp-json\/wp\/v2\/pages\/17596\"\/>\n\t\t<textarea name=\"comment\" rows=\"6\" placeholder=\"Tapez vos questions\"><\/textarea>\n\n\t<div class=\"wpb--custom-checkbox\">\n\t\t<input type=\"checkbox\" id=\"property_form-property_form-customCheck1\" name=\"privacy_policy\" required data-error=\"Champ obligatoire\" \/>\n\t\t<label for=\"property_form-property_form-customCheck1\">J'accepte la  <a href=\"https:\/\/www.nevadomarbella.com\/privacy\" target=\"_blank\">Politique de confidentialit\u00e9 <\/a><\/label>\n\t<\/div>\n\t<div class=\"wpb--custom-checkbox\">\n\t\t<input type=\"checkbox\" id=\"property_form-property_form-customCheck2\" name=\"commercial_information\" \/>\n\t\t<label for=\"property_form-property_form-customCheck2\">J'accepte de recevoir des informations par e-mail <\/label>\n\t<\/div>\n\t<button data-ids=\"property_form\" data-lang=\"\" class=\"btn wpb--formbutton g-recaptcha\" type=\"submit\"><span id=\"text-send\">Envoyer<\/span> <span id=\"spinner-send\"><\/span><\/button>\n\t<p id=\"result\" class=\"wpb--form-msg\"><\/p>\n<\/form>\n\t<script src=\"https:\/\/www.google.com\/recaptcha\/api.js?render=6Lcu70ApAAAAALSclGERBvdFXlfg15po4zMqthx0&hl=\"><\/script>\n\t<link rel=\"stylesheet\" href=\"https:\/\/cdn.jsdelivr.net\/npm\/intl-tel-input@23.0.10\/build\/css\/intlTelInput.css\">\n\t<script src=\"https:\/\/cdn.jsdelivr.net\/npm\/intl-tel-input@23.0.10\/build\/js\/intlTelInput.min.js\"><\/script>\n\t<script>\n\t\tconst input = document.querySelectorAll(\"[name=intphone]\");\n\t\tif (input.length) {\n\t\t\tlet initialCountry ;\n\t\t\tconst currentLang = document.querySelector(\"html\").getAttribute(\"lang\").split(\"-\")[0];\n\t\t\tswitch (currentLang) {\n\t\t\t\tcase \"en\" : \n\t\t\t\t\tinitialCountry = \"gb\";\n\t\t\t\t\tbreak;\n\t\t\t\tcase \"es\" : \n\t\t\t\t\tinitialCountry = \"es\";\n\t\t\t\t\tbreak;\n\t\t\t\tcase \"fr\":\n\t\t\t\t\tinitialCountry = \"fr\";\n\t\t\t\t\tbreak;\n\t\t\t\tdefault:\n\t\t\t\t\tinitialCountry = \"es\";\n\t\t\t\t\tbreak;\n\t\t\t}\n\t\t\tinput.forEach(function(item) {\n\t\t\t\twindow.intlTelInput(item, {\n\t\t\t\t\tutilsScript: \"https:\/\/cdn.jsdelivr.net\/npm\/intl-tel-input@23.0.10\/build\/js\/utils.js\",\n\t\t\t\t\tinitialCountry: initialCountry,\n\t\t\t\t\thiddenInput: () => ({ phone: \"phone\", country: \"country_code\" }),\n\t\t\t\t\tcountryOrder: [\"gb\", \"se\", \"es\", \"fr\", \"de\"],\n\t\t\t\t\tnationalMode: false,\n\t\t\t\t\tautoHideDialCode: false,\n\t\t\t\t\texcludeCountries: [\"none\"],\n\t\t\t\t\tseparateDialCode: true\n\t\t\t\t})\n\t\t\t});\n\t\t}\n\t<\/script>\n<\/div>\n<\/div>\n<\/div>\n<\/section>\n","protected":false},"excerpt":{"rendered":"<p>PROPRI\u00c9T\u00c9 \u00c0 VENDRE \u00c0 MARBELLA EST Marbella Est est connue pour ses plages sereines, ses paysages verdoyants et son atmosph\u00e8re plus d\u00e9tendue. Marbella Est attire ceux qui recherchent un m\u00e9lange de luxe et de nature. Des charmants quartiers r\u00e9sidentiels aux terrains de golf immacul\u00e9s, c&rsquo;est un joyau cach\u00e9 pour ceux qui souhaitent un mode de [&hellip;]<\/p>\n","protected":false},"author":8,"featured_media":0,"parent":0,"menu_order":7,"comment_status":"closed","ping_status":"closed","template":"solid-header","meta":{"_acf_changed":false,"footnotes":""},"class_list":["post-17596","page","type-page","status-publish","hentry"],"acf":[],"_links":{"self":[{"href":"https:\/\/www.nevadomarbella.com\/fr\/wp-json\/wp\/v2\/pages\/17596","targetHints":{"allow":["GET"]}}],"collection":[{"href":"https:\/\/www.nevadomarbella.com\/fr\/wp-json\/wp\/v2\/pages"}],"about":[{"href":"https:\/\/www.nevadomarbella.com\/fr\/wp-json\/wp\/v2\/types\/page"}],"author":[{"embeddable":true,"href":"https:\/\/www.nevadomarbella.com\/fr\/wp-json\/wp\/v2\/users\/8"}],"replies":[{"embeddable":true,"href":"https:\/\/www.nevadomarbella.com\/fr\/wp-json\/wp\/v2\/comments?post=17596"}],"version-history":[{"count":1,"href":"https:\/\/www.nevadomarbella.com\/fr\/wp-json\/wp\/v2\/pages\/17596\/revisions"}],"predecessor-version":[{"id":20764,"href":"https:\/\/www.nevadomarbella.com\/fr\/wp-json\/wp\/v2\/pages\/17596\/revisions\/20764"}],"wp:attachment":[{"href":"https:\/\/www.nevadomarbella.com\/fr\/wp-json\/wp\/v2\/media?parent=17596"}],"curies":[{"name":"wp","href":"https:\/\/api.w.org\/{rel}","templated":true}]}}