{"id":17508,"date":"2024-10-04T11:33:37","date_gmt":"2024-10-04T09:33:13","guid":{"rendered":"https:\/\/www.nevadomarbella.com\/?page_id=17508"},"modified":"2025-10-02T16:16:34","modified_gmt":"2025-10-02T14:16:34","slug":"propriete-a-vendre-a-marbella-golden-mile","status":"publish","type":"page","link":"https:\/\/www.nevadomarbella.com\/fr\/propriete-a-vendre-a-marbella-golden-mile","title":{"rendered":"Propri\u00e9t\u00e9 \u00e0 vendre sur le Golden Mile"},"content":{"rendered":"\n<section class=\"wp-block-group jaleo-properties-grid is-layout-flow wp-block-group-is-layout-flow\" style=\"margin-top:0;margin-bottom:var(--wp--preset--spacing--60);padding-right:var(--wp--preset--spacing--50);padding-left:var(--wp--preset--spacing--50)\">\n<h1 class=\"wp-block-heading has-text-align-center\" style=\"padding-right:0;padding-left:0\">PROPRI\u00c9T\u00c9 \u00c0 VENDRE SUR LE Golden Mile<\/h1>\n\n\n\n<div class=\"wp-block-group is-layout-flow wp-block-group-is-layout-flow\" style=\"margin-top:var(--wp--preset--spacing--30);padding-top:0;padding-right:0;padding-bottom:0;padding-left:0\">\t<div id=\"wpb__style_container\" class=\"wpb--container\">\r\n\t\t<div class=\"wpb--card-container\">\r\n\t\t\t<div class=\"wpb--card\">\n\t<div class=\"wpb--aspect-box wpb--panoramic\">\n\t\t<a class=\"wpb--stretched-link\" href=\"\/fr\/propriete\/vente-sierra-blanca-villa-696619\">\n\t\t\t\t\t\t\t<img decoding=\"async\" loading=\"lazy\" class=\"wpb--image-fit\" src=\"https:\/\/www.nevadomarbella.com\/wp-content\/uploads\/inmoba\/thumb-all-0.75-exact-696619.webp\" alt=\"Villa \u00e0 Sierra Blanca, alliant architecture andalouse et design nordique, \u00e0 vendre\" \/>\n\t\t\t\n\t\t\t\t\t<\/a>\n\t<\/div>\n\t<div class=\"wpb--card-body\">\n\t\t<span class=\"wpb--card-body-location\">Sierra Blanca - Marbella Golden Mile<\/span>\n\t\t<h3 class=\"wpb--card-title\">\n\t\t\t<a class=\"wpb--stretched-link\" href=\"\/fr\/propriete\/vente-sierra-blanca-villa-696619\">\n\t\t\t\tVilla \u00e0 Sierra Blanca, alliant architecture andalouse et design nordique, \u00e0 vendre\t\t\t<\/a>\n\t\t<\/h3>\n\t\t<div class=\"wpb--card-data\">\n\t\t\t<ul class=\"wpb--card-features\">\n\t\t\t\t\t\t\t\t\t\t<li>6  Chambres, <\/li>\n\t\t\t\t\t\t\t\t\t\t<li>7  Bains, <\/li>\n\t\t\t\t\t\t\t\t\t\t<li>2.005 m&sup2; Parcelle , <\/li>\n\t\t\t\t\t\t\t\t\t\t<li>1.017 m&sup2; Construit<\/li>\n\t\t\t\t\t\t\t<\/ul>\n\t\t\t<div class=\"wpb--card-price\">\n\t\t\t\t12.000.000 &euro;<span>163-04618P<\/span>\t\t\t<\/div>\n\t\t<\/div>\n\t<\/div>\n<\/div>\n<div class=\"wpb--card\">\n\t<div class=\"wpb--aspect-box wpb--panoramic\">\n\t\t<a class=\"wpb--stretched-link\" href=\"\/fr\/propriete\/vente-casablanca-villa-696618\">\n\t\t\t\t\t\t\t<img decoding=\"async\" loading=\"lazy\" class=\"wpb--image-fit\" src=\"https:\/\/www.nevadomarbella.com\/wp-content\/uploads\/inmoba\/thumb-all-0.75-exact-696618.webp\" alt=\"Villa en bord de mer dans le lotissement Casablanca \u00e0 vendre\" \/>\n\t\t\t\n\t\t\t\t\t<\/a>\n\t<\/div>\n\t<div class=\"wpb--card-body\">\n\t\t<span class=\"wpb--card-body-location\">Casablanca - Marbella Golden Mile<\/span>\n\t\t<h3 class=\"wpb--card-title\">\n\t\t\t<a class=\"wpb--stretched-link\" href=\"\/fr\/propriete\/vente-casablanca-villa-696618\">\n\t\t\t\tVilla en bord de mer dans le lotissement Casablanca \u00e0 vendre\t\t\t<\/a>\n\t\t<\/h3>\n\t\t<div class=\"wpb--card-data\">\n\t\t\t<ul class=\"wpb--card-features\">\n\t\t\t\t\t\t\t\t\t\t<li>4  Chambres, <\/li>\n\t\t\t\t\t\t\t\t\t\t<li>4  Bains, <\/li>\n\t\t\t\t\t\t\t\t\t\t<li>660 m&sup2; Parcelle , <\/li>\n\t\t\t\t\t\t\t\t\t\t<li>654 m&sup2; Construit<\/li>\n\t\t\t\t\t\t\t<\/ul>\n\t\t\t<div class=\"wpb--card-price\">\n\t\t\t\t6.950.000 &euro;<span>163-04617P<\/span>\t\t\t<\/div>\n\t\t<\/div>\n\t<\/div>\n<\/div>\n<div class=\"wpb--card\">\n\t<div class=\"wpb--aspect-box wpb--panoramic\">\n\t\t<a class=\"wpb--stretched-link\" href=\"\/fr\/propriete\/vente-marbella-hill-club-villa-693818\">\n\t\t\t\t\t\t\t<img decoding=\"async\" loading=\"lazy\" class=\"wpb--image-fit\" src=\"https:\/\/www.nevadomarbella.com\/wp-content\/uploads\/inmoba\/thumb-all-0.75-exact-693818.webp\" alt=\"Villa \u00e0 vendre au Marbella Hill Club\" \/>\n\t\t\t\n\t\t\t\t\t<\/a>\n\t<\/div>\n\t<div class=\"wpb--card-body\">\n\t\t<span class=\"wpb--card-body-location\">Marbella Hill Club - Marbella Golden Mile<\/span>\n\t\t<h3 class=\"wpb--card-title\">\n\t\t\t<a class=\"wpb--stretched-link\" href=\"\/fr\/propriete\/vente-marbella-hill-club-villa-693818\">\n\t\t\t\tVilla \u00e0 vendre au Marbella Hill Club\t\t\t<\/a>\n\t\t<\/h3>\n\t\t<div class=\"wpb--card-data\">\n\t\t\t<ul class=\"wpb--card-features\">\n\t\t\t\t\t\t\t\t\t\t<li>4  Chambres, <\/li>\n\t\t\t\t\t\t\t\t\t\t<li>3  Bains, <\/li>\n\t\t\t\t\t\t\t\t\t\t<li>513 m&sup2; Parcelle , <\/li>\n\t\t\t\t\t\t\t\t\t\t<li>294 m&sup2; Construit<\/li>\n\t\t\t\t\t\t\t<\/ul>\n\t\t\t<div class=\"wpb--card-price\">\n\t\t\t\t1.600.000 &euro;<span>163-04614P<\/span>\t\t\t<\/div>\n\t\t<\/div>\n\t<\/div>\n<\/div>\n<div class=\"wpb--card\">\n\t<div class=\"wpb--aspect-box wpb--panoramic\">\n\t\t<a class=\"wpb--stretched-link\" href=\"\/fr\/propriete\/vente-jardines-del-mar-appartement-693604\">\n\t\t\t\t\t\t\t<img decoding=\"async\" loading=\"lazy\" class=\"wpb--image-fit\" src=\"https:\/\/www.nevadomarbella.com\/wp-content\/uploads\/inmoba\/thumb-all-0.75-exact-693604.webp\" alt=\"Appartment \u00e0 vendre en plein centre-ville de Marbella, \u00e0 deux pas de la plage.\" \/>\n\t\t\t\n\t\t\t\t\t<\/a>\n\t<\/div>\n\t<div class=\"wpb--card-body\">\n\t\t<span class=\"wpb--card-body-location\">Jardines del Mar - Marbella Golden Mile<\/span>\n\t\t<h3 class=\"wpb--card-title\">\n\t\t\t<a class=\"wpb--stretched-link\" href=\"\/fr\/propriete\/vente-jardines-del-mar-appartement-693604\">\n\t\t\t\tAppartment \u00e0 vendre en plein centre-ville de Marbella, \u00e0 deux pas de la plage.\t\t\t<\/a>\n\t\t<\/h3>\n\t\t<div class=\"wpb--card-data\">\n\t\t\t<ul class=\"wpb--card-features\">\n\t\t\t\t\t\t\t\t\t\t<li>1  Lit, <\/li>\n\t\t\t\t\t\t\t\t\t\t<li>1  Bain, <\/li>\n\t\t\t\t\t\t\t\t\t\t<li>85 m&sup2; Construit<\/li>\n\t\t\t\t\t\t\t<\/ul>\n\t\t\t<div class=\"wpb--card-price\">\n\t\t\t\t560.000 &euro;<span>163-04613P<\/span>\t\t\t<\/div>\n\t\t<\/div>\n\t<\/div>\n<\/div>\n<div class=\"wpb--card\">\n\t<div class=\"wpb--aspect-box wpb--panoramic\">\n\t\t<a class=\"wpb--stretched-link\" href=\"\/fr\/propriete\/vente-marbella-golden-mile-maison-de-ville-689144\">\n\t\t\t\t\t\t\t<img decoding=\"async\" loading=\"lazy\" class=\"wpb--image-fit\" src=\"https:\/\/www.nevadomarbella.com\/wp-content\/uploads\/inmoba\/thumb-all-0.75-exact-689144.webp\" alt=\"Maison attach\u00e9 \u00e0 vendre \u00e0 Camoj\u00e1n Blanco - Urbanisation Balcones de Sierra Blanca\" \/>\n\t\t\t\n\t\t\t\t\t<\/a>\n\t<\/div>\n\t<div class=\"wpb--card-body\">\n\t\t<span class=\"wpb--card-body-location\">Marbella Golden Mile<\/span>\n\t\t<h3 class=\"wpb--card-title\">\n\t\t\t<a class=\"wpb--stretched-link\" href=\"\/fr\/propriete\/vente-marbella-golden-mile-maison-de-ville-689144\">\n\t\t\t\tMaison attach\u00e9 \u00e0 vendre \u00e0 Camoj\u00e1n Blanco - Urbanisation Balcones de Sierra Blanca\t\t\t<\/a>\n\t\t<\/h3>\n\t\t<div class=\"wpb--card-data\">\n\t\t\t<ul class=\"wpb--card-features\">\n\t\t\t\t\t\t\t\t\t\t<li>3  Chambres, <\/li>\n\t\t\t\t\t\t\t\t\t\t<li>3  Bains, <\/li>\n\t\t\t\t\t\t\t\t\t\t<li>161 m&sup2; Construit<\/li>\n\t\t\t\t\t\t\t<\/ul>\n\t\t\t<div class=\"wpb--card-price\">\n\t\t\t\t800.000 &euro;<span>163-04608P<\/span>\t\t\t<\/div>\n\t\t<\/div>\n\t<\/div>\n<\/div>\n<div class=\"wpb--card\">\n\t<div class=\"wpb--aspect-box wpb--panoramic\">\n\t\t<a class=\"wpb--stretched-link\" href=\"\/fr\/propriete\/vente-jardin-del-mediterraneo-appartement-688213\">\n\t\t\t\t\t\t\t<img decoding=\"async\" loading=\"lazy\" class=\"wpb--image-fit\" src=\"https:\/\/www.nevadomarbella.com\/wp-content\/uploads\/inmoba\/thumb-all-0.75-exact-688213.webp\" alt=\"Appartement en bord de mer \u00e0 vendre \u00e0 Jardin del Mediterraneo\" \/>\n\t\t\t\n\t\t\t\t\t<\/a>\n\t<\/div>\n\t<div class=\"wpb--card-body\">\n\t\t<span class=\"wpb--card-body-location\">Jard\u00edn del Mediterr\u00e1neo - Marbella Golden Mile<\/span>\n\t\t<h3 class=\"wpb--card-title\">\n\t\t\t<a class=\"wpb--stretched-link\" href=\"\/fr\/propriete\/vente-jardin-del-mediterraneo-appartement-688213\">\n\t\t\t\tAppartement en bord de mer \u00e0 vendre \u00e0 Jardin del Mediterraneo\t\t\t<\/a>\n\t\t<\/h3>\n\t\t<div class=\"wpb--card-data\">\n\t\t\t<ul class=\"wpb--card-features\">\n\t\t\t\t\t\t\t\t\t\t<li>2  Chambres, <\/li>\n\t\t\t\t\t\t\t\t\t\t<li>2  Bains, <\/li>\n\t\t\t\t\t\t\t\t\t\t<li>134 m&sup2; Construit<\/li>\n\t\t\t\t\t\t\t<\/ul>\n\t\t\t<div class=\"wpb--card-price\">\n\t\t\t\t980.000 &euro;<span>163-04599P<\/span>\t\t\t<\/div>\n\t\t<\/div>\n\t<\/div>\n<\/div>\n<div class=\"wpb--card\">\n\t<div class=\"wpb--aspect-box wpb--panoramic\">\n\t\t<a class=\"wpb--stretched-link\" href=\"\/fr\/propriete\/vente-altos-de-salamanca-villa-jumelee-682461\">\n\t\t\t\t\t\t\t<img decoding=\"async\" loading=\"lazy\" class=\"wpb--image-fit\" src=\"https:\/\/www.nevadomarbella.com\/wp-content\/uploads\/inmoba\/thumb-all-0.75-exact-682461.webp\" alt=\"Villa jumel\u00e9e \u00e0 vendre \u00e0 Altos de Puente Romano\" \/>\n\t\t\t\n\t\t\t\t\t<\/a>\n\t<\/div>\n\t<div class=\"wpb--card-body\">\n\t\t<span class=\"wpb--card-body-location\">Altos de Salamanca - Marbella Golden Mile<\/span>\n\t\t<h3 class=\"wpb--card-title\">\n\t\t\t<a class=\"wpb--stretched-link\" href=\"\/fr\/propriete\/vente-altos-de-salamanca-villa-jumelee-682461\">\n\t\t\t\tVilla jumel\u00e9e \u00e0 vendre \u00e0 Altos de Puente Romano\t\t\t<\/a>\n\t\t<\/h3>\n\t\t<div class=\"wpb--card-data\">\n\t\t\t<ul class=\"wpb--card-features\">\n\t\t\t\t\t\t\t\t\t\t<li>4  Chambres, <\/li>\n\t\t\t\t\t\t\t\t\t\t<li>4  Bains, <\/li>\n\t\t\t\t\t\t\t\t\t\t<li>300 m&sup2; Parcelle , <\/li>\n\t\t\t\t\t\t\t\t\t\t<li>281 m&sup2; Construit<\/li>\n\t\t\t\t\t\t\t<\/ul>\n\t\t\t<div class=\"wpb--card-price\">\n\t\t\t\t2.595.000 &euro;<span>163-04582P<\/span>\t\t\t<\/div>\n\t\t<\/div>\n\t<\/div>\n<\/div>\n<div class=\"wpb--card\">\n\t<div class=\"wpb--aspect-box wpb--panoramic\">\n\t\t<a class=\"wpb--stretched-link\" href=\"\/fr\/propriete\/vente-meisho-hills-maison-jumelee-682009\">\n\t\t\t\t\t\t\t<img decoding=\"async\" loading=\"lazy\" class=\"wpb--image-fit\" src=\"https:\/\/www.nevadomarbella.com\/wp-content\/uploads\/inmoba\/thumb-all-0.75-exact-682009.webp\" alt=\"Maison Jumel\u00e9e \u00e0 vendre \u00e0 Meisho Hills, Marbella Golden Mile\" \/>\n\t\t\t\n\t\t\t\t\t<\/a>\n\t<\/div>\n\t<div class=\"wpb--card-body\">\n\t\t<span class=\"wpb--card-body-location\">Meisho Hills - Marbella Golden Mile<\/span>\n\t\t<h3 class=\"wpb--card-title\">\n\t\t\t<a class=\"wpb--stretched-link\" href=\"\/fr\/propriete\/vente-meisho-hills-maison-jumelee-682009\">\n\t\t\t\tMaison Jumel\u00e9e \u00e0 vendre \u00e0 Meisho Hills, Marbella Golden Mile\t\t\t<\/a>\n\t\t<\/h3>\n\t\t<div class=\"wpb--card-data\">\n\t\t\t<ul class=\"wpb--card-features\">\n\t\t\t\t\t\t\t\t\t\t<li>3  Chambres, <\/li>\n\t\t\t\t\t\t\t\t\t\t<li>3  Bains, <\/li>\n\t\t\t\t\t\t\t\t\t\t<li>800 m&sup2; Construit<\/li>\n\t\t\t\t\t\t\t<\/ul>\n\t\t\t<div class=\"wpb--card-price\">\n\t\t\t\t3.850.000 &euro;<span>163-04579P<\/span>\t\t\t<\/div>\n\t\t<\/div>\n\t<\/div>\n<\/div>\n<div class=\"wpb--card\">\n\t<div class=\"wpb--aspect-box wpb--panoramic\">\n\t\t<a class=\"wpb--stretched-link\" href=\"\/fr\/propriete\/vente-kings-hills-appartement-680761\">\n\t\t\t\t\t\t\t<img decoding=\"async\" loading=\"lazy\" class=\"wpb--image-fit\" src=\"https:\/\/www.nevadomarbella.com\/wp-content\/uploads\/inmoba\/thumb-all-0.75-exact-680761.webp\" alt=\"Appartement \u00e0 vendre sur la Golden Mile avec grande terrasse\" \/>\n\t\t\t\n\t\t\t\t\t<\/a>\n\t<\/div>\n\t<div class=\"wpb--card-body\">\n\t\t<span class=\"wpb--card-body-location\">Kings Hills - Marbella Golden Mile<\/span>\n\t\t<h3 class=\"wpb--card-title\">\n\t\t\t<a class=\"wpb--stretched-link\" href=\"\/fr\/propriete\/vente-kings-hills-appartement-680761\">\n\t\t\t\tAppartement \u00e0 vendre sur la Golden Mile avec grande terrasse\t\t\t<\/a>\n\t\t<\/h3>\n\t\t<div class=\"wpb--card-data\">\n\t\t\t<ul class=\"wpb--card-features\">\n\t\t\t\t\t\t\t\t\t\t<li>3  Chambres, <\/li>\n\t\t\t\t\t\t\t\t\t\t<li>4  Bains, <\/li>\n\t\t\t\t\t\t\t\t\t\t<li>267 m&sup2; Construit<\/li>\n\t\t\t\t\t\t\t<\/ul>\n\t\t\t<div class=\"wpb--card-price\">\n\t\t\t\t1.495.000 &euro;<span>163-04577P<\/span>\t\t\t<\/div>\n\t\t<\/div>\n\t<\/div>\n<\/div>\n<div class=\"wpb--card\">\n\t<div class=\"wpb--aspect-box wpb--panoramic\">\n\t\t<a class=\"wpb--stretched-link\" href=\"\/fr\/propriete\/vente-lomas-del-virrey-villa-680387\">\n\t\t\t\t\t\t\t<img decoding=\"async\" loading=\"lazy\" class=\"wpb--image-fit\" src=\"https:\/\/www.nevadomarbella.com\/wp-content\/uploads\/inmoba\/thumb-all-0.75-exact-680387.webp\" alt=\"Villa \u00e0 Lomas del Virrey, Golden Mile, en cours de construction\" \/>\n\t\t\t\n\t\t\t\t\t<\/a>\n\t<\/div>\n\t<div class=\"wpb--card-body\">\n\t\t<span class=\"wpb--card-body-location\">Lomas del Virrey - Marbella Golden Mile<\/span>\n\t\t<h3 class=\"wpb--card-title\">\n\t\t\t<a class=\"wpb--stretched-link\" href=\"\/fr\/propriete\/vente-lomas-del-virrey-villa-680387\">\n\t\t\t\tVilla \u00e0 Lomas del Virrey, Golden Mile, en cours de construction\t\t\t<\/a>\n\t\t<\/h3>\n\t\t<div class=\"wpb--card-data\">\n\t\t\t<ul class=\"wpb--card-features\">\n\t\t\t\t\t\t\t\t\t\t<li>4  Chambres, <\/li>\n\t\t\t\t\t\t\t\t\t\t<li>5  Bains, <\/li>\n\t\t\t\t\t\t\t\t\t\t<li>1.100 m&sup2; Parcelle , <\/li>\n\t\t\t\t\t\t\t\t\t\t<li>776 m&sup2; Construit<\/li>\n\t\t\t\t\t\t\t<\/ul>\n\t\t\t<div class=\"wpb--card-price\">\n\t\t\t\t5.400.000 &euro;<span>163-04575P<\/span>\t\t\t<\/div>\n\t\t<\/div>\n\t<\/div>\n<\/div>\n<div class=\"wpb--card\">\n\t<div class=\"wpb--aspect-box wpb--panoramic\">\n\t\t<a class=\"wpb--stretched-link\" href=\"\/fr\/propriete\/vente-las-lomas-del-marbella-club-villa-679489\">\n\t\t\t\t\t\t\t<img decoding=\"async\" loading=\"lazy\" class=\"wpb--image-fit\" src=\"https:\/\/www.nevadomarbella.com\/wp-content\/uploads\/inmoba\/thumb-all-0.75-exact-679489.webp\" alt=\"Villa \u00e0 vendre \u00e0 Las Lomas del Marbella Club, Marbella Golden Mile\" \/>\n\t\t\t\n\t\t\t\t\t<\/a>\n\t<\/div>\n\t<div class=\"wpb--card-body\">\n\t\t<span class=\"wpb--card-body-location\">Las Lomas del Marbella Club - Marbella Golden Mile<\/span>\n\t\t<h3 class=\"wpb--card-title\">\n\t\t\t<a class=\"wpb--stretched-link\" href=\"\/fr\/propriete\/vente-las-lomas-del-marbella-club-villa-679489\">\n\t\t\t\tVilla \u00e0 vendre \u00e0 Las Lomas del Marbella Club, Marbella Golden Mile\t\t\t<\/a>\n\t\t<\/h3>\n\t\t<div class=\"wpb--card-data\">\n\t\t\t<ul class=\"wpb--card-features\">\n\t\t\t\t\t\t\t\t\t\t<li>5  Chambres, <\/li>\n\t\t\t\t\t\t\t\t\t\t<li>7  Bains, <\/li>\n\t\t\t\t\t\t\t\t\t\t<li>1.010 m&sup2; Parcelle , <\/li>\n\t\t\t\t\t\t\t\t\t\t<li>697 m&sup2; Construit<\/li>\n\t\t\t\t\t\t\t<\/ul>\n\t\t\t<div class=\"wpb--card-price\">\n\t\t\t\t5.995.000 &euro;<span>163-04570P<\/span>\t\t\t<\/div>\n\t\t<\/div>\n\t<\/div>\n<\/div>\n<div class=\"wpb--card\">\n\t<div class=\"wpb--aspect-box wpb--panoramic\">\n\t\t<a class=\"wpb--stretched-link\" href=\"\/fr\/propriete\/vente-balcones-de-puente-romano-appartement-674423\">\n\t\t\t\t\t\t\t<img decoding=\"async\" loading=\"lazy\" class=\"wpb--image-fit\" src=\"https:\/\/www.nevadomarbella.com\/wp-content\/uploads\/inmoba\/thumb-all-0.75-exact-674423.webp\" alt=\"Appartement \u00e0 vendre dans le complexe r\u00e9sidentiel Balcones de Puente Romano\" \/>\n\t\t\t\n\t\t\t\t\t<\/a>\n\t<\/div>\n\t<div class=\"wpb--card-body\">\n\t\t<span class=\"wpb--card-body-location\">Balcones de Puente Romano - Marbella Golden Mile<\/span>\n\t\t<h3 class=\"wpb--card-title\">\n\t\t\t<a class=\"wpb--stretched-link\" href=\"\/fr\/propriete\/vente-balcones-de-puente-romano-appartement-674423\">\n\t\t\t\tAppartement \u00e0 vendre dans le complexe r\u00e9sidentiel Balcones de Puente Romano\t\t\t<\/a>\n\t\t<\/h3>\n\t\t<div class=\"wpb--card-data\">\n\t\t\t<ul class=\"wpb--card-features\">\n\t\t\t\t\t\t\t\t\t\t<li>3  Chambres, <\/li>\n\t\t\t\t\t\t\t\t\t\t<li>2  Bains, <\/li>\n\t\t\t\t\t\t\t\t\t\t<li>160 m&sup2; Construit<\/li>\n\t\t\t\t\t\t\t<\/ul>\n\t\t\t<div class=\"wpb--card-price\">\n\t\t\t\t1.590.000 &euro;<span>163-04549P<\/span>\t\t\t<\/div>\n\t\t<\/div>\n\t<\/div>\n<\/div>\n<div class=\"wpb--card\">\n\t<div class=\"wpb--aspect-box wpb--panoramic\">\n\t\t<a class=\"wpb--stretched-link\" href=\"\/fr\/propriete\/vente-epic-marbella-appartement-674404\">\n\t\t\t\t\t\t\t<img decoding=\"async\" loading=\"lazy\" class=\"wpb--image-fit\" src=\"https:\/\/www.nevadomarbella.com\/wp-content\/uploads\/inmoba\/thumb-all-0.75-exact-674404.webp\" alt=\"Appartement \u00e0 vendre dans le complexe Epic By Fendi\" \/>\n\t\t\t\n\t\t\t\t\t<\/a>\n\t<\/div>\n\t<div class=\"wpb--card-body\">\n\t\t<span class=\"wpb--card-body-location\">Epic Marbella - Marbella Golden Mile<\/span>\n\t\t<h3 class=\"wpb--card-title\">\n\t\t\t<a class=\"wpb--stretched-link\" href=\"\/fr\/propriete\/vente-epic-marbella-appartement-674404\">\n\t\t\t\tAppartement \u00e0 vendre dans le complexe Epic By Fendi\t\t\t<\/a>\n\t\t<\/h3>\n\t\t<div class=\"wpb--card-data\">\n\t\t\t<ul class=\"wpb--card-features\">\n\t\t\t\t\t\t\t\t\t\t<li>4  Chambres, <\/li>\n\t\t\t\t\t\t\t\t\t\t<li>4  Bains, <\/li>\n\t\t\t\t\t\t\t\t\t\t<li>405 m&sup2; Construit<\/li>\n\t\t\t\t\t\t\t<\/ul>\n\t\t\t<div class=\"wpb--card-price\">\n\t\t\t\t4.500.000 &euro;<span>163-04547P<\/span>\t\t\t<\/div>\n\t\t<\/div>\n\t<\/div>\n<\/div>\n<div class=\"wpb--card\">\n\t<div class=\"wpb--aspect-box wpb--panoramic\">\n\t\t<a class=\"wpb--stretched-link\" href=\"\/fr\/propriete\/vente-alhambra-del-mar-appartement-674058\">\n\t\t\t\t\t\t\t<img decoding=\"async\" loading=\"lazy\" class=\"wpb--image-fit\" src=\"https:\/\/www.nevadomarbella.com\/wp-content\/uploads\/inmoba\/thumb-all-0.75-exact-674058.webp\" alt=\"Appartement avec vue sur la mer \u00e0 Alhambra del Mar\" \/>\n\t\t\t\n\t\t\t\t\t<\/a>\n\t<\/div>\n\t<div class=\"wpb--card-body\">\n\t\t<span class=\"wpb--card-body-location\">Alhambra del Mar - Marbella Golden Mile<\/span>\n\t\t<h3 class=\"wpb--card-title\">\n\t\t\t<a class=\"wpb--stretched-link\" href=\"\/fr\/propriete\/vente-alhambra-del-mar-appartement-674058\">\n\t\t\t\tAppartement avec vue sur la mer \u00e0 Alhambra del Mar\t\t\t<\/a>\n\t\t<\/h3>\n\t\t<div class=\"wpb--card-data\">\n\t\t\t<ul class=\"wpb--card-features\">\n\t\t\t\t\t\t\t\t\t\t<li>1  Lit, <\/li>\n\t\t\t\t\t\t\t\t\t\t<li>1  Bain, <\/li>\n\t\t\t\t\t\t\t\t\t\t<li>90 m&sup2; Construit<\/li>\n\t\t\t\t\t\t\t<\/ul>\n\t\t\t<div class=\"wpb--card-price\">\n\t\t\t\t1.050.000 &euro;<span>163-04544P<\/span>\t\t\t<\/div>\n\t\t<\/div>\n\t<\/div>\n<\/div>\n<div class=\"wpb--card\">\n\t<div class=\"wpb--aspect-box wpb--panoramic\">\n\t\t<a class=\"wpb--stretched-link\" href=\"\/fr\/propriete\/vente-jardines-colgantes-appartement-terrasse-673184\">\n\t\t\t\t\t\t\t<img decoding=\"async\" loading=\"lazy\" class=\"wpb--image-fit\" src=\"https:\/\/www.nevadomarbella.com\/wp-content\/uploads\/inmoba\/thumb-all-0.75-exact-673184.webp\" alt=\"Penthouse dans l'urbanisation Jardines Colgantes avec vue panoramique \u00e0 vendre\" \/>\n\t\t\t\n\t\t\t\t\t<\/a>\n\t<\/div>\n\t<div class=\"wpb--card-body\">\n\t\t<span class=\"wpb--card-body-location\">Jardines Colgantes - Marbella Golden Mile<\/span>\n\t\t<h3 class=\"wpb--card-title\">\n\t\t\t<a class=\"wpb--stretched-link\" href=\"\/fr\/propriete\/vente-jardines-colgantes-appartement-terrasse-673184\">\n\t\t\t\tPenthouse dans l'urbanisation Jardines Colgantes avec vue panoramique \u00e0 vendre\t\t\t<\/a>\n\t\t<\/h3>\n\t\t<div class=\"wpb--card-data\">\n\t\t\t<ul class=\"wpb--card-features\">\n\t\t\t\t\t\t\t\t\t\t<li>4  Chambres, <\/li>\n\t\t\t\t\t\t\t\t\t\t<li>4  Bains, <\/li>\n\t\t\t\t\t\t\t\t\t\t<li>420 m&sup2; Construit<\/li>\n\t\t\t\t\t\t\t<\/ul>\n\t\t\t<div class=\"wpb--card-price\">\n\t\t\t\t2.995.000 &euro;<span>163-04539P<\/span>\t\t\t<\/div>\n\t\t<\/div>\n\t<\/div>\n<\/div>\n<div class=\"wpb--card\">\n\t<div class=\"wpb--aspect-box wpb--panoramic\">\n\t\t<a class=\"wpb--stretched-link\" href=\"\/fr\/propriete\/vente-meisho-hills-maison-de-ville-671341\">\n\t\t\t\t\t\t\t<img decoding=\"async\" loading=\"lazy\" class=\"wpb--image-fit\" src=\"https:\/\/www.nevadomarbella.com\/wp-content\/uploads\/inmoba\/thumb-all-0.75-exact-671341.webp\" alt=\"Villa jumel\u00e9e \u00e0 vendre dans le lotissement Meisho Hills avec vue panoramique sur la mer\" \/>\n\t\t\t\n\t\t\t\t\t<\/a>\n\t<\/div>\n\t<div class=\"wpb--card-body\">\n\t\t<span class=\"wpb--card-body-location\">Meisho Hills - Marbella Golden Mile<\/span>\n\t\t<h3 class=\"wpb--card-title\">\n\t\t\t<a class=\"wpb--stretched-link\" href=\"\/fr\/propriete\/vente-meisho-hills-maison-de-ville-671341\">\n\t\t\t\tVilla jumel\u00e9e \u00e0 vendre dans le lotissement Meisho Hills avec vue panoramique sur la mer\t\t\t<\/a>\n\t\t<\/h3>\n\t\t<div class=\"wpb--card-data\">\n\t\t\t<ul class=\"wpb--card-features\">\n\t\t\t\t\t\t\t\t\t\t<li>3  Chambres, <\/li>\n\t\t\t\t\t\t\t\t\t\t<li>3  Bains, <\/li>\n\t\t\t\t\t\t\t\t\t\t<li>800 m&sup2; Construit<\/li>\n\t\t\t\t\t\t\t<\/ul>\n\t\t\t<div class=\"wpb--card-price\">\n\t\t\t\t3.995.000 &euro;<span>163-04536P<\/span>\t\t\t<\/div>\n\t\t<\/div>\n\t<\/div>\n<\/div>\n<div class=\"wpb--card\">\n\t<div class=\"wpb--aspect-box wpb--panoramic\">\n\t\t<a class=\"wpb--stretched-link\" href=\"\/fr\/propriete\/vente-marbella-golden-mile-appartement-terrasse-667141\">\n\t\t\t\t\t\t\t<img decoding=\"async\" loading=\"lazy\" class=\"wpb--image-fit\" src=\"https:\/\/www.nevadomarbella.com\/wp-content\/uploads\/inmoba\/thumb-all-0.75-exact-667141.webp\" alt=\"Appartement neuf \u00e0 vendre dans un lotissement ferm\u00e9 sur la Milla de Oro\" \/>\n\t\t\t\n\t\t\t\t\t<\/a>\n\t<\/div>\n\t<div class=\"wpb--card-body\">\n\t\t<span class=\"wpb--card-body-location\">Marbella Golden Mile<\/span>\n\t\t<h3 class=\"wpb--card-title\">\n\t\t\t<a class=\"wpb--stretched-link\" href=\"\/fr\/propriete\/vente-marbella-golden-mile-appartement-terrasse-667141\">\n\t\t\t\tAppartement neuf \u00e0 vendre dans un lotissement ferm\u00e9 sur la Milla de Oro\t\t\t<\/a>\n\t\t<\/h3>\n\t\t<div class=\"wpb--card-data\">\n\t\t\t<ul class=\"wpb--card-features\">\n\t\t\t\t\t\t\t\t\t\t<li>4  Chambres, <\/li>\n\t\t\t\t\t\t\t\t\t\t<li>4  Bains, <\/li>\n\t\t\t\t\t\t\t\t\t\t<li>659 m&sup2; Construit<\/li>\n\t\t\t\t\t\t\t<\/ul>\n\t\t\t<div class=\"wpb--card-price\">\n\t\t\t\t5.125.000 &euro;<span>163-04527P-DUP<\/span>\t\t\t<\/div>\n\t\t<\/div>\n\t<\/div>\n<\/div>\n<div class=\"wpb--card\">\n\t<div class=\"wpb--aspect-box wpb--panoramic\">\n\t\t<a class=\"wpb--stretched-link\" href=\"\/fr\/propriete\/vente-jardines-del-principe-appartement-666879\">\n\t\t\t\t\t\t\t<img decoding=\"async\" loading=\"lazy\" class=\"wpb--image-fit\" src=\"https:\/\/www.nevadomarbella.com\/wp-content\/uploads\/inmoba\/thumb-all-0.75-exact-666879.webp\" alt=\"Appartement \u00e0 vendre dans la r\u00e9sidence Jardines del Pr\u00edncipe, \u00e0 quelques minutes de la plage\" \/>\n\t\t\t\n\t\t\t\t\t<\/a>\n\t<\/div>\n\t<div class=\"wpb--card-body\">\n\t\t<span class=\"wpb--card-body-location\">Jardines del Principe - Marbella Golden Mile<\/span>\n\t\t<h3 class=\"wpb--card-title\">\n\t\t\t<a class=\"wpb--stretched-link\" href=\"\/fr\/propriete\/vente-jardines-del-principe-appartement-666879\">\n\t\t\t\tAppartement \u00e0 vendre dans la r\u00e9sidence Jardines del Pr\u00edncipe, \u00e0 quelques minutes de la plage\t\t\t<\/a>\n\t\t<\/h3>\n\t\t<div class=\"wpb--card-data\">\n\t\t\t<ul class=\"wpb--card-features\">\n\t\t\t\t\t\t\t\t\t\t<li>3  Chambres, <\/li>\n\t\t\t\t\t\t\t\t\t\t<li>3  Bains, <\/li>\n\t\t\t\t\t\t\t\t\t\t<li>166 m&sup2; Construit<\/li>\n\t\t\t\t\t\t\t<\/ul>\n\t\t\t<div class=\"wpb--card-price\">\n\t\t\t\t1.543.000 &euro;<span>163-04525P<\/span>\t\t\t<\/div>\n\t\t<\/div>\n\t<\/div>\n<\/div>\n<div class=\"wpb--card\">\n\t<div class=\"wpb--aspect-box wpb--panoramic\">\n\t\t<a class=\"wpb--stretched-link\" href=\"\/fr\/propriete\/vente-la-virginia-maison-de-ville-666874\">\n\t\t\t\t\t\t\t<img decoding=\"async\" loading=\"lazy\" class=\"wpb--image-fit\" src=\"https:\/\/www.nevadomarbella.com\/wp-content\/uploads\/inmoba\/thumb-all-0.75-exact-666874.webp\" alt=\"Maison de ville \u00e0 vendre dans l'urbanisation La Virginia\" \/>\n\t\t\t\n\t\t\t\t\t<\/a>\n\t<\/div>\n\t<div class=\"wpb--card-body\">\n\t\t<span class=\"wpb--card-body-location\">La Virginia - Marbella Golden Mile<\/span>\n\t\t<h3 class=\"wpb--card-title\">\n\t\t\t<a class=\"wpb--stretched-link\" href=\"\/fr\/propriete\/vente-la-virginia-maison-de-ville-666874\">\n\t\t\t\tMaison de ville \u00e0 vendre dans l'urbanisation La Virginia\t\t\t<\/a>\n\t\t<\/h3>\n\t\t<div class=\"wpb--card-data\">\n\t\t\t<ul class=\"wpb--card-features\">\n\t\t\t\t\t\t\t\t\t\t<li>2  Chambres, <\/li>\n\t\t\t\t\t\t\t\t\t\t<li>3  Bains, <\/li>\n\t\t\t\t\t\t\t\t\t\t<li>208 m&sup2; Construit<\/li>\n\t\t\t\t\t\t\t<\/ul>\n\t\t\t<div class=\"wpb--card-price\">\n\t\t\t\t1.150.000 &euro;<span>163-04524P-DUP<\/span>\t\t\t<\/div>\n\t\t<\/div>\n\t<\/div>\n<\/div>\n<div class=\"wpb--card\">\n\t<div class=\"wpb--aspect-box wpb--panoramic\">\n\t\t<a class=\"wpb--stretched-link\" href=\"\/fr\/propriete\/vente-golden-mile-appartement-666122\">\n\t\t\t\t\t\t\t<img decoding=\"async\" loading=\"lazy\" class=\"wpb--image-fit\" src=\"https:\/\/www.nevadomarbella.com\/wp-content\/uploads\/inmoba\/thumb-all-0.75-exact-666122.webp\" alt=\"Appartement enti\u00e8rement r\u00e9nov\u00e9 \u00e0 vendre dans la r\u00e9sidence Montebello Hills\" \/>\n\t\t\t\n\t\t\t\t\t<\/a>\n\t<\/div>\n\t<div class=\"wpb--card-body\">\n\t\t<span class=\"wpb--card-body-location\">Marbella Golden Mile<\/span>\n\t\t<h3 class=\"wpb--card-title\">\n\t\t\t<a class=\"wpb--stretched-link\" href=\"\/fr\/propriete\/vente-golden-mile-appartement-666122\">\n\t\t\t\tAppartement enti\u00e8rement r\u00e9nov\u00e9 \u00e0 vendre dans la r\u00e9sidence Montebello Hills\t\t\t<\/a>\n\t\t<\/h3>\n\t\t<div class=\"wpb--card-data\">\n\t\t\t<ul class=\"wpb--card-features\">\n\t\t\t\t\t\t\t\t\t\t<li>3  Chambres, <\/li>\n\t\t\t\t\t\t\t\t\t\t<li>3  Bains, <\/li>\n\t\t\t\t\t\t\t\t\t\t<li>173 m&sup2; Construit<\/li>\n\t\t\t\t\t\t\t<\/ul>\n\t\t\t<div class=\"wpb--card-price\">\n\t\t\t\t1.150.000 &euro;<span>163-04520P<\/span>\t\t\t<\/div>\n\t\t<\/div>\n\t<\/div>\n<\/div>\n<div class=\"wpb--card\">\n\t<div class=\"wpb--aspect-box wpb--panoramic\">\n\t\t<a class=\"wpb--stretched-link\" href=\"\/fr\/propriete\/vente-sierra-blanca-villa-664755\">\n\t\t\t\t\t\t\t<img decoding=\"async\" loading=\"lazy\" class=\"wpb--image-fit\" src=\"https:\/\/www.nevadomarbella.com\/wp-content\/uploads\/inmoba\/thumb-all-0.75-exact-664755.webp\" alt=\"Villa \u00e0 Sierra Blanca avec vue panoramique sur la mer, \u00e0 vendre\" \/>\n\t\t\t\n\t\t\t\t\t<\/a>\n\t<\/div>\n\t<div class=\"wpb--card-body\">\n\t\t<span class=\"wpb--card-body-location\">Sierra Blanca - Marbella Golden Mile<\/span>\n\t\t<h3 class=\"wpb--card-title\">\n\t\t\t<a class=\"wpb--stretched-link\" href=\"\/fr\/propriete\/vente-sierra-blanca-villa-664755\">\n\t\t\t\tVilla \u00e0 Sierra Blanca avec vue panoramique sur la mer, \u00e0 vendre\t\t\t<\/a>\n\t\t<\/h3>\n\t\t<div class=\"wpb--card-data\">\n\t\t\t<ul class=\"wpb--card-features\">\n\t\t\t\t\t\t\t\t\t\t<li>6  Chambres, <\/li>\n\t\t\t\t\t\t\t\t\t\t<li>6  Bains, <\/li>\n\t\t\t\t\t\t\t\t\t\t<li>4.212 m&sup2; Parcelle , <\/li>\n\t\t\t\t\t\t\t\t\t\t<li>140 m&sup2; Construit<\/li>\n\t\t\t\t\t\t\t<\/ul>\n\t\t\t<div class=\"wpb--card-price\">\n\t\t\t\t11.950.000 &euro;<span>163-04512P<\/span>\t\t\t<\/div>\n\t\t<\/div>\n\t<\/div>\n<\/div>\n<div class=\"wpb--card\">\n\t<div class=\"wpb--aspect-box wpb--panoramic\">\n\t\t<a class=\"wpb--stretched-link\" href=\"\/fr\/propriete\/vente-jardines-de-las-lomas-appartement-660430\">\n\t\t\t\t\t\t\t<img decoding=\"async\" loading=\"lazy\" class=\"wpb--image-fit\" src=\"https:\/\/www.nevadomarbella.com\/wp-content\/uploads\/inmoba\/thumb-all-0.75-exact-660430.webp\" alt=\"Appartement \u00e0 vendre \u00e0 Jardines de las Lomas de Marbella Club\" \/>\n\t\t\t\n\t\t\t\t\t<\/a>\n\t<\/div>\n\t<div class=\"wpb--card-body\">\n\t\t<span class=\"wpb--card-body-location\">Jardines de las Lomas - Marbella Golden Mile<\/span>\n\t\t<h3 class=\"wpb--card-title\">\n\t\t\t<a class=\"wpb--stretched-link\" href=\"\/fr\/propriete\/vente-jardines-de-las-lomas-appartement-660430\">\n\t\t\t\tAppartement \u00e0 vendre \u00e0 Jardines de las Lomas de Marbella Club\t\t\t<\/a>\n\t\t<\/h3>\n\t\t<div class=\"wpb--card-data\">\n\t\t\t<ul class=\"wpb--card-features\">\n\t\t\t\t\t\t\t\t\t\t<li>2  Chambres, <\/li>\n\t\t\t\t\t\t\t\t\t\t<li>2  Bains, <\/li>\n\t\t\t\t\t\t\t\t\t\t<li>132 m&sup2; Construit<\/li>\n\t\t\t\t\t\t\t<\/ul>\n\t\t\t<div class=\"wpb--card-price\">\n\t\t\t\t599.000 &euro;<span>163-04493P<\/span>\t\t\t<\/div>\n\t\t<\/div>\n\t<\/div>\n<\/div>\n<div class=\"wpb--card\">\n\t<div class=\"wpb--aspect-box wpb--panoramic\">\n\t\t<a class=\"wpb--stretched-link\" href=\"\/fr\/propriete\/vente-rocio-de-nagueles-villa-656228\">\n\t\t\t\t\t\t\t<img decoding=\"async\" loading=\"lazy\" class=\"wpb--image-fit\" src=\"https:\/\/www.nevadomarbella.com\/wp-content\/uploads\/inmoba\/thumb-all-0.75-exact-656228.webp\" alt=\"Villa enti\u00e8rement r\u00e9nov\u00e9e \u00e0 vendre \u00e0 Roc\u00edo de Nag\u00fceles\" \/>\n\t\t\t\n\t\t\t\t\t<\/a>\n\t<\/div>\n\t<div class=\"wpb--card-body\">\n\t\t<span class=\"wpb--card-body-location\">Rocio de Nag\u00fceles - Marbella Golden Mile<\/span>\n\t\t<h3 class=\"wpb--card-title\">\n\t\t\t<a class=\"wpb--stretched-link\" href=\"\/fr\/propriete\/vente-rocio-de-nagueles-villa-656228\">\n\t\t\t\tVilla enti\u00e8rement r\u00e9nov\u00e9e \u00e0 vendre \u00e0 Roc\u00edo de Nag\u00fceles\t\t\t<\/a>\n\t\t<\/h3>\n\t\t<div class=\"wpb--card-data\">\n\t\t\t<ul class=\"wpb--card-features\">\n\t\t\t\t\t\t\t\t\t\t<li>5  Chambres, <\/li>\n\t\t\t\t\t\t\t\t\t\t<li>5  Bains, <\/li>\n\t\t\t\t\t\t\t\t\t\t<li>2.000 m&sup2; Parcelle , <\/li>\n\t\t\t\t\t\t\t\t\t\t<li>1.226 m&sup2; Construit<\/li>\n\t\t\t\t\t\t\t<\/ul>\n\t\t\t<div class=\"wpb--card-price\">\n\t\t\t\t7.800.000 &euro;<span>163-04467P<\/span>\t\t\t<\/div>\n\t\t<\/div>\n\t<\/div>\n<\/div>\n<div class=\"wpb--card\">\n\t<div class=\"wpb--aspect-box wpb--panoramic\">\n\t\t<a class=\"wpb--stretched-link\" href=\"\/fr\/propriete\/vente-marberia-maison-de-ville-654692\">\n\t\t\t\t\t\t\t<img decoding=\"async\" loading=\"lazy\" class=\"wpb--image-fit\" src=\"https:\/\/www.nevadomarbella.com\/wp-content\/uploads\/inmoba\/thumb-all-0.75-exact-654692.webp\" alt=\"Maison mitoyenne \u00e0 vendre dans le lotissement Jardines de Marber\u00eda\" \/>\n\t\t\t\n\t\t\t\t\t<\/a>\n\t<\/div>\n\t<div class=\"wpb--card-body\">\n\t\t<span class=\"wpb--card-body-location\">Marberia - Marbella Golden Mile<\/span>\n\t\t<h3 class=\"wpb--card-title\">\n\t\t\t<a class=\"wpb--stretched-link\" href=\"\/fr\/propriete\/vente-marberia-maison-de-ville-654692\">\n\t\t\t\tMaison mitoyenne \u00e0 vendre dans le lotissement Jardines de Marber\u00eda\t\t\t<\/a>\n\t\t<\/h3>\n\t\t<div class=\"wpb--card-data\">\n\t\t\t<ul class=\"wpb--card-features\">\n\t\t\t\t\t\t\t\t\t\t<li>3  Chambres, <\/li>\n\t\t\t\t\t\t\t\t\t\t<li>3  Bains, <\/li>\n\t\t\t\t\t\t\t\t\t\t<li>210 m&sup2; Construit<\/li>\n\t\t\t\t\t\t\t<\/ul>\n\t\t\t<div class=\"wpb--card-price\">\n\t\t\t\t950.000 &euro;<span>163-04462P<\/span>\t\t\t<\/div>\n\t\t<\/div>\n\t<\/div>\n<\/div>\n<div class=\"wpb--card\">\n\t<div class=\"wpb--aspect-box wpb--panoramic\">\n\t\t<a class=\"wpb--stretched-link\" href=\"\/fr\/propriete\/vente-las-lomas-del-marbella-club-appartement-654307\">\n\t\t\t\t\t\t\t<img decoding=\"async\" loading=\"lazy\" class=\"wpb--image-fit\" src=\"https:\/\/www.nevadomarbella.com\/wp-content\/uploads\/inmoba\/thumb-all-0.75-exact-654307.webp\" alt=\"Appartement enti\u00e8rement r\u00e9nov\u00e9 \u00e0 vendre dans le complexe r\u00e9sidentiel Lomas del Marbella Club\" \/>\n\t\t\t\n\t\t\t\t\t<\/a>\n\t<\/div>\n\t<div class=\"wpb--card-body\">\n\t\t<span class=\"wpb--card-body-location\">Las Lomas del Marbella Club - Marbella Golden Mile<\/span>\n\t\t<h3 class=\"wpb--card-title\">\n\t\t\t<a class=\"wpb--stretched-link\" href=\"\/fr\/propriete\/vente-las-lomas-del-marbella-club-appartement-654307\">\n\t\t\t\tAppartement enti\u00e8rement r\u00e9nov\u00e9 \u00e0 vendre dans le complexe r\u00e9sidentiel Lomas del Marbella Club\t\t\t<\/a>\n\t\t<\/h3>\n\t\t<div class=\"wpb--card-data\">\n\t\t\t<ul class=\"wpb--card-features\">\n\t\t\t\t\t\t\t\t\t\t<li>3  Chambres, <\/li>\n\t\t\t\t\t\t\t\t\t\t<li>3  Bains, <\/li>\n\t\t\t\t\t\t\t\t\t\t<li>317 m&sup2; Construit<\/li>\n\t\t\t\t\t\t\t<\/ul>\n\t\t\t<div class=\"wpb--card-price\">\n\t\t\t\t1.980.000 &euro;<span>163-04460P<\/span>\t\t\t<\/div>\n\t\t<\/div>\n\t<\/div>\n<\/div>\n<div class=\"wpb--card\">\n\t<div class=\"wpb--aspect-box wpb--panoramic\">\n\t\t<a class=\"wpb--stretched-link\" href=\"\/fr\/propriete\/vente-lomas-del-rey-appartement-terrasse-651383\">\n\t\t\t\t\t\t\t<img decoding=\"async\" loading=\"lazy\" class=\"wpb--image-fit\" src=\"https:\/\/www.nevadomarbella.com\/wp-content\/uploads\/inmoba\/thumb-all-0.75-exact-651383.webp\" alt=\"Penthouse enti\u00e8rement r\u00e9nov\u00e9 \u00e0 vendre dans le complexe Lomas del Rey\" \/>\n\t\t\t\n\t\t\t\t\t<\/a>\n\t<\/div>\n\t<div class=\"wpb--card-body\">\n\t\t<span class=\"wpb--card-body-location\">Lomas del Rey - Marbella Golden Mile<\/span>\n\t\t<h3 class=\"wpb--card-title\">\n\t\t\t<a class=\"wpb--stretched-link\" href=\"\/fr\/propriete\/vente-lomas-del-rey-appartement-terrasse-651383\">\n\t\t\t\tPenthouse enti\u00e8rement r\u00e9nov\u00e9 \u00e0 vendre dans le complexe Lomas del Rey\t\t\t<\/a>\n\t\t<\/h3>\n\t\t<div class=\"wpb--card-data\">\n\t\t\t<ul class=\"wpb--card-features\">\n\t\t\t\t\t\t\t\t\t\t<li>3  Chambres, <\/li>\n\t\t\t\t\t\t\t\t\t\t<li>3  Bains, <\/li>\n\t\t\t\t\t\t\t\t\t\t<li>276 m&sup2; Construit<\/li>\n\t\t\t\t\t\t\t<\/ul>\n\t\t\t<div class=\"wpb--card-price\">\n\t\t\t\t2.250.000 &euro;<span>163-04446P<\/span>\t\t\t<\/div>\n\t\t<\/div>\n\t<\/div>\n<\/div>\n<div class=\"wpb--card\">\n\t<div class=\"wpb--aspect-box wpb--panoramic\">\n\t\t<a class=\"wpb--stretched-link\" href=\"\/fr\/propriete\/vente-el-oasis-club-maison-jumelee-645918\">\n\t\t\t\t\t\t\t<img decoding=\"async\" loading=\"lazy\" class=\"wpb--image-fit\" src=\"https:\/\/www.nevadomarbella.com\/wp-content\/uploads\/inmoba\/thumb-all-0.75-exact-645918.webp\" alt=\"Maison pareada dans l'urbanisation El Oasis Club en premi\u00e8re ligne de plage \u00e0 vendre\" \/>\n\t\t\t\n\t\t\t\t\t<\/a>\n\t<\/div>\n\t<div class=\"wpb--card-body\">\n\t\t<span class=\"wpb--card-body-location\">El Oasis Club - Marbella Golden Mile<\/span>\n\t\t<h3 class=\"wpb--card-title\">\n\t\t\t<a class=\"wpb--stretched-link\" href=\"\/fr\/propriete\/vente-el-oasis-club-maison-jumelee-645918\">\n\t\t\t\tMaison pareada dans l'urbanisation El Oasis Club en premi\u00e8re ligne de plage \u00e0 vendre\t\t\t<\/a>\n\t\t<\/h3>\n\t\t<div class=\"wpb--card-data\">\n\t\t\t<ul class=\"wpb--card-features\">\n\t\t\t\t\t\t\t\t\t\t<li>3  Chambres, <\/li>\n\t\t\t\t\t\t\t\t\t\t<li>3  Bains, <\/li>\n\t\t\t\t\t\t\t\t\t\t<li>434 m&sup2; Construit<\/li>\n\t\t\t\t\t\t\t<\/ul>\n\t\t\t<div class=\"wpb--card-price\">\n\t\t\t\t5.995.000 &euro;<span>163-04434P<\/span>\t\t\t<\/div>\n\t\t<\/div>\n\t<\/div>\n<\/div>\n<div class=\"wpb--card\">\n\t<div class=\"wpb--aspect-box wpb--panoramic\">\n\t\t<a class=\"wpb--stretched-link\" href=\"\/fr\/propriete\/vente-las-canas-beach-appartement-645206\">\n\t\t\t\t\t\t\t<img decoding=\"async\" loading=\"lazy\" class=\"wpb--image-fit\" src=\"https:\/\/www.nevadomarbella.com\/wp-content\/uploads\/inmoba\/thumb-all-0.75-exact-645206.webp\" alt=\"Appartement dans l'urbanisation Las Ca\u00f1as Beach en bord de mer en location saisonni\u00e8re\" \/>\n\t\t\t\n\t\t\t\t\t<\/a>\n\t<\/div>\n\t<div class=\"wpb--card-body\">\n\t\t<span class=\"wpb--card-body-location\">Las Ca\u00f1as Beach - Marbella Golden Mile<\/span>\n\t\t<h3 class=\"wpb--card-title\">\n\t\t\t<a class=\"wpb--stretched-link\" href=\"\/fr\/propriete\/vente-las-canas-beach-appartement-645206\">\n\t\t\t\tAppartement dans l'urbanisation Las Ca\u00f1as Beach en bord de mer en location saisonni\u00e8re\t\t\t<\/a>\n\t\t<\/h3>\n\t\t<div class=\"wpb--card-data\">\n\t\t\t<ul class=\"wpb--card-features\">\n\t\t\t\t\t\t\t\t\t\t<li>2  Chambres, <\/li>\n\t\t\t\t\t\t\t\t\t\t<li>2  Bains, <\/li>\n\t\t\t\t\t\t\t\t\t\t<li>110 m&sup2; Construit<\/li>\n\t\t\t\t\t\t\t<\/ul>\n\t\t\t<div class=\"wpb--card-price\">\n\t\t\t\t950.000 &euro;<span>163-04427P-DUP<\/span>\t\t\t<\/div>\n\t\t<\/div>\n\t<\/div>\n<\/div>\n<div class=\"wpb--card\">\n\t<div class=\"wpb--aspect-box wpb--panoramic\">\n\t\t<a class=\"wpb--stretched-link\" href=\"\/fr\/propriete\/vente-golden-mile-appartement-terrasse-644976\">\n\t\t\t\t\t\t\t<img decoding=\"async\" loading=\"lazy\" class=\"wpb--image-fit\" src=\"https:\/\/www.nevadomarbella.com\/wp-content\/uploads\/inmoba\/thumb-all-0.75-exact-644976.webp\" alt=\"Appartement Terrasse \u00e0 vendre \u00e0 Marbella Golden Mile\" \/>\n\t\t\t\n\t\t\t\t\t<\/a>\n\t<\/div>\n\t<div class=\"wpb--card-body\">\n\t\t<span class=\"wpb--card-body-location\">Marbella Golden Mile<\/span>\n\t\t<h3 class=\"wpb--card-title\">\n\t\t\t<a class=\"wpb--stretched-link\" href=\"\/fr\/propriete\/vente-golden-mile-appartement-terrasse-644976\">\n\t\t\t\tAppartement Terrasse \u00e0 vendre \u00e0 Marbella Golden Mile\t\t\t<\/a>\n\t\t<\/h3>\n\t\t<div class=\"wpb--card-data\">\n\t\t\t<ul class=\"wpb--card-features\">\n\t\t\t\t\t\t\t\t\t\t<li>3  Chambres, <\/li>\n\t\t\t\t\t\t\t\t\t\t<li>3  Bains, <\/li>\n\t\t\t\t\t\t\t\t\t\t<li>379 m&sup2; Construit<\/li>\n\t\t\t\t\t\t\t<\/ul>\n\t\t\t<div class=\"wpb--card-price\">\n\t\t\t\t4.150.000 &euro;<span>163-04422P<\/span>\t\t\t<\/div>\n\t\t<\/div>\n\t<\/div>\n<\/div>\n<div class=\"wpb--card\">\n\t<div class=\"wpb--aspect-box wpb--panoramic\">\n\t\t<a class=\"wpb--stretched-link\" href=\"\/fr\/propriete\/vente-golden-mile-appartement-644930\">\n\t\t\t\t\t\t\t<img decoding=\"async\" loading=\"lazy\" class=\"wpb--image-fit\" src=\"https:\/\/www.nevadomarbella.com\/wp-content\/uploads\/inmoba\/thumb-all-0.75-exact-644930.webp\" alt=\"Appartement \u00e0 vendre sur la Milla de Oro, \u00e0 quelques minutes de la plage\" \/>\n\t\t\t\n\t\t\t\t\t<\/a>\n\t<\/div>\n\t<div class=\"wpb--card-body\">\n\t\t<span class=\"wpb--card-body-location\">Marbella Golden Mile<\/span>\n\t\t<h3 class=\"wpb--card-title\">\n\t\t\t<a class=\"wpb--stretched-link\" href=\"\/fr\/propriete\/vente-golden-mile-appartement-644930\">\n\t\t\t\tAppartement \u00e0 vendre sur la Milla de Oro, \u00e0 quelques minutes de la plage\t\t\t<\/a>\n\t\t<\/h3>\n\t\t<div class=\"wpb--card-data\">\n\t\t\t<ul class=\"wpb--card-features\">\n\t\t\t\t\t\t\t\t\t\t<li>459 m&sup2; Construit<\/li>\n\t\t\t\t\t\t\t<\/ul>\n\t\t\t<div class=\"wpb--card-price\">\n\t\t\t\t3.450.000 &euro;<span>163-04421P<\/span>\t\t\t<\/div>\n\t\t<\/div>\n\t<\/div>\n<\/div>\n<div class=\"wpb--card\">\n\t<div class=\"wpb--aspect-box wpb--panoramic\">\n\t\t<a class=\"wpb--stretched-link\" href=\"\/fr\/propriete\/vente-altos-de-salamanca-maison-de-ville-644808\">\n\t\t\t\t\t\t\t<img decoding=\"async\" loading=\"lazy\" class=\"wpb--image-fit\" src=\"https:\/\/www.nevadomarbella.com\/wp-content\/uploads\/inmoba\/thumb-all-0.75-exact-644808.webp\" alt=\"Maison jumel\u00e9e enti\u00e8rement r\u00e9nov\u00e9e \u00e0 vendre dans le lotissement Altos de Salamanca\" \/>\n\t\t\t\n\t\t\t\t\t<\/a>\n\t<\/div>\n\t<div class=\"wpb--card-body\">\n\t\t<span class=\"wpb--card-body-location\">Altos de Salamanca - Marbella Golden Mile<\/span>\n\t\t<h3 class=\"wpb--card-title\">\n\t\t\t<a class=\"wpb--stretched-link\" href=\"\/fr\/propriete\/vente-altos-de-salamanca-maison-de-ville-644808\">\n\t\t\t\tMaison jumel\u00e9e enti\u00e8rement r\u00e9nov\u00e9e \u00e0 vendre dans le lotissement Altos de Salamanca\t\t\t<\/a>\n\t\t<\/h3>\n\t\t<div class=\"wpb--card-data\">\n\t\t\t<ul class=\"wpb--card-features\">\n\t\t\t\t\t\t\t\t\t\t<li>5  Chambres, <\/li>\n\t\t\t\t\t\t\t\t\t\t<li>5  Bains, <\/li>\n\t\t\t\t\t\t\t\t\t\t<li>393 m&sup2; Construit<\/li>\n\t\t\t\t\t\t\t<\/ul>\n\t\t\t<div class=\"wpb--card-price\">\n\t\t\t\t2.495.000 &euro;<span>163-04420P<\/span>\t\t\t<\/div>\n\t\t<\/div>\n\t<\/div>\n<\/div>\n<div class=\"wpb--card\">\n\t<div class=\"wpb--aspect-box wpb--panoramic\">\n\t\t<a class=\"wpb--stretched-link\" href=\"\/fr\/propriete\/vente-altos-reales-villa-644286\">\n\t\t\t\t\t\t\t<img decoding=\"async\" loading=\"lazy\" class=\"wpb--image-fit\" src=\"https:\/\/www.nevadomarbella.com\/wp-content\/uploads\/inmoba\/thumb-all-0.75-exact-644286.webp\" alt=\"Villa \u00e0 vendre dans le lotissement Altos Reales avec vue sur la mer\" \/>\n\t\t\t\n\t\t\t\t\t<\/a>\n\t<\/div>\n\t<div class=\"wpb--card-body\">\n\t\t<span class=\"wpb--card-body-location\">Altos Reales - Marbella Golden Mile<\/span>\n\t\t<h3 class=\"wpb--card-title\">\n\t\t\t<a class=\"wpb--stretched-link\" href=\"\/fr\/propriete\/vente-altos-reales-villa-644286\">\n\t\t\t\tVilla \u00e0 vendre dans le lotissement Altos Reales avec vue sur la mer\t\t\t<\/a>\n\t\t<\/h3>\n\t\t<div class=\"wpb--card-data\">\n\t\t\t<ul class=\"wpb--card-features\">\n\t\t\t\t\t\t\t\t\t\t<li>5  Chambres, <\/li>\n\t\t\t\t\t\t\t\t\t\t<li>5  Bains, <\/li>\n\t\t\t\t\t\t\t\t\t\t<li>3.845 m&sup2; Parcelle , <\/li>\n\t\t\t\t\t\t\t\t\t\t<li>1.400 m&sup2; Construit<\/li>\n\t\t\t\t\t\t\t<\/ul>\n\t\t\t<div class=\"wpb--card-price\">\n\t\t\t\t13.800.000 &euro;<span>163-04414P<\/span>\t\t\t<\/div>\n\t\t<\/div>\n\t<\/div>\n<\/div>\n<div class=\"wpb--card\">\n\t<div class=\"wpb--aspect-box wpb--panoramic\">\n\t\t<a class=\"wpb--stretched-link\" href=\"\/fr\/propriete\/vente-las-terrazas-de-las-lomas-appartement-644239\">\n\t\t\t\t\t\t\t<img decoding=\"async\" loading=\"lazy\" class=\"wpb--image-fit\" src=\"https:\/\/www.nevadomarbella.com\/wp-content\/uploads\/inmoba\/thumb-all-0.75-exact-644239.webp\" alt=\"Appartement \u00e0 vendre dans le complexe Terrazas de las Lomas de Marbella Club\" \/>\n\t\t\t\n\t\t\t\t\t<\/a>\n\t<\/div>\n\t<div class=\"wpb--card-body\">\n\t\t<span class=\"wpb--card-body-location\">Las Terrazas de Las Lomas - Marbella Golden Mile<\/span>\n\t\t<h3 class=\"wpb--card-title\">\n\t\t\t<a class=\"wpb--stretched-link\" href=\"\/fr\/propriete\/vente-las-terrazas-de-las-lomas-appartement-644239\">\n\t\t\t\tAppartement \u00e0 vendre dans le complexe Terrazas de las Lomas de Marbella Club\t\t\t<\/a>\n\t\t<\/h3>\n\t\t<div class=\"wpb--card-data\">\n\t\t\t<ul class=\"wpb--card-features\">\n\t\t\t\t\t\t\t\t\t\t<li>2  Chambres, <\/li>\n\t\t\t\t\t\t\t\t\t\t<li>2  Bains, <\/li>\n\t\t\t\t\t\t\t\t\t\t<li>186 m&sup2; Construit<\/li>\n\t\t\t\t\t\t\t<\/ul>\n\t\t\t<div class=\"wpb--card-price\">\n\t\t\t\t795.000 &euro;<span>163-04413P<\/span>\t\t\t<\/div>\n\t\t<\/div>\n\t<\/div>\n<\/div>\n<div class=\"wpb--card\">\n\t<div class=\"wpb--aspect-box wpb--panoramic\">\n\t\t<a class=\"wpb--stretched-link\" href=\"\/fr\/propriete\/vente-epic-marbella-appartement-terrasse-638727\">\n\t\t\t\t\t\t\t<img decoding=\"async\" loading=\"lazy\" class=\"wpb--image-fit\" src=\"https:\/\/www.nevadomarbella.com\/wp-content\/uploads\/inmoba\/thumb-all-0.75-exact-638727.webp\" alt=\"Penthouse dans l'urbanisation Epic by Fendi avec piscine priv\u00e9e \u00e0 vendre\" \/>\n\t\t\t\n\t\t\t\t\t<\/a>\n\t<\/div>\n\t<div class=\"wpb--card-body\">\n\t\t<span class=\"wpb--card-body-location\">Epic Marbella - Marbella Golden Mile<\/span>\n\t\t<h3 class=\"wpb--card-title\">\n\t\t\t<a class=\"wpb--stretched-link\" href=\"\/fr\/propriete\/vente-epic-marbella-appartement-terrasse-638727\">\n\t\t\t\tPenthouse dans l'urbanisation Epic by Fendi avec piscine priv\u00e9e \u00e0 vendre\t\t\t<\/a>\n\t\t<\/h3>\n\t\t<div class=\"wpb--card-data\">\n\t\t\t<ul class=\"wpb--card-features\">\n\t\t\t\t\t\t\t\t\t\t<li>4  Chambres, <\/li>\n\t\t\t\t\t\t\t\t\t\t<li>4  Bains, <\/li>\n\t\t\t\t\t\t\t\t\t\t<li>961 m&sup2; Construit<\/li>\n\t\t\t\t\t\t\t<\/ul>\n\t\t\t<div class=\"wpb--card-price\">\n\t\t\t\t11.400.000 &euro;<span>163-04366P<\/span>\t\t\t<\/div>\n\t\t<\/div>\n\t<\/div>\n<\/div>\n<div class=\"wpb--card\">\n\t<div class=\"wpb--aspect-box wpb--panoramic\">\n\t\t<a class=\"wpb--stretched-link\" href=\"\/fr\/propriete\/vente-monte-marbella-club-maison-de-ville-636006\">\n\t\t\t\t\t\t\t<img decoding=\"async\" loading=\"lazy\" class=\"wpb--image-fit\" src=\"https:\/\/www.nevadomarbella.com\/wp-content\/uploads\/inmoba\/thumb-all-0.75-exact-636006.webp\" alt=\"Maison mitoyenne enti\u00e8rement r\u00e9nov\u00e9e \u00e0 vendre dans le lotissement Monte Marbella Club\" \/>\n\t\t\t\n\t\t\t\t\t<\/a>\n\t<\/div>\n\t<div class=\"wpb--card-body\">\n\t\t<span class=\"wpb--card-body-location\">Monte Marbella Club - Marbella Golden Mile<\/span>\n\t\t<h3 class=\"wpb--card-title\">\n\t\t\t<a class=\"wpb--stretched-link\" href=\"\/fr\/propriete\/vente-monte-marbella-club-maison-de-ville-636006\">\n\t\t\t\tMaison mitoyenne enti\u00e8rement r\u00e9nov\u00e9e \u00e0 vendre dans le lotissement Monte Marbella Club\t\t\t<\/a>\n\t\t<\/h3>\n\t\t<div class=\"wpb--card-data\">\n\t\t\t<ul class=\"wpb--card-features\">\n\t\t\t\t\t\t\t\t\t\t<li>4  Chambres, <\/li>\n\t\t\t\t\t\t\t\t\t\t<li>3  Bains, <\/li>\n\t\t\t\t\t\t\t\t\t\t<li>240 m&sup2; Construit<\/li>\n\t\t\t\t\t\t\t<\/ul>\n\t\t\t<div class=\"wpb--card-price\">\n\t\t\t\t1.995.000 &euro;<span>163-04357P<\/span>\t\t\t<\/div>\n\t\t<\/div>\n\t<\/div>\n<\/div>\n<div class=\"wpb--card\">\n\t<div class=\"wpb--aspect-box wpb--panoramic\">\n\t\t<a class=\"wpb--stretched-link\" href=\"\/fr\/propriete\/vente-jardines-colgantes-appartement-terrasse-632110\">\n\t\t\t\t\t\t\t<img decoding=\"async\" loading=\"lazy\" class=\"wpb--image-fit\" src=\"https:\/\/www.nevadomarbella.com\/wp-content\/uploads\/inmoba\/thumb-all-0.75-exact-632110.webp\" alt=\"Penthouse \u00e0 vendre dans le lotissement Jardines Colgantes avec vue panoramique sur la mer\" \/>\n\t\t\t\n\t\t\t\t\t<\/a>\n\t<\/div>\n\t<div class=\"wpb--card-body\">\n\t\t<span class=\"wpb--card-body-location\">Jardines Colgantes - Marbella Golden Mile<\/span>\n\t\t<h3 class=\"wpb--card-title\">\n\t\t\t<a class=\"wpb--stretched-link\" href=\"\/fr\/propriete\/vente-jardines-colgantes-appartement-terrasse-632110\">\n\t\t\t\tPenthouse \u00e0 vendre dans le lotissement Jardines Colgantes avec vue panoramique sur la mer\t\t\t<\/a>\n\t\t<\/h3>\n\t\t<div class=\"wpb--card-data\">\n\t\t\t<ul class=\"wpb--card-features\">\n\t\t\t\t\t\t\t\t\t\t<li>3  Chambres, <\/li>\n\t\t\t\t\t\t\t\t\t\t<li>3  Bains, <\/li>\n\t\t\t\t\t\t\t\t\t\t<li>358 m&sup2; Construit<\/li>\n\t\t\t\t\t\t\t<\/ul>\n\t\t\t<div class=\"wpb--card-price\">\n\t\t\t\t2.995.000 &euro;<span>163-04337P<\/span>\t\t\t<\/div>\n\t\t<\/div>\n\t<\/div>\n<\/div>\n<div class=\"wpb--card\">\n\t<div class=\"wpb--aspect-box wpb--panoramic\">\n\t\t<a class=\"wpb--stretched-link\" href=\"\/fr\/propriete\/vente-golden-mile-villa-629433\">\n\t\t\t\t\t\t\t<img decoding=\"async\" loading=\"lazy\" class=\"wpb--image-fit\" src=\"https:\/\/www.nevadomarbella.com\/wp-content\/uploads\/inmoba\/thumb-all-0.75-exact-629433.webp\" alt=\"Noura Villas, villa design \u00e0 vendre sur la Milla de Oro\" \/>\n\t\t\t\n\t\t\t\t\t<\/a>\n\t<\/div>\n\t<div class=\"wpb--card-body\">\n\t\t<span class=\"wpb--card-body-location\">Marbella Golden Mile<\/span>\n\t\t<h3 class=\"wpb--card-title\">\n\t\t\t<a class=\"wpb--stretched-link\" href=\"\/fr\/propriete\/vente-golden-mile-villa-629433\">\n\t\t\t\tNoura Villas, villa design \u00e0 vendre sur la Milla de Oro\t\t\t<\/a>\n\t\t<\/h3>\n\t\t<div class=\"wpb--card-data\">\n\t\t\t<ul class=\"wpb--card-features\">\n\t\t\t\t\t\t\t\t\t\t<li>5  Chambres, <\/li>\n\t\t\t\t\t\t\t\t\t\t<li>5  Bains, <\/li>\n\t\t\t\t\t\t\t\t\t\t<li>1.208 m&sup2; Parcelle , <\/li>\n\t\t\t\t\t\t\t\t\t\t<li>1.066 m&sup2; Construit<\/li>\n\t\t\t\t\t\t\t<\/ul>\n\t\t\t<div class=\"wpb--card-price\">\n\t\t\t\t6.990.000 &euro;<span>163-04325P<\/span>\t\t\t<\/div>\n\t\t<\/div>\n\t<\/div>\n<\/div>\n<div class=\"wpb--card\">\n\t<div class=\"wpb--aspect-box wpb--panoramic\">\n\t\t<a class=\"wpb--stretched-link\" href=\"\/fr\/propriete\/vente-lomas-del-virrey-villa-629422\">\n\t\t\t\t\t\t\t<img decoding=\"async\" loading=\"lazy\" class=\"wpb--image-fit\" src=\"https:\/\/www.nevadomarbella.com\/wp-content\/uploads\/inmoba\/thumb-all-0.75-exact-629422.webp\" alt=\"Noura Villas, villa neuve \u00e0 vendre sur la Milla de Oro\" \/>\n\t\t\t\n\t\t\t\t\t<\/a>\n\t<\/div>\n\t<div class=\"wpb--card-body\">\n\t\t<span class=\"wpb--card-body-location\">Lomas del Virrey - Marbella Golden Mile<\/span>\n\t\t<h3 class=\"wpb--card-title\">\n\t\t\t<a class=\"wpb--stretched-link\" href=\"\/fr\/propriete\/vente-lomas-del-virrey-villa-629422\">\n\t\t\t\tNoura Villas, villa neuve \u00e0 vendre sur la Milla de Oro\t\t\t<\/a>\n\t\t<\/h3>\n\t\t<div class=\"wpb--card-data\">\n\t\t\t<ul class=\"wpb--card-features\">\n\t\t\t\t\t\t\t\t\t\t<li>5  Chambres, <\/li>\n\t\t\t\t\t\t\t\t\t\t<li>5  Bains, <\/li>\n\t\t\t\t\t\t\t\t\t\t<li>1.191 m&sup2; Parcelle , <\/li>\n\t\t\t\t\t\t\t\t\t\t<li>1.052 m&sup2; Construit<\/li>\n\t\t\t\t\t\t\t<\/ul>\n\t\t\t<div class=\"wpb--card-price\">\n\t\t\t\t6.690.000 &euro;<span>163-04324P<\/span>\t\t\t<\/div>\n\t\t<\/div>\n\t<\/div>\n<\/div>\n<div class=\"wpb--card\">\n\t<div class=\"wpb--aspect-box wpb--panoramic\">\n\t\t<a class=\"wpb--stretched-link\" href=\"\/fr\/propriete\/vente-golden-mile-villa-629418\">\n\t\t\t\t\t\t\t<img decoding=\"async\" loading=\"lazy\" class=\"wpb--image-fit\" src=\"https:\/\/www.nevadomarbella.com\/wp-content\/uploads\/inmoba\/thumb-all-0.75-exact-629418.webp\" alt=\"Noura Villas, villa design \u00e0 vendre sur la Milla de Oro\" \/>\n\t\t\t\n\t\t\t\t\t<\/a>\n\t<\/div>\n\t<div class=\"wpb--card-body\">\n\t\t<span class=\"wpb--card-body-location\">Marbella Golden Mile<\/span>\n\t\t<h3 class=\"wpb--card-title\">\n\t\t\t<a class=\"wpb--stretched-link\" href=\"\/fr\/propriete\/vente-golden-mile-villa-629418\">\n\t\t\t\tNoura Villas, villa design \u00e0 vendre sur la Milla de Oro\t\t\t<\/a>\n\t\t<\/h3>\n\t\t<div class=\"wpb--card-data\">\n\t\t\t<ul class=\"wpb--card-features\">\n\t\t\t\t\t\t\t\t\t\t<li>5  Chambres, <\/li>\n\t\t\t\t\t\t\t\t\t\t<li>5  Bains, <\/li>\n\t\t\t\t\t\t\t\t\t\t<li>1.197 m&sup2; Parcelle , <\/li>\n\t\t\t\t\t\t\t\t\t\t<li>1.215 m&sup2; Construit<\/li>\n\t\t\t\t\t\t\t<\/ul>\n\t\t\t<div class=\"wpb--card-price\">\n\t\t\t\t6.790.000 &euro;<span>163-04323P<\/span>\t\t\t<\/div>\n\t\t<\/div>\n\t<\/div>\n<\/div>\n<div class=\"wpb--card\">\n\t<div class=\"wpb--aspect-box wpb--panoramic\">\n\t\t<a class=\"wpb--stretched-link\" href=\"\/fr\/propriete\/vente-nagueles-villa-627700\">\n\t\t\t\t\t\t\t<img decoding=\"async\" loading=\"lazy\" class=\"wpb--image-fit\" src=\"https:\/\/www.nevadomarbella.com\/wp-content\/uploads\/inmoba\/thumb-all-0.75-exact-627700.webp\" alt=\"Villa \u00e0 Nagueles avec vue sur la mer \u00e0 vendre\" \/>\n\t\t\t\n\t\t\t\t\t<\/a>\n\t<\/div>\n\t<div class=\"wpb--card-body\">\n\t\t<span class=\"wpb--card-body-location\">Nag\u00fceles - Marbella Golden Mile<\/span>\n\t\t<h3 class=\"wpb--card-title\">\n\t\t\t<a class=\"wpb--stretched-link\" href=\"\/fr\/propriete\/vente-nagueles-villa-627700\">\n\t\t\t\tVilla \u00e0 Nagueles avec vue sur la mer \u00e0 vendre\t\t\t<\/a>\n\t\t<\/h3>\n\t\t<div class=\"wpb--card-data\">\n\t\t\t<ul class=\"wpb--card-features\">\n\t\t\t\t\t\t\t\t\t\t<li>5  Chambres, <\/li>\n\t\t\t\t\t\t\t\t\t\t<li>5  Bains, <\/li>\n\t\t\t\t\t\t\t\t\t\t<li>1.139 m&sup2; Parcelle , <\/li>\n\t\t\t\t\t\t\t\t\t\t<li>576 m&sup2; Construit<\/li>\n\t\t\t\t\t\t\t<\/ul>\n\t\t\t<div class=\"wpb--card-price\">\n\t\t\t\t5.495.000 &euro;<span>163-04311P<\/span>\t\t\t<\/div>\n\t\t<\/div>\n\t<\/div>\n<\/div>\n<div class=\"wpb--card\">\n\t<div class=\"wpb--aspect-box wpb--panoramic\">\n\t\t<a class=\"wpb--stretched-link\" href=\"\/fr\/propriete\/vente-la-virginia-restaurant-626244\">\n\t\t\t\t\t\t\t<img decoding=\"async\" loading=\"lazy\" class=\"wpb--image-fit\" src=\"https:\/\/www.nevadomarbella.com\/wp-content\/uploads\/inmoba\/thumb-all-0.75-exact-626244.webp\" alt=\"Restaurant dans l'Urbanisation La Virginia \u00e0 vendre\" \/>\n\t\t\t\n\t\t\t\t\t<\/a>\n\t<\/div>\n\t<div class=\"wpb--card-body\">\n\t\t<span class=\"wpb--card-body-location\">La Virginia - Marbella Golden Mile<\/span>\n\t\t<h3 class=\"wpb--card-title\">\n\t\t\t<a class=\"wpb--stretched-link\" href=\"\/fr\/propriete\/vente-la-virginia-restaurant-626244\">\n\t\t\t\tRestaurant dans l'Urbanisation La Virginia \u00e0 vendre\t\t\t<\/a>\n\t\t<\/h3>\n\t\t<div class=\"wpb--card-data\">\n\t\t\t<ul class=\"wpb--card-features\">\n\t\t\t\t\t\t\t\t\t\t<li>2  Chambres, <\/li>\n\t\t\t\t\t\t\t\t\t\t<li>3  Bains, <\/li>\n\t\t\t\t\t\t\t\t\t\t<li>208 m&sup2; Construit<\/li>\n\t\t\t\t\t\t\t<\/ul>\n\t\t\t<div class=\"wpb--card-price\">\n\t\t\t\t1.150.000 &euro;<span>163-04300P<\/span>\t\t\t<\/div>\n\t\t<\/div>\n\t<\/div>\n<\/div>\n<div class=\"wpb--card\">\n\t<div class=\"wpb--aspect-box wpb--panoramic\">\n\t\t<a class=\"wpb--stretched-link\" href=\"\/fr\/propriete\/vente-jardines-del-mar-appartement-terrasse-625877\">\n\t\t\t\t\t\t\t<img decoding=\"async\" loading=\"lazy\" class=\"wpb--image-fit\" src=\"https:\/\/www.nevadomarbella.com\/wp-content\/uploads\/inmoba\/thumb-all-0.75-exact-625877.webp\" alt=\"Penthouse enti\u00e8rement r\u00e9nov\u00e9 sur le Golden Mile\" \/>\n\t\t\t\n\t\t\t\t\t<\/a>\n\t<\/div>\n\t<div class=\"wpb--card-body\">\n\t\t<span class=\"wpb--card-body-location\">Jardines del Mar - Marbella Golden Mile<\/span>\n\t\t<h3 class=\"wpb--card-title\">\n\t\t\t<a class=\"wpb--stretched-link\" href=\"\/fr\/propriete\/vente-jardines-del-mar-appartement-terrasse-625877\">\n\t\t\t\tPenthouse enti\u00e8rement r\u00e9nov\u00e9 sur le Golden Mile\t\t\t<\/a>\n\t\t<\/h3>\n\t\t<div class=\"wpb--card-data\">\n\t\t\t<ul class=\"wpb--card-features\">\n\t\t\t\t\t\t\t\t\t\t<li>2  Chambres, <\/li>\n\t\t\t\t\t\t\t\t\t\t<li>2  Bains, <\/li>\n\t\t\t\t\t\t\t\t\t\t<li>105 m&sup2; Construit<\/li>\n\t\t\t\t\t\t\t<\/ul>\n\t\t\t<div class=\"wpb--card-price\">\n\t\t\t\t785.000 &euro;<span>163-04298P<\/span>\t\t\t<\/div>\n\t\t<\/div>\n\t<\/div>\n<\/div>\n<div class=\"wpb--card\">\n\t<div class=\"wpb--aspect-box wpb--panoramic\">\n\t\t<a class=\"wpb--stretched-link\" href=\"\/fr\/propriete\/vente-coral-beach-maison-de-ville-621287\">\n\t\t\t\t\t\t\t<img decoding=\"async\" loading=\"lazy\" class=\"wpb--image-fit\" src=\"https:\/\/www.nevadomarbella.com\/wp-content\/uploads\/inmoba\/thumb-all-0.75-exact-621287.webp\" alt=\"Maison de ville en front de mer dans l'urbanisation de Coral Beach \u00e0 vendre\" \/>\n\t\t\t\n\t\t\t\t\t<\/a>\n\t<\/div>\n\t<div class=\"wpb--card-body\">\n\t\t<span class=\"wpb--card-body-location\">Coral Beach - Marbella Golden Mile<\/span>\n\t\t<h3 class=\"wpb--card-title\">\n\t\t\t<a class=\"wpb--stretched-link\" href=\"\/fr\/propriete\/vente-coral-beach-maison-de-ville-621287\">\n\t\t\t\tMaison de ville en front de mer dans l'urbanisation de Coral Beach \u00e0 vendre\t\t\t<\/a>\n\t\t<\/h3>\n\t\t<div class=\"wpb--card-data\">\n\t\t\t<ul class=\"wpb--card-features\">\n\t\t\t\t\t\t\t\t\t\t<li>4  Chambres, <\/li>\n\t\t\t\t\t\t\t\t\t\t<li>3  Bains, <\/li>\n\t\t\t\t\t\t\t\t\t\t<li>290 m&sup2; Construit<\/li>\n\t\t\t\t\t\t\t<\/ul>\n\t\t\t<div class=\"wpb--card-price\">\n\t\t\t\t5.460.000 &euro;<span>163-04277P<\/span>\t\t\t<\/div>\n\t\t<\/div>\n\t<\/div>\n<\/div>\n<div class=\"wpb--card\">\n\t<div class=\"wpb--aspect-box wpb--panoramic\">\n\t\t<a class=\"wpb--stretched-link\" href=\"\/fr\/propriete\/vente-casablanca-villa-617637\">\n\t\t\t\t\t\t\t<img decoding=\"async\" loading=\"lazy\" class=\"wpb--image-fit\" src=\"https:\/\/www.nevadomarbella.com\/wp-content\/uploads\/inmoba\/thumb-all-0.75-exact-617637.webp\" alt=\"Villa design \u00e0 vendre dans l'urbanisation Casablanca\" \/>\n\t\t\t\n\t\t\t\t\t<\/a>\n\t<\/div>\n\t<div class=\"wpb--card-body\">\n\t\t<span class=\"wpb--card-body-location\">Casablanca - Marbella Golden Mile<\/span>\n\t\t<h3 class=\"wpb--card-title\">\n\t\t\t<a class=\"wpb--stretched-link\" href=\"\/fr\/propriete\/vente-casablanca-villa-617637\">\n\t\t\t\tVilla design \u00e0 vendre dans l'urbanisation Casablanca\t\t\t<\/a>\n\t\t<\/h3>\n\t\t<div class=\"wpb--card-data\">\n\t\t\t<ul class=\"wpb--card-features\">\n\t\t\t\t\t\t\t\t\t\t<li>5  Chambres, <\/li>\n\t\t\t\t\t\t\t\t\t\t<li>5  Bains, <\/li>\n\t\t\t\t\t\t\t\t\t\t<li>742 m&sup2; Parcelle , <\/li>\n\t\t\t\t\t\t\t<\/ul>\n\t\t\t<div class=\"wpb--card-price\">\n\t\t\t\t10.950.000 &euro;<span>163-04268P<\/span>\t\t\t<\/div>\n\t\t<\/div>\n\t<\/div>\n<\/div>\n<div class=\"wpb--card\">\n\t<div class=\"wpb--aspect-box wpb--panoramic\">\n\t\t<a class=\"wpb--stretched-link\" href=\"\/fr\/propriete\/vente-costa-nagueles-ii-appartement-terrasse-613590\">\n\t\t\t\t\t\t\t<img decoding=\"async\" loading=\"lazy\" class=\"wpb--image-fit\" src=\"https:\/\/www.nevadomarbella.com\/wp-content\/uploads\/inmoba\/thumb-all-0.75-exact-613590.webp\" alt=\"Penthouse enti\u00e8rement r\u00e9nov\u00e9 dans l'Urbanisation Costa Nag\u00fceles II \u00e0 vendre\" \/>\n\t\t\t\n\t\t\t\t\t<\/a>\n\t<\/div>\n\t<div class=\"wpb--card-body\">\n\t\t<span class=\"wpb--card-body-location\">Costa Nag\u00fceles II - Marbella Golden Mile<\/span>\n\t\t<h3 class=\"wpb--card-title\">\n\t\t\t<a class=\"wpb--stretched-link\" href=\"\/fr\/propriete\/vente-costa-nagueles-ii-appartement-terrasse-613590\">\n\t\t\t\tPenthouse enti\u00e8rement r\u00e9nov\u00e9 dans l'Urbanisation Costa Nag\u00fceles II \u00e0 vendre\t\t\t<\/a>\n\t\t<\/h3>\n\t\t<div class=\"wpb--card-data\">\n\t\t\t<ul class=\"wpb--card-features\">\n\t\t\t\t\t\t\t\t\t\t<li>5  Chambres, <\/li>\n\t\t\t\t\t\t\t\t\t\t<li>4  Bains, <\/li>\n\t\t\t\t\t\t\t\t\t\t<li>291 m&sup2; Construit<\/li>\n\t\t\t\t\t\t\t<\/ul>\n\t\t\t<div class=\"wpb--card-price\">\n\t\t\t\t2.695.000 &euro;<span>163-04246P<\/span>\t\t\t<\/div>\n\t\t<\/div>\n\t<\/div>\n<\/div>\n<div class=\"wpb--card\">\n\t<div class=\"wpb--aspect-box wpb--panoramic\">\n\t\t<a class=\"wpb--stretched-link\" href=\"\/fr\/propriete\/vente-club-sierra-appartement-610687\">\n\t\t\t\t\t\t\t<img decoding=\"async\" loading=\"lazy\" class=\"wpb--image-fit\" src=\"https:\/\/www.nevadomarbella.com\/wp-content\/uploads\/inmoba\/thumb-all-0.75-exact-610687.webp\" alt=\"Appartement enti\u00e8rement r\u00e9nov\u00e9 \u00e0 vendre dans l'Urbanizaci\u00f3n Club Sierra\" \/>\n\t\t\t\n\t\t\t\t\t<\/a>\n\t<\/div>\n\t<div class=\"wpb--card-body\">\n\t\t<span class=\"wpb--card-body-location\">Club Sierra - Marbella Golden Mile<\/span>\n\t\t<h3 class=\"wpb--card-title\">\n\t\t\t<a class=\"wpb--stretched-link\" href=\"\/fr\/propriete\/vente-club-sierra-appartement-610687\">\n\t\t\t\tAppartement enti\u00e8rement r\u00e9nov\u00e9 \u00e0 vendre dans l'Urbanizaci\u00f3n Club Sierra\t\t\t<\/a>\n\t\t<\/h3>\n\t\t<div class=\"wpb--card-data\">\n\t\t\t<ul class=\"wpb--card-features\">\n\t\t\t\t\t\t\t\t\t\t<li>4  Chambres, <\/li>\n\t\t\t\t\t\t\t\t\t\t<li>3  Bains, <\/li>\n\t\t\t\t\t\t\t\t\t\t<li>387 m&sup2; Construit<\/li>\n\t\t\t\t\t\t\t<\/ul>\n\t\t\t<div class=\"wpb--card-price\">\n\t\t\t\t1.899.000 &euro;<span>163-04227P<\/span>\t\t\t<\/div>\n\t\t<\/div>\n\t<\/div>\n<\/div>\n<div class=\"wpb--card\">\n\t<div class=\"wpb--aspect-box wpb--panoramic\">\n\t\t<a class=\"wpb--stretched-link\" href=\"\/fr\/propriete\/vente-marbella-golden-mile-maison-de-ville-610664\">\n\t\t\t\t\t\t\t<img decoding=\"async\" loading=\"lazy\" class=\"wpb--image-fit\" src=\"https:\/\/www.nevadomarbella.com\/wp-content\/uploads\/inmoba\/thumb-all-0.75-exact-610664.webp\" alt=\"Maison de ville dans l'Urbanisation Camoj\u00e1n Blanco \u00e0 vendre\" \/>\n\t\t\t\n\t\t\t\t\t<\/a>\n\t<\/div>\n\t<div class=\"wpb--card-body\">\n\t\t<span class=\"wpb--card-body-location\">Marbella Golden Mile<\/span>\n\t\t<h3 class=\"wpb--card-title\">\n\t\t\t<a class=\"wpb--stretched-link\" href=\"\/fr\/propriete\/vente-marbella-golden-mile-maison-de-ville-610664\">\n\t\t\t\tMaison de ville dans l'Urbanisation Camoj\u00e1n Blanco \u00e0 vendre\t\t\t<\/a>\n\t\t<\/h3>\n\t\t<div class=\"wpb--card-data\">\n\t\t\t<ul class=\"wpb--card-features\">\n\t\t\t\t\t\t\t\t\t\t<li>3  Chambres, <\/li>\n\t\t\t\t\t\t\t\t\t\t<li>3  Bains, <\/li>\n\t\t\t\t\t\t\t\t\t\t<li>196 m&sup2; Construit<\/li>\n\t\t\t\t\t\t\t<\/ul>\n\t\t\t<div class=\"wpb--card-price\">\n\t\t\t\t865.000 &euro;<span>163-04226P<\/span>\t\t\t<\/div>\n\t\t<\/div>\n\t<\/div>\n<\/div>\n<div class=\"wpb--card\">\n\t<div class=\"wpb--aspect-box wpb--panoramic\">\n\t\t<a class=\"wpb--stretched-link\" href=\"\/fr\/propriete\/vente-marbella-golden-mile-maison-de-ville-609395\">\n\t\t\t\t\t\t\t<img decoding=\"async\" loading=\"lazy\" class=\"wpb--image-fit\" src=\"https:\/\/www.nevadomarbella.com\/wp-content\/uploads\/inmoba\/thumb-all-0.75-exact-609395.webp\" alt=\"Maison de ville enti\u00e8rement r\u00e9nov\u00e9e \u00e0 Las Cumbres de Marbella \u00e0 vendre\" \/>\n\t\t\t\n\t\t\t\t\t<\/a>\n\t<\/div>\n\t<div class=\"wpb--card-body\">\n\t\t<span class=\"wpb--card-body-location\">Marbella Golden Mile<\/span>\n\t\t<h3 class=\"wpb--card-title\">\n\t\t\t<a class=\"wpb--stretched-link\" href=\"\/fr\/propriete\/vente-marbella-golden-mile-maison-de-ville-609395\">\n\t\t\t\tMaison de ville enti\u00e8rement r\u00e9nov\u00e9e \u00e0 Las Cumbres de Marbella \u00e0 vendre\t\t\t<\/a>\n\t\t<\/h3>\n\t\t<div class=\"wpb--card-data\">\n\t\t\t<ul class=\"wpb--card-features\">\n\t\t\t\t\t\t\t\t\t\t<li>4  Chambres, <\/li>\n\t\t\t\t\t\t\t\t\t\t<li>3  Bains, <\/li>\n\t\t\t\t\t\t\t\t\t\t<li>301 m&sup2; Construit<\/li>\n\t\t\t\t\t\t\t<\/ul>\n\t\t\t<div class=\"wpb--card-price\">\n\t\t\t\t1.395.000 &euro;<span>163-04223P<\/span>\t\t\t<\/div>\n\t\t<\/div>\n\t<\/div>\n<\/div>\n<div class=\"wpb--card\">\n\t<div class=\"wpb--aspect-box wpb--panoramic\">\n\t\t<a class=\"wpb--stretched-link\" href=\"\/fr\/propriete\/vente-casablanca-terrain-602817\">\n\t\t\t\t\t\t\t<img decoding=\"async\" loading=\"lazy\" class=\"wpb--image-fit\" src=\"https:\/\/www.nevadomarbella.com\/wp-content\/uploads\/inmoba\/thumb-all-0.75-exact-602817.webp\" alt=\"Terrain dans l'urbanisation Casablanca tr\u00e8s proche du Paseo Mar\u00edtimo \u00e0 vendre\" \/>\n\t\t\t\n\t\t\t\t\t<\/a>\n\t<\/div>\n\t<div class=\"wpb--card-body\">\n\t\t<span class=\"wpb--card-body-location\">Casablanca - Marbella Golden Mile<\/span>\n\t\t<h3 class=\"wpb--card-title\">\n\t\t\t<a class=\"wpb--stretched-link\" href=\"\/fr\/propriete\/vente-casablanca-terrain-602817\">\n\t\t\t\tTerrain dans l'urbanisation Casablanca tr\u00e8s proche du Paseo Mar\u00edtimo \u00e0 vendre\t\t\t<\/a>\n\t\t<\/h3>\n\t\t<div class=\"wpb--card-data\">\n\t\t\t<ul class=\"wpb--card-features\">\n\t\t\t\t\t\t\t\t\t\t<li>502 m&sup2; Parcelle , <\/li>\n\t\t\t\t\t\t\t<\/ul>\n\t\t\t<div class=\"wpb--card-price\">\n\t\t\t\t2.400.000 &euro;<span>163-04201P<\/span>\t\t\t<\/div>\n\t\t<\/div>\n\t<\/div>\n<\/div>\n<div class=\"wpb--card\">\n\t<div class=\"wpb--aspect-box wpb--panoramic\">\n\t\t<a class=\"wpb--stretched-link\" href=\"\/fr\/propriete\/vente-casablanca-terrain-602749\">\n\t\t\t\t\t\t\t<img decoding=\"async\" loading=\"lazy\" class=\"wpb--image-fit\" src=\"https:\/\/www.nevadomarbella.com\/wp-content\/uploads\/inmoba\/thumb-all-0.75-exact-602749.webp\" alt=\"Terrain dans l'urbanisation Casablanca tr\u00e8s proche de la plage \u00e0 vendre\" \/>\n\t\t\t\n\t\t\t\t\t<\/a>\n\t<\/div>\n\t<div class=\"wpb--card-body\">\n\t\t<span class=\"wpb--card-body-location\">Casablanca - Marbella Golden Mile<\/span>\n\t\t<h3 class=\"wpb--card-title\">\n\t\t\t<a class=\"wpb--stretched-link\" href=\"\/fr\/propriete\/vente-casablanca-terrain-602749\">\n\t\t\t\tTerrain dans l'urbanisation Casablanca tr\u00e8s proche de la plage \u00e0 vendre\t\t\t<\/a>\n\t\t<\/h3>\n\t\t<div class=\"wpb--card-data\">\n\t\t\t<ul class=\"wpb--card-features\">\n\t\t\t\t\t\t\t\t\t\t<li>920 m&sup2; Parcelle , <\/li>\n\t\t\t\t\t\t\t<\/ul>\n\t\t\t<div class=\"wpb--card-price\">\n\t\t\t\t4.500.000 &euro;<span>163-04200P<\/span>\t\t\t<\/div>\n\t\t<\/div>\n\t<\/div>\n<\/div>\n<div class=\"wpb--card\">\n\t<div class=\"wpb--aspect-box wpb--panoramic\">\n\t\t<a class=\"wpb--stretched-link\" href=\"\/fr\/propriete\/vente-costa-nagueles-iii-appartement-rez-de-chaussee-602060\">\n\t\t\t\t\t\t\t<img decoding=\"async\" loading=\"lazy\" class=\"wpb--image-fit\" src=\"https:\/\/www.nevadomarbella.com\/wp-content\/uploads\/inmoba\/thumb-all-0.75-exact-602060.webp\" alt=\"Appartement au rez-de-chauss\u00e9e dans l'urbanisation Costa Nagueles III avec jardin priv\u00e9 \u00e0 vendre\" \/>\n\t\t\t\n\t\t\t\t\t<\/a>\n\t<\/div>\n\t<div class=\"wpb--card-body\">\n\t\t<span class=\"wpb--card-body-location\">Costa Nag\u00fceles III - Marbella Golden Mile<\/span>\n\t\t<h3 class=\"wpb--card-title\">\n\t\t\t<a class=\"wpb--stretched-link\" href=\"\/fr\/propriete\/vente-costa-nagueles-iii-appartement-rez-de-chaussee-602060\">\n\t\t\t\tAppartement au rez-de-chauss\u00e9e dans l'urbanisation Costa Nagueles III avec jardin priv\u00e9 \u00e0 vendre\t\t\t<\/a>\n\t\t<\/h3>\n\t\t<div class=\"wpb--card-data\">\n\t\t\t<ul class=\"wpb--card-features\">\n\t\t\t\t\t\t\t\t\t\t<li>2  Chambres, <\/li>\n\t\t\t\t\t\t\t\t\t\t<li>2  Bains, <\/li>\n\t\t\t\t\t\t\t\t\t\t<li>139 m&sup2; Construit<\/li>\n\t\t\t\t\t\t\t<\/ul>\n\t\t\t<div class=\"wpb--card-price\">\n\t\t\t\t640.000 &euro;<span>163-04190P<\/span>\t\t\t<\/div>\n\t\t<\/div>\n\t<\/div>\n<\/div>\n<div class=\"wpb--card\">\n\t<div class=\"wpb--aspect-box wpb--panoramic\">\n\t\t<a class=\"wpb--stretched-link\" href=\"\/fr\/propriete\/vente-rio-verde-playa-villa-595779\">\n\t\t\t\t\t\t\t<img decoding=\"async\" loading=\"lazy\" class=\"wpb--image-fit\" src=\"https:\/\/www.nevadomarbella.com\/wp-content\/uploads\/inmoba\/thumb-all-0.75-exact-595779.webp\" alt=\"Villa \u00e0 Rio Verde \u00e0 quelques m\u00e8tres de la plage \u00e0 vendre\" \/>\n\t\t\t\n\t\t\t\t\t<\/a>\n\t<\/div>\n\t<div class=\"wpb--card-body\">\n\t\t<span class=\"wpb--card-body-location\">Rio Verde Playa - Marbella Golden Mile<\/span>\n\t\t<h3 class=\"wpb--card-title\">\n\t\t\t<a class=\"wpb--stretched-link\" href=\"\/fr\/propriete\/vente-rio-verde-playa-villa-595779\">\n\t\t\t\tVilla \u00e0 Rio Verde \u00e0 quelques m\u00e8tres de la plage \u00e0 vendre\t\t\t<\/a>\n\t\t<\/h3>\n\t\t<div class=\"wpb--card-data\">\n\t\t\t<ul class=\"wpb--card-features\">\n\t\t\t\t\t\t\t\t\t\t<li>4  Chambres, <\/li>\n\t\t\t\t\t\t\t\t\t\t<li>5  Bains, <\/li>\n\t\t\t\t\t\t\t\t\t\t<li>414 m&sup2; Parcelle , <\/li>\n\t\t\t\t\t\t\t\t\t\t<li>434 m&sup2; Construit<\/li>\n\t\t\t\t\t\t\t<\/ul>\n\t\t\t<div class=\"wpb--card-price\">\n\t\t\t\t3.500.000 &euro;<span>163-04173P<\/span>\t\t\t<\/div>\n\t\t<\/div>\n\t<\/div>\n<\/div>\n<div class=\"wpb--card\">\n\t<div class=\"wpb--aspect-box wpb--panoramic\">\n\t\t<a class=\"wpb--stretched-link\" href=\"\/fr\/propriete\/vente-nagueles-villa-594657\">\n\t\t\t\t\t\t\t<img decoding=\"async\" loading=\"lazy\" class=\"wpb--image-fit\" src=\"https:\/\/www.nevadomarbella.com\/wp-content\/uploads\/inmoba\/thumb-all-0.75-exact-594657.webp\" alt=\"Villa \u00e0 Nagueles avec vue sur la mer \u00e0 vendre\" \/>\n\t\t\t\n\t\t\t\t\t<\/a>\n\t<\/div>\n\t<div class=\"wpb--card-body\">\n\t\t<span class=\"wpb--card-body-location\">Nag\u00fceles - Marbella Golden Mile<\/span>\n\t\t<h3 class=\"wpb--card-title\">\n\t\t\t<a class=\"wpb--stretched-link\" href=\"\/fr\/propriete\/vente-nagueles-villa-594657\">\n\t\t\t\tVilla \u00e0 Nagueles avec vue sur la mer \u00e0 vendre\t\t\t<\/a>\n\t\t<\/h3>\n\t\t<div class=\"wpb--card-data\">\n\t\t\t<ul class=\"wpb--card-features\">\n\t\t\t\t\t\t\t\t\t\t<li>5  Chambres, <\/li>\n\t\t\t\t\t\t\t\t\t\t<li>5  Bains, <\/li>\n\t\t\t\t\t\t\t\t\t\t<li>1.500 m&sup2; Parcelle , <\/li>\n\t\t\t\t\t\t\t\t\t\t<li>805 m&sup2; Construit<\/li>\n\t\t\t\t\t\t\t<\/ul>\n\t\t\t<div class=\"wpb--card-price\">\n\t\t\t\t4.290.000 &euro;<span>163-04170P<\/span>\t\t\t<\/div>\n\t\t<\/div>\n\t<\/div>\n<\/div>\n<div class=\"wpb--card\">\n\t<div class=\"wpb--aspect-box wpb--panoramic\">\n\t\t<a class=\"wpb--stretched-link\" href=\"\/fr\/propriete\/vente-balcones-de-sierra-blanca-maison-de-ville-593636\">\n\t\t\t\t\t\t\t<img decoding=\"async\" loading=\"lazy\" class=\"wpb--image-fit\" src=\"https:\/\/www.nevadomarbella.com\/wp-content\/uploads\/inmoba\/thumb-all-0.75-exact-593636.webp\" alt=\"Maison de ville dans l'Urbanisation Balcones de Sierra Blanca \u00e0 vendre\" \/>\n\t\t\t\n\t\t\t\t\t<\/a>\n\t<\/div>\n\t<div class=\"wpb--card-body\">\n\t\t<span class=\"wpb--card-body-location\">Balcones de Sierra Blanca - Marbella Golden Mile<\/span>\n\t\t<h3 class=\"wpb--card-title\">\n\t\t\t<a class=\"wpb--stretched-link\" href=\"\/fr\/propriete\/vente-balcones-de-sierra-blanca-maison-de-ville-593636\">\n\t\t\t\tMaison de ville dans l'Urbanisation Balcones de Sierra Blanca \u00e0 vendre\t\t\t<\/a>\n\t\t<\/h3>\n\t\t<div class=\"wpb--card-data\">\n\t\t\t<ul class=\"wpb--card-features\">\n\t\t\t\t\t\t\t\t\t\t<li>3  Chambres, <\/li>\n\t\t\t\t\t\t\t\t\t\t<li>1  Bain, <\/li>\n\t\t\t\t\t\t\t\t\t\t<li>127 m&sup2; Parcelle , <\/li>\n\t\t\t\t\t\t\t\t\t\t<li>112 m&sup2; Construit<\/li>\n\t\t\t\t\t\t\t<\/ul>\n\t\t\t<div class=\"wpb--card-price\">\n\t\t\t\t550.000 &euro;<span>163-04164P<\/span>\t\t\t<\/div>\n\t\t<\/div>\n\t<\/div>\n<\/div>\n<div class=\"wpb--card\">\n\t<div class=\"wpb--aspect-box wpb--panoramic\">\n\t\t<a class=\"wpb--stretched-link\" href=\"\/fr\/propriete\/vente-kings-hills-appartement-rez-de-chaussee-590543\">\n\t\t\t\t\t\t\t<img decoding=\"async\" loading=\"lazy\" class=\"wpb--image-fit\" src=\"https:\/\/www.nevadomarbella.com\/wp-content\/uploads\/inmoba\/thumb-all-0.75-exact-590543.webp\" alt=\"Appartement enti\u00e8rement r\u00e9nov\u00e9 au rez-de-chauss\u00e9e de l'urbanisation King Hills \u00e0 vendre\" \/>\n\t\t\t\n\t\t\t\t\t<\/a>\n\t<\/div>\n\t<div class=\"wpb--card-body\">\n\t\t<span class=\"wpb--card-body-location\">Kings Hills - Marbella Golden Mile<\/span>\n\t\t<h3 class=\"wpb--card-title\">\n\t\t\t<a class=\"wpb--stretched-link\" href=\"\/fr\/propriete\/vente-kings-hills-appartement-rez-de-chaussee-590543\">\n\t\t\t\tAppartement enti\u00e8rement r\u00e9nov\u00e9 au rez-de-chauss\u00e9e de l'urbanisation King Hills \u00e0 vendre\t\t\t<\/a>\n\t\t<\/h3>\n\t\t<div class=\"wpb--card-data\">\n\t\t\t<ul class=\"wpb--card-features\">\n\t\t\t\t\t\t\t\t\t\t<li>4  Chambres, <\/li>\n\t\t\t\t\t\t\t\t\t\t<li>3  Bains, <\/li>\n\t\t\t\t\t\t\t\t\t\t<li>470 m&sup2; Construit<\/li>\n\t\t\t\t\t\t\t<\/ul>\n\t\t\t<div class=\"wpb--card-price\">\n\t\t\t\t1.995.000 &euro;<span>163-04159P<\/span>\t\t\t<\/div>\n\t\t<\/div>\n\t<\/div>\n<\/div>\n<div class=\"wpb--card\">\n\t<div class=\"wpb--aspect-box wpb--panoramic\">\n\t\t<a class=\"wpb--stretched-link\" href=\"\/fr\/propriete\/vente-marina-puente-romano-appartement-585673\">\n\t\t\t\t\t\t\t<img decoding=\"async\" loading=\"lazy\" class=\"wpb--image-fit\" src=\"https:\/\/www.nevadomarbella.com\/wp-content\/uploads\/inmoba\/thumb-all-0.75-exact-585673.webp\" alt=\"Appartement enti\u00e8rement r\u00e9nov\u00e9 \u00e0 Marina Puente Romano \u00e0 vendre\" \/>\n\t\t\t\n\t\t\t\t\t<\/a>\n\t<\/div>\n\t<div class=\"wpb--card-body\">\n\t\t<span class=\"wpb--card-body-location\">Marina Puente Romano - Marbella Golden Mile<\/span>\n\t\t<h3 class=\"wpb--card-title\">\n\t\t\t<a class=\"wpb--stretched-link\" href=\"\/fr\/propriete\/vente-marina-puente-romano-appartement-585673\">\n\t\t\t\tAppartement enti\u00e8rement r\u00e9nov\u00e9 \u00e0 Marina Puente Romano \u00e0 vendre\t\t\t<\/a>\n\t\t<\/h3>\n\t\t<div class=\"wpb--card-data\">\n\t\t\t<ul class=\"wpb--card-features\">\n\t\t\t\t\t\t\t\t\t\t<li>3  Chambres, <\/li>\n\t\t\t\t\t\t\t\t\t\t<li>3  Bains, <\/li>\n\t\t\t\t\t\t\t\t\t\t<li>186 m&sup2; Construit<\/li>\n\t\t\t\t\t\t\t<\/ul>\n\t\t\t<div class=\"wpb--card-price\">\n\t\t\t\t4.650.000 &euro;<span>163-04129P<\/span>\t\t\t<\/div>\n\t\t<\/div>\n\t<\/div>\n<\/div>\n<div class=\"wpb--card\">\n\t<div class=\"wpb--aspect-box wpb--panoramic\">\n\t\t<a class=\"wpb--stretched-link\" href=\"\/fr\/propriete\/vente-altos-reales-appartement-rez-de-chaussee-579229\">\n\t\t\t\t\t\t\t<img decoding=\"async\" loading=\"lazy\" class=\"wpb--image-fit\" src=\"https:\/\/www.nevadomarbella.com\/wp-content\/uploads\/inmoba\/thumb-all-0.75-exact-579229.webp\" alt=\"Appartement enti\u00e8rement r\u00e9nov\u00e9 au rez-de-chauss\u00e9e d'Altos Reales \u00e0 vendre\" \/>\n\t\t\t\n\t\t\t\t\t<\/a>\n\t<\/div>\n\t<div class=\"wpb--card-body\">\n\t\t<span class=\"wpb--card-body-location\">Altos Reales - Marbella Golden Mile<\/span>\n\t\t<h3 class=\"wpb--card-title\">\n\t\t\t<a class=\"wpb--stretched-link\" href=\"\/fr\/propriete\/vente-altos-reales-appartement-rez-de-chaussee-579229\">\n\t\t\t\tAppartement enti\u00e8rement r\u00e9nov\u00e9 au rez-de-chauss\u00e9e d'Altos Reales \u00e0 vendre\t\t\t<\/a>\n\t\t<\/h3>\n\t\t<div class=\"wpb--card-data\">\n\t\t\t<ul class=\"wpb--card-features\">\n\t\t\t\t\t\t\t\t\t\t<li>3  Chambres, <\/li>\n\t\t\t\t\t\t\t\t\t\t<li>3  Bains, <\/li>\n\t\t\t\t\t\t\t\t\t\t<li>227 m&sup2; Construit<\/li>\n\t\t\t\t\t\t\t<\/ul>\n\t\t\t<div class=\"wpb--card-price\">\n\t\t\t\t1.995.000 &euro;<span>163-04112P<\/span>\t\t\t<\/div>\n\t\t<\/div>\n\t<\/div>\n<\/div>\n<div class=\"wpb--card\">\n\t<div class=\"wpb--aspect-box wpb--panoramic\">\n\t\t<a class=\"wpb--stretched-link\" href=\"\/fr\/propriete\/vente-epic-marbella-appartement-577766\">\n\t\t\t\t\t\t\t<img decoding=\"async\" loading=\"lazy\" class=\"wpb--image-fit\" src=\"https:\/\/www.nevadomarbella.com\/wp-content\/uploads\/inmoba\/thumb-all-0.75-exact-577766.webp\" alt=\"Appartement au rez-de-chauss\u00e9e dans l'urbanisation Epic By Fendi sur le Golden Mile \u00e0 vendre\" \/>\n\t\t\t\n\t\t\t\t\t<\/a>\n\t<\/div>\n\t<div class=\"wpb--card-body\">\n\t\t<span class=\"wpb--card-body-location\">Epic Marbella - Marbella Golden Mile<\/span>\n\t\t<h3 class=\"wpb--card-title\">\n\t\t\t<a class=\"wpb--stretched-link\" href=\"\/fr\/propriete\/vente-epic-marbella-appartement-577766\">\n\t\t\t\tAppartement au rez-de-chauss\u00e9e dans l'urbanisation Epic By Fendi sur le Golden Mile \u00e0 vendre\t\t\t<\/a>\n\t\t<\/h3>\n\t\t<div class=\"wpb--card-data\">\n\t\t\t<ul class=\"wpb--card-features\">\n\t\t\t\t\t\t\t\t\t\t<li>5  Chambres, <\/li>\n\t\t\t\t\t\t\t\t\t\t<li>6  Bains, <\/li>\n\t\t\t\t\t\t\t\t\t\t<li>474 m&sup2; Construit<\/li>\n\t\t\t\t\t\t\t<\/ul>\n\t\t\t<div class=\"wpb--card-price\">\n\t\t\t\t6.195.000 &euro;<span>163-04106P<\/span>\t\t\t<\/div>\n\t\t<\/div>\n\t<\/div>\n<\/div>\n<div class=\"wpb--card\">\n\t<div class=\"wpb--aspect-box wpb--panoramic\">\n\t\t<a class=\"wpb--stretched-link\" href=\"\/fr\/propriete\/vente-jardines-del-mar-appartement-573600\">\n\t\t\t\t\t\t\t<img decoding=\"async\" loading=\"lazy\" class=\"wpb--image-fit\" src=\"https:\/\/www.nevadomarbella.com\/wp-content\/uploads\/inmoba\/thumb-all-0.75-exact-573600.webp\" alt=\"Appartement \u00e0 Jardines del Mar en deuxi\u00e8me ligne de plage avec vue sur la mer \u00e0 vendre\" \/>\n\t\t\t\n\t\t\t\t\t\t\t<span class=\"wpb--card-label\">Vendu<\/span>\n\t\t\t\t\t<\/a>\n\t<\/div>\n\t<div class=\"wpb--card-body\">\n\t\t<span class=\"wpb--card-body-location\">Jardines del Mar - Marbella Golden Mile<\/span>\n\t\t<h3 class=\"wpb--card-title\">\n\t\t\t<a class=\"wpb--stretched-link\" href=\"\/fr\/propriete\/vente-jardines-del-mar-appartement-573600\">\n\t\t\t\tAppartement \u00e0 Jardines del Mar en deuxi\u00e8me ligne de plage avec vue sur la mer \u00e0 vendre\t\t\t<\/a>\n\t\t<\/h3>\n\t\t<div class=\"wpb--card-data\">\n\t\t\t<ul class=\"wpb--card-features\">\n\t\t\t\t\t\t\t\t\t\t<li>1  Lit, <\/li>\n\t\t\t\t\t\t\t\t\t\t<li>1  Bain, <\/li>\n\t\t\t\t\t\t\t\t\t\t<li>73 m&sup2; Construit<\/li>\n\t\t\t\t\t\t\t<\/ul>\n\t\t\t<div class=\"wpb--card-price\">\n\t\t\t\tVendu<span>163-04089P<\/span>\t\t\t<\/div>\n\t\t<\/div>\n\t<\/div>\n<\/div>\n<div class=\"wpb--card\">\n\t<div class=\"wpb--aspect-box wpb--panoramic\">\n\t\t<a class=\"wpb--stretched-link\" href=\"\/fr\/propriete\/vente-lomas-del-virrey-villa-572744\">\n\t\t\t\t\t\t\t<img decoding=\"async\" loading=\"lazy\" class=\"wpb--image-fit\" src=\"https:\/\/www.nevadomarbella.com\/wp-content\/uploads\/inmoba\/thumb-all-0.75-exact-572744.webp\" alt=\"Villa \u00e0 Lomas del Virrey dans une communaut\u00e9 ferm\u00e9e avec vue panoramique \u00e0 vendre\" \/>\n\t\t\t\n\t\t\t\t\t<\/a>\n\t<\/div>\n\t<div class=\"wpb--card-body\">\n\t\t<span class=\"wpb--card-body-location\">Lomas del Virrey - Marbella Golden Mile<\/span>\n\t\t<h3 class=\"wpb--card-title\">\n\t\t\t<a class=\"wpb--stretched-link\" href=\"\/fr\/propriete\/vente-lomas-del-virrey-villa-572744\">\n\t\t\t\tVilla \u00e0 Lomas del Virrey dans une communaut\u00e9 ferm\u00e9e avec vue panoramique \u00e0 vendre\t\t\t<\/a>\n\t\t<\/h3>\n\t\t<div class=\"wpb--card-data\">\n\t\t\t<ul class=\"wpb--card-features\">\n\t\t\t\t\t\t\t\t\t\t<li>5  Chambres, <\/li>\n\t\t\t\t\t\t\t\t\t\t<li>6  Bains, <\/li>\n\t\t\t\t\t\t\t\t\t\t<li>2.105 m&sup2; Parcelle , <\/li>\n\t\t\t\t\t\t\t\t\t\t<li>877 m&sup2; Construit<\/li>\n\t\t\t\t\t\t\t<\/ul>\n\t\t\t<div class=\"wpb--card-price\">\n\t\t\t\t4.600.000 &euro;<span>163-04083P<\/span>\t\t\t<\/div>\n\t\t<\/div>\n\t<\/div>\n<\/div>\n<div class=\"wpb--card\">\n\t<div class=\"wpb--aspect-box wpb--panoramic\">\n\t\t<a class=\"wpb--stretched-link\" href=\"\/fr\/propriete\/vente-golden-mile-villa-572690\">\n\t\t\t\t\t\t\t<img decoding=\"async\" loading=\"lazy\" class=\"wpb--image-fit\" src=\"https:\/\/www.nevadomarbella.com\/wp-content\/uploads\/inmoba\/thumb-all-0.75-exact-572690.webp\" alt=\"Villa Golden Mile tr\u00e8s proche de la plage \u00e0 vendre\" \/>\n\t\t\t\n\t\t\t\t\t<\/a>\n\t<\/div>\n\t<div class=\"wpb--card-body\">\n\t\t<span class=\"wpb--card-body-location\">Marbella Golden Mile<\/span>\n\t\t<h3 class=\"wpb--card-title\">\n\t\t\t<a class=\"wpb--stretched-link\" href=\"\/fr\/propriete\/vente-golden-mile-villa-572690\">\n\t\t\t\tVilla Golden Mile tr\u00e8s proche de la plage \u00e0 vendre\t\t\t<\/a>\n\t\t<\/h3>\n\t\t<div class=\"wpb--card-data\">\n\t\t\t<ul class=\"wpb--card-features\">\n\t\t\t\t\t\t\t\t\t\t<li>5  Chambres, <\/li>\n\t\t\t\t\t\t\t\t\t\t<li>5  Bains, <\/li>\n\t\t\t\t\t\t\t\t\t\t<li>1.602 m&sup2; Parcelle , <\/li>\n\t\t\t\t\t\t\t\t\t\t<li>1.318 m&sup2; Construit<\/li>\n\t\t\t\t\t\t\t<\/ul>\n\t\t\t<div class=\"wpb--card-price\">\n\t\t\t\t12.400.000 &euro;<span>163-04080P<\/span>\t\t\t<\/div>\n\t\t<\/div>\n\t<\/div>\n<\/div>\n<div class=\"wpb--card\">\n\t<div class=\"wpb--aspect-box wpb--panoramic\">\n\t\t<a class=\"wpb--stretched-link\" href=\"\/fr\/propriete\/vente-la-carolina-appartement-rez-de-chaussee-568673\">\n\t\t\t\t\t\t\t<img decoding=\"async\" loading=\"lazy\" class=\"wpb--image-fit\" src=\"https:\/\/www.nevadomarbella.com\/wp-content\/uploads\/inmoba\/thumb-all-0.75-exact-568673.webp\" alt=\"Appartement \u00e0 Jardines de  La Caridad \u00e0 vendre\" \/>\n\t\t\t\n\t\t\t\t\t\t\t<span class=\"wpb--card-label\">Vendu<\/span>\n\t\t\t\t\t<\/a>\n\t<\/div>\n\t<div class=\"wpb--card-body\">\n\t\t<span class=\"wpb--card-body-location\">La Carolina - Marbella Golden Mile<\/span>\n\t\t<h3 class=\"wpb--card-title\">\n\t\t\t<a class=\"wpb--stretched-link\" href=\"\/fr\/propriete\/vente-la-carolina-appartement-rez-de-chaussee-568673\">\n\t\t\t\tAppartement \u00e0 Jardines de  La Caridad \u00e0 vendre\t\t\t<\/a>\n\t\t<\/h3>\n\t\t<div class=\"wpb--card-data\">\n\t\t\t<ul class=\"wpb--card-features\">\n\t\t\t\t\t\t\t\t\t\t<li>3  Chambres, <\/li>\n\t\t\t\t\t\t\t\t\t\t<li>3  Bains, <\/li>\n\t\t\t\t\t\t\t\t\t\t<li>133 m&sup2; Construit<\/li>\n\t\t\t\t\t\t\t<\/ul>\n\t\t\t<div class=\"wpb--card-price\">\n\t\t\t\tVendu<span>163-04068P<\/span>\t\t\t<\/div>\n\t\t<\/div>\n\t<\/div>\n<\/div>\n<div class=\"wpb--card\">\n\t<div class=\"wpb--aspect-box wpb--panoramic\">\n\t\t<a class=\"wpb--stretched-link\" href=\"\/fr\/propriete\/vente-lomas-del-rey-villa-566752\">\n\t\t\t\t\t\t\t<img decoding=\"async\" loading=\"lazy\" class=\"wpb--image-fit\" src=\"https:\/\/www.nevadomarbella.com\/wp-content\/uploads\/inmoba\/thumb-all-0.75-exact-566752.webp\" alt=\"Villa de construction r\u00e9cente \u00e0 vendre \u00e0 Nueva Andalucia\" \/>\n\t\t\t\n\t\t\t\t\t<\/a>\n\t<\/div>\n\t<div class=\"wpb--card-body\">\n\t\t<span class=\"wpb--card-body-location\">Lomas del Rey - Marbella Golden Mile<\/span>\n\t\t<h3 class=\"wpb--card-title\">\n\t\t\t<a class=\"wpb--stretched-link\" href=\"\/fr\/propriete\/vente-lomas-del-rey-villa-566752\">\n\t\t\t\tVilla de construction r\u00e9cente \u00e0 vendre \u00e0 Nueva Andalucia\t\t\t<\/a>\n\t\t<\/h3>\n\t\t<div class=\"wpb--card-data\">\n\t\t\t<ul class=\"wpb--card-features\">\n\t\t\t\t\t\t\t\t\t\t<li>4  Chambres, <\/li>\n\t\t\t\t\t\t\t\t\t\t<li>6  Bains, <\/li>\n\t\t\t\t\t\t\t\t\t\t<li>1.100 m&sup2; Parcelle , <\/li>\n\t\t\t\t\t\t\t\t\t\t<li>858 m&sup2; Construit<\/li>\n\t\t\t\t\t\t\t<\/ul>\n\t\t\t<div class=\"wpb--card-price\">\n\t\t\t\t4.850.000 &euro;<span>163-04064P<\/span>\t\t\t<\/div>\n\t\t<\/div>\n\t<\/div>\n<\/div>\n<div class=\"wpb--card\">\n\t<div class=\"wpb--aspect-box wpb--panoramic\">\n\t\t<a class=\"wpb--stretched-link\" href=\"\/fr\/propriete\/vente-golden-mile-villa-565066\">\n\t\t\t\t\t\t\t<img decoding=\"async\" loading=\"lazy\" class=\"wpb--image-fit\" src=\"https:\/\/www.nevadomarbella.com\/wp-content\/uploads\/inmoba\/thumb-all-0.75-exact-565066.webp\" alt=\"Villa de conception moderne \u00e0 vendre sur le Golden Mile\" \/>\n\t\t\t\n\t\t\t\t\t<\/a>\n\t<\/div>\n\t<div class=\"wpb--card-body\">\n\t\t<span class=\"wpb--card-body-location\">Marbella Golden Mile<\/span>\n\t\t<h3 class=\"wpb--card-title\">\n\t\t\t<a class=\"wpb--stretched-link\" href=\"\/fr\/propriete\/vente-golden-mile-villa-565066\">\n\t\t\t\tVilla de conception moderne \u00e0 vendre sur le Golden Mile\t\t\t<\/a>\n\t\t<\/h3>\n\t\t<div class=\"wpb--card-data\">\n\t\t\t<ul class=\"wpb--card-features\">\n\t\t\t\t\t\t\t\t\t\t<li>5  Chambres, <\/li>\n\t\t\t\t\t\t\t\t\t\t<li>5  Bains, <\/li>\n\t\t\t\t\t\t\t\t\t\t<li>1.198 m&sup2; Parcelle , <\/li>\n\t\t\t\t\t\t\t\t\t\t<li>1.053 m&sup2; Construit<\/li>\n\t\t\t\t\t\t\t<\/ul>\n\t\t\t<div class=\"wpb--card-price\">\n\t\t\t\t4.650.000 &euro;<span>163-04058P<\/span>\t\t\t<\/div>\n\t\t<\/div>\n\t<\/div>\n<\/div>\n<div class=\"wpb--card\">\n\t<div class=\"wpb--aspect-box wpb--panoramic\">\n\t\t<a class=\"wpb--stretched-link\" href=\"\/fr\/propriete\/vente-marina-puente-romano-appartement-549815\">\n\t\t\t\t\t\t\t<img decoding=\"async\" loading=\"lazy\" class=\"wpb--image-fit\" src=\"https:\/\/www.nevadomarbella.com\/wp-content\/uploads\/inmoba\/thumb-all-0.75-exact-549815.webp\" alt=\"Appartement en front de mer \u00e0 Marina Puente Romano \u00e0 vendre\" \/>\n\t\t\t\n\t\t\t\t\t<\/a>\n\t<\/div>\n\t<div class=\"wpb--card-body\">\n\t\t<span class=\"wpb--card-body-location\">Marina Puente Romano - Marbella Golden Mile<\/span>\n\t\t<h3 class=\"wpb--card-title\">\n\t\t\t<a class=\"wpb--stretched-link\" href=\"\/fr\/propriete\/vente-marina-puente-romano-appartement-549815\">\n\t\t\t\tAppartement en front de mer \u00e0 Marina Puente Romano \u00e0 vendre\t\t\t<\/a>\n\t\t<\/h3>\n\t\t<div class=\"wpb--card-data\">\n\t\t\t<ul class=\"wpb--card-features\">\n\t\t\t\t\t\t\t\t\t\t<li>3  Chambres, <\/li>\n\t\t\t\t\t\t\t\t\t\t<li>3  Bains, <\/li>\n\t\t\t\t\t\t\t\t\t\t<li>167 m&sup2; Construit<\/li>\n\t\t\t\t\t\t\t<\/ul>\n\t\t\t<div class=\"wpb--card-price\">\n\t\t\t\t6.995.000 &euro;<span>163-04002P<\/span>\t\t\t<\/div>\n\t\t<\/div>\n\t<\/div>\n<\/div>\n<div class=\"wpb--card\">\n\t<div class=\"wpb--aspect-box wpb--panoramic\">\n\t\t<a class=\"wpb--stretched-link\" href=\"\/fr\/propriete\/vente-benalus-appartement-terrasse-545141\">\n\t\t\t\t\t\t\t<img decoding=\"async\" loading=\"lazy\" class=\"wpb--image-fit\" src=\"https:\/\/www.nevadomarbella.com\/wp-content\/uploads\/inmoba\/thumb-all-0.75-exact-545141.webp\" alt=\"Penthouse \u00e0 Golden Mile avec vue sur la mer \u00e0 vendre\" \/>\n\t\t\t\n\t\t\t\t\t<\/a>\n\t<\/div>\n\t<div class=\"wpb--card-body\">\n\t\t<span class=\"wpb--card-body-location\">Benal\u00fas - Marbella Golden Mile<\/span>\n\t\t<h3 class=\"wpb--card-title\">\n\t\t\t<a class=\"wpb--stretched-link\" href=\"\/fr\/propriete\/vente-benalus-appartement-terrasse-545141\">\n\t\t\t\tPenthouse \u00e0 Golden Mile avec vue sur la mer \u00e0 vendre\t\t\t<\/a>\n\t\t<\/h3>\n\t\t<div class=\"wpb--card-data\">\n\t\t\t<ul class=\"wpb--card-features\">\n\t\t\t\t\t\t\t\t\t\t<li>4  Chambres, <\/li>\n\t\t\t\t\t\t\t\t\t\t<li>4  Bains, <\/li>\n\t\t\t\t\t\t\t\t\t\t<li>275 m&sup2; Construit<\/li>\n\t\t\t\t\t\t\t<\/ul>\n\t\t\t<div class=\"wpb--card-price\">\n\t\t\t\t5.900.000 &euro;<span>163-03974P<\/span>\t\t\t<\/div>\n\t\t<\/div>\n\t<\/div>\n<\/div>\n<div class=\"wpb--card\">\n\t<div class=\"wpb--aspect-box wpb--panoramic\">\n\t\t<a class=\"wpb--stretched-link\" href=\"\/fr\/propriete\/vente-sierra-blanca-villa-544049\">\n\t\t\t\t\t\t\t<img decoding=\"async\" loading=\"lazy\" class=\"wpb--image-fit\" src=\"https:\/\/www.nevadomarbella.com\/wp-content\/uploads\/inmoba\/thumb-all-0.75-exact-544049.webp\" alt=\"Villa dans l'Urbanisation Sierra Blanca avec vue panoramique sur la mer \u00e0 vendre\" \/>\n\t\t\t\n\t\t\t\t\t<\/a>\n\t<\/div>\n\t<div class=\"wpb--card-body\">\n\t\t<span class=\"wpb--card-body-location\">Sierra Blanca - Marbella Golden Mile<\/span>\n\t\t<h3 class=\"wpb--card-title\">\n\t\t\t<a class=\"wpb--stretched-link\" href=\"\/fr\/propriete\/vente-sierra-blanca-villa-544049\">\n\t\t\t\tVilla dans l'Urbanisation Sierra Blanca avec vue panoramique sur la mer \u00e0 vendre\t\t\t<\/a>\n\t\t<\/h3>\n\t\t<div class=\"wpb--card-data\">\n\t\t\t<ul class=\"wpb--card-features\">\n\t\t\t\t\t\t\t\t\t\t<li>6  Chambres, <\/li>\n\t\t\t\t\t\t\t\t\t\t<li>6  Bains, <\/li>\n\t\t\t\t\t\t\t\t\t\t<li>1.531 m&sup2; Parcelle , <\/li>\n\t\t\t\t\t\t\t\t\t\t<li>1.048 m&sup2; Construit<\/li>\n\t\t\t\t\t\t\t<\/ul>\n\t\t\t<div class=\"wpb--card-price\">\n\t\t\t\t14.500.000 &euro;<span>163-03965P<\/span>\t\t\t<\/div>\n\t\t<\/div>\n\t<\/div>\n<\/div>\n<div class=\"wpb--card\">\n\t<div class=\"wpb--aspect-box wpb--panoramic\">\n\t\t<a class=\"wpb--stretched-link\" href=\"\/fr\/propriete\/vente-jardines-del-principe-appartement-506299\">\n\t\t\t\t\t\t\t<img decoding=\"async\" loading=\"lazy\" class=\"wpb--image-fit\" src=\"https:\/\/www.nevadomarbella.com\/wp-content\/uploads\/inmoba\/thumb-all-0.75-exact-506299.webp\" alt=\"Appartement \u00e0 Jardines del Pr\u00edncipe, centre de Marbella, \u00e0 vendre\" \/>\n\t\t\t\n\t\t\t\t\t\t\t<span class=\"wpb--card-label\">Vendu<\/span>\n\t\t\t\t\t<\/a>\n\t<\/div>\n\t<div class=\"wpb--card-body\">\n\t\t<span class=\"wpb--card-body-location\">Jardines del Principe - Marbella Golden Mile<\/span>\n\t\t<h3 class=\"wpb--card-title\">\n\t\t\t<a class=\"wpb--stretched-link\" href=\"\/fr\/propriete\/vente-jardines-del-principe-appartement-506299\">\n\t\t\t\tAppartement \u00e0 Jardines del Pr\u00edncipe, centre de Marbella, \u00e0 vendre\t\t\t<\/a>\n\t\t<\/h3>\n\t\t<div class=\"wpb--card-data\">\n\t\t\t<ul class=\"wpb--card-features\">\n\t\t\t\t\t\t\t\t\t\t<li>3  Chambres, <\/li>\n\t\t\t\t\t\t\t\t\t\t<li>3  Bains, <\/li>\n\t\t\t\t\t\t\t\t\t\t<li>192 m&sup2; Construit<\/li>\n\t\t\t\t\t\t\t<\/ul>\n\t\t\t<div class=\"wpb--card-price\">\n\t\t\t\tVendu<span>163-03877P<\/span>\t\t\t<\/div>\n\t\t<\/div>\n\t<\/div>\n<\/div>\n<div class=\"wpb--card\">\n\t<div class=\"wpb--aspect-box wpb--panoramic\">\n\t\t<a class=\"wpb--stretched-link\" href=\"\/fr\/propriete\/vente-marina-puente-romano-appartement-492965\">\n\t\t\t\t\t\t\t<img decoding=\"async\" loading=\"lazy\" class=\"wpb--image-fit\" src=\"https:\/\/www.nevadomarbella.com\/wp-content\/uploads\/inmoba\/thumb-all-0.75-exact-492965.webp\" alt=\"Appartement r\u00e9cemment r\u00e9nov\u00e9 \u00e0 Marina Puente Romano \u00e0 vendre.\" \/>\n\t\t\t\n\t\t\t\t\t<\/a>\n\t<\/div>\n\t<div class=\"wpb--card-body\">\n\t\t<span class=\"wpb--card-body-location\">Marina Puente Romano - Marbella Golden Mile<\/span>\n\t\t<h3 class=\"wpb--card-title\">\n\t\t\t<a class=\"wpb--stretched-link\" href=\"\/fr\/propriete\/vente-marina-puente-romano-appartement-492965\">\n\t\t\t\tAppartement r\u00e9cemment r\u00e9nov\u00e9 \u00e0 Marina Puente Romano \u00e0 vendre.\t\t\t<\/a>\n\t\t<\/h3>\n\t\t<div class=\"wpb--card-data\">\n\t\t\t<ul class=\"wpb--card-features\">\n\t\t\t\t\t\t\t\t\t\t<li>3  Chambres, <\/li>\n\t\t\t\t\t\t\t\t\t\t<li>3  Bains, <\/li>\n\t\t\t\t\t\t\t\t\t\t<li>198 m&sup2; Construit<\/li>\n\t\t\t\t\t\t\t<\/ul>\n\t\t\t<div class=\"wpb--card-price\">\n\t\t\t\t4.250.000 &euro;<span>163-03827P<\/span>\t\t\t<\/div>\n\t\t<\/div>\n\t<\/div>\n<\/div>\n<div class=\"wpb--card\">\n\t<div class=\"wpb--aspect-box wpb--panoramic\">\n\t\t<a class=\"wpb--stretched-link\" href=\"\/fr\/propriete\/vente-residencial-palacio-de-congresos-appartement-492319\">\n\t\t\t\t\t\t\t<img decoding=\"async\" loading=\"lazy\" class=\"wpb--image-fit\" src=\"https:\/\/www.nevadomarbella.com\/wp-content\/uploads\/inmoba\/thumb-all-0.75-exact-492319.webp\" alt=\"Appartement proche de la plage \u00e0 Marbella centre \u00e0 vendre\" \/>\n\t\t\t\n\t\t\t\t\t\t\t<span class=\"wpb--card-label\">Vendu<\/span>\n\t\t\t\t\t<\/a>\n\t<\/div>\n\t<div class=\"wpb--card-body\">\n\t\t<span class=\"wpb--card-body-location\">Residencial Palacio de Congresos - Marbella Golden Mile<\/span>\n\t\t<h3 class=\"wpb--card-title\">\n\t\t\t<a class=\"wpb--stretched-link\" href=\"\/fr\/propriete\/vente-residencial-palacio-de-congresos-appartement-492319\">\n\t\t\t\tAppartement proche de la plage \u00e0 Marbella centre \u00e0 vendre\t\t\t<\/a>\n\t\t<\/h3>\n\t\t<div class=\"wpb--card-data\">\n\t\t\t<ul class=\"wpb--card-features\">\n\t\t\t\t\t\t\t\t\t\t<li>3  Chambres, <\/li>\n\t\t\t\t\t\t\t\t\t\t<li>3  Bains, <\/li>\n\t\t\t\t\t\t\t\t\t\t<li>163 m&sup2; Construit<\/li>\n\t\t\t\t\t\t\t<\/ul>\n\t\t\t<div class=\"wpb--card-price\">\n\t\t\t\tVendu<span>163-03825P<\/span>\t\t\t<\/div>\n\t\t<\/div>\n\t<\/div>\n<\/div>\n<div class=\"wpb--card\">\n\t<div class=\"wpb--aspect-box wpb--panoramic\">\n\t\t<a class=\"wpb--stretched-link\" href=\"\/fr\/propriete\/vente-marina-mariola-appartement-terrasse-492042\">\n\t\t\t\t\t\t\t<img decoding=\"async\" loading=\"lazy\" class=\"wpb--image-fit\" src=\"https:\/\/www.nevadomarbella.com\/wp-content\/uploads\/inmoba\/thumb-all-0.75-exact-492042.webp\" alt=\"Penthouse au centre de Marbella en bord de mer \u00e0 vendre\" \/>\n\t\t\t\n\t\t\t\t\t<\/a>\n\t<\/div>\n\t<div class=\"wpb--card-body\">\n\t\t<span class=\"wpb--card-body-location\">Marina Mariola - Marbella Golden Mile<\/span>\n\t\t<h3 class=\"wpb--card-title\">\n\t\t\t<a class=\"wpb--stretched-link\" href=\"\/fr\/propriete\/vente-marina-mariola-appartement-terrasse-492042\">\n\t\t\t\tPenthouse au centre de Marbella en bord de mer \u00e0 vendre\t\t\t<\/a>\n\t\t<\/h3>\n\t\t<div class=\"wpb--card-data\">\n\t\t\t<ul class=\"wpb--card-features\">\n\t\t\t\t\t\t\t\t\t\t<li>3  Chambres, <\/li>\n\t\t\t\t\t\t\t\t\t\t<li>3  Bains, <\/li>\n\t\t\t\t\t\t\t\t\t\t<li>110 m&sup2; Construit<\/li>\n\t\t\t\t\t\t\t<\/ul>\n\t\t\t<div class=\"wpb--card-price\">\n\t\t\t\t3.480.000 &euro;<span>163-03824P<\/span>\t\t\t<\/div>\n\t\t<\/div>\n\t<\/div>\n<\/div>\n<div class=\"wpb--card\">\n\t<div class=\"wpb--aspect-box wpb--panoramic\">\n\t\t<a class=\"wpb--stretched-link\" href=\"\/fr\/propriete\/vente-marina-puente-romano-appartement-487581\">\n\t\t\t\t\t\t\t<img decoding=\"async\" loading=\"lazy\" class=\"wpb--image-fit\" src=\"https:\/\/www.nevadomarbella.com\/wp-content\/uploads\/inmoba\/thumb-all-0.75-exact-487581.webp\" alt=\"Appartement r\u00e9cemment r\u00e9nov\u00e9 \u00e0 Marina Puente Romano \u00e0 vendre\" \/>\n\t\t\t\n\t\t\t\t\t<\/a>\n\t<\/div>\n\t<div class=\"wpb--card-body\">\n\t\t<span class=\"wpb--card-body-location\">Marina Puente Romano - Marbella Golden Mile<\/span>\n\t\t<h3 class=\"wpb--card-title\">\n\t\t\t<a class=\"wpb--stretched-link\" href=\"\/fr\/propriete\/vente-marina-puente-romano-appartement-487581\">\n\t\t\t\tAppartement r\u00e9cemment r\u00e9nov\u00e9 \u00e0 Marina Puente Romano \u00e0 vendre\t\t\t<\/a>\n\t\t<\/h3>\n\t\t<div class=\"wpb--card-data\">\n\t\t\t<ul class=\"wpb--card-features\">\n\t\t\t\t\t\t\t\t\t\t<li>3  Chambres, <\/li>\n\t\t\t\t\t\t\t\t\t\t<li>3  Bains, <\/li>\n\t\t\t\t\t\t\t\t\t\t<li>138 m&sup2; Construit<\/li>\n\t\t\t\t\t\t\t<\/ul>\n\t\t\t<div class=\"wpb--card-price\">\n\t\t\t\t4.150.000 &euro;<span>163-03816P<\/span>\t\t\t<\/div>\n\t\t<\/div>\n\t<\/div>\n<\/div>\n<div class=\"wpb--card\">\n\t<div class=\"wpb--aspect-box wpb--panoramic\">\n\t\t<a class=\"wpb--stretched-link\" href=\"\/fr\/propriete\/vente-puente-romano-appartement-486155\">\n\t\t\t\t\t\t\t<img decoding=\"async\" loading=\"lazy\" class=\"wpb--image-fit\" src=\"https:\/\/www.nevadomarbella.com\/wp-content\/uploads\/inmoba\/thumb-all-0.75-exact-486155.webp\" alt=\"Appartement enti\u00e8rement r\u00e9nov\u00e9 \u00e0 Marina Puente Romano \u00e0 vendre\" \/>\n\t\t\t\n\t\t\t\t\t<\/a>\n\t<\/div>\n\t<div class=\"wpb--card-body\">\n\t\t<span class=\"wpb--card-body-location\">Puente Romano - Marbella Golden Mile<\/span>\n\t\t<h3 class=\"wpb--card-title\">\n\t\t\t<a class=\"wpb--stretched-link\" href=\"\/fr\/propriete\/vente-puente-romano-appartement-486155\">\n\t\t\t\tAppartement enti\u00e8rement r\u00e9nov\u00e9 \u00e0 Marina Puente Romano \u00e0 vendre\t\t\t<\/a>\n\t\t<\/h3>\n\t\t<div class=\"wpb--card-data\">\n\t\t\t<ul class=\"wpb--card-features\">\n\t\t\t\t\t\t\t\t\t\t<li>3  Chambres, <\/li>\n\t\t\t\t\t\t\t\t\t\t<li>3  Bains, <\/li>\n\t\t\t\t\t\t\t\t\t\t<li>118 m&sup2; Construit<\/li>\n\t\t\t\t\t\t\t<\/ul>\n\t\t\t<div class=\"wpb--card-price\">\n\t\t\t\t3.500.000 &euro;<span>163-03811P<\/span>\t\t\t<\/div>\n\t\t<\/div>\n\t<\/div>\n<\/div>\n<div class=\"wpb--card\">\n\t<div class=\"wpb--aspect-box wpb--panoramic\">\n\t\t<a class=\"wpb--stretched-link\" href=\"\/fr\/propriete\/vente-marbella-golden-mile-appartement-terrasse-484735\">\n\t\t\t\t\t\t\t<img decoding=\"async\" loading=\"lazy\" class=\"wpb--image-fit\" src=\"https:\/\/www.nevadomarbella.com\/wp-content\/uploads\/inmoba\/thumb-all-0.75-exact-484735.webp\" alt=\"Appartement nouvellement construit sur le Golden Mile dans un d\u00e9veloppement ferm\u00e9 \u00e0 vendre\" \/>\n\t\t\t\n\t\t\t\t\t<\/a>\n\t<\/div>\n\t<div class=\"wpb--card-body\">\n\t\t<span class=\"wpb--card-body-location\">Marbella Golden Mile<\/span>\n\t\t<h3 class=\"wpb--card-title\">\n\t\t\t<a class=\"wpb--stretched-link\" href=\"\/fr\/propriete\/vente-marbella-golden-mile-appartement-terrasse-484735\">\n\t\t\t\tAppartement nouvellement construit sur le Golden Mile dans un d\u00e9veloppement ferm\u00e9 \u00e0 vendre\t\t\t<\/a>\n\t\t<\/h3>\n\t\t<div class=\"wpb--card-data\">\n\t\t\t<ul class=\"wpb--card-features\">\n\t\t\t\t\t\t\t\t\t\t<li>4  Chambres, <\/li>\n\t\t\t\t\t\t\t\t\t\t<li>4  Bains, <\/li>\n\t\t\t\t\t\t\t\t\t\t<li>659 m&sup2; Construit<\/li>\n\t\t\t\t\t\t\t<\/ul>\n\t\t\t<div class=\"wpb--card-price\">\n\t\t\t\t5.350.000 &euro;<span>163-03804P-DUP<\/span>\t\t\t<\/div>\n\t\t<\/div>\n\t<\/div>\n<\/div>\n<div class=\"wpb--card\">\n\t<div class=\"wpb--aspect-box wpb--panoramic\">\n\t\t<a class=\"wpb--stretched-link\" href=\"\/fr\/propriete\/vente-cascada-de-camojan-villa-482442\">\n\t\t\t\t\t\t\t<img decoding=\"async\" loading=\"lazy\" class=\"wpb--image-fit\" src=\"https:\/\/www.nevadomarbella.com\/wp-content\/uploads\/inmoba\/thumb-all-0.75-exact-482442.webp\" alt=\"Villa nouvellement construite \u00e0 Cascada de Camoj\u00e1n \u00e0 vendre\" \/>\n\t\t\t\n\t\t\t\t\t<\/a>\n\t<\/div>\n\t<div class=\"wpb--card-body\">\n\t\t<span class=\"wpb--card-body-location\">Cascada de Camojan - Marbella Golden Mile<\/span>\n\t\t<h3 class=\"wpb--card-title\">\n\t\t\t<a class=\"wpb--stretched-link\" href=\"\/fr\/propriete\/vente-cascada-de-camojan-villa-482442\">\n\t\t\t\tVilla nouvellement construite \u00e0 Cascada de Camoj\u00e1n \u00e0 vendre\t\t\t<\/a>\n\t\t<\/h3>\n\t\t<div class=\"wpb--card-data\">\n\t\t\t<ul class=\"wpb--card-features\">\n\t\t\t\t\t\t\t\t\t\t<li>6  Chambres, <\/li>\n\t\t\t\t\t\t\t\t\t\t<li>7  Bains, <\/li>\n\t\t\t\t\t\t\t\t\t\t<li>1.177 m&sup2; Parcelle , <\/li>\n\t\t\t\t\t\t\t\t\t\t<li>708 m&sup2; Construit<\/li>\n\t\t\t\t\t\t\t<\/ul>\n\t\t\t<div class=\"wpb--card-price\">\n\t\t\t\t7.800.000 &euro;<span>163-03787P<\/span>\t\t\t<\/div>\n\t\t<\/div>\n\t<\/div>\n<\/div>\n<div class=\"wpb--card\">\n\t<div class=\"wpb--aspect-box wpb--panoramic\">\n\t\t<a class=\"wpb--stretched-link\" href=\"\/fr\/propriete\/vente-cascada-de-camojan-villa-482376\">\n\t\t\t\t\t\t\t<img decoding=\"async\" loading=\"lazy\" class=\"wpb--image-fit\" src=\"https:\/\/www.nevadomarbella.com\/wp-content\/uploads\/inmoba\/thumb-all-0.75-exact-482376.webp\" alt=\"Villa nouvellement construite dans l'Urbanisation Cascada de Camoj\u00e1n avec vue panoramique sur la mer \u00e0 vendre\" \/>\n\t\t\t\n\t\t\t\t\t<\/a>\n\t<\/div>\n\t<div class=\"wpb--card-body\">\n\t\t<span class=\"wpb--card-body-location\">Cascada de Camojan - Marbella Golden Mile<\/span>\n\t\t<h3 class=\"wpb--card-title\">\n\t\t\t<a class=\"wpb--stretched-link\" href=\"\/fr\/propriete\/vente-cascada-de-camojan-villa-482376\">\n\t\t\t\tVilla nouvellement construite dans l'Urbanisation Cascada de Camoj\u00e1n avec vue panoramique sur la mer \u00e0 vendre\t\t\t<\/a>\n\t\t<\/h3>\n\t\t<div class=\"wpb--card-data\">\n\t\t\t<ul class=\"wpb--card-features\">\n\t\t\t\t\t\t\t\t\t\t<li>5  Chambres, <\/li>\n\t\t\t\t\t\t\t\t\t\t<li>6  Bains, <\/li>\n\t\t\t\t\t\t\t\t\t\t<li>1.095 m&sup2; Parcelle , <\/li>\n\t\t\t\t\t\t\t\t\t\t<li>1.407 m&sup2; Construit<\/li>\n\t\t\t\t\t\t\t<\/ul>\n\t\t\t<div class=\"wpb--card-price\">\n\t\t\t\t7.600.000 &euro;<span>163-03785P<\/span>\t\t\t<\/div>\n\t\t<\/div>\n\t<\/div>\n<\/div>\n<div class=\"wpb--card\">\n\t<div class=\"wpb--aspect-box wpb--panoramic\">\n\t\t<a class=\"wpb--stretched-link\" href=\"\/fr\/propriete\/vente-las-lomas-del-marbella-club-villa-477553\">\n\t\t\t\t\t\t\t<img decoding=\"async\" loading=\"lazy\" class=\"wpb--image-fit\" src=\"https:\/\/www.nevadomarbella.com\/wp-content\/uploads\/inmoba\/thumb-all-0.75-exact-477553.webp\" alt=\"Villa neuve \u00e0 vendre \u00e0 Lomas del Marbella Club\" \/>\n\t\t\t\n\t\t\t\t\t<\/a>\n\t<\/div>\n\t<div class=\"wpb--card-body\">\n\t\t<span class=\"wpb--card-body-location\">Las Lomas del Marbella Club - Marbella Golden Mile<\/span>\n\t\t<h3 class=\"wpb--card-title\">\n\t\t\t<a class=\"wpb--stretched-link\" href=\"\/fr\/propriete\/vente-las-lomas-del-marbella-club-villa-477553\">\n\t\t\t\tVilla neuve \u00e0 vendre \u00e0 Lomas del Marbella Club\t\t\t<\/a>\n\t\t<\/h3>\n\t\t<div class=\"wpb--card-data\">\n\t\t\t<ul class=\"wpb--card-features\">\n\t\t\t\t\t\t\t\t\t\t<li>6  Chambres, <\/li>\n\t\t\t\t\t\t\t\t\t\t<li>6  Bains, <\/li>\n\t\t\t\t\t\t\t\t\t\t<li>1.441 m&sup2; Parcelle , <\/li>\n\t\t\t\t\t\t\t\t\t\t<li>647 m&sup2; Construit<\/li>\n\t\t\t\t\t\t\t<\/ul>\n\t\t\t<div class=\"wpb--card-price\">\n\t\t\t\t6.400.000 &euro;<span>163-03750P<\/span>\t\t\t<\/div>\n\t\t<\/div>\n\t<\/div>\n<\/div>\n<div class=\"wpb--card\">\n\t<div class=\"wpb--aspect-box wpb--panoramic\">\n\t\t<a class=\"wpb--stretched-link\" href=\"\/fr\/propriete\/vente-marbella-real-appartement-466310\">\n\t\t\t\t\t\t\t<img decoding=\"async\" loading=\"lazy\" class=\"wpb--image-fit\" src=\"https:\/\/www.nevadomarbella.com\/wp-content\/uploads\/inmoba\/thumb-all-0.75-exact-466310.webp\" alt=\"Appartement \u00e0 milla de oro \u00e0 vendre\" \/>\n\t\t\t\n\t\t\t\t\t\t\t<span class=\"wpb--card-label\">Vendu<\/span>\n\t\t\t\t\t<\/a>\n\t<\/div>\n\t<div class=\"wpb--card-body\">\n\t\t<span class=\"wpb--card-body-location\">Marbella Real - Marbella Golden Mile<\/span>\n\t\t<h3 class=\"wpb--card-title\">\n\t\t\t<a class=\"wpb--stretched-link\" href=\"\/fr\/propriete\/vente-marbella-real-appartement-466310\">\n\t\t\t\tAppartement \u00e0 milla de oro \u00e0 vendre\t\t\t<\/a>\n\t\t<\/h3>\n\t\t<div class=\"wpb--card-data\">\n\t\t\t<ul class=\"wpb--card-features\">\n\t\t\t\t\t\t\t\t\t\t<li>3  Chambres, <\/li>\n\t\t\t\t\t\t\t\t\t\t<li>3  Bains, <\/li>\n\t\t\t\t\t\t\t\t\t\t<li>200 m&sup2; Construit<\/li>\n\t\t\t\t\t\t\t<\/ul>\n\t\t\t<div class=\"wpb--card-price\">\n\t\t\t\tVendu<span>163-03707P<\/span>\t\t\t<\/div>\n\t\t<\/div>\n\t<\/div>\n<\/div>\n<div class=\"wpb--card\">\n\t<div class=\"wpb--aspect-box wpb--panoramic\">\n\t\t<a class=\"wpb--stretched-link\" href=\"\/fr\/propriete\/vente-costa-nagueles-ii-appartement-terrasse-453233\">\n\t\t\t\t\t\t\t<img decoding=\"async\" loading=\"lazy\" class=\"wpb--image-fit\" src=\"https:\/\/www.nevadomarbella.com\/wp-content\/uploads\/inmoba\/thumb-all-0.75-exact-453233.webp\" alt=\"Penthouse \u00e0 Costa Nag\u00fceles \u00e0 vendre\" \/>\n\t\t\t\n\t\t\t\t\t\t\t<span class=\"wpb--card-label\">Vendu<\/span>\n\t\t\t\t\t<\/a>\n\t<\/div>\n\t<div class=\"wpb--card-body\">\n\t\t<span class=\"wpb--card-body-location\">Costa Nag\u00fceles II - Marbella Golden Mile<\/span>\n\t\t<h3 class=\"wpb--card-title\">\n\t\t\t<a class=\"wpb--stretched-link\" href=\"\/fr\/propriete\/vente-costa-nagueles-ii-appartement-terrasse-453233\">\n\t\t\t\tPenthouse \u00e0 Costa Nag\u00fceles \u00e0 vendre\t\t\t<\/a>\n\t\t<\/h3>\n\t\t<div class=\"wpb--card-data\">\n\t\t\t<ul class=\"wpb--card-features\">\n\t\t\t\t\t\t\t\t\t\t<li>3  Chambres, <\/li>\n\t\t\t\t\t\t\t\t\t\t<li>3  Bains, <\/li>\n\t\t\t\t\t\t\t\t\t\t<li>199 m&sup2; Construit<\/li>\n\t\t\t\t\t\t\t<\/ul>\n\t\t\t<div class=\"wpb--card-price\">\n\t\t\t\tVendu<span>163-03660P<\/span>\t\t\t<\/div>\n\t\t<\/div>\n\t<\/div>\n<\/div>\n<div class=\"wpb--card\">\n\t<div class=\"wpb--aspect-box wpb--panoramic\">\n\t\t<a class=\"wpb--stretched-link\" href=\"\/fr\/propriete\/vente-cortijo-nagueles-villa-446568\">\n\t\t\t\t\t\t\t<img decoding=\"async\" loading=\"lazy\" class=\"wpb--image-fit\" src=\"https:\/\/www.nevadomarbella.com\/wp-content\/uploads\/inmoba\/thumb-all-0.75-exact-446568.webp\" alt=\"Terrain \u00e0 vendre \u00e0 Cortijo de Nag\u00fceles avec projet de villa de luxe\" \/>\n\t\t\t\n\t\t\t\t\t<\/a>\n\t<\/div>\n\t<div class=\"wpb--card-body\">\n\t\t<span class=\"wpb--card-body-location\">Cortijo Nag\u00fceles - Marbella Golden Mile<\/span>\n\t\t<h3 class=\"wpb--card-title\">\n\t\t\t<a class=\"wpb--stretched-link\" href=\"\/fr\/propriete\/vente-cortijo-nagueles-villa-446568\">\n\t\t\t\tTerrain \u00e0 vendre \u00e0 Cortijo de Nag\u00fceles avec projet de villa de luxe\t\t\t<\/a>\n\t\t<\/h3>\n\t\t<div class=\"wpb--card-data\">\n\t\t\t<ul class=\"wpb--card-features\">\n\t\t\t\t\t\t\t\t\t\t<li>7  Chambres, <\/li>\n\t\t\t\t\t\t\t\t\t\t<li>8  Bains, <\/li>\n\t\t\t\t\t\t\t\t\t\t<li>1.850 m&sup2; Parcelle , <\/li>\n\t\t\t\t\t\t\t\t\t\t<li>1.061 m&sup2; Construit<\/li>\n\t\t\t\t\t\t\t<\/ul>\n\t\t\t<div class=\"wpb--card-price\">\n\t\t\t\t8.700.000 &euro;<span>163-03637P<\/span>\t\t\t<\/div>\n\t\t<\/div>\n\t<\/div>\n<\/div>\n<div class=\"wpb--card\">\n\t<div class=\"wpb--aspect-box wpb--panoramic\">\n\t\t<a class=\"wpb--stretched-link\" href=\"\/fr\/propriete\/vente-hacienda-nagueles-ii-appartement-443505\">\n\t\t\t\t\t\t\t<img decoding=\"async\" loading=\"lazy\" class=\"wpb--image-fit\" src=\"https:\/\/www.nevadomarbella.com\/wp-content\/uploads\/inmoba\/thumb-all-0.75-exact-443505.webp\" alt=\"Appartement \u00e0 Hacienda Nag\u00fceles pr\u00e8s de la mer\" \/>\n\t\t\t\n\t\t\t\t\t\t\t<span class=\"wpb--card-label\">Vendu<\/span>\n\t\t\t\t\t<\/a>\n\t<\/div>\n\t<div class=\"wpb--card-body\">\n\t\t<span class=\"wpb--card-body-location\">Hacienda Nag\u00fceles II - Marbella Golden Mile<\/span>\n\t\t<h3 class=\"wpb--card-title\">\n\t\t\t<a class=\"wpb--stretched-link\" href=\"\/fr\/propriete\/vente-hacienda-nagueles-ii-appartement-443505\">\n\t\t\t\tAppartement \u00e0 Hacienda Nag\u00fceles pr\u00e8s de la mer\t\t\t<\/a>\n\t\t<\/h3>\n\t\t<div class=\"wpb--card-data\">\n\t\t\t<ul class=\"wpb--card-features\">\n\t\t\t\t\t\t\t\t\t\t<li>3  Chambres, <\/li>\n\t\t\t\t\t\t\t\t\t\t<li>2  Bains, <\/li>\n\t\t\t\t\t\t\t\t\t\t<li>107 m&sup2; Construit<\/li>\n\t\t\t\t\t\t\t<\/ul>\n\t\t\t<div class=\"wpb--card-price\">\n\t\t\t\tVendu<span>163-03629P<\/span>\t\t\t<\/div>\n\t\t<\/div>\n\t<\/div>\n<\/div>\n<div class=\"wpb--card\">\n\t<div class=\"wpb--aspect-box wpb--panoramic\">\n\t\t<a class=\"wpb--stretched-link\" href=\"\/fr\/propriete\/vente-gran-ducado-appartement-437026\">\n\t\t\t\t\t\t\t<img decoding=\"async\" loading=\"lazy\" class=\"wpb--image-fit\" src=\"https:\/\/www.nevadomarbella.com\/wp-content\/uploads\/inmoba\/thumb-all-0.75-exact-437026.webp\" alt=\"Appartement \u00e0 Marbella pr\u00e8s de la mer \u00e0 vendre\" \/>\n\t\t\t\n\t\t\t\t\t\t\t<span class=\"wpb--card-label\">Vendu<\/span>\n\t\t\t\t\t<\/a>\n\t<\/div>\n\t<div class=\"wpb--card-body\">\n\t\t<span class=\"wpb--card-body-location\">Gran Ducado - Marbella Golden Mile<\/span>\n\t\t<h3 class=\"wpb--card-title\">\n\t\t\t<a class=\"wpb--stretched-link\" href=\"\/fr\/propriete\/vente-gran-ducado-appartement-437026\">\n\t\t\t\tAppartement \u00e0 Marbella pr\u00e8s de la mer \u00e0 vendre\t\t\t<\/a>\n\t\t<\/h3>\n\t\t<div class=\"wpb--card-data\">\n\t\t\t<ul class=\"wpb--card-features\">\n\t\t\t\t\t\t\t\t\t\t<li>3  Chambres, <\/li>\n\t\t\t\t\t\t\t\t\t\t<li>2  Bains, <\/li>\n\t\t\t\t\t\t\t\t\t\t<li>172 m&sup2; Construit<\/li>\n\t\t\t\t\t\t\t<\/ul>\n\t\t\t<div class=\"wpb--card-price\">\n\t\t\t\tVendu<span>163-03593P<\/span>\t\t\t<\/div>\n\t\t<\/div>\n\t<\/div>\n<\/div>\n<div class=\"wpb--card\">\n\t<div class=\"wpb--aspect-box wpb--panoramic\">\n\t\t<a class=\"wpb--stretched-link\" href=\"\/fr\/propriete\/vente-marbella-golden-mile-appartement-terrasse-425749\">\n\t\t\t\t\t\t\t<img decoding=\"async\" loading=\"lazy\" class=\"wpb--image-fit\" src=\"https:\/\/www.nevadomarbella.com\/wp-content\/uploads\/inmoba\/thumb-all-0.75-exact-425749.webp\" alt=\"Penthouse dans l'immeuble Itxaso, Milla de Oro, pr\u00e8s de la plage, \u00e0 vendre\" \/>\n\t\t\t\n\t\t\t\t\t\t\t<span class=\"wpb--card-label\">Vendu<\/span>\n\t\t\t\t\t<\/a>\n\t<\/div>\n\t<div class=\"wpb--card-body\">\n\t\t<span class=\"wpb--card-body-location\">Marbella Golden Mile<\/span>\n\t\t<h3 class=\"wpb--card-title\">\n\t\t\t<a class=\"wpb--stretched-link\" href=\"\/fr\/propriete\/vente-marbella-golden-mile-appartement-terrasse-425749\">\n\t\t\t\tPenthouse dans l'immeuble Itxaso, Milla de Oro, pr\u00e8s de la plage, \u00e0 vendre\t\t\t<\/a>\n\t\t<\/h3>\n\t\t<div class=\"wpb--card-data\">\n\t\t\t<ul class=\"wpb--card-features\">\n\t\t\t\t\t\t\t\t\t\t<li>4  Chambres, <\/li>\n\t\t\t\t\t\t\t\t\t\t<li>2  Bains, <\/li>\n\t\t\t\t\t\t\t\t\t\t<li>203 m&sup2; Construit<\/li>\n\t\t\t\t\t\t\t<\/ul>\n\t\t\t<div class=\"wpb--card-price\">\n\t\t\t\tVendu<span>163-03554P<\/span>\t\t\t<\/div>\n\t\t<\/div>\n\t<\/div>\n<\/div>\n<div class=\"wpb--card\">\n\t<div class=\"wpb--aspect-box wpb--panoramic\">\n\t\t<a class=\"wpb--stretched-link\" href=\"\/fr\/propriete\/vente-casablanca-villa-419352\">\n\t\t\t\t\t\t\t<img decoding=\"async\" loading=\"lazy\" class=\"wpb--image-fit\" src=\"https:\/\/www.nevadomarbella.com\/wp-content\/uploads\/inmoba\/thumb-all-0.75-exact-419352.webp\" alt=\"Villa \u00e0 c\u00f4t\u00e9 de la plage dans l'urbanisation Casablanca \u00e0 vendre\" \/>\n\t\t\t\n\t\t\t\t\t\t\t<span class=\"wpb--card-label\">Vendu<\/span>\n\t\t\t\t\t<\/a>\n\t<\/div>\n\t<div class=\"wpb--card-body\">\n\t\t<span class=\"wpb--card-body-location\">Casablanca - Marbella Golden Mile<\/span>\n\t\t<h3 class=\"wpb--card-title\">\n\t\t\t<a class=\"wpb--stretched-link\" href=\"\/fr\/propriete\/vente-casablanca-villa-419352\">\n\t\t\t\tVilla \u00e0 c\u00f4t\u00e9 de la plage dans l'urbanisation Casablanca \u00e0 vendre\t\t\t<\/a>\n\t\t<\/h3>\n\t\t<div class=\"wpb--card-data\">\n\t\t\t<ul class=\"wpb--card-features\">\n\t\t\t\t\t\t\t\t\t\t<li>5  Chambres, <\/li>\n\t\t\t\t\t\t\t\t\t\t<li>5  Bains, <\/li>\n\t\t\t\t\t\t\t\t\t\t<li>798 m&sup2; Parcelle , <\/li>\n\t\t\t\t\t\t\t\t\t\t<li>333 m&sup2; Construit<\/li>\n\t\t\t\t\t\t\t<\/ul>\n\t\t\t<div class=\"wpb--card-price\">\n\t\t\t\tVendu<span>163-03523P<\/span>\t\t\t<\/div>\n\t\t<\/div>\n\t<\/div>\n<\/div>\n<div class=\"wpb--card\">\n\t<div class=\"wpb--aspect-box wpb--panoramic\">\n\t\t<a class=\"wpb--stretched-link\" href=\"\/fr\/propriete\/vente-cascada-de-camojan-villa-412316\">\n\t\t\t\t\t\t\t<img decoding=\"async\" loading=\"lazy\" class=\"wpb--image-fit\" src=\"https:\/\/www.nevadomarbella.com\/wp-content\/uploads\/inmoba\/thumb-all-0.75-exact-412316.webp\" alt=\"Villa avec vue sur la mer \u00e0 Marbella \u00e0 vendre\" \/>\n\t\t\t\n\t\t\t\t\t\t\t<span class=\"wpb--card-label\">Vendu<\/span>\n\t\t\t\t\t<\/a>\n\t<\/div>\n\t<div class=\"wpb--card-body\">\n\t\t<span class=\"wpb--card-body-location\">Cascada de Camojan - Marbella Golden Mile<\/span>\n\t\t<h3 class=\"wpb--card-title\">\n\t\t\t<a class=\"wpb--stretched-link\" href=\"\/fr\/propriete\/vente-cascada-de-camojan-villa-412316\">\n\t\t\t\tVilla avec vue sur la mer \u00e0 Marbella \u00e0 vendre\t\t\t<\/a>\n\t\t<\/h3>\n\t\t<div class=\"wpb--card-data\">\n\t\t\t<ul class=\"wpb--card-features\">\n\t\t\t\t\t\t\t\t\t\t<li>9  Chambres, <\/li>\n\t\t\t\t\t\t\t\t\t\t<li>9  Bains, <\/li>\n\t\t\t\t\t\t\t\t\t\t<li>3.000 m&sup2; Parcelle , <\/li>\n\t\t\t\t\t\t\t\t\t\t<li>2.315 m&sup2; Construit<\/li>\n\t\t\t\t\t\t\t<\/ul>\n\t\t\t<div class=\"wpb--card-price\">\n\t\t\t\tVendu<span>163-03501P<\/span>\t\t\t<\/div>\n\t\t<\/div>\n\t<\/div>\n<\/div>\n<div class=\"wpb--card\">\n\t<div class=\"wpb--aspect-box wpb--panoramic\">\n\t\t<a class=\"wpb--stretched-link\" href=\"\/fr\/propriete\/vente-jardin-del-mediterraneo-appartement-411827\">\n\t\t\t\t\t\t\t<img decoding=\"async\" loading=\"lazy\" class=\"wpb--image-fit\" src=\"https:\/\/www.nevadomarbella.com\/wp-content\/uploads\/inmoba\/thumb-all-0.75-exact-411827.webp\" alt=\"Appartement \u00e0 Jard\u00edn del Mediterr\u00e1neo en premi\u00e8re ligne de plage \u00e0 vendre\" \/>\n\t\t\t\n\t\t\t\t\t\t\t<span class=\"wpb--card-label\">Vendu<\/span>\n\t\t\t\t\t<\/a>\n\t<\/div>\n\t<div class=\"wpb--card-body\">\n\t\t<span class=\"wpb--card-body-location\">Jard\u00edn del Mediterr\u00e1neo - Marbella Golden Mile<\/span>\n\t\t<h3 class=\"wpb--card-title\">\n\t\t\t<a class=\"wpb--stretched-link\" href=\"\/fr\/propriete\/vente-jardin-del-mediterraneo-appartement-411827\">\n\t\t\t\tAppartement \u00e0 Jard\u00edn del Mediterr\u00e1neo en premi\u00e8re ligne de plage \u00e0 vendre\t\t\t<\/a>\n\t\t<\/h3>\n\t\t<div class=\"wpb--card-data\">\n\t\t\t<ul class=\"wpb--card-features\">\n\t\t\t\t\t\t\t\t\t\t<li>3  Chambres, <\/li>\n\t\t\t\t\t\t\t\t\t\t<li>3  Bains, <\/li>\n\t\t\t\t\t\t\t\t\t\t<li>190 m&sup2; Construit<\/li>\n\t\t\t\t\t\t\t<\/ul>\n\t\t\t<div class=\"wpb--card-price\">\n\t\t\t\tVendu<span>163-03492P<\/span>\t\t\t<\/div>\n\t\t<\/div>\n\t<\/div>\n<\/div>\n<div class=\"wpb--card\">\n\t<div class=\"wpb--aspect-box wpb--panoramic\">\n\t\t<a class=\"wpb--stretched-link\" href=\"\/fr\/propriete\/vente-alhambra-del-mar-appartement-terrasse-411060\">\n\t\t\t\t\t\t\t<img decoding=\"async\" loading=\"lazy\" class=\"wpb--image-fit\" src=\"https:\/\/www.nevadomarbella.com\/wp-content\/uploads\/inmoba\/thumb-all-0.75-exact-411060.webp\" alt=\"Penthouse \u00e0 Alhambra del Mar \u00e0 vendre\" \/>\n\t\t\t\n\t\t\t\t\t\t\t<span class=\"wpb--card-label\">Vendu<\/span>\n\t\t\t\t\t<\/a>\n\t<\/div>\n\t<div class=\"wpb--card-body\">\n\t\t<span class=\"wpb--card-body-location\">Alhambra del Mar - Marbella Golden Mile<\/span>\n\t\t<h3 class=\"wpb--card-title\">\n\t\t\t<a class=\"wpb--stretched-link\" href=\"\/fr\/propriete\/vente-alhambra-del-mar-appartement-terrasse-411060\">\n\t\t\t\tPenthouse \u00e0 Alhambra del Mar \u00e0 vendre\t\t\t<\/a>\n\t\t<\/h3>\n\t\t<div class=\"wpb--card-data\">\n\t\t\t<ul class=\"wpb--card-features\">\n\t\t\t\t\t\t\t\t\t\t<li>3  Chambres, <\/li>\n\t\t\t\t\t\t\t\t\t\t<li>3  Bains, <\/li>\n\t\t\t\t\t\t\t\t\t\t<li>321 m&sup2; Construit<\/li>\n\t\t\t\t\t\t\t<\/ul>\n\t\t\t<div class=\"wpb--card-price\">\n\t\t\t\tVendu<span>163-03485P<\/span>\t\t\t<\/div>\n\t\t<\/div>\n\t<\/div>\n<\/div>\n<div class=\"wpb--card\">\n\t<div class=\"wpb--aspect-box wpb--panoramic\">\n\t\t<a class=\"wpb--stretched-link\" href=\"\/fr\/propriete\/vente-casablanca-villa-405249\">\n\t\t\t\t\t\t\t<img decoding=\"async\" loading=\"lazy\" class=\"wpb--image-fit\" src=\"https:\/\/www.nevadomarbella.com\/wp-content\/uploads\/inmoba\/thumb-all-0.75-exact-405249.webp\" alt=\"Villa dans l'urbanisation Casablanca, sur le Golden Mile \u00e0 c\u00f4t\u00e9 de la plage \u00e0 vendre\" \/>\n\t\t\t\n\t\t\t\t\t\t\t<span class=\"wpb--card-label\">Vendu<\/span>\n\t\t\t\t\t<\/a>\n\t<\/div>\n\t<div class=\"wpb--card-body\">\n\t\t<span class=\"wpb--card-body-location\">Casablanca - Marbella Golden Mile<\/span>\n\t\t<h3 class=\"wpb--card-title\">\n\t\t\t<a class=\"wpb--stretched-link\" href=\"\/fr\/propriete\/vente-casablanca-villa-405249\">\n\t\t\t\tVilla dans l'urbanisation Casablanca, sur le Golden Mile \u00e0 c\u00f4t\u00e9 de la plage \u00e0 vendre\t\t\t<\/a>\n\t\t<\/h3>\n\t\t<div class=\"wpb--card-data\">\n\t\t\t<ul class=\"wpb--card-features\">\n\t\t\t\t\t\t\t\t\t\t<li>5  Chambres, <\/li>\n\t\t\t\t\t\t\t\t\t\t<li>5  Bains, <\/li>\n\t\t\t\t\t\t\t\t\t\t<li>501 m&sup2; Parcelle , <\/li>\n\t\t\t\t\t\t\t\t\t\t<li>270 m&sup2; Construit<\/li>\n\t\t\t\t\t\t\t<\/ul>\n\t\t\t<div class=\"wpb--card-price\">\n\t\t\t\tVendu<span>163-03472P<\/span>\t\t\t<\/div>\n\t\t<\/div>\n\t<\/div>\n<\/div>\n<div class=\"wpb--card\">\n\t<div class=\"wpb--aspect-box wpb--panoramic\">\n\t\t<a class=\"wpb--stretched-link\" href=\"\/fr\/propriete\/vente-casablanca-villa-388604\">\n\t\t\t\t\t\t\t<img decoding=\"async\" loading=\"lazy\" class=\"wpb--image-fit\" src=\"https:\/\/www.nevadomarbella.com\/wp-content\/uploads\/inmoba\/thumb-all-0.75-exact-388604.webp\" alt=\"Villa \u00e0 vendre sur le Golden Mile de Marbella\" \/>\n\t\t\t\n\t\t\t\t\t\t\t<span class=\"wpb--card-label\">Vendu<\/span>\n\t\t\t\t\t<\/a>\n\t<\/div>\n\t<div class=\"wpb--card-body\">\n\t\t<span class=\"wpb--card-body-location\">Casablanca - Marbella Golden Mile<\/span>\n\t\t<h3 class=\"wpb--card-title\">\n\t\t\t<a class=\"wpb--stretched-link\" href=\"\/fr\/propriete\/vente-casablanca-villa-388604\">\n\t\t\t\tVilla \u00e0 vendre sur le Golden Mile de Marbella\t\t\t<\/a>\n\t\t<\/h3>\n\t\t<div class=\"wpb--card-data\">\n\t\t\t<ul class=\"wpb--card-features\">\n\t\t\t\t\t\t\t\t\t\t<li>3  Chambres, <\/li>\n\t\t\t\t\t\t\t\t\t\t<li>3  Bains, <\/li>\n\t\t\t\t\t\t\t\t\t\t<li>800 m&sup2; Parcelle , <\/li>\n\t\t\t\t\t\t\t\t\t\t<li>229 m&sup2; Construit<\/li>\n\t\t\t\t\t\t\t<\/ul>\n\t\t\t<div class=\"wpb--card-price\">\n\t\t\t\tVendu<span>163-03400P<\/span>\t\t\t<\/div>\n\t\t<\/div>\n\t<\/div>\n<\/div>\n<div class=\"wpb--card\">\n\t<div class=\"wpb--aspect-box wpb--panoramic\">\n\t\t<a class=\"wpb--stretched-link\" href=\"\/fr\/propriete\/vente-las-canas-beach-appartement-318037\">\n\t\t\t\t\t\t\t<img decoding=\"async\" loading=\"lazy\" class=\"wpb--image-fit\" src=\"https:\/\/www.nevadomarbella.com\/wp-content\/uploads\/inmoba\/thumb-all-0.75-exact-318037.webp\" alt=\"Appartement dans  Las Ca\u00f1as Beach, plage de premi\u00e8re ligne sur le Golden Mile \u00e0 vendre\" \/>\n\t\t\t\n\t\t\t\t\t\t\t<span class=\"wpb--card-label\">Vendu<\/span>\n\t\t\t\t\t<\/a>\n\t<\/div>\n\t<div class=\"wpb--card-body\">\n\t\t<span class=\"wpb--card-body-location\">Las Ca\u00f1as Beach - Marbella Golden Mile<\/span>\n\t\t<h3 class=\"wpb--card-title\">\n\t\t\t<a class=\"wpb--stretched-link\" href=\"\/fr\/propriete\/vente-las-canas-beach-appartement-318037\">\n\t\t\t\tAppartement dans  Las Ca\u00f1as Beach, plage de premi\u00e8re ligne sur le Golden Mile \u00e0 vendre\t\t\t<\/a>\n\t\t<\/h3>\n\t\t<div class=\"wpb--card-data\">\n\t\t\t<ul class=\"wpb--card-features\">\n\t\t\t\t\t\t\t\t\t\t<li>3  Chambres, <\/li>\n\t\t\t\t\t\t\t\t\t\t<li>2  Bains, <\/li>\n\t\t\t\t\t\t\t\t\t\t<li>142 m&sup2; Construit<\/li>\n\t\t\t\t\t\t\t<\/ul>\n\t\t\t<div class=\"wpb--card-price\">\n\t\t\t\tVendu<span>163-03142P<\/span>\t\t\t<\/div>\n\t\t<\/div>\n\t<\/div>\n<\/div>\n<div class=\"wpb--card\">\n\t<div class=\"wpb--aspect-box wpb--panoramic\">\n\t\t<a class=\"wpb--stretched-link\" href=\"\/fr\/propriete\/vente-marina-mariola-appartement-176916\">\n\t\t\t\t\t\t\t<img decoding=\"async\" loading=\"lazy\" class=\"wpb--image-fit\" src=\"https:\/\/www.nevadomarbella.com\/wp-content\/uploads\/inmoba\/thumb-all-0.75-exact-176916.webp\" alt=\"Appartement \u00e0 Marina Mariola, en premi\u00e8re ligne de plage sur la Golden Mile, \u00e0 vendre\" \/>\n\t\t\t\n\t\t\t\t\t\t\t<span class=\"wpb--card-label\">Vendu<\/span>\n\t\t\t\t\t<\/a>\n\t<\/div>\n\t<div class=\"wpb--card-body\">\n\t\t<span class=\"wpb--card-body-location\">Marina Mariola - Marbella Golden Mile<\/span>\n\t\t<h3 class=\"wpb--card-title\">\n\t\t\t<a class=\"wpb--stretched-link\" href=\"\/fr\/propriete\/vente-marina-mariola-appartement-176916\">\n\t\t\t\tAppartement \u00e0 Marina Mariola, en premi\u00e8re ligne de plage sur la Golden Mile, \u00e0 vendre\t\t\t<\/a>\n\t\t<\/h3>\n\t\t<div class=\"wpb--card-data\">\n\t\t\t<ul class=\"wpb--card-features\">\n\t\t\t\t\t\t\t\t\t\t<li>2  Chambres, <\/li>\n\t\t\t\t\t\t\t\t\t\t<li>2  Bains, <\/li>\n\t\t\t\t\t\t\t\t\t\t<li>125 m&sup2; Construit<\/li>\n\t\t\t\t\t\t\t<\/ul>\n\t\t\t<div class=\"wpb--card-price\">\n\t\t\t\tVendu<span>163-02401P<\/span>\t\t\t<\/div>\n\t\t<\/div>\n\t<\/div>\n<\/div>\n<div class=\"wpb--card\">\n\t<div class=\"wpb--aspect-box wpb--panoramic\">\n\t\t<a class=\"wpb--stretched-link\" href=\"\/fr\/propriete\/vente-jardines-del-mar-appartement-162805\">\n\t\t\t\t\t\t\t<img decoding=\"async\" loading=\"lazy\" class=\"wpb--image-fit\" src=\"https:\/\/www.nevadomarbella.com\/wp-content\/uploads\/inmoba\/thumb-all-0.75-exact-162805.webp\" alt=\"Appartement dans l'Urbanisation Jardines del Mar \u00e0 r\u00e9nover \u00e0 vendre\" \/>\n\t\t\t\n\t\t\t\t\t<\/a>\n\t<\/div>\n\t<div class=\"wpb--card-body\">\n\t\t<span class=\"wpb--card-body-location\">Jardines del Mar - Marbella Golden Mile<\/span>\n\t\t<h3 class=\"wpb--card-title\">\n\t\t\t<a class=\"wpb--stretched-link\" href=\"\/fr\/propriete\/vente-jardines-del-mar-appartement-162805\">\n\t\t\t\tAppartement dans l'Urbanisation Jardines del Mar \u00e0 r\u00e9nover \u00e0 vendre\t\t\t<\/a>\n\t\t<\/h3>\n\t\t<div class=\"wpb--card-data\">\n\t\t\t<ul class=\"wpb--card-features\">\n\t\t\t\t\t\t\t\t\t\t<li>1  Lit, <\/li>\n\t\t\t\t\t\t\t\t\t\t<li>1  Bain, <\/li>\n\t\t\t\t\t\t\t\t\t\t<li>99 m&sup2; Construit<\/li>\n\t\t\t\t\t\t\t<\/ul>\n\t\t\t<div class=\"wpb--card-price\">\n\t\t\t\t450.000 &euro;<span>163-02261P<\/span>\t\t\t<\/div>\n\t\t<\/div>\n\t<\/div>\n<\/div>\n<div class=\"wpb--card\">\n\t<div class=\"wpb--aspect-box wpb--panoramic\">\n\t\t<a class=\"wpb--stretched-link\" href=\"\/fr\/propriete\/vente-el-mirador-del-principe-appartement-rez-de-chaussee-162423\">\n\t\t\t\t\t\t\t<img decoding=\"async\" loading=\"lazy\" class=\"wpb--image-fit\" src=\"https:\/\/www.nevadomarbella.com\/wp-content\/uploads\/inmoba\/thumb-all-0.75-exact-162423.webp\" alt=\"Appartement \u00e0 Mirador del Pr\u00edncipe, Marbella Golden Mile, \u00e0 vendre\" \/>\n\t\t\t\n\t\t\t\t\t\t\t<span class=\"wpb--card-label\">Vendu<\/span>\n\t\t\t\t\t<\/a>\n\t<\/div>\n\t<div class=\"wpb--card-body\">\n\t\t<span class=\"wpb--card-body-location\">El Mirador del Principe - Marbella Golden Mile<\/span>\n\t\t<h3 class=\"wpb--card-title\">\n\t\t\t<a class=\"wpb--stretched-link\" href=\"\/fr\/propriete\/vente-el-mirador-del-principe-appartement-rez-de-chaussee-162423\">\n\t\t\t\tAppartement \u00e0 Mirador del Pr\u00edncipe, Marbella Golden Mile, \u00e0 vendre\t\t\t<\/a>\n\t\t<\/h3>\n\t\t<div class=\"wpb--card-data\">\n\t\t\t<ul class=\"wpb--card-features\">\n\t\t\t\t\t\t\t\t\t\t<li>4  Chambres, <\/li>\n\t\t\t\t\t\t\t\t\t\t<li>4  Bains, <\/li>\n\t\t\t\t\t\t\t\t\t\t<li>293 m&sup2; Construit<\/li>\n\t\t\t\t\t\t\t<\/ul>\n\t\t\t<div class=\"wpb--card-price\">\n\t\t\t\tVendu<span>163-02257P<\/span>\t\t\t<\/div>\n\t\t<\/div>\n\t<\/div>\n<\/div>\n<div class=\"wpb--card\">\n\t<div class=\"wpb--aspect-box wpb--panoramic\">\n\t\t<a class=\"wpb--stretched-link\" href=\"\/fr\/propriete\/vente-la-reserva-de-los-granados-duplex-penthouse-72183\">\n\t\t\t\t\t\t\t<img decoding=\"async\" loading=\"lazy\" class=\"wpb--image-fit\" src=\"https:\/\/www.nevadomarbella.com\/wp-content\/uploads\/inmoba\/thumb-all-0.75-exact-72183.webp\" alt=\"Penthouse avec vue sur la mer \u00e0 vendre \u00e0 La Reserva de Los Granados\" \/>\n\t\t\t\n\t\t\t\t\t\t\t<span class=\"wpb--card-label\">Vendu<\/span>\n\t\t\t\t\t<\/a>\n\t<\/div>\n\t<div class=\"wpb--card-body\">\n\t\t<span class=\"wpb--card-body-location\">La Reserva de los Granados - Marbella Golden Mile<\/span>\n\t\t<h3 class=\"wpb--card-title\">\n\t\t\t<a class=\"wpb--stretched-link\" href=\"\/fr\/propriete\/vente-la-reserva-de-los-granados-duplex-penthouse-72183\">\n\t\t\t\tPenthouse avec vue sur la mer \u00e0 vendre \u00e0 La Reserva de Los Granados\t\t\t<\/a>\n\t\t<\/h3>\n\t\t<div class=\"wpb--card-data\">\n\t\t\t<ul class=\"wpb--card-features\">\n\t\t\t\t\t\t\t\t\t\t<li>5  Chambres, <\/li>\n\t\t\t\t\t\t\t\t\t\t<li>3  Bains, <\/li>\n\t\t\t\t\t\t\t\t\t\t<li>219 m&sup2; Construit<\/li>\n\t\t\t\t\t\t\t<\/ul>\n\t\t\t<div class=\"wpb--card-price\">\n\t\t\t\tVendu<span>163-01489P<\/span>\t\t\t<\/div>\n\t\t<\/div>\n\t<\/div>\n<\/div>\n<div class=\"wpb--card\">\n\t<div class=\"wpb--aspect-box wpb--panoramic\">\n\t\t<a class=\"wpb--stretched-link\" href=\"\/fr\/propriete\/vente-marbellamar-maison-de-ville-71584\">\n\t\t\t\t\t\t\t<img decoding=\"async\" loading=\"lazy\" class=\"wpb--image-fit\" src=\"https:\/\/www.nevadomarbella.com\/wp-content\/uploads\/inmoba\/thumb-all-0.75-exact-71584.webp\" alt=\"Maison de Ville \u00e0 vendre \u00e0 Marbellamar, Marbella Golden Mile\" \/>\n\t\t\t\n\t\t\t\t\t\t\t<span class=\"wpb--card-label\">Vendu<\/span>\n\t\t\t\t\t<\/a>\n\t<\/div>\n\t<div class=\"wpb--card-body\">\n\t\t<span class=\"wpb--card-body-location\">Marbellamar - Marbella Golden Mile<\/span>\n\t\t<h3 class=\"wpb--card-title\">\n\t\t\t<a class=\"wpb--stretched-link\" href=\"\/fr\/propriete\/vente-marbellamar-maison-de-ville-71584\">\n\t\t\t\tMaison de Ville \u00e0 vendre \u00e0 Marbellamar, Marbella Golden Mile\t\t\t<\/a>\n\t\t<\/h3>\n\t\t<div class=\"wpb--card-data\">\n\t\t\t<ul class=\"wpb--card-features\">\n\t\t\t\t\t\t\t\t\t\t<li>5  Chambres, <\/li>\n\t\t\t\t\t\t\t\t\t\t<li>4  Bains, <\/li>\n\t\t\t\t\t\t\t\t\t\t<li>190 m&sup2; Construit<\/li>\n\t\t\t\t\t\t\t<\/ul>\n\t\t\t<div class=\"wpb--card-price\">\n\t\t\t\tVendu<span>163-01280P<\/span>\t\t\t<\/div>\n\t\t<\/div>\n\t<\/div>\n<\/div>\n<div class=\"wpb--card\">\n\t<div class=\"wpb--aspect-box wpb--panoramic\">\n\t\t<a class=\"wpb--stretched-link\" href=\"\/fr\/propriete\/vente-altos-reales-villa-67794\">\n\t\t\t\t\t\t\t<img decoding=\"async\" loading=\"lazy\" class=\"wpb--image-fit\" src=\"https:\/\/www.nevadomarbella.com\/wp-content\/uploads\/inmoba\/thumb-all-0.75-exact-67794.webp\" alt=\"Villa dans Sierra Blanca \u00e0 vendre\" \/>\n\t\t\t\n\t\t\t\t\t<\/a>\n\t<\/div>\n\t<div class=\"wpb--card-body\">\n\t\t<span class=\"wpb--card-body-location\">Altos Reales - Marbella Golden Mile<\/span>\n\t\t<h3 class=\"wpb--card-title\">\n\t\t\t<a class=\"wpb--stretched-link\" href=\"\/fr\/propriete\/vente-altos-reales-villa-67794\">\n\t\t\t\tVilla dans Sierra Blanca \u00e0 vendre\t\t\t<\/a>\n\t\t<\/h3>\n\t\t<div class=\"wpb--card-data\">\n\t\t\t<ul class=\"wpb--card-features\">\n\t\t\t\t\t\t\t\t\t\t<li>6  Chambres, <\/li>\n\t\t\t\t\t\t\t\t\t\t<li>4  Bains, <\/li>\n\t\t\t\t\t\t\t\t\t\t<li>1.475 m&sup2; Parcelle , <\/li>\n\t\t\t\t\t\t\t\t\t\t<li>992 m&sup2; Construit<\/li>\n\t\t\t\t\t\t\t<\/ul>\n\t\t\t<div class=\"wpb--card-price\">\n\t\t\t\t4.900.000 &euro;<span>R163-02139<\/span>\t\t\t<\/div>\n\t\t<\/div>\n\t<\/div>\n<\/div>\n\t\t<\/div>\r\n\t\t<!-- Go to the full list -->\r\n\t\t\t<\/div>\r\n\n<\/div>\n<\/section>\n\n\n\n<div class=\"wp-block-buttons is-content-justification-center is-layout-flex wp-container-core-buttons-is-layout-e9a8509b wp-block-buttons-is-layout-flex\" style=\"margin-top:0;margin-bottom:var(--wp--preset--spacing--40)\">\n<div class=\"wp-block-button is-style-outline is-style-outline--1\"><a class=\"wp-block-button__link wp-element-button\" href=\"http:\/\/www.nevadomarbella.com\/fr\/propriete-a-vendre-a-marbella\">Moteur de recherche<\/a><\/div>\n<\/div>\n\n\n\n<div class=\"wp-block-group has-global-padding is-layout-constrained wp-block-group-is-layout-constrained\" style=\"margin-bottom:var(--wp--preset--spacing--50)\">\n<p style=\"padding-top:var(--wp--preset--spacing--20);padding-right:var(--wp--preset--spacing--50);padding-bottom:var(--wp--preset--spacing--20);padding-left:var(--wp--preset--spacing--50)\">Le Golden Mile abrite certaines des propri\u00e9t\u00e9s les plus pris\u00e9es de Marbella. Id\u00e9alement situ\u00e9es \u00e0 proximit\u00e9 de la ville, des plages et des restaurants de luxe, les propri\u00e9t\u00e9s \u00e0 vendre sur le Golden Mile font souvent l&rsquo;objet d&rsquo;une concurrence entre les acheteurs. Les lotissements \u00e0 flanc de montagne Sierra Blanca ou <a href=\"https:\/\/www.nevadomarbella.com\/fr\/10526-cascada-de-camojan-le-meilleur-quartier-pour-les-villas-a-marbella.html\">Cascada de Camoj\u00e1n<\/a> ou les lotissements en bord de mer tels que <a href=\"https:\/\/www.nevadomarbella.com\/fr\/7549-plat-a-lalhambra-del-mar-votre-meilleure-option.html\">Alhambra del Mar<\/a>, <a href=\"https:\/\/www.nevadomarbella.com\/fr\/9714-appartements-a-marina-mariola-premiere-ligne-de-plage.html\">Marina Mariola<\/a>, <a href=\"https:\/\/www.nevadomarbella.com\/fr\/7352-vivre-a-las-canas-vivre-au-bord-de-la-mer.html\">Las Ca\u00f1as Beach<\/a> ou <a href=\"https:\/\/www.nevadomarbella.com\/fr\/7744-vivre-a-marina-puente-romano-est-synonyme-de-distinction.html\">Marina Puente Romano<\/a> attirent de nombreux acheteurs.<\/p>\n<\/div>\n\n\n\n<section class=\"wp-block-group alignfull jaleo-herobox-group wide right has-shell-background-color has-background is-layout-flow wp-block-group-is-layout-flow\" style=\"margin-top:0;margin-bottom:var(--wp--preset--spacing--60);padding-right:var(--wp--preset--spacing--50);padding-left:var(--wp--preset--spacing--50)\">\n<div class=\"wp-block-columns alignwide are-vertically-aligned-center jaleo-herobox-columns is-layout-flex wp-container-core-columns-is-layout-2e289adc wp-block-columns-is-layout-flex\" style=\"padding-top:0;padding-right:0;padding-bottom:0;padding-left:0\">\n<div class=\"wp-block-column is-vertically-aligned-center jaleo-herobox-content is-layout-flow wp-block-column-is-layout-flow\" style=\"padding-right:0;flex-basis:50%\">\n<div class=\"wp-block-group has-global-padding is-content-justification-right is-layout-constrained wp-container-core-group-is-layout-d74be48a wp-block-group-is-layout-constrained\" style=\"margin-top:0;margin-bottom:0;padding-top:0;padding-right:var(--wp--preset--spacing--30);padding-left:var(--wp--preset--spacing--30)\">\n<h2 class=\"wp-block-heading\" style=\"margin-bottom:var(--wp--preset--spacing--40);font-style:normal;font-weight:400;text-transform:uppercase\">LA D\u00c9COUVERTE DU golden mile : LE C\u0152UR DU GLAMOUR DE MARBELLA<\/h2>\n\n\n\n<p>Le Golden Mile de Marbella est synonyme de luxe, d&rsquo;exclusivit\u00e9 et d&rsquo;\u00e9l\u00e9gance. Situ\u00e9 entre la vieille ville et le c\u00e9l\u00e8bre Puerto Ban\u00fas, ce tron\u00e7on embl\u00e9matique de quatre kilom\u00e8tres rassemble certaines des propri\u00e9t\u00e9s les plus luxueuses d&rsquo;Europe, des h\u00f4tels cinq \u00e9toiles, des restaurants gastronomiques et des boutiques des marques les plus prestigieuses du monde. Les propri\u00e9t\u00e9s \u00e0 vendre sur le Golden Mile de Marbella sont souvent parmi les plus exquises de la Costa Del Sol.<\/p>\n<\/div>\n<\/div>\n\n\n\n<div class=\"wp-block-column is-vertically-aligned-center jaleo-herobox-column is-layout-flow wp-block-column-is-layout-flow\" style=\"flex-basis:50%\">\n<figure class=\"wp-block-image size-full jaleo-herobox-image wp-duotone-unset-2\"><img decoding=\"async\" width=\"1280\" height=\"1280\" src=\"https:\/\/www.nevadomarbella.com\/wp-content\/uploads\/2025\/01\/pantalan-puente-romano-milla-de-oro-marbella-copia.webp\" alt=\"Pantal\u00e1n Puente Romano\" class=\"wp-image-19437\" style=\"aspect-ratio:1;object-fit:cover\"\/><\/figure>\n<\/div>\n<\/div>\n<\/section>\n\n\n\n<section class=\"wp-block-group alignfull jaleo-heroform is-layout-flow wp-block-group-is-layout-flow\" style=\"margin-bottom:var(--wp--preset--spacing--60);padding-right:var(--wp--preset--spacing--50);padding-left:var(--wp--preset--spacing--50)\">\n<div class=\"wp-block-columns alignwide are-vertically-aligned-center is-layout-flex wp-container-core-columns-is-layout-28f84493 wp-block-columns-is-layout-flex\">\n<div class=\"wp-block-column is-vertically-aligned-center has-global-padding is-layout-constrained wp-block-column-is-layout-constrained\" style=\"flex-basis:50%\">\n<figure class=\"wp-block-image size-full is-style-default wp-duotone-unset-3\"><img decoding=\"async\" width=\"1000\" height=\"1250\" src=\"https:\/\/www.nevadomarbella.com\/wp-content\/uploads\/2025\/01\/gines-garcia-morillo-ceo-de-nevado-realty.webp\" alt=\"Gin\u00e9s Garc\u00eda, PDG de Nevado Realty\" class=\"wp-image-19503\"\/><\/figure>\n<\/div>\n\n\n\n<div class=\"wp-block-column is-vertically-aligned-center has-global-padding is-layout-constrained wp-block-column-is-layout-constrained\" style=\"flex-basis:50%\">\n<h2 class=\"wp-block-heading has-x-large-font-size\">VOUS NE TROUVEZ PAS CE QUE VOUS CHERCHEZ ?<\/h2>\n\n\n\n<p>Si vous ne trouvez pas la propri\u00e9t\u00e9 de vos r\u00eaves dans le Golden Mile mais que vous savez ce que vous voulez, nous pouvons vous aider. Contactez-nous et nous essaierons de le trouver pour vous et s&rsquo;il n&rsquo;y a pas d&rsquo;unit\u00e9 disponible, nous serons au courant de toute nouvelle propri\u00e9t\u00e9 qui pourrait vous int\u00e9resser.<\/p>\n\n\n<div id=\"wpb__style_container\" class=\"wpb__style_container wpb--container\"><form id=\"property_form\" class=\"wpb--property-form\" action=\"localhost\" method=\"POST\" data-contact=\"property_form\" data-lead-sent-ok=\"Votre message a \u00e9t\u00e9 envoy\u00e9.\" data-sitekey=\"6Lcu70ApAAAAALSclGERBvdFXlfg15po4zMqthx0\">\n\t<input type=\"hidden\" name=\"subject\" value=\"Contact \u00e0 partir de la propri\u00e9t\u00e9 \/fr\/wp-json\/wp\/v2\/pages\/17508\" \/>\n\t<input type=\"hidden\" name=\"g-recaptcha-response\" value=\"\" \/>\n\t<input type=\"hidden\" name=\"success\" value=\"\/fr\/thank-you-page\" \/> \n\t\t<input name=\"name\" type=\"text\" autocomplete=\"off\" placeholder=\"Nom complet\" required data-error=\"Nom complet Obligatoire \" \/>\n\t<input name=\"email\" type=\"email\" autocomplete=\"off\" placeholder=\"Adresse \u00e9lectronique \" required data-error=\"Courriel requis\" \/>\n\t<input name=\"intphone\" style=\"width: 100%\" type=\"tel\" autocomplete=\"off\" placeholder=\"T\u00e9l\u00e9phone\" data-error=\"Les num\u00e9ros de t\u00e9l\u00e9phone doivent comporter entre 8 et 20 chiffres.\" \/>\n\t<input name=\"source\" type=\"hidden\" value=\"https:\/\/www.nevadomarbella.com\/fr\/wp-json\/wp\/v2\/pages\/17508\"\/>\n\t\t<textarea name=\"comment\" rows=\"6\" placeholder=\"Tapez vos questions\"><\/textarea>\n\n\t<div class=\"wpb--custom-checkbox\">\n\t\t<input type=\"checkbox\" id=\"property_form-property_form-customCheck1\" name=\"privacy_policy\" required data-error=\"Champ obligatoire\" \/>\n\t\t<label for=\"property_form-property_form-customCheck1\">J'accepte la  <a href=\"https:\/\/www.nevadomarbella.com\/privacy\" target=\"_blank\">Politique de confidentialit\u00e9 <\/a><\/label>\n\t<\/div>\n\t<div class=\"wpb--custom-checkbox\">\n\t\t<input type=\"checkbox\" id=\"property_form-property_form-customCheck2\" name=\"commercial_information\" \/>\n\t\t<label for=\"property_form-property_form-customCheck2\">J'accepte de recevoir des informations par e-mail <\/label>\n\t<\/div>\n\t<button data-ids=\"property_form\" data-lang=\"\" class=\"btn wpb--formbutton g-recaptcha\" type=\"submit\"><span id=\"text-send\">Envoyer<\/span> <span id=\"spinner-send\"><\/span><\/button>\n\t<p id=\"result\" class=\"wpb--form-msg\"><\/p>\n<\/form>\n\t<script src=\"https:\/\/www.google.com\/recaptcha\/api.js?render=6Lcu70ApAAAAALSclGERBvdFXlfg15po4zMqthx0&hl=\"><\/script>\n\t<link rel=\"stylesheet\" href=\"https:\/\/cdn.jsdelivr.net\/npm\/intl-tel-input@23.0.10\/build\/css\/intlTelInput.css\">\n\t<script src=\"https:\/\/cdn.jsdelivr.net\/npm\/intl-tel-input@23.0.10\/build\/js\/intlTelInput.min.js\"><\/script>\n\t<script>\n\t\tconst input = document.querySelectorAll(\"[name=intphone]\");\n\t\tif (input.length) {\n\t\t\tlet initialCountry ;\n\t\t\tconst currentLang = document.querySelector(\"html\").getAttribute(\"lang\").split(\"-\")[0];\n\t\t\tswitch (currentLang) {\n\t\t\t\tcase \"en\" : \n\t\t\t\t\tinitialCountry = \"gb\";\n\t\t\t\t\tbreak;\n\t\t\t\tcase \"es\" : \n\t\t\t\t\tinitialCountry = \"es\";\n\t\t\t\t\tbreak;\n\t\t\t\tcase \"fr\":\n\t\t\t\t\tinitialCountry = \"fr\";\n\t\t\t\t\tbreak;\n\t\t\t\tdefault:\n\t\t\t\t\tinitialCountry = \"es\";\n\t\t\t\t\tbreak;\n\t\t\t}\n\t\t\tinput.forEach(function(item) {\n\t\t\t\twindow.intlTelInput(item, {\n\t\t\t\t\tutilsScript: \"https:\/\/cdn.jsdelivr.net\/npm\/intl-tel-input@23.0.10\/build\/js\/utils.js\",\n\t\t\t\t\tinitialCountry: initialCountry,\n\t\t\t\t\thiddenInput: () => ({ phone: \"phone\", country: \"country_code\" }),\n\t\t\t\t\tcountryOrder: [\"gb\", \"se\", \"es\", \"fr\", \"de\"],\n\t\t\t\t\tnationalMode: false,\n\t\t\t\t\tautoHideDialCode: false,\n\t\t\t\t\texcludeCountries: [\"none\"],\n\t\t\t\t\tseparateDialCode: true\n\t\t\t\t})\n\t\t\t});\n\t\t}\n\t<\/script>\n<\/div>\n<\/div>\n<\/div>\n<\/section>\n","protected":false},"excerpt":{"rendered":"<p>PROPRI\u00c9T\u00c9 \u00c0 VENDRE SUR LE Golden Mile Le Golden Mile abrite certaines des propri\u00e9t\u00e9s les plus pris\u00e9es de Marbella. Id\u00e9alement situ\u00e9es \u00e0 proximit\u00e9 de la ville, des plages et des restaurants de luxe, les propri\u00e9t\u00e9s \u00e0 vendre sur le Golden Mile font souvent l&rsquo;objet d&rsquo;une concurrence entre les acheteurs. Les lotissements \u00e0 flanc de montagne [&hellip;]<\/p>\n","protected":false},"author":8,"featured_media":0,"parent":0,"menu_order":7,"comment_status":"closed","ping_status":"closed","template":"solid-header","meta":{"_acf_changed":false,"footnotes":""},"class_list":["post-17508","page","type-page","status-publish","hentry"],"acf":[],"_links":{"self":[{"href":"https:\/\/www.nevadomarbella.com\/fr\/wp-json\/wp\/v2\/pages\/17508","targetHints":{"allow":["GET"]}}],"collection":[{"href":"https:\/\/www.nevadomarbella.com\/fr\/wp-json\/wp\/v2\/pages"}],"about":[{"href":"https:\/\/www.nevadomarbella.com\/fr\/wp-json\/wp\/v2\/types\/page"}],"author":[{"embeddable":true,"href":"https:\/\/www.nevadomarbella.com\/fr\/wp-json\/wp\/v2\/users\/8"}],"replies":[{"embeddable":true,"href":"https:\/\/www.nevadomarbella.com\/fr\/wp-json\/wp\/v2\/comments?post=17508"}],"version-history":[{"count":1,"href":"https:\/\/www.nevadomarbella.com\/fr\/wp-json\/wp\/v2\/pages\/17508\/revisions"}],"predecessor-version":[{"id":20708,"href":"https:\/\/www.nevadomarbella.com\/fr\/wp-json\/wp\/v2\/pages\/17508\/revisions\/20708"}],"wp:attachment":[{"href":"https:\/\/www.nevadomarbella.com\/fr\/wp-json\/wp\/v2\/media?parent=17508"}],"curies":[{"name":"wp","href":"https:\/\/api.w.org\/{rel}","templated":true}]}}