{"id":16917,"date":"2024-08-01T19:32:37","date_gmt":"2024-08-01T17:32:47","guid":{"rendered":"https:\/\/www.nevadomarbella.com\/?page_id=16917"},"modified":"2025-01-22T15:22:09","modified_gmt":"2025-01-22T14:22:09","slug":"propriete-a-vendre-a-marbella","status":"publish","type":"page","link":"https:\/\/www.nevadomarbella.com\/fr\/propriete-a-vendre-a-marbella","title":{"rendered":"Propri\u00e9t\u00e9 \u00e0 vendre \u00e0 Marbella"},"content":{"rendered":"\n<div class=\"wp-block-group has-global-padding is-layout-constrained wp-block-group-is-layout-constrained\" style=\"margin-bottom:var(--wp--preset--spacing--10)\">\n<div class=\"wp-block-buttons jaleo-properties-direct-links is-content-justification-space-between is-layout-flex wp-container-core-buttons-is-layout-b2891da8 wp-block-buttons-is-layout-flex\">\n<div class=\"wp-block-button has-custom-font-size is-style-outline has-ultrasmall-font-size is-style-outline--1\"><a class=\"wp-block-button__link wp-element-button\" href=\"\/fr\/propriete-a-vendre-a-marbella-centre\/villas\" style=\"padding-top:var(--wp--preset--spacing--10);padding-right:var(--wp--preset--spacing--10);padding-bottom:var(--wp--preset--spacing--10);padding-left:var(--wp--preset--spacing--10)\">Villas Marbella Centre<\/a><\/div>\n\n\n\n<div class=\"wp-block-button has-custom-font-size is-style-outline has-ultrasmall-font-size is-style-outline--2\"><a class=\"wp-block-button__link wp-element-button\" href=\"\/fr\/propriete-a-vendre-a-marbella\/villas\" style=\"padding-top:var(--wp--preset--spacing--10);padding-right:var(--wp--preset--spacing--10);padding-bottom:var(--wp--preset--spacing--10);padding-left:var(--wp--preset--spacing--10)\">villas marbella<\/a><\/div>\n\n\n\n<div class=\"wp-block-button has-custom-font-size is-style-outline has-ultrasmall-font-size is-style-outline--3\"><a class=\"wp-block-button__link wp-element-button\" href=\"\/fr\/propriete-a-vendre-a-marbella-centre\/appartements\" style=\"padding-top:var(--wp--preset--spacing--10);padding-right:var(--wp--preset--spacing--10);padding-bottom:var(--wp--preset--spacing--10);padding-left:var(--wp--preset--spacing--10)\">APPARTEMENTS Marbella centre<\/a><\/div>\n\n\n\n<div class=\"wp-block-button has-custom-font-size is-style-outline has-ultrasmall-font-size is-style-outline--4\"><a class=\"wp-block-button__link wp-element-button\" href=\"\/fr\/propriete-a-vendre-a-marbella-golden-mile\/appartements\" style=\"padding-top:var(--wp--preset--spacing--10);padding-right:var(--wp--preset--spacing--10);padding-bottom:var(--wp--preset--spacing--10);padding-left:var(--wp--preset--spacing--10)\">APPARTEMENTS Golden Mile<\/a><\/div>\n<\/div>\n<\/div>\n\n\n\t<div id=\"wpb__style_container\" class=\"wpb--container\">\r\n\t\t<form action=\"#\" class=\"wpb--properties-form wpb--properties-form-multisearch\" id=\"searchform\" data-sptext=\"{'headFrom':'A partir de tout prix','headTo':'A tout prix','text':['100.000 &euro;','150.000 &euro;','200.000 &euro;','250.000 &euro;','300.000 &euro;','500.000 &euro;','750.000 &euro;','1.000.000 &euro;','1.500.000 &euro;','2.000.000 &euro;','2.500.000 &euro;','3.000.000 &euro;','3.500.000 &euro;','4.000.000 &euro;','4.500.000 &euro;','5.000.000 &euro;','-5.000.000 &euro;']}\" data-rptext=\"{'headFrom':'A partir de tout prix','headTo':'A tout prix','text':['300 &euro;','500 &euro;','800 &euro;','1.000 &euro;','1.200 &euro;','1.500 &euro;','2.000 &euro;','2.500 &euro;','3.000 &euro;']}\" data-saleprices=\"[100000,150000,200000,250000,300000,500000,750000,1000000,1500000,2000000,2500000,3000000,3500000,4000000,4500000,5000000,-5000000]\" data-rentprices=\"[300,500,800,1000,1200,1500,2000,2500,3000]\" autocomplete=\"off\">\n\t<input type=\"hidden\" name=\"l\" value=\"fr\" \/>\n\t<input type=\"hidden\" name=\"refinesearch-typeselector\" value=\"full\">\t\t<input type=\"hidden\" name=\"o\" value=\"\" \/>\n\t<input type=\"hidden\" name=\"f\" value=\"sale\" \/>\n\t\n\t<div class=\"wpb--form-row\">\n\t\t<div class=\"wpb--form-group wpb--custom-select wpb--location\">\n\t\t\t<select name=\"c\" id=\"searchform-cities\" placeholder=\"Tous les sites\" class=\"wpb-multiple\" data-options-selected-text=\"option s\u00e9lectionn\u00e9e \" data-all-options-selected-text=\"Tous\">\n\t\t\t\t<option value=\"\">Tous les sites<\/option>\n\t\t\t\t<option value=\"c24\">Marbella<\/option><option value=\"c4\">Benahavis<\/option><option value=\"c11\">Estepona<\/option><option value=\"c25\">Mijas<\/option><option value=\"c26\">Mijas Costa<\/option><option value=\"c9\">Casares<\/option><option value=\"c16\">Istan<\/option><option value=\"c22\">Manilva<\/option><option value=\"c28\">Ojen<\/option><option value=\"c35\">San Pedro de Alcantara<\/option>\t\t\t<\/select>\n\t\t<\/div>\n\n\t\t<div class=\"wpb--form-group wpb--custom-select wpb--areas\">\n\t\t\t<select name=\"a\" id=\"searchform-areas\" placeholder=\"Toutes les Zones\" class=\"wpb-multiple\"  disabled  data-options-selected-text=\"option s\u00e9lectionn\u00e9e \" data-all-options-selected-text=\"Toutes les Zones\">\n\t\t\t\t<option value=\"\">Toutes les zones<\/option>\n\t\t\t\t<option value=\"a24\">Marbella Centre<\/option><option value=\"a41\">Marbella Golden Mile<\/option><option value=\"a51\">Nueva Andalucia<\/option><option value=\"a46\">Marbella - Puerto Banus<\/option><option value=\"a40\">Marbella Est<\/option><option value=\"a74336\">Altos de Estepona<\/option><option value=\"a1698\">Altos de La Quinta<\/option><option value=\"a86204\">Be Lagom<\/option><option value=\"a74343\">Byu Hills<\/option><option value=\"a1589\">Casares del Sol - Casares Golf<\/option><option value=\"a94537\">Castiglione<\/option><option value=\"a159\">Cortijo Blanco<\/option><option value=\"a107\">El Chaparral<\/option><option value=\"a1035\">El Herrojo<\/option><option value=\"a160\">El Madro\u00f1al<\/option><option value=\"a134924\">Estepona Est<\/option><option value=\"a134923\">Estepona Ouest<\/option><option value=\"a134922\">Estepona Ville<\/option><option value=\"a1725\">Gazules del Sol<\/option><option value=\"a120\">Guadalmina Alta<\/option><option value=\"a1683\">Hacienda del Se\u00f1orio de Cifuentes<\/option><option value=\"a251\">La Alqueria<\/option><option value=\"a1024\">La Cala Golf Resort<\/option><option value=\"a166\">La Heredia<\/option><option value=\"a164\">La Quinta<\/option><option value=\"a1086\">La Quinta Golf<\/option><option value=\"a86200\">La Quinta Hills<\/option><option value=\"a161\">La Zagaleta<\/option><option value=\"a1765\">Lomas de La Quinta<\/option><option value=\"a74237\">Los Almendros<\/option><option value=\"a110577\">Los Almendros II<\/option><option value=\"a165\">Los Arqueros<\/option><option value=\"a1026\">Los Capanes del Golf<\/option><option value=\"a654\">Los Flamingos Golf<\/option><option value=\"a908\">Manilva Beach<\/option><option value=\"a665\">Marbella Club Golf Resort<\/option><option value=\"a1375\">Mirador del Paraiso<\/option><option value=\"a756\">Monte Halcones<\/option><option value=\"a1686\">Montevideo Hills<\/option><option value=\"a157\">Nueva Alcantara<\/option><option value=\"a74301\">Palo Alto<\/option><option value=\"a363\">Paraiso Alto<\/option><option value=\"a1576\">Puerto del Almendro<\/option><option value=\"a1707\">Puerto del Capitan<\/option><option value=\"a74278\">Real de La Quinta<\/option><option value=\"a102\">Riviera del Sol<\/option><option value=\"a330\">Sabinillas<\/option><option value=\"a89\">San Pedro Playa<\/option><option value=\"a38\">Seghers<\/option><option value=\"a820\">Sierra Blanca Country Club<\/option>\t\t\t\t<option value=\"s0\">All Subareas<\/option><option value=\"s832\">Alcores del Golf<\/option><option value=\"s220\">Alhambra del Mar<\/option><option value=\"s3156\">Alminar de Marbella<\/option><option value=\"s146\">Aloha<\/option><option value=\"s202\">Altos Reales<\/option><option value=\"s231\">Altos de Salamanca<\/option><option value=\"s152\">Altos del Rodeo<\/option><option value=\"s13100\">Arboleda<\/option><option value=\"s127\">Artola<\/option><option value=\"s13104\">Atalaya Golf<\/option><option value=\"s79\">Atalaya de Rio Verde<\/option><option value=\"s1857\">Atrium<\/option><option value=\"s13251\">Azata Golf<\/option><option value=\"s13107\">Bah\u00eda del Veler\u00edn<\/option><option value=\"s1599\">Balcones de Puente Romano<\/option><option value=\"s201\">Balcones de Sierra Blanca<\/option><option value=\"s13110\">Bel Air<\/option><option value=\"s13283\">Benal\u00fas<\/option><option value=\"s13256\">Buenas Noches<\/option><option value=\"s128\">Cabopino<\/option><option value=\"s85\">Casablanca<\/option><option value=\"s199\">Cascada de Camojan<\/option><option value=\"s1859\">Cipreses del Mar<\/option><option value=\"s1264\">Club Sierra<\/option><option value=\"s235\">Coral Beach<\/option><option value=\"s205\">Cortijo Nag\u00fceles<\/option><option value=\"s13124\">Cortijo del Golf<\/option><option value=\"s1602\">Costa Nag\u00fceles II<\/option><option value=\"s1653\">Costa Nag\u00fceles III<\/option><option value=\"s13128\">Costalita<\/option><option value=\"s1261\">Cumbres del Rodeo<\/option><option value=\"s341\">Don Gonzalo<\/option><option value=\"s13075\">Doncella Beach<\/option><option value=\"s13134\">El Campanario<\/option><option value=\"s2176\">El Mirador del Principe<\/option><option value=\"s1259\">El Oasis Club<\/option><option value=\"s13137\">El Paraiso<\/option><option value=\"s83\">Elviria<\/option><option value=\"s2184\">Epic Marbella<\/option><option value=\"s13236\">Estepona Centre<\/option><option value=\"s1341\">Estrella del Mar<\/option><option value=\"s14028\">Finca Cortesin<\/option><option value=\"s1760\">Golden Mile<\/option><option value=\"s2093\">Gran Ducado<\/option><option value=\"s1087\">Gran Marbella<\/option><option value=\"s1605\">Hacienda Nag\u00fceles II<\/option><option value=\"s13150\">Hacienda del Sol<\/option><option value=\"s2183\">Huerta Bel\u00f3n<\/option><option value=\"s824\">Jardines Colgantes<\/option><option value=\"s1758\">Jardines de las Lomas<\/option><option value=\"s1013\">Jardines del Mar<\/option><option value=\"s1817\">Jardines del Principe<\/option><option value=\"s301\">Jardines del Puerto<\/option><option value=\"s1818\">Jard\u00edn del Mediterr\u00e1neo<\/option><option value=\"s343\">Kings Hills<\/option><option value=\"s176\">La Carolina<\/option><option value=\"s13158\">La Cartuja del Golf<\/option><option value=\"s150\">La Cerquilla<\/option><option value=\"s1074\">La Herradura<\/option><option value=\"s354\">La Mairena<\/option><option value=\"s197\">La Merced<\/option><option value=\"s3221\">La Quinta Village<\/option><option value=\"s1886\">La Reserva de los Granados<\/option><option value=\"s13162\">La Resina Golf<\/option><option value=\"s3241\">La Rinconada<\/option><option value=\"s218\">La Virginia<\/option><option value=\"s147\">Las Brisas<\/option><option value=\"s3224\">Las Brisas del Golf<\/option><option value=\"s195\">Las Cancelas<\/option><option value=\"s758\">Las Ca\u00f1as Beach<\/option><option value=\"s71\">Las Chapas<\/option><option value=\"s651\">Las Lomas de Nueva Andalucia<\/option><option value=\"s624\">Las Lomas del Marbella Club<\/option><option value=\"s2203\">Las Terrazas de Las Lomas<\/option><option value=\"s671\">Les Belvederes<\/option><option value=\"s828\">Lomas del Rey<\/option><option value=\"s3255\">Lomas del Virrey<\/option><option value=\"s754\">Los Altos de los Monteros<\/option><option value=\"s13222\">Los Granados Playa<\/option><option value=\"s13225\">Los Granados del Mar<\/option><option value=\"s1736\">Los Monteros Palm Beach<\/option><option value=\"s813\">Los Naranjos Golf<\/option><option value=\"s1875\">Los Naranjos Hill Club<\/option><option value=\"s830\">Los Olivos<\/option><option value=\"s2794\">Los Potros<\/option><option value=\"s210\">Marbella Hill Club<\/option><option value=\"s1677\">Marbella House<\/option><option value=\"s223\">Marbella Real<\/option><option value=\"s216\">Marbella Vieille Ville<\/option><option value=\"s184\">Marbellamar<\/option><option value=\"s206\">Marberia<\/option><option value=\"s77\">Marbesa<\/option><option value=\"s1858\">Mare Nostrum<\/option><option value=\"s1592\">Marina Mariola<\/option><option value=\"s1591\">Marina Puente Romano<\/option><option value=\"s2178\">Meisho Hills<\/option><option value=\"s13218\">Menara Beach<\/option><option value=\"s13077\">Mirador de Estepona Hills<\/option><option value=\"s2101\">Monte Marbella Club<\/option><option value=\"s204\">Nag\u00fceles<\/option><option value=\"s3162\">Palacetes Los Belvederes<\/option><option value=\"s187\">Pavona Real<\/option><option value=\"s2188\">Playa Bajadilla - Puertos<\/option><option value=\"s2193\">Playa de la Fontanilla<\/option><option value=\"s51\">Puente Romano<\/option><option value=\"s338\">Puerto<\/option><option value=\"s2233\">Residencial Palacio de Congresos<\/option><option value=\"s2192\">Ricardo Soriano<\/option><option value=\"s52\">Rio Real<\/option><option value=\"s236\">Rio Verde Playa<\/option><option value=\"s1595\">Rocio de Nag\u00fceles<\/option><option value=\"s74\">Santa Clara<\/option><option value=\"s13195\">Selwo<\/option><option value=\"s203\">Sierra Blanca<\/option><option value=\"s13270\">The Edge<\/option><option value=\"s13271\">The Island<\/option><option value=\"s183\">Valdeolletas<\/option><option value=\"s13272\">Valle Romano<\/option><option value=\"s13179\">Velaya<\/option><option value=\"s192\">Xarblanca<\/option>\t\t\t<\/select>\n\t\t<\/div>\n\n\t\t<div class=\"wpb--form-group wpb--type wpb--custom-select\">\n\t\t\t<select class=\"wpb-multiple\" name=\"t\" id=\"searchform-types\" placeholder=\"Tous les types\">\n\t\t\t\t<option value=\"\">Tous les types<\/option>\n\t\t\t\t<option value=\"T1\" data-category>Appartements - Habitats<\/option><option value=\"t3\">Appartement Terrasse<\/option><option value=\"T2\" data-category>Villas - Maisons Isol\u00e9e<\/option><option value=\"T3\" data-category>Maisons<\/option><option value=\"T5\" data-category>Parcelles - Terrains<\/option><option value=\"T6\" data-category>Commercials - Investissements<\/option><option value=\"T8\" data-category>Autre<\/option><option value=\"T4\" data-category>Rustique<\/option>\t\t\t<\/select>\n\t\t<\/div>\n\n\t\t<div class=\"wpb--form-group wpb--refsearch\">\n\t\t\t\t\t\t<input id=\"searchform-ref\" type=\"text\" name=\"ft\" data-default-placeholder=\"Zone, b\u00e2timent ou am\u00e9nagement\" placeholder=\"Zone, b\u00e2timent ou am\u00e9nagement\" minlength=\"3\" data-message=\"Veuillez saisir au moins 3 caract\u00e8res pour effectuer une recherche par r\u00e9f\u00e9rence \" value=\"\" \/>\n\t\t<\/div>\n\n\n\t\t<div class=\"wpb--form-group wpb--pricefrom wpb--custom-select\">\n\t\t\t<select name=\"pf\" id=\"searchform-pricefrom\" placeholder=\"A partir de tout prix\">\n\t\t\t\t<option value=\"\">A partir de tout prix<\/option>\n\t\t\t\t<option value=\"100000\">100.000 &euro;<\/option><option value=\"150000\">150.000 &euro;<\/option><option value=\"200000\">200.000 &euro;<\/option><option value=\"250000\">250.000 &euro;<\/option><option value=\"300000\">300.000 &euro;<\/option><option value=\"500000\">500.000 &euro;<\/option><option value=\"750000\">750.000 &euro;<\/option><option value=\"1000000\">1.000.000 &euro;<\/option><option value=\"1500000\">1.500.000 &euro;<\/option><option value=\"2000000\">2.000.000 &euro;<\/option><option value=\"2500000\">2.500.000 &euro;<\/option><option value=\"3000000\">3.000.000 &euro;<\/option><option value=\"3500000\">3.500.000 &euro;<\/option><option value=\"4000000\">4.000.000 &euro;<\/option><option value=\"4500000\">4.500.000 &euro;<\/option><option value=\"5000000\">5.000.000 &euro;<\/option>\t\t\t<\/select>\n\t\t<\/div>\n\n\t\t<div class=\"wpb--form-group wpb--priceto wpb--custom-select\">\n\t\t\t<select name=\"pt\" id=\"searchform-priceto\" placeholder=\"A tout prix\">\n\t\t\t\t<option value=\"\">A tout prix<\/option>\n\t\t\t\t<option value=\"100000\">100.000 &euro;<\/option><option value=\"150000\">150.000 &euro;<\/option><option value=\"200000\">200.000 &euro;<\/option><option value=\"250000\">250.000 &euro;<\/option><option value=\"300000\">300.000 &euro;<\/option><option value=\"500000\">500.000 &euro;<\/option><option value=\"750000\">750.000 &euro;<\/option><option value=\"1000000\">1.000.000 &euro;<\/option><option value=\"1500000\">1.500.000 &euro;<\/option><option value=\"2000000\">2.000.000 &euro;<\/option><option value=\"2500000\">2.500.000 &euro;<\/option><option value=\"3000000\">3.000.000 &euro;<\/option><option value=\"3500000\">3.500.000 &euro;<\/option><option value=\"4000000\">4.000.000 &euro;<\/option><option value=\"4500000\">4.500.000 &euro;<\/option><option value=\"5000000\">5.000.000 &euro;<\/option><option value=\"-5000000\">+5.000.000 &euro;<\/option>\t\t\t<\/select>\n\t\t<\/div>\n\n\t\t\t\t<div class=\"wpb--form-group wpb--beds wpb--custom-select\">\n\t\t\t<select name=\"b\" id=\"searchform-beds\" placeholder=\"Min chambres\">\n\t\t\t\t<option value=\"\">Min chambres<\/option>\n\t\t\t\t<option value=\"1\">1 chambre<\/option><option value=\"2\">2 chambres<\/option><option value=\"3\">3 chambres<\/option><option value=\"4\">4 chambres<\/option><option value=\"5\">5 chambres<\/option><option value=\"6\">6 chambres<\/option>\t\t\t<\/select>\n\t\t<\/div>\n\t\t\n\t\t<div class=\"wpb--form-group wpb--btnsearch\">\n\t\t\t<button class=\"wpb--btn-search\" type=\"submit\">Recherche<span id=\"icons-search\"><\/span><\/button>\n\t\t\t<span id=\"form-reset\">R\u00e9initialiser<\/span>\t\t\t\n\t\t<\/div>\n\t<\/div>\n\t<div class=\"wpb--form-row wpb--form-row-check\">\n            <div class=\"wpb--form-group wpb--form-check\">\n            <input type=\"checkbox\" class=\"wpb--form-check-input\" name=\"filter1\" id=\"filter1\" value=\"1\" >\n            <label class=\"wpb--form-check-label\" for=\"filter1\">Neuf<\/label>\n        <\/div>\n            <div class=\"wpb--form-group wpb--form-check\">\n            <input type=\"checkbox\" class=\"wpb--form-check-input\" name=\"filter2\" id=\"filter2\" value=\"1\" >\n            <label class=\"wpb--form-check-label\" for=\"filter2\">Au bord plage<\/label>\n        <\/div>\n            <div class=\"wpb--form-group wpb--form-check\">\n            <input type=\"checkbox\" class=\"wpb--form-check-input\" name=\"filter3\" id=\"filter3\" value=\"1\" >\n            <label class=\"wpb--form-check-label\" for=\"filter3\">Vue sur la mer<\/label>\n        <\/div>\n            <div class=\"wpb--form-group wpb--form-check\">\n            <input type=\"checkbox\" class=\"wpb--form-check-input\" name=\"filter4\" id=\"filter4\" value=\"1\" >\n            <label class=\"wpb--form-check-label\" for=\"filter4\">Communaut\u00e9 ferm\u00e9e<\/label>\n        <\/div>\n            <div class=\"wpb--form-group wpb--form-check\">\n            <input type=\"checkbox\" class=\"wpb--form-check-input\" name=\"filter5\" id=\"filter5\" value=\"1\" >\n            <label class=\"wpb--form-check-label\" for=\"filter5\">Golf<\/label>\n        <\/div>\n            <div class=\"wpb--form-group wpb--form-check\">\n            <input type=\"checkbox\" class=\"wpb--form-check-input\" name=\"filter6\" id=\"filter6\" value=\"1\" >\n            <label class=\"wpb--form-check-label\" for=\"filter6\">\u00c0 r\u00e9nover<\/label>\n        <\/div>\n    <\/div><\/form>\n<ul class=\"inm-breadcrumb\">\r\n\t<li><a href=\"\/fr\/wp-json\/wp\/v2\/pages\/16917?l=fr&f=sale\" title=\"Propri\u00e9t\u00e9 \u00e0 vendre \u00e0 Marbella\">For sale<\/a><\/li><\/ul>\r\n\r\n\t\t<div class=\"wpb--properties-list-info\" id=\"hasSearch\">\r\n\t\t\t<h1>Propri\u00e9t\u00e9 \u00e0 vendre \u00e0 Marbella<\/h1>\r\n\t\t\t<div class=\"wbp--results\">\r\n\t\t\t\t<p>Montrer 385 propri\u00e9t\u00e9s \u00e0 vendre.<\/p>\r\n\t\t\t\t<form id=\"orderform\" action=\"#\" data-url=\"\/fr\/wp-json\/wp\/v2\/pages\/16917\">\r\n\t\t\t\t\t<div class=\"wpb--custom-select\">\r\n\t\t\t\t\t\t<select name=\"o\">\r\n\t\t\t\t\t\t\t<option value=\"\" >Le plus r\u00e9cent en premier<\/option>\r\n\t\t\t\t\t\t\t<option value=\"priced\" >Prix plus \u00e9lev\u00e9 d'abord<\/option>\r\n\t\t\t\t\t\t\t<option value=\"pricea\" >Le prix le plus bas d'abord<\/option>\r\n\t\t\t\t\t\t<\/select>\r\n\t\t\t\t\t<\/div>\r\n\t\t\t\t<\/form>\r\n\t\t\t<\/div>\r\n\t\t<\/div>\r\n\t\t<div class=\"wpb--card-container\">\r\n\t\t\t<div class=\"wpb--card\">\n\t<div class=\"wpb--aspect-box wpb--panoramic\">\n\t\t<a class=\"wpb--stretched-link\" href=\"\/fr\/propriete\/vente-casares-finca-698949\">\n\t\t\t\t\t\t\t<img decoding=\"async\" class=\"wpb--image-fit nolazyloading\" fetchpriority=\"high\" src=\"https:\/\/www.nevadomarbella.com\/wp-content\/uploads\/inmoba\/thumb-all-0.75-exact-698949.webp\" alt=\"Propri\u00e9t\u00e9 \u00e0 Casares, autonome en \u00e9nergie, \u00e0 vendre\" \/>\n\t\t\t\n\t\t\t\t\t<\/a>\n\t<\/div>\n\t<div class=\"wpb--card-body\">\n\t\t<span class=\"wpb--card-body-location\">Casares<\/span>\n\t\t<h2 class=\"wpb--card-title\">\n\t\t\t<a class=\"wpb--stretched-link\" href=\"\/fr\/propriete\/vente-casares-finca-698949\">\n\t\t\t\tPropri\u00e9t\u00e9 \u00e0 Casares, autonome en \u00e9nergie, \u00e0 vendre\t\t\t<\/a>\n\t\t<\/h2>\n\t\t<div class=\"wpb--card-data\">\n\t\t\t<ul class=\"wpb--card-features\">\n\t\t\t\t\t\t\t\t\t\t<li>4  Chambres, <\/li>\n\t\t\t\t\t\t\t\t\t\t<li>2  Bains, <\/li>\n\t\t\t\t\t\t\t\t\t\t<li>249.990 m&sup2; Parcelle , <\/li>\n\t\t\t\t\t\t\t\t\t\t<li>175 m&sup2; Construit<\/li>\n\t\t\t\t\t\t\t<\/ul>\n\t\t\t<div class=\"wpb--card-price\">\n\t\t\t\t775.000 &euro;<span>163-04632P<\/span>\t\t\t<\/div>\n\t\t<\/div>\n\t<\/div>\n<\/div>\n<div class=\"wpb--card\">\n\t<div class=\"wpb--aspect-box wpb--panoramic\">\n\t\t<a class=\"wpb--stretched-link\" href=\"\/fr\/propriete\/vente-bahia-del-velerin-appartement-698929\">\n\t\t\t\t\t\t\t<img decoding=\"async\" class=\"wpb--image-fit nolazyloading\" fetchpriority=\"high\" src=\"https:\/\/www.nevadomarbella.com\/wp-content\/uploads\/inmoba\/thumb-all-0.75-exact-698929.webp\" alt=\"Appartement \u00e0 vendre \u00e0 Bah\u00eda del Veler\u00edn, Estepona, en premi\u00e8re ligne de plage\" \/>\n\t\t\t\n\t\t\t\t\t<\/a>\n\t<\/div>\n\t<div class=\"wpb--card-body\">\n\t\t<span class=\"wpb--card-body-location\">Bah\u00eda del Veler\u00edn - Estepona Est<\/span>\n\t\t<h2 class=\"wpb--card-title\">\n\t\t\t<a class=\"wpb--stretched-link\" href=\"\/fr\/propriete\/vente-bahia-del-velerin-appartement-698929\">\n\t\t\t\tAppartement \u00e0 vendre \u00e0 Bah\u00eda del Veler\u00edn, Estepona, en premi\u00e8re ligne de plage\t\t\t<\/a>\n\t\t<\/h2>\n\t\t<div class=\"wpb--card-data\">\n\t\t\t<ul class=\"wpb--card-features\">\n\t\t\t\t\t\t\t\t\t\t<li>3  Chambres, <\/li>\n\t\t\t\t\t\t\t\t\t\t<li>2  Bains, <\/li>\n\t\t\t\t\t\t\t\t\t\t<li>122 m&sup2; Construit<\/li>\n\t\t\t\t\t\t\t<\/ul>\n\t\t\t<div class=\"wpb--card-price\">\n\t\t\t\t1.895.000 &euro;<span>163-04631P<\/span>\t\t\t<\/div>\n\t\t<\/div>\n\t<\/div>\n<\/div>\n<div class=\"wpb--card\">\n\t<div class=\"wpb--aspect-box wpb--panoramic\">\n\t\t<a class=\"wpb--stretched-link\" href=\"\/fr\/propriete\/vente-estepona-ville-appartement-terrasse-698612\">\n\t\t\t\t\t\t\t<img decoding=\"async\" class=\"wpb--image-fit nolazyloading\" fetchpriority=\"high\" src=\"https:\/\/www.nevadomarbella.com\/wp-content\/uploads\/inmoba\/thumb-all-0.75-exact-698612.webp\" alt=\"Penthouse \u00e0 Estepona, face \u00e0 la mer et en premi\u00e8re ligne de plage, \u00e0 vendre\" \/>\n\t\t\t\n\t\t\t\t\t<\/a>\n\t<\/div>\n\t<div class=\"wpb--card-body\">\n\t\t<span class=\"wpb--card-body-location\">Estepona Ville<\/span>\n\t\t<h2 class=\"wpb--card-title\">\n\t\t\t<a class=\"wpb--stretched-link\" href=\"\/fr\/propriete\/vente-estepona-ville-appartement-terrasse-698612\">\n\t\t\t\tPenthouse \u00e0 Estepona, face \u00e0 la mer et en premi\u00e8re ligne de plage, \u00e0 vendre\t\t\t<\/a>\n\t\t<\/h2>\n\t\t<div class=\"wpb--card-data\">\n\t\t\t<ul class=\"wpb--card-features\">\n\t\t\t\t\t\t\t\t\t\t<li>3  Chambres, <\/li>\n\t\t\t\t\t\t\t\t\t\t<li>3  Bains, <\/li>\n\t\t\t\t\t\t\t\t\t\t<li>512 m&sup2; Construit<\/li>\n\t\t\t\t\t\t\t<\/ul>\n\t\t\t<div class=\"wpb--card-price\">\n\t\t\t\t6.400.000 &euro;<span>163-04629P-DUP<\/span>\t\t\t<\/div>\n\t\t<\/div>\n\t<\/div>\n<\/div>\n<div class=\"wpb--card\">\n\t<div class=\"wpb--aspect-box wpb--panoramic\">\n\t\t<a class=\"wpb--stretched-link\" href=\"\/fr\/propriete\/vente-estepona-ville-appartement-698497\">\n\t\t\t\t\t\t\t<img decoding=\"async\" class=\"wpb--image-fit nolazyloading\" fetchpriority=\"high\" src=\"https:\/\/www.nevadomarbella.com\/wp-content\/uploads\/inmoba\/thumb-all-0.75-exact-698497.webp\" alt=\"Appartement \u00e0 Estepona, face \u00e0 la mer, en premi\u00e8re ligne de plage\" \/>\n\t\t\t\n\t\t\t\t\t<\/a>\n\t<\/div>\n\t<div class=\"wpb--card-body\">\n\t\t<span class=\"wpb--card-body-location\">Estepona Ville<\/span>\n\t\t<h2 class=\"wpb--card-title\">\n\t\t\t<a class=\"wpb--stretched-link\" href=\"\/fr\/propriete\/vente-estepona-ville-appartement-698497\">\n\t\t\t\tAppartement \u00e0 Estepona, face \u00e0 la mer, en premi\u00e8re ligne de plage\t\t\t<\/a>\n\t\t<\/h2>\n\t\t<div class=\"wpb--card-data\">\n\t\t\t<ul class=\"wpb--card-features\">\n\t\t\t\t\t\t\t\t\t\t<li>3  Chambres, <\/li>\n\t\t\t\t\t\t\t\t\t\t<li>3  Bains, <\/li>\n\t\t\t\t\t\t\t\t\t\t<li>297 m&sup2; Construit<\/li>\n\t\t\t\t\t\t\t<\/ul>\n\t\t\t<div class=\"wpb--card-price\">\n\t\t\t\t3.550.000 &euro;<span>163-04628P<\/span>\t\t\t<\/div>\n\t\t<\/div>\n\t<\/div>\n<\/div>\n<div class=\"wpb--card\">\n\t<div class=\"wpb--aspect-box wpb--panoramic\">\n\t\t<a class=\"wpb--stretched-link\" href=\"\/fr\/propriete\/vente-las-brisas-villa-698434\">\n\t\t\t\t\t\t\t<img decoding=\"async\" class=\"wpb--image-fit nolazyloading\" fetchpriority=\"high\" src=\"https:\/\/www.nevadomarbella.com\/wp-content\/uploads\/inmoba\/thumb-all-0.75-exact-698434.webp\" alt=\"Villa \u00e0 vendre \u00e0 Las Brisas, Nueva Andaluc\u00eda, \u00e0 proximit\u00e9 du golf\" \/>\n\t\t\t\n\t\t\t\t\t<\/a>\n\t<\/div>\n\t<div class=\"wpb--card-body\">\n\t\t<span class=\"wpb--card-body-location\">Las Brisas - Nueva Andalucia<\/span>\n\t\t<h2 class=\"wpb--card-title\">\n\t\t\t<a class=\"wpb--stretched-link\" href=\"\/fr\/propriete\/vente-las-brisas-villa-698434\">\n\t\t\t\tVilla \u00e0 vendre \u00e0 Las Brisas, Nueva Andaluc\u00eda, \u00e0 proximit\u00e9 du golf\t\t\t<\/a>\n\t\t<\/h2>\n\t\t<div class=\"wpb--card-data\">\n\t\t\t<ul class=\"wpb--card-features\">\n\t\t\t\t\t\t\t\t\t\t<li>4  Chambres, <\/li>\n\t\t\t\t\t\t\t\t\t\t<li>4  Bains, <\/li>\n\t\t\t\t\t\t\t\t\t\t<li>1.006 m&sup2; Parcelle , <\/li>\n\t\t\t\t\t\t\t\t\t\t<li>342 m&sup2; Construit<\/li>\n\t\t\t\t\t\t\t<\/ul>\n\t\t\t<div class=\"wpb--card-price\">\n\t\t\t\t2.995.000 &euro;<span>163-04627P<\/span>\t\t\t<\/div>\n\t\t<\/div>\n\t<\/div>\n<\/div>\n<div class=\"wpb--card\">\n\t<div class=\"wpb--aspect-box wpb--panoramic\">\n\t\t<a class=\"wpb--stretched-link\" href=\"\/fr\/propriete\/vente-la-cartuja-del-golf-appartement-terrasse-698163\">\n\t\t\t\t\t\t\t<img decoding=\"async\" class=\"wpb--image-fit nolazyloading\" fetchpriority=\"high\" src=\"https:\/\/www.nevadomarbella.com\/wp-content\/uploads\/inmoba\/thumb-all-0.75-exact-698163.webp\" alt=\"Penthouse \u00e0 La Cartuja, Estepona, \u00e0 vendre\" \/>\n\t\t\t\n\t\t\t\t\t<\/a>\n\t<\/div>\n\t<div class=\"wpb--card-body\">\n\t\t<span class=\"wpb--card-body-location\">La Cartuja del Golf - Estepona Est<\/span>\n\t\t<h2 class=\"wpb--card-title\">\n\t\t\t<a class=\"wpb--stretched-link\" href=\"\/fr\/propriete\/vente-la-cartuja-del-golf-appartement-terrasse-698163\">\n\t\t\t\tPenthouse \u00e0 La Cartuja, Estepona, \u00e0 vendre\t\t\t<\/a>\n\t\t<\/h2>\n\t\t<div class=\"wpb--card-data\">\n\t\t\t<ul class=\"wpb--card-features\">\n\t\t\t\t\t\t\t\t\t\t<li>3  Chambres, <\/li>\n\t\t\t\t\t\t\t\t\t\t<li>2  Bains, <\/li>\n\t\t\t\t\t\t\t\t\t\t<li>298 m&sup2; Construit<\/li>\n\t\t\t\t\t\t\t<\/ul>\n\t\t\t<div class=\"wpb--card-price\">\n\t\t\t\t835.000 &euro;<span>163-04626P<\/span>\t\t\t<\/div>\n\t\t<\/div>\n\t<\/div>\n<\/div>\n<div class=\"wpb--card\">\n\t<div class=\"wpb--aspect-box wpb--panoramic\">\n\t\t<a class=\"wpb--stretched-link\" href=\"\/fr\/propriete\/vente-costalita-appartement-697925\">\n\t\t\t\t\t\t\t<img decoding=\"async\" class=\"wpb--image-fit nolazyloading\" fetchpriority=\"high\" src=\"https:\/\/www.nevadomarbella.com\/wp-content\/uploads\/inmoba\/thumb-all-0.75-exact-697925.webp\" alt=\"Appartement \u00e0 Costalita Estepona r\u00e9nov\u00e9 en premi\u00e8re ligne de plage \u00e0 vendre\" \/>\n\t\t\t\n\t\t\t\t\t<\/a>\n\t<\/div>\n\t<div class=\"wpb--card-body\">\n\t\t<span class=\"wpb--card-body-location\">Costalita - Estepona Est<\/span>\n\t\t<h2 class=\"wpb--card-title\">\n\t\t\t<a class=\"wpb--stretched-link\" href=\"\/fr\/propriete\/vente-costalita-appartement-697925\">\n\t\t\t\tAppartement \u00e0 Costalita Estepona r\u00e9nov\u00e9 en premi\u00e8re ligne de plage \u00e0 vendre\t\t\t<\/a>\n\t\t<\/h2>\n\t\t<div class=\"wpb--card-data\">\n\t\t\t<ul class=\"wpb--card-features\">\n\t\t\t\t\t\t\t\t\t\t<li>3  Chambres, <\/li>\n\t\t\t\t\t\t\t\t\t\t<li>2  Bains, <\/li>\n\t\t\t\t\t\t\t\t\t\t<li>157 m&sup2; Construit<\/li>\n\t\t\t\t\t\t\t<\/ul>\n\t\t\t<div class=\"wpb--card-price\">\n\t\t\t\t1.495.000 &euro;<span>163-04625P<\/span>\t\t\t<\/div>\n\t\t<\/div>\n\t<\/div>\n<\/div>\n<div class=\"wpb--card\">\n\t<div class=\"wpb--aspect-box wpb--panoramic\">\n\t\t<a class=\"wpb--stretched-link\" href=\"\/fr\/propriete\/vente-sabinillas-appartement-697921\">\n\t\t\t\t\t\t\t<img decoding=\"async\" class=\"wpb--image-fit nolazyloading\" fetchpriority=\"high\" src=\"https:\/\/www.nevadomarbella.com\/wp-content\/uploads\/inmoba\/thumb-all-0.75-exact-697921.webp\" alt=\"Appartement \u00e0 vendre \u00e0 Sabinillas, Manilva\" \/>\n\t\t\t\n\t\t\t\t\t<\/a>\n\t<\/div>\n\t<div class=\"wpb--card-body\">\n\t\t<span class=\"wpb--card-body-location\">Sabinillas - Manilva<\/span>\n\t\t<h2 class=\"wpb--card-title\">\n\t\t\t<a class=\"wpb--stretched-link\" href=\"\/fr\/propriete\/vente-sabinillas-appartement-697921\">\n\t\t\t\tAppartement \u00e0 vendre \u00e0 Sabinillas, Manilva\t\t\t<\/a>\n\t\t<\/h2>\n\t\t<div class=\"wpb--card-data\">\n\t\t\t<ul class=\"wpb--card-features\">\n\t\t\t\t\t\t\t\t\t\t<li>1  Lit, <\/li>\n\t\t\t\t\t\t\t\t\t\t<li>1  Bain, <\/li>\n\t\t\t\t\t\t\t\t\t\t<li>82 m&sup2; Construit<\/li>\n\t\t\t\t\t\t\t<\/ul>\n\t\t\t<div class=\"wpb--card-price\">\n\t\t\t\t435.000 &euro;<span>163-04624P<\/span>\t\t\t<\/div>\n\t\t<\/div>\n\t<\/div>\n<\/div>\n<div class=\"wpb--card\">\n\t<div class=\"wpb--aspect-box wpb--panoramic\">\n\t\t<a class=\"wpb--stretched-link\" href=\"\/fr\/propriete\/vente-estepona-est-villa-697847\">\n\t\t\t\t\t\t\t<img decoding=\"async\" class=\"wpb--image-fit nolazyloading\" fetchpriority=\"high\" src=\"https:\/\/www.nevadomarbella.com\/wp-content\/uploads\/inmoba\/thumb-all-0.75-exact-697847.webp\" alt=\"Villa \u00e0 Estepona en premi\u00e8re ligne de plage avec grand terrain \u00e0 vendre\" \/>\n\t\t\t\n\t\t\t\t\t<\/a>\n\t<\/div>\n\t<div class=\"wpb--card-body\">\n\t\t<span class=\"wpb--card-body-location\">Estepona Est<\/span>\n\t\t<h2 class=\"wpb--card-title\">\n\t\t\t<a class=\"wpb--stretched-link\" href=\"\/fr\/propriete\/vente-estepona-est-villa-697847\">\n\t\t\t\tVilla \u00e0 Estepona en premi\u00e8re ligne de plage avec grand terrain \u00e0 vendre\t\t\t<\/a>\n\t\t<\/h2>\n\t\t<div class=\"wpb--card-data\">\n\t\t\t<ul class=\"wpb--card-features\">\n\t\t\t\t\t\t\t\t\t\t<li>9  Chambres, <\/li>\n\t\t\t\t\t\t\t\t\t\t<li>8  Bains, <\/li>\n\t\t\t\t\t\t\t\t\t\t<li>5.828 m&sup2; Parcelle , <\/li>\n\t\t\t\t\t\t\t\t\t\t<li>1.926 m&sup2; Construit<\/li>\n\t\t\t\t\t\t\t<\/ul>\n\t\t\t<div class=\"wpb--card-price\">\n\t\t\t\t11.900.000 &euro;<span>163-04623P<\/span>\t\t\t<\/div>\n\t\t<\/div>\n\t<\/div>\n<\/div>\n<div class=\"wpb--card\">\n\t<div class=\"wpb--aspect-box wpb--panoramic\">\n\t\t<a class=\"wpb--stretched-link\" href=\"\/fr\/propriete\/vente-mijas-costa-appartement-terrasse-697667\">\n\t\t\t\t\t\t\t<img decoding=\"async\" class=\"wpb--image-fit nolazyloading\" fetchpriority=\"high\" src=\"https:\/\/www.nevadomarbella.com\/wp-content\/uploads\/inmoba\/thumb-all-0.75-exact-697667.webp\" alt=\"Penthouse \u00e0 La Cala Golf Mijas avec vue panoramique et solarium \u00e0 vendre\" \/>\n\t\t\t\n\t\t\t\t\t<\/a>\n\t<\/div>\n\t<div class=\"wpb--card-body\">\n\t\t<span class=\"wpb--card-body-location\">Mijas Costa<\/span>\n\t\t<h2 class=\"wpb--card-title\">\n\t\t\t<a class=\"wpb--stretched-link\" href=\"\/fr\/propriete\/vente-mijas-costa-appartement-terrasse-697667\">\n\t\t\t\tPenthouse \u00e0 La Cala Golf Mijas avec vue panoramique et solarium \u00e0 vendre\t\t\t<\/a>\n\t\t<\/h2>\n\t\t<div class=\"wpb--card-data\">\n\t\t\t<ul class=\"wpb--card-features\">\n\t\t\t\t\t\t\t\t\t\t<li>2  Chambres, <\/li>\n\t\t\t\t\t\t\t\t\t\t<li>2  Bains, <\/li>\n\t\t\t\t\t\t\t\t\t\t<li>164 m&sup2; Construit<\/li>\n\t\t\t\t\t\t\t<\/ul>\n\t\t\t<div class=\"wpb--card-price\">\n\t\t\t\t644.900 &euro;<span>163-04621P-DUP<\/span>\t\t\t<\/div>\n\t\t<\/div>\n\t<\/div>\n<\/div>\n<div class=\"wpb--card\">\n\t<div class=\"wpb--aspect-box wpb--panoramic\">\n\t\t<a class=\"wpb--stretched-link\" href=\"\/fr\/propriete\/vente-mijas-costa-appartement-697512\">\n\t\t\t\t\t\t\t<img decoding=\"async\" class=\"wpb--image-fit nolazyloading\" fetchpriority=\"high\" src=\"https:\/\/www.nevadomarbella.com\/wp-content\/uploads\/inmoba\/thumb-all-0.75-exact-697512.webp\" alt=\"Appartement \u00e0 La Cala Golf Mijas \u00e0 vendre\" \/>\n\t\t\t\n\t\t\t\t\t<\/a>\n\t<\/div>\n\t<div class=\"wpb--card-body\">\n\t\t<span class=\"wpb--card-body-location\">Mijas Costa<\/span>\n\t\t<h2 class=\"wpb--card-title\">\n\t\t\t<a class=\"wpb--stretched-link\" href=\"\/fr\/propriete\/vente-mijas-costa-appartement-697512\">\n\t\t\t\tAppartement \u00e0 La Cala Golf Mijas \u00e0 vendre\t\t\t<\/a>\n\t\t<\/h2>\n\t\t<div class=\"wpb--card-data\">\n\t\t\t<ul class=\"wpb--card-features\">\n\t\t\t\t\t\t\t\t\t\t<li>2  Chambres, <\/li>\n\t\t\t\t\t\t\t\t\t\t<li>2  Bains, <\/li>\n\t\t\t\t\t\t\t\t\t\t<li>117 m&sup2; Construit<\/li>\n\t\t\t\t\t\t\t<\/ul>\n\t\t\t<div class=\"wpb--card-price\">\n\t\t\t\t516.900 &euro;<span>163-04619P<\/span>\t\t\t<\/div>\n\t\t<\/div>\n\t<\/div>\n<\/div>\n<div class=\"wpb--card\">\n\t<div class=\"wpb--aspect-box wpb--panoramic\">\n\t\t<a class=\"wpb--stretched-link\" href=\"\/fr\/propriete\/vente-sierra-blanca-villa-696619\">\n\t\t\t\t\t\t\t<img decoding=\"async\" class=\"wpb--image-fit nolazyloading\" fetchpriority=\"high\" src=\"https:\/\/www.nevadomarbella.com\/wp-content\/uploads\/inmoba\/thumb-all-0.75-exact-696619.webp\" alt=\"Villa \u00e0 Sierra Blanca, alliant architecture andalouse et design nordique, \u00e0 vendre\" \/>\n\t\t\t\n\t\t\t\t\t<\/a>\n\t<\/div>\n\t<div class=\"wpb--card-body\">\n\t\t<span class=\"wpb--card-body-location\">Sierra Blanca - Marbella Golden Mile<\/span>\n\t\t<h2 class=\"wpb--card-title\">\n\t\t\t<a class=\"wpb--stretched-link\" href=\"\/fr\/propriete\/vente-sierra-blanca-villa-696619\">\n\t\t\t\tVilla \u00e0 Sierra Blanca, alliant architecture andalouse et design nordique, \u00e0 vendre\t\t\t<\/a>\n\t\t<\/h2>\n\t\t<div class=\"wpb--card-data\">\n\t\t\t<ul class=\"wpb--card-features\">\n\t\t\t\t\t\t\t\t\t\t<li>6  Chambres, <\/li>\n\t\t\t\t\t\t\t\t\t\t<li>7  Bains, <\/li>\n\t\t\t\t\t\t\t\t\t\t<li>2.005 m&sup2; Parcelle , <\/li>\n\t\t\t\t\t\t\t\t\t\t<li>1.017 m&sup2; Construit<\/li>\n\t\t\t\t\t\t\t<\/ul>\n\t\t\t<div class=\"wpb--card-price\">\n\t\t\t\t12.000.000 &euro;<span>163-04618P<\/span>\t\t\t<\/div>\n\t\t<\/div>\n\t<\/div>\n<\/div>\n\t\t<\/div>\r\n\t\t<nav class=\"wpb--pagination\">\n\t<ul>\n\t\t\t\t\t\t\t<li class=\"btn\"><span>1<\/span><\/li>\n\t\t\t\t\t\t\t<li>\n\t\t\t\t\t\t<a title=\"Propri\u00e9t\u00e9 \u00e0 vendre \u00e0 Marbella (2)\" href=\"\/fr\/wp-json\/wp\/v2\/pages\/16917?l=fr&f=sale&ipage=2\">\n\t\t\t\t\t\t\t<span>2<\/span>\n\t\t\t\t\t\t<\/a>\n\t\t\t\t\t<\/li>\n\t\t\t\t\t\t\t\t\t<li>\n\t\t\t\t\t\t<a title=\"Propri\u00e9t\u00e9 \u00e0 vendre \u00e0 Marbella (3)\" href=\"\/fr\/wp-json\/wp\/v2\/pages\/16917?l=fr&f=sale&ipage=3\">\n\t\t\t\t\t\t\t<span>3<\/span>\n\t\t\t\t\t\t<\/a>\n\t\t\t\t\t<\/li>\n\t\t\t\t\t\t\t\t\t<li>\n\t\t\t\t\t\t<a title=\"Propri\u00e9t\u00e9 \u00e0 vendre \u00e0 Marbella (4)\" href=\"\/fr\/wp-json\/wp\/v2\/pages\/16917?l=fr&f=sale&ipage=4\">\n\t\t\t\t\t\t\t<span>4<\/span>\n\t\t\t\t\t\t<\/a>\n\t\t\t\t\t<\/li>\n\t\t\t\t\t\t\t\t\t<li>\n\t\t\t\t\t\t<a title=\"Propri\u00e9t\u00e9 \u00e0 vendre \u00e0 Marbella (10)\" href=\"\/fr\/wp-json\/wp\/v2\/pages\/16917?l=fr&f=sale&ipage=10\">\n\t\t\t\t\t\t\t<span>..10<\/span>\n\t\t\t\t\t\t<\/a>\n\t\t\t\t\t<\/li>\n\t\t\t\t\t\t\t\t<li>\n\t\t\t\t\t<a title=\"Propri\u00e9t\u00e9 \u00e0 vendre \u00e0 Marbella (2)\" href=\"\/fr\/wp-json\/wp\/v2\/pages\/16917?l=fr&f=sale&ipage=2\">\n\t\t\t\t\t&rsaquo;\n\t\t\t\t\t<\/a>\n\t\t\t\t<\/li>\n\t\t\t\t\t\t\t<li>\n\t\t\t\t\t<a title=\"Propri\u00e9t\u00e9 \u00e0 vendre \u00e0 Marbella (33)\" href=\"\/fr\/wp-json\/wp\/v2\/pages\/16917?l=fr&f=sale&ipage=33\">\n\t\t\t\t\t&raquo;\n\t\t\t\t\t<\/a>\n\t\t\t\t<\/li>\n\t\t\t\t<\/ul>\n<\/nav>\t\n\t\t<div class=\"wpb--advert\">\r\n\t\t\t<a style=\"color: var(--wp--preset--color--contrast-2)\" href=\"https:\/\/www.inmobalia.com\/\" class=\"wpb--advert-link\" target=\"_blank\" rel=\"noopenner noopener\">Pris en charge par Inmobalia CRM<\/a>\r\n\t\t<\/div>\r\n\t<\/div>\r\n<script>\r\n\t(function($) {\r\n\t\t$(document).ready(function() {\r\n\t\t\t$(\"#searchform\").searchForm({\"id\":\"search\",\"data\":[],\"hiddenName\":\"c\",\"initialValue\":[]});\r\n\t\t});\r\n\t}(jQuery));\r\n<\/script>\n\n\n\n<div class=\"wp-block-group has-global-padding is-layout-constrained wp-block-group-is-layout-constrained\" style=\"margin-bottom:var(--wp--preset--spacing--50)\">\n<p style=\"padding-top:var(--wp--preset--spacing--20);padding-right:var(--wp--preset--spacing--50);padding-bottom:var(--wp--preset--spacing--20);padding-left:var(--wp--preset--spacing--50)\">Lorsque nous parlons d&rsquo;un bien immobilier \u00e0 vendre \u00e0 Marbella, nous nous r\u00e9f\u00e9rons la plupart du temps \u00e0 Marbella centre, au Golden Mile, \u00e0 Nueva Andaluc\u00eda, \u00e0 Puerto Ban\u00fas ou \u00e0 Marbella Est. Mais il arrive souvent que nous parlions d&rsquo;autres propri\u00e9t\u00e9s qui ne sont pas exactement \u00e0 Marbella, mais qui font partie de sa zone de chalandise, comme Benahav\u00eds, Estepona ou San Pedro Alc\u00e1ntara.<\/p>\n<\/div>\n\n\n\n<section class=\"wp-block-group alignfull jaleo-herobox-group wide right has-shell-background-color has-background is-layout-flow wp-block-group-is-layout-flow\" style=\"margin-top:0;margin-bottom:var(--wp--preset--spacing--60);padding-right:var(--wp--preset--spacing--50);padding-left:var(--wp--preset--spacing--50)\">\n<div class=\"wp-block-columns alignwide are-vertically-aligned-center jaleo-herobox-columns is-layout-flex wp-container-core-columns-is-layout-2e289adc wp-block-columns-is-layout-flex\" style=\"padding-top:0;padding-right:0;padding-bottom:0;padding-left:0\">\n<div class=\"wp-block-column is-vertically-aligned-center jaleo-herobox-content is-layout-flow wp-block-column-is-layout-flow\" style=\"padding-right:0;flex-basis:50%\">\n<div class=\"wp-block-group has-global-padding is-content-justification-right is-layout-constrained wp-container-core-group-is-layout-d74be48a wp-block-group-is-layout-constrained\" style=\"margin-top:0;margin-bottom:0;padding-top:0;padding-right:var(--wp--preset--spacing--30);padding-left:var(--wp--preset--spacing--30)\">\n<h2 class=\"wp-block-heading\" style=\"margin-bottom:var(--wp--preset--spacing--40);font-style:normal;font-weight:400;text-transform:uppercase\">MARBELLA LA PERLE DE LA COSTA DEL SOL<\/h2>\n\n\n\n<p>L&rsquo;achat d&rsquo;une propri\u00e9t\u00e9 \u00e0 Marbella est consid\u00e9r\u00e9 comme un r\u00eave pour de nombreux acheteurs en raison de plusieurs facteurs attrayants qui en font l&rsquo;un des endroits les plus convoit\u00e9s d&rsquo;Espagne et m\u00eame d&rsquo;Europe.<br>Marbella est synonyme de vie luxueuse. La r\u00e9gion abrite certaines des propri\u00e9t\u00e9s les plus exclusives d&rsquo;Espagne, notamment de superbes villas, des appartements en bord de mer et des communaut\u00e9s ferm\u00e9es de premier ordre. Nombre de ces propri\u00e9t\u00e9s pr\u00e9sentent des caract\u00e9ristiques exceptionnelles telles que des piscines priv\u00e9es, des jardins magnifiquement am\u00e9nag\u00e9s et des vues spectaculaires sur la M\u00e9diterran\u00e9e.<\/p>\n<\/div>\n<\/div>\n\n\n\n<div class=\"wp-block-column is-vertically-aligned-center jaleo-herobox-column is-layout-flow wp-block-column-is-layout-flow\" style=\"flex-basis:50%\">\n<figure class=\"wp-block-image size-full jaleo-herobox-image wp-duotone-unset-5\"><img decoding=\"async\" width=\"1000\" height=\"1000\" src=\"https:\/\/www.nevadomarbella.com\/wp-content\/uploads\/2025\/01\/marbella-centro-vista-desde-el-mar.webp\" alt=\"Le centre de Marbella vu de la mer\" class=\"wp-image-19402\" style=\"aspect-ratio:1;object-fit:cover\"\/><\/figure>\n<\/div>\n<\/div>\n<\/section>\n\n\n\n<section class=\"wp-block-group alignfull jaleo-heroform is-layout-flow wp-block-group-is-layout-flow\" style=\"margin-bottom:var(--wp--preset--spacing--60);padding-right:var(--wp--preset--spacing--50);padding-left:var(--wp--preset--spacing--50)\">\n<div class=\"wp-block-columns alignwide are-vertically-aligned-center is-layout-flex wp-container-core-columns-is-layout-28f84493 wp-block-columns-is-layout-flex\">\n<div class=\"wp-block-column is-vertically-aligned-center has-global-padding is-layout-constrained wp-block-column-is-layout-constrained\" style=\"flex-basis:50%\">\n<figure class=\"wp-block-image size-full is-style-default wp-duotone-unset-6\"><img decoding=\"async\" width=\"1000\" height=\"1250\" src=\"https:\/\/www.nevadomarbella.com\/wp-content\/uploads\/2025\/01\/gines-garcia-morillo-ceo-de-nevado-realty.webp\" alt=\"Gin\u00e9s Garc\u00eda, PDG de Nevado Realty\" class=\"wp-image-19503\"\/><\/figure>\n<\/div>\n\n\n\n<div class=\"wp-block-column is-vertically-aligned-center has-global-padding is-layout-constrained wp-block-column-is-layout-constrained\" style=\"flex-basis:50%\">\n<h2 class=\"wp-block-heading has-x-large-font-size\">VOUS NE TROUVEZ PAS CE QUE VOUS CHERCHEZ ?<\/h2>\n\n\n\n<p>Si vous ne trouvez pas la propri\u00e9t\u00e9 de vos r\u00eaves \u00e0 Marbella mais que vous savez ce que vous voulez, nous pouvons vous aider. Contactez-nous et nous essaierons de le trouver pour vous et s&rsquo;il n&rsquo;y a pas d&rsquo;unit\u00e9 disponible, nous serons au courant de toute nouvelle propri\u00e9t\u00e9 qui pourrait vous int\u00e9resser.<\/p>\n\n\n<div id=\"wpb__style_container\" class=\"wpb__style_container wpb--container\"><form id=\"property_form\" class=\"wpb--property-form\" action=\"localhost\" method=\"POST\" data-contact=\"property_form\" data-lead-sent-ok=\"Votre message a \u00e9t\u00e9 envoy\u00e9.\" data-sitekey=\"6Lcu70ApAAAAALSclGERBvdFXlfg15po4zMqthx0\">\n\t<input type=\"hidden\" name=\"subject\" value=\"Contact \u00e0 partir de la propri\u00e9t\u00e9 \/fr\/wp-json\/wp\/v2\/pages\/16917\" \/>\n\t<input type=\"hidden\" name=\"g-recaptcha-response\" value=\"\" \/>\n\t<input type=\"hidden\" name=\"success\" value=\"\/fr\/thank-you-page\" \/> \n\t\t<input name=\"name\" type=\"text\" autocomplete=\"off\" placeholder=\"Nom complet\" required data-error=\"Nom complet Obligatoire \" \/>\n\t<input name=\"email\" type=\"email\" autocomplete=\"off\" placeholder=\"Adresse \u00e9lectronique \" required data-error=\"Courriel requis\" \/>\n\t<input name=\"intphone\" style=\"width: 100%\" type=\"tel\" autocomplete=\"off\" placeholder=\"T\u00e9l\u00e9phone\" data-error=\"Les num\u00e9ros de t\u00e9l\u00e9phone doivent comporter entre 8 et 20 chiffres.\" \/>\n\t<input name=\"source\" type=\"hidden\" value=\"https:\/\/www.nevadomarbella.com\/fr\/wp-json\/wp\/v2\/pages\/16917\"\/>\n\t\t<textarea name=\"comment\" rows=\"6\" placeholder=\"Tapez vos questions\"><\/textarea>\n\n\t<div class=\"wpb--custom-checkbox\">\n\t\t<input type=\"checkbox\" id=\"property_form-property_form-customCheck1\" name=\"privacy_policy\" required data-error=\"Champ obligatoire\" \/>\n\t\t<label for=\"property_form-property_form-customCheck1\">J'accepte la  <a href=\"https:\/\/www.nevadomarbella.com\/privacy\" target=\"_blank\">Politique de confidentialit\u00e9 <\/a><\/label>\n\t<\/div>\n\t<div class=\"wpb--custom-checkbox\">\n\t\t<input type=\"checkbox\" id=\"property_form-property_form-customCheck2\" name=\"commercial_information\" \/>\n\t\t<label for=\"property_form-property_form-customCheck2\">J'accepte de recevoir des informations par e-mail <\/label>\n\t<\/div>\n\t<button data-ids=\"property_form\" data-lang=\"\" class=\"btn wpb--formbutton g-recaptcha\" type=\"submit\"><span id=\"text-send\">Envoyer<\/span> <span id=\"spinner-send\"><\/span><\/button>\n\t<p id=\"result\" class=\"wpb--form-msg\"><\/p>\n<\/form>\n\t<script src=\"https:\/\/www.google.com\/recaptcha\/api.js?render=6Lcu70ApAAAAALSclGERBvdFXlfg15po4zMqthx0&hl=\"><\/script>\n\t<link rel=\"stylesheet\" href=\"https:\/\/cdn.jsdelivr.net\/npm\/intl-tel-input@23.0.10\/build\/css\/intlTelInput.css\">\n\t<script src=\"https:\/\/cdn.jsdelivr.net\/npm\/intl-tel-input@23.0.10\/build\/js\/intlTelInput.min.js\"><\/script>\n\t<script>\n\t\tconst input = document.querySelectorAll(\"[name=intphone]\");\n\t\tif (input.length) {\n\t\t\tlet initialCountry ;\n\t\t\tconst currentLang = document.querySelector(\"html\").getAttribute(\"lang\").split(\"-\")[0];\n\t\t\tswitch (currentLang) {\n\t\t\t\tcase \"en\" : \n\t\t\t\t\tinitialCountry = \"gb\";\n\t\t\t\t\tbreak;\n\t\t\t\tcase \"es\" : \n\t\t\t\t\tinitialCountry = \"es\";\n\t\t\t\t\tbreak;\n\t\t\t\tcase \"fr\":\n\t\t\t\t\tinitialCountry = \"fr\";\n\t\t\t\t\tbreak;\n\t\t\t\tdefault:\n\t\t\t\t\tinitialCountry = \"es\";\n\t\t\t\t\tbreak;\n\t\t\t}\n\t\t\tinput.forEach(function(item) {\n\t\t\t\twindow.intlTelInput(item, {\n\t\t\t\t\tutilsScript: \"https:\/\/cdn.jsdelivr.net\/npm\/intl-tel-input@23.0.10\/build\/js\/utils.js\",\n\t\t\t\t\tinitialCountry: initialCountry,\n\t\t\t\t\thiddenInput: () => ({ phone: \"phone\", country: \"country_code\" }),\n\t\t\t\t\tcountryOrder: [\"gb\", \"se\", \"es\", \"fr\", \"de\"],\n\t\t\t\t\tnationalMode: false,\n\t\t\t\t\tautoHideDialCode: false,\n\t\t\t\t\texcludeCountries: [\"none\"],\n\t\t\t\t\tseparateDialCode: true\n\t\t\t\t})\n\t\t\t});\n\t\t}\n\t<\/script>\n<\/div>\n<\/div>\n<\/div>\n<\/section>\n","protected":false},"excerpt":{"rendered":"<p>Lorsque nous parlons d&rsquo;un bien immobilier \u00e0 vendre \u00e0 Marbella, nous nous r\u00e9f\u00e9rons la plupart du temps \u00e0 Marbella centre, au Golden Mile, \u00e0 Nueva Andaluc\u00eda, \u00e0 Puerto Ban\u00fas ou \u00e0 Marbella Est. Mais il arrive souvent que nous parlions d&rsquo;autres propri\u00e9t\u00e9s qui ne sont pas exactement \u00e0 Marbella, mais qui font partie de sa [&hellip;]<\/p>\n","protected":false},"author":8,"featured_media":0,"parent":0,"menu_order":7,"comment_status":"closed","ping_status":"closed","template":"solid-header","meta":{"_acf_changed":false,"footnotes":""},"class_list":["post-16917","page","type-page","status-publish","hentry"],"acf":[],"_links":{"self":[{"href":"https:\/\/www.nevadomarbella.com\/fr\/wp-json\/wp\/v2\/pages\/16917","targetHints":{"allow":["GET"]}}],"collection":[{"href":"https:\/\/www.nevadomarbella.com\/fr\/wp-json\/wp\/v2\/pages"}],"about":[{"href":"https:\/\/www.nevadomarbella.com\/fr\/wp-json\/wp\/v2\/types\/page"}],"author":[{"embeddable":true,"href":"https:\/\/www.nevadomarbella.com\/fr\/wp-json\/wp\/v2\/users\/8"}],"replies":[{"embeddable":true,"href":"https:\/\/www.nevadomarbella.com\/fr\/wp-json\/wp\/v2\/comments?post=16917"}],"version-history":[{"count":1,"href":"https:\/\/www.nevadomarbella.com\/fr\/wp-json\/wp\/v2\/pages\/16917\/revisions"}],"predecessor-version":[{"id":19535,"href":"https:\/\/www.nevadomarbella.com\/fr\/wp-json\/wp\/v2\/pages\/16917\/revisions\/19535"}],"wp:attachment":[{"href":"https:\/\/www.nevadomarbella.com\/fr\/wp-json\/wp\/v2\/media?parent=16917"}],"curies":[{"name":"wp","href":"https:\/\/api.w.org\/{rel}","templated":true}]}}