{"id":16904,"date":"2024-09-15T12:22:37","date_gmt":"2024-09-15T10:22:23","guid":{"rendered":"https:\/\/www.nevadomarbella.com\/?page_id=16904"},"modified":"2024-10-16T13:14:18","modified_gmt":"2024-10-16T11:14:18","slug":"propriete-a-louer-a-marbella","status":"publish","type":"page","link":"https:\/\/www.nevadomarbella.com\/fr\/propriete-a-louer-a-marbella","title":{"rendered":"Propri\u00e9t\u00e9 \u00e0 louer \u00e0 Marbella"},"content":{"rendered":"\n<div class=\"wp-block-group has-global-padding is-layout-constrained wp-block-group-is-layout-constrained\" style=\"margin-bottom:var(--wp--preset--spacing--10)\">\n<div class=\"wp-block-buttons jaleo-properties-direct-links is-content-justification-left is-layout-flex wp-container-core-buttons-is-layout-3d2c782e wp-block-buttons-is-layout-flex\">\n<div class=\"wp-block-button has-custom-font-size is-style-fill has-ultrasmall-font-size\"><a class=\"wp-block-button__link wp-element-button\" href=\"\/fr\/propriete-a-louer-a-marbella\" style=\"padding-top:var(--wp--preset--spacing--10);padding-right:var(--wp--preset--spacing--10);padding-bottom:var(--wp--preset--spacing--10);padding-left:var(--wp--preset--spacing--10)\">TOUTES LES LOCATIONS<\/a><\/div>\n\n\n\n<div class=\"wp-block-button has-custom-font-size is-style-outline has-ultrasmall-font-size is-style-outline--1\"><a class=\"wp-block-button__link wp-element-button\" href=\"\/fr\/propriete-a-louer-a-marbella\/vacances\" style=\"padding-top:var(--wp--preset--spacing--10);padding-right:var(--wp--preset--spacing--10);padding-bottom:var(--wp--preset--spacing--10);padding-left:var(--wp--preset--spacing--10)\">LOCATIONS DE VACANCES<\/a><\/div>\n\n\n\n<div class=\"wp-block-button has-custom-font-size is-style-outline has-ultrasmall-font-size is-style-outline--2\"><a class=\"wp-block-button__link wp-element-button\" href=\"\/fr\/propriete-a-louer-a-marbella\/long-terme\" style=\"padding-top:var(--wp--preset--spacing--10);padding-right:var(--wp--preset--spacing--10);padding-bottom:var(--wp--preset--spacing--10);padding-left:var(--wp--preset--spacing--10)\">LOCATION \u00c0 LONG TERME<\/a><\/div>\n<\/div>\n<\/div>\n\n\n\t<div id=\"wpb__style_container\" class=\"wpb--container\">\r\n\t\t<form action=\"#\" class=\"wpb--properties-form wpb--properties-form-multisearch\" id=\"searchform\" data-sptext=\"{'headFrom':'A partir de tout prix','headTo':'A tout prix','text':['100.000 &euro;','150.000 &euro;','200.000 &euro;','250.000 &euro;','300.000 &euro;','500.000 &euro;','750.000 &euro;','1.000.000 &euro;','1.500.000 &euro;','2.000.000 &euro;','2.500.000 &euro;','3.000.000 &euro;','3.500.000 &euro;','4.000.000 &euro;','4.500.000 &euro;','5.000.000 &euro;','-5.000.000 &euro;']}\" data-rptext=\"{'headFrom':'A partir de tout prix','headTo':'A tout prix','text':['300 &euro;','500 &euro;','800 &euro;','1.000 &euro;','1.200 &euro;','1.500 &euro;','2.000 &euro;','2.500 &euro;','3.000 &euro;']}\" data-saleprices=\"[100000,150000,200000,250000,300000,500000,750000,1000000,1500000,2000000,2500000,3000000,3500000,4000000,4500000,5000000,-5000000]\" data-rentprices=\"[300,500,800,1000,1200,1500,2000,2500,3000]\" autocomplete=\"off\">\n\t<input type=\"hidden\" name=\"l\" value=\"fr\" \/>\n\t<input type=\"hidden\" name=\"refinesearch-typeselector\" value=\"full\">\t\t<input type=\"hidden\" name=\"o\" value=\"\" \/>\n\t<input type=\"hidden\" name=\"f\" value=\"rent\" \/>\n\t\n\t<div class=\"wpb--form-row\">\n\t\t<div class=\"wpb--form-group wpb--custom-select wpb--location\">\n\t\t\t<select name=\"c\" id=\"searchform-cities\" placeholder=\"Tous les sites\" class=\"wpb-multiple\" data-options-selected-text=\"option s\u00e9lectionn\u00e9e \" data-all-options-selected-text=\"Tous\">\n\t\t\t\t<option value=\"\">Tous les sites<\/option>\n\t\t\t\t<option value=\"c24\">Marbella<\/option><option value=\"c9\">Casares<\/option><option value=\"c35\">San Pedro de Alcantara<\/option>\t\t\t<\/select>\n\t\t<\/div>\n\n\t\t<div class=\"wpb--form-group wpb--custom-select wpb--areas\">\n\t\t\t<select name=\"a\" id=\"searchform-areas\" placeholder=\"Toutes les Zones\" class=\"wpb-multiple\"  disabled  data-options-selected-text=\"option s\u00e9lectionn\u00e9e \" data-all-options-selected-text=\"Toutes les Zones\">\n\t\t\t\t<option value=\"\">Toutes les zones<\/option>\n\t\t\t\t<option value=\"a24\">Marbella Centre<\/option><option value=\"a41\">Marbella Golden Mile<\/option><option value=\"a51\">Nueva Andalucia<\/option><option value=\"a40\">Marbella Est<\/option><option value=\"a1589\">Casares del Sol - Casares Golf<\/option><option value=\"a122\">Guadalmina Baja<\/option>\t\t\t\t<option value=\"s0\">All Subareas<\/option><option value=\"s88\">Bahia de Marbella<\/option><option value=\"s85\">Casablanca<\/option><option value=\"s341\">Don Gonzalo<\/option><option value=\"s14028\">Finca Cortesin<\/option><option value=\"s1087\">Gran Marbella<\/option><option value=\"s12059\">Guadalpin Suites<\/option><option value=\"s1013\">Jardines del Mar<\/option><option value=\"s1817\">Jardines del Principe<\/option><option value=\"s1818\">Jard\u00edn del Mediterr\u00e1neo<\/option><option value=\"s1590\">La Corniche<\/option><option value=\"s758\">Las Ca\u00f1as Beach<\/option><option value=\"s624\">Las Lomas del Marbella Club<\/option><option value=\"s1677\">Marbella House<\/option><option value=\"s223\">Marbella Real<\/option><option value=\"s216\">Marbella Vieille Ville<\/option><option value=\"s1858\">Mare Nostrum<\/option><option value=\"s1592\">Marina Mariola<\/option><option value=\"s1266\">Oasis de Marbella<\/option><option value=\"s2193\">Playa de la Fontanilla<\/option><option value=\"s2233\">Residencial Palacio de Congresos<\/option><option value=\"s2192\">Ricardo Soriano<\/option><option value=\"s74\">Santa Clara<\/option>\t\t\t<\/select>\n\t\t<\/div>\n\n\t\t<div class=\"wpb--form-group wpb--type wpb--custom-select\">\n\t\t\t<select class=\"wpb-multiple\" name=\"t\" id=\"searchform-types\" placeholder=\"Tous les types\">\n\t\t\t\t<option value=\"\">Tous les types<\/option>\n\t\t\t\t<option value=\"T1\" data-category>Appartements - Habitats<\/option><option value=\"t3\">Appartement Terrasse<\/option><option value=\"T2\" data-category>Villas - Maisons Isol\u00e9e<\/option><option value=\"T3\" data-category>Maisons<\/option><option value=\"T6\" data-category>Commercials - Investissements<\/option>\t\t\t<\/select>\n\t\t<\/div>\n\n\t\t<div class=\"wpb--form-group wpb--refsearch\">\n\t\t\t\t\t\t<input id=\"searchform-ref\" type=\"text\" name=\"ft\" data-default-placeholder=\"Zone, b\u00e2timent ou am\u00e9nagement\" placeholder=\"Zone, b\u00e2timent ou am\u00e9nagement\" minlength=\"3\" data-message=\"Veuillez saisir au moins 3 caract\u00e8res pour effectuer une recherche par r\u00e9f\u00e9rence \" value=\"\" \/>\n\t\t<\/div>\n\n\n\t\t<div class=\"wpb--form-group wpb--pricefrom wpb--custom-select\">\n\t\t\t<select name=\"pf\" id=\"searchform-pricefrom\" placeholder=\"A partir de tout prix\">\n\t\t\t\t<option value=\"\">A partir de tout prix<\/option>\n\t\t\t\t<option value=\"300\">300 &euro;<\/option><option value=\"500\">500 &euro;<\/option><option value=\"800\">800 &euro;<\/option><option value=\"1000\">1.000 &euro;<\/option><option value=\"1200\">1.200 &euro;<\/option><option value=\"1500\">1.500 &euro;<\/option><option value=\"2000\">2.000 &euro;<\/option><option value=\"2500\">2.500 &euro;<\/option><option value=\"3000\">3.000 &euro;<\/option>\t\t\t<\/select>\n\t\t<\/div>\n\n\t\t<div class=\"wpb--form-group wpb--priceto wpb--custom-select\">\n\t\t\t<select name=\"pt\" id=\"searchform-priceto\" placeholder=\"A tout prix\">\n\t\t\t\t<option value=\"\">A tout prix<\/option>\n\t\t\t\t<option value=\"300\">300 &euro;<\/option><option value=\"500\">500 &euro;<\/option><option value=\"800\">800 &euro;<\/option><option value=\"1000\">1.000 &euro;<\/option><option value=\"1200\">1.200 &euro;<\/option><option value=\"1500\">1.500 &euro;<\/option><option value=\"2000\">2.000 &euro;<\/option><option value=\"2500\">2.500 &euro;<\/option><option value=\"3000\">3.000 &euro;<\/option>\t\t\t<\/select>\n\t\t<\/div>\n\n\t\t\t\t<div class=\"wpb--form-group wpb--beds wpb--custom-select\">\n\t\t\t<select name=\"b\" id=\"searchform-beds\" placeholder=\"Min chambres\">\n\t\t\t\t<option value=\"\">Min chambres<\/option>\n\t\t\t\t<option value=\"1\">1 chambre<\/option><option value=\"2\">2 chambres<\/option><option value=\"3\">3 chambres<\/option><option value=\"4\">4 chambres<\/option><option value=\"5\">5 chambres<\/option><option value=\"6\">6 chambres<\/option>\t\t\t<\/select>\n\t\t<\/div>\n\t\t\n\t\t<div class=\"wpb--form-group wpb--btnsearch\">\n\t\t\t<button class=\"wpb--btn-search\" type=\"submit\">Recherche<span id=\"icons-search\"><\/span><\/button>\n\t\t\t<span id=\"form-reset\">R\u00e9initialiser<\/span>\t\t\t\n\t\t<\/div>\n\t<\/div>\n\t<div class=\"wpb--form-row wpb--form-row-check\">\n            <div class=\"wpb--form-group wpb--form-check\">\n            <input type=\"checkbox\" class=\"wpb--form-check-input\" name=\"filter1\" id=\"filter1\" value=\"1\" >\n            <label class=\"wpb--form-check-label\" for=\"filter1\">Neuf<\/label>\n        <\/div>\n            <div class=\"wpb--form-group wpb--form-check\">\n            <input type=\"checkbox\" class=\"wpb--form-check-input\" name=\"filter2\" id=\"filter2\" value=\"1\" >\n            <label class=\"wpb--form-check-label\" for=\"filter2\">Au bord plage<\/label>\n        <\/div>\n            <div class=\"wpb--form-group wpb--form-check\">\n            <input type=\"checkbox\" class=\"wpb--form-check-input\" name=\"filter3\" id=\"filter3\" value=\"1\" >\n            <label class=\"wpb--form-check-label\" for=\"filter3\">Vue sur la mer<\/label>\n        <\/div>\n            <div class=\"wpb--form-group wpb--form-check\">\n            <input type=\"checkbox\" class=\"wpb--form-check-input\" name=\"filter4\" id=\"filter4\" value=\"1\" >\n            <label class=\"wpb--form-check-label\" for=\"filter4\">Communaut\u00e9 ferm\u00e9e<\/label>\n        <\/div>\n            <div class=\"wpb--form-group wpb--form-check\">\n            <input type=\"checkbox\" class=\"wpb--form-check-input\" name=\"filter5\" id=\"filter5\" value=\"1\" >\n            <label class=\"wpb--form-check-label\" for=\"filter5\">Golf<\/label>\n        <\/div>\n            <div class=\"wpb--form-group wpb--form-check\">\n            <input type=\"checkbox\" class=\"wpb--form-check-input\" name=\"filter6\" id=\"filter6\" value=\"1\" >\n            <label class=\"wpb--form-check-label\" for=\"filter6\">\u00c0 r\u00e9nover<\/label>\n        <\/div>\n    <\/div><\/form>\n<ul class=\"inm-breadcrumb\">\r\n\t<li><a href=\"\/fr\/wp-json\/wp\/v2\/pages\/16904?l=fr&f=rent\" title=\"Propri\u00e9t\u00e9 \u00e0 louer \u00e0 Marbella\">For rent<\/a><\/li><\/ul>\r\n\r\n\t\t<div class=\"wpb--properties-list-info\" id=\"hasSearch\">\r\n\t\t\t<h1>Propri\u00e9t\u00e9 \u00e0 louer \u00e0 Marbella<\/h1>\r\n\t\t\t<div class=\"wbp--results\">\r\n\t\t\t\t<p>Montrer 42 propri\u00e9t\u00e9s for rent.<\/p>\r\n\t\t\t\t<form id=\"orderform\" action=\"#\" data-url=\"\/fr\/wp-json\/wp\/v2\/pages\/16904\">\r\n\t\t\t\t\t<div class=\"wpb--custom-select\">\r\n\t\t\t\t\t\t<select name=\"o\">\r\n\t\t\t\t\t\t\t<option value=\"\" >Le plus r\u00e9cent en premier<\/option>\r\n\t\t\t\t\t\t\t<option value=\"priced\" >Prix plus \u00e9lev\u00e9 d'abord<\/option>\r\n\t\t\t\t\t\t\t<option value=\"pricea\" >Le prix le plus bas d'abord<\/option>\r\n\t\t\t\t\t\t<\/select>\r\n\t\t\t\t\t<\/div>\r\n\t\t\t\t<\/form>\r\n\t\t\t<\/div>\r\n\t\t<\/div>\r\n\t\t<div class=\"wpb--card-container\">\r\n\t\t\t<div class=\"wpb--card\">\n\t<div class=\"wpb--aspect-box wpb--panoramic\">\n\t\t<a class=\"wpb--stretched-link\" href=\"\/fr\/propriete\/location-marbella-house-appartement-697686\">\n\t\t\t\t\t\t\t<img decoding=\"async\" class=\"wpb--image-fit nolazyloading\" fetchpriority=\"high\" src=\"https:\/\/www.nevadomarbella.com\/wp-content\/uploads\/inmoba\/thumb-all-0.75-exact-697686.webp\" alt=\"Appartment en location courte dur\u00e9eau coeur de Marbella.\" \/>\n\t\t\t\n\t\t\t\t\t<\/a>\n\t<\/div>\n\t<div class=\"wpb--card-body\">\n\t\t<span class=\"wpb--card-body-location\">Marbella House - Marbella Centre<\/span>\n\t\t<h2 class=\"wpb--card-title\">\n\t\t\t<a class=\"wpb--stretched-link\" href=\"\/fr\/propriete\/location-marbella-house-appartement-697686\">\n\t\t\t\tAppartment en location courte dur\u00e9eau coeur de Marbella.\t\t\t<\/a>\n\t\t<\/h2>\n\t\t<div class=\"wpb--card-data\">\n\t\t\t<ul class=\"wpb--card-features\">\n\t\t\t\t\t\t\t\t\t\t<li>2  Chambres, <\/li>\n\t\t\t\t\t\t\t\t\t\t<li>2  Bains, <\/li>\n\t\t\t\t\t\t\t\t\t\t<li>127 m&sup2; Construit<\/li>\n\t\t\t\t\t\t\t<\/ul>\n\t\t\t<div class=\"wpb--card-price-rental\">\n\t\t\t\t4.500 &euro; \/ 15 jours<span>163-04622P-DUP<\/span>\t\t\t<\/div>\n\t\t<\/div>\n\t<\/div>\n<\/div>\n<div class=\"wpb--card\">\n\t<div class=\"wpb--aspect-box wpb--panoramic\">\n\t\t<a class=\"wpb--stretched-link\" href=\"\/fr\/propriete\/location-santa-clara-maison-jumelee-664422\">\n\t\t\t\t\t\t\t<img decoding=\"async\" class=\"wpb--image-fit nolazyloading\" fetchpriority=\"high\" src=\"https:\/\/www.nevadomarbella.com\/wp-content\/uploads\/inmoba\/thumb-all-0.75-exact-664422.webp\" alt=\"Maison Jumel\u00e9e for rent \u00e0 Santa Clara, Marbella Est\" \/>\n\t\t\t\n\t\t\t\t\t<\/a>\n\t<\/div>\n\t<div class=\"wpb--card-body\">\n\t\t<span class=\"wpb--card-body-location\">Santa Clara - Marbella Est<\/span>\n\t\t<h2 class=\"wpb--card-title\">\n\t\t\t<a class=\"wpb--stretched-link\" href=\"\/fr\/propriete\/location-santa-clara-maison-jumelee-664422\">\n\t\t\t\tMaison Jumel\u00e9e for rent \u00e0 Santa Clara, Marbella Est\t\t\t<\/a>\n\t\t<\/h2>\n\t\t<div class=\"wpb--card-data\">\n\t\t\t<ul class=\"wpb--card-features\">\n\t\t\t\t\t\t\t\t\t\t<li>3  Chambres, <\/li>\n\t\t\t\t\t\t\t\t\t\t<li>4  Bains, <\/li>\n\t\t\t\t\t\t\t\t\t\t<li>442 m&sup2; Parcelle , <\/li>\n\t\t\t\t\t\t\t\t\t\t<li>213 m&sup2; Construit<\/li>\n\t\t\t\t\t\t\t<\/ul>\n\t\t\t<div class=\"wpb--card-price-rental\">\n\t\t\t\t4.500 &euro; \/ Month<span>163-04510P<\/span>\t\t\t<\/div>\n\t\t<\/div>\n\t<\/div>\n<\/div>\n<div class=\"wpb--card\">\n\t<div class=\"wpb--aspect-box wpb--panoramic\">\n\t\t<a class=\"wpb--stretched-link\" href=\"\/fr\/propriete\/location-jardines-del-mar-appartement-660974\">\n\t\t\t\t\t\t\t<img decoding=\"async\" class=\"wpb--image-fit nolazyloading\" fetchpriority=\"high\" src=\"https:\/\/www.nevadomarbella.com\/wp-content\/uploads\/inmoba\/thumb-all-0.75-exact-660974.webp\" alt=\"Appartement sur la Mille d\u2019Or, enti\u00e8rement r\u00e9nov\u00e9, en deuxi\u00e8me ligne de plage, disponible \u00e0 la location de courte dur\u00e9e\" \/>\n\t\t\t\n\t\t\t\t\t<\/a>\n\t<\/div>\n\t<div class=\"wpb--card-body\">\n\t\t<span class=\"wpb--card-body-location\">Jardines del Mar - Marbella Golden Mile<\/span>\n\t\t<h2 class=\"wpb--card-title\">\n\t\t\t<a class=\"wpb--stretched-link\" href=\"\/fr\/propriete\/location-jardines-del-mar-appartement-660974\">\n\t\t\t\tAppartement sur la Mille d\u2019Or, enti\u00e8rement r\u00e9nov\u00e9, en deuxi\u00e8me ligne de plage, disponible \u00e0 la location de courte dur\u00e9e\t\t\t<\/a>\n\t\t<\/h2>\n\t\t<div class=\"wpb--card-data\">\n\t\t\t<ul class=\"wpb--card-features\">\n\t\t\t\t\t\t\t\t\t\t<li>2  Chambres, <\/li>\n\t\t\t\t\t\t\t\t\t\t<li>1  Bain, <\/li>\n\t\t\t\t\t\t\t\t\t\t<li>123 m&sup2; Construit<\/li>\n\t\t\t\t\t\t\t<\/ul>\n\t\t\t<div class=\"wpb--card-price-rental\">\n\t\t\t\t3.500 &euro; \/ 15 jours<span>163-04500P<\/span>\t\t\t<\/div>\n\t\t<\/div>\n\t<\/div>\n<\/div>\n<div class=\"wpb--card\">\n\t<div class=\"wpb--aspect-box wpb--panoramic\">\n\t\t<a class=\"wpb--stretched-link\" href=\"\/fr\/propriete\/location-ricardo-soriano-appartement-644219\">\n\t\t\t\t\t\t\t<img decoding=\"async\" class=\"wpb--image-fit nolazyloading\" fetchpriority=\"high\" src=\"https:\/\/www.nevadomarbella.com\/wp-content\/uploads\/inmoba\/thumb-all-0.75-exact-644219.webp\" alt=\"Appartement r\u00e9nov\u00e9 \u00e0 Ricardo Soriano avec vue sur la mer \u00e0 louer pour une courte dur\u00e9e.\" \/>\n\t\t\t\n\t\t\t\t\t<\/a>\n\t<\/div>\n\t<div class=\"wpb--card-body\">\n\t\t<span class=\"wpb--card-body-location\">Ricardo Soriano - Marbella Centre<\/span>\n\t\t<h2 class=\"wpb--card-title\">\n\t\t\t<a class=\"wpb--stretched-link\" href=\"\/fr\/propriete\/location-ricardo-soriano-appartement-644219\">\n\t\t\t\tAppartement r\u00e9nov\u00e9 \u00e0 Ricardo Soriano avec vue sur la mer \u00e0 louer pour une courte dur\u00e9e.\t\t\t<\/a>\n\t\t<\/h2>\n\t\t<div class=\"wpb--card-data\">\n\t\t\t<ul class=\"wpb--card-features\">\n\t\t\t\t\t\t\t\t\t\t<li>2  Chambres, <\/li>\n\t\t\t\t\t\t\t\t\t\t<li>1  Bain, <\/li>\n\t\t\t\t\t\t\t\t\t\t<li>81 m&sup2; Construit<\/li>\n\t\t\t\t\t\t\t<\/ul>\n\t\t\t<div class=\"wpb--card-price-rental\">\n\t\t\t\t3.000 &euro; \/ Mois<span>163-04412P<\/span>\t\t\t<\/div>\n\t\t<\/div>\n\t<\/div>\n<\/div>\n<div class=\"wpb--card\">\n\t<div class=\"wpb--aspect-box wpb--panoramic\">\n\t\t<a class=\"wpb--stretched-link\" href=\"\/fr\/propriete\/location-jardines-del-mar-appartement-635479\">\n\t\t\t\t\t\t\t<img decoding=\"async\" class=\"wpb--image-fit nolazyloading\" fetchpriority=\"high\" src=\"https:\/\/www.nevadomarbella.com\/wp-content\/uploads\/inmoba\/thumb-all-0.75-exact-635479.webp\" alt=\"Studio enti\u00e8rement r\u00e9nov\u00e9 \u00e0 Jardines del Mar.\" \/>\n\t\t\t\n\t\t\t\t\t<\/a>\n\t<\/div>\n\t<div class=\"wpb--card-body\">\n\t\t<span class=\"wpb--card-body-location\">Jardines del Mar - Marbella Golden Mile<\/span>\n\t\t<h2 class=\"wpb--card-title\">\n\t\t\t<a class=\"wpb--stretched-link\" href=\"\/fr\/propriete\/location-jardines-del-mar-appartement-635479\">\n\t\t\t\tStudio enti\u00e8rement r\u00e9nov\u00e9 \u00e0 Jardines del Mar.\t\t\t<\/a>\n\t\t<\/h2>\n\t\t<div class=\"wpb--card-data\">\n\t\t\t<ul class=\"wpb--card-features\">\n\t\t\t\t\t\t\t\t\t\t<li>1  Lit, <\/li>\n\t\t\t\t\t\t\t\t\t\t<li>1  Bain, <\/li>\n\t\t\t\t\t\t\t<\/ul>\n\t\t\t<div class=\"wpb--card-price-rental\">\n\t\t\t\t2.700 &euro; \/ 15 jours<span>163-04349P<\/span>\t\t\t<\/div>\n\t\t<\/div>\n\t<\/div>\n<\/div>\n<div class=\"wpb--card\">\n\t<div class=\"wpb--aspect-box wpb--panoramic\">\n\t\t<a class=\"wpb--stretched-link\" href=\"\/fr\/propriete\/location-residencial-palacio-de-congresos-appartement-634584\">\n\t\t\t\t\t\t\t<img decoding=\"async\" class=\"wpb--image-fit nolazyloading\" fetchpriority=\"high\" src=\"https:\/\/www.nevadomarbella.com\/wp-content\/uploads\/inmoba\/thumb-all-0.75-exact-634584.webp\" alt=\"Appartement en bord de mer dans le centre-ville de Marbella, disponible \u00e0 la location courte saison.\" \/>\n\t\t\t\n\t\t\t\t\t<\/a>\n\t<\/div>\n\t<div class=\"wpb--card-body\">\n\t\t<span class=\"wpb--card-body-location\">Residencial Palacio de Congresos - Marbella Golden Mile<\/span>\n\t\t<h2 class=\"wpb--card-title\">\n\t\t\t<a class=\"wpb--stretched-link\" href=\"\/fr\/propriete\/location-residencial-palacio-de-congresos-appartement-634584\">\n\t\t\t\tAppartement en bord de mer dans le centre-ville de Marbella, disponible \u00e0 la location courte saison.\t\t\t<\/a>\n\t\t<\/h2>\n\t\t<div class=\"wpb--card-data\">\n\t\t\t<ul class=\"wpb--card-features\">\n\t\t\t\t\t\t\t\t\t\t<li>1  Lit, <\/li>\n\t\t\t\t\t\t\t\t\t\t<li>1  Bain, <\/li>\n\t\t\t\t\t\t\t\t\t\t<li>87 m&sup2; Construit<\/li>\n\t\t\t\t\t\t\t<\/ul>\n\t\t\t<div class=\"wpb--card-price-rental\">\n\t\t\t\t2.700 &euro; \/ 15 jours<span>163-04346P<\/span>\t\t\t<\/div>\n\t\t<\/div>\n\t<\/div>\n<\/div>\n<div class=\"wpb--card\">\n\t<div class=\"wpb--aspect-box wpb--panoramic\">\n\t\t<a class=\"wpb--stretched-link\" href=\"\/fr\/propriete\/location-bahia-de-marbella-villa-631758\">\n\t\t\t\t\t\t\t<img decoding=\"async\" class=\"wpb--image-fit nolazyloading\" fetchpriority=\"high\" src=\"https:\/\/www.nevadomarbella.com\/wp-content\/uploads\/inmoba\/thumb-all-0.75-exact-631758.webp\" alt=\"Villa avec piscine \u00e0 Bah\u00eda de Marbella en location longue dur\u00e9e\" \/>\n\t\t\t\n\t\t\t\t\t<\/a>\n\t<\/div>\n\t<div class=\"wpb--card-body\">\n\t\t<span class=\"wpb--card-body-location\">Bahia de Marbella - Marbella Est<\/span>\n\t\t<h2 class=\"wpb--card-title\">\n\t\t\t<a class=\"wpb--stretched-link\" href=\"\/fr\/propriete\/location-bahia-de-marbella-villa-631758\">\n\t\t\t\tVilla avec piscine \u00e0 Bah\u00eda de Marbella en location longue dur\u00e9e\t\t\t<\/a>\n\t\t<\/h2>\n\t\t<div class=\"wpb--card-data\">\n\t\t\t<ul class=\"wpb--card-features\">\n\t\t\t\t\t\t\t\t\t\t<li>3  Chambres, <\/li>\n\t\t\t\t\t\t\t\t\t\t<li>3  Bains, <\/li>\n\t\t\t\t\t\t\t\t\t\t<li>436 m&sup2; Parcelle , <\/li>\n\t\t\t\t\t\t\t\t\t\t<li>200 m&sup2; Construit<\/li>\n\t\t\t\t\t\t\t<\/ul>\n\t\t\t<div class=\"wpb--card-price-rental\">\n\t\t\t\t23.500 &euro; \/ Mois or 11.900 &euro; \/ Month<span>163-04335P<\/span>\t\t\t<\/div>\n\t\t<\/div>\n\t<\/div>\n<\/div>\n<div class=\"wpb--card\">\n\t<div class=\"wpb--aspect-box wpb--panoramic\">\n\t\t<a class=\"wpb--stretched-link\" href=\"\/fr\/propriete\/location-oasis-de-marbella-appartement-627800\">\n\t\t\t\t\t\t\t<img decoding=\"async\" class=\"wpb--image-fit nolazyloading\" fetchpriority=\"high\" src=\"https:\/\/www.nevadomarbella.com\/wp-content\/uploads\/inmoba\/thumb-all-0.75-exact-627800.webp\" alt=\"Appartement for rent \u00e0 Oasis de Marbella, Marbella Golden Mile\" \/>\n\t\t\t\n\t\t\t\t\t<\/a>\n\t<\/div>\n\t<div class=\"wpb--card-body\">\n\t\t<span class=\"wpb--card-body-location\">Oasis de Marbella - Marbella Golden Mile<\/span>\n\t\t<h2 class=\"wpb--card-title\">\n\t\t\t<a class=\"wpb--stretched-link\" href=\"\/fr\/propriete\/location-oasis-de-marbella-appartement-627800\">\n\t\t\t\tAppartement for rent \u00e0 Oasis de Marbella, Marbella Golden Mile\t\t\t<\/a>\n\t\t<\/h2>\n\t\t<div class=\"wpb--card-data\">\n\t\t\t<ul class=\"wpb--card-features\">\n\t\t\t\t\t\t\t\t\t\t<li>1  Lit, <\/li>\n\t\t\t\t\t\t\t\t\t\t<li>2  Bains, <\/li>\n\t\t\t\t\t\t\t\t\t\t<li>115 m&sup2; Construit<\/li>\n\t\t\t\t\t\t\t<\/ul>\n\t\t\t<div class=\"wpb--card-price-rental\">\n\t\t\t\t3.000 &euro; \/ 15 jours<span>163-04313P<\/span>\t\t\t<\/div>\n\t\t<\/div>\n\t<\/div>\n<\/div>\n<div class=\"wpb--card\">\n\t<div class=\"wpb--aspect-box wpb--panoramic\">\n\t\t<a class=\"wpb--stretched-link\" href=\"\/fr\/propriete\/location-marbella-golden-mile-maison-de-ville-621251\">\n\t\t\t\t\t\t\t<img decoding=\"async\" class=\"wpb--image-fit nolazyloading\" fetchpriority=\"high\" src=\"https:\/\/www.nevadomarbella.com\/wp-content\/uploads\/inmoba\/thumb-all-0.75-exact-621251.webp\" alt=\"Maison de ville sur le Golden Mile de Marbella\" \/>\n\t\t\t\n\t\t\t\t\t<\/a>\n\t<\/div>\n\t<div class=\"wpb--card-body\">\n\t\t<span class=\"wpb--card-body-location\">Marbella Golden Mile<\/span>\n\t\t<h2 class=\"wpb--card-title\">\n\t\t\t<a class=\"wpb--stretched-link\" href=\"\/fr\/propriete\/location-marbella-golden-mile-maison-de-ville-621251\">\n\t\t\t\tMaison de ville sur le Golden Mile de Marbella\t\t\t<\/a>\n\t\t<\/h2>\n\t\t<div class=\"wpb--card-data\">\n\t\t\t<ul class=\"wpb--card-features\">\n\t\t\t\t\t\t\t\t\t\t<li>4  Chambres, <\/li>\n\t\t\t\t\t\t\t\t\t\t<li>3  Bains, <\/li>\n\t\t\t\t\t\t\t\t\t\t<li>199 m&sup2; Construit<\/li>\n\t\t\t\t\t\t\t<\/ul>\n\t\t\t<div class=\"wpb--card-price-rental\">\n\t\t\t\t4.000 &euro; \/ Semaine or 4.000 &euro; \/ Month<span>163-04276P<\/span>\t\t\t<\/div>\n\t\t<\/div>\n\t<\/div>\n<\/div>\n<div class=\"wpb--card\">\n\t<div class=\"wpb--aspect-box wpb--panoramic\">\n\t\t<a class=\"wpb--stretched-link\" href=\"\/fr\/propriete\/location-guadalpin-suites-appartement-terrasse-611814\">\n\t\t\t\t\t\t\t<img decoding=\"async\" class=\"wpb--image-fit nolazyloading\" fetchpriority=\"high\" src=\"https:\/\/www.nevadomarbella.com\/wp-content\/uploads\/inmoba\/thumb-all-0.75-exact-611814.webp\" alt=\"Appartement Terrasse for rent \u00e0 Guadalpin Suites, Marbella Golden Mile\" \/>\n\t\t\t\n\t\t\t\t\t<\/a>\n\t<\/div>\n\t<div class=\"wpb--card-body\">\n\t\t<span class=\"wpb--card-body-location\">Guadalpin Suites - Marbella Golden Mile<\/span>\n\t\t<h2 class=\"wpb--card-title\">\n\t\t\t<a class=\"wpb--stretched-link\" href=\"\/fr\/propriete\/location-guadalpin-suites-appartement-terrasse-611814\">\n\t\t\t\tAppartement Terrasse for rent \u00e0 Guadalpin Suites, Marbella Golden Mile\t\t\t<\/a>\n\t\t<\/h2>\n\t\t<div class=\"wpb--card-data\">\n\t\t\t<ul class=\"wpb--card-features\">\n\t\t\t\t\t\t\t\t\t\t<li>2  Chambres, <\/li>\n\t\t\t\t\t\t\t\t\t\t<li>2  Bains, <\/li>\n\t\t\t\t\t\t\t\t\t\t<li>183 m&sup2; Construit<\/li>\n\t\t\t\t\t\t\t<\/ul>\n\t\t\t<div class=\"wpb--card-price-rental\">\n\t\t\t\t5.100 &euro; \/ Semaine<span>163-04231P<\/span>\t\t\t<\/div>\n\t\t<\/div>\n\t<\/div>\n<\/div>\n<div class=\"wpb--card\">\n\t<div class=\"wpb--aspect-box wpb--panoramic\">\n\t\t<a class=\"wpb--stretched-link\" href=\"\/fr\/propriete\/location-playa-de-la-fontanilla-appartement-593536\">\n\t\t\t\t\t\t\t<img decoding=\"async\" class=\"wpb--image-fit nolazyloading\" fetchpriority=\"high\" src=\"https:\/\/www.nevadomarbella.com\/wp-content\/uploads\/inmoba\/thumb-all-0.75-exact-593536.webp\" alt=\"Appartement en bord de mer \u00e0 louer \u00e0 court terme dans le centre de Marbella\" \/>\n\t\t\t\n\t\t\t\t\t<\/a>\n\t<\/div>\n\t<div class=\"wpb--card-body\">\n\t\t<span class=\"wpb--card-body-location\">Playa de la Fontanilla - Marbella Centre<\/span>\n\t\t<h2 class=\"wpb--card-title\">\n\t\t\t<a class=\"wpb--stretched-link\" href=\"\/fr\/propriete\/location-playa-de-la-fontanilla-appartement-593536\">\n\t\t\t\tAppartement en bord de mer \u00e0 louer \u00e0 court terme dans le centre de Marbella\t\t\t<\/a>\n\t\t<\/h2>\n\t\t<div class=\"wpb--card-data\">\n\t\t\t<ul class=\"wpb--card-features\">\n\t\t\t\t\t\t\t\t\t\t<li>30 m&sup2; Construit<\/li>\n\t\t\t\t\t\t\t<\/ul>\n\t\t\t<div class=\"wpb--card-price-rental\">\n\t\t\t\t2.000 &euro; \/ 15 jours<span>163-04162P<\/span>\t\t\t<\/div>\n\t\t<\/div>\n\t<\/div>\n<\/div>\n<div class=\"wpb--card\">\n\t<div class=\"wpb--aspect-box wpb--panoramic\">\n\t\t<a class=\"wpb--stretched-link\" href=\"\/fr\/propriete\/location-gran-marbella-appartement-553144\">\n\t\t\t\t\t\t\t<img decoding=\"async\" class=\"wpb--image-fit nolazyloading\" fetchpriority=\"high\" src=\"https:\/\/www.nevadomarbella.com\/wp-content\/uploads\/inmoba\/thumb-all-0.75-exact-553144.webp\" alt=\"Appartement \u00e0 Gran Marbella pour location \u00e0 court terme.\" \/>\n\t\t\t\n\t\t\t\t\t<\/a>\n\t<\/div>\n\t<div class=\"wpb--card-body\">\n\t\t<span class=\"wpb--card-body-location\">Gran Marbella - Marbella Centre<\/span>\n\t\t<h2 class=\"wpb--card-title\">\n\t\t\t<a class=\"wpb--stretched-link\" href=\"\/fr\/propriete\/location-gran-marbella-appartement-553144\">\n\t\t\t\tAppartement \u00e0 Gran Marbella pour location \u00e0 court terme.\t\t\t<\/a>\n\t\t<\/h2>\n\t\t<div class=\"wpb--card-data\">\n\t\t\t<ul class=\"wpb--card-features\">\n\t\t\t\t\t\t\t\t\t\t<li>2  Chambres, <\/li>\n\t\t\t\t\t\t\t\t\t\t<li>2  Bains, <\/li>\n\t\t\t\t\t\t\t<\/ul>\n\t\t\t<div class=\"wpb--card-price-rental\">\n\t\t\t\t4.000 &euro; \/ 15 jours<span>163-04022P<\/span>\t\t\t<\/div>\n\t\t<\/div>\n\t<\/div>\n<\/div>\n\t\t<\/div>\r\n\t\t<nav class=\"wpb--pagination\">\n\t<ul>\n\t\t\t\t\t\t\t<li class=\"btn\"><span>1<\/span><\/li>\n\t\t\t\t\t\t\t<li>\n\t\t\t\t\t\t<a title=\"Propri\u00e9t\u00e9 \u00e0 louer \u00e0 Marbella (2)\" href=\"\/fr\/wp-json\/wp\/v2\/pages\/16904?l=fr&f=rent&ipage=2\">\n\t\t\t\t\t\t\t<span>2<\/span>\n\t\t\t\t\t\t<\/a>\n\t\t\t\t\t<\/li>\n\t\t\t\t\t\t\t\t\t<li>\n\t\t\t\t\t\t<a title=\"Propri\u00e9t\u00e9 \u00e0 louer \u00e0 Marbella (3)\" href=\"\/fr\/wp-json\/wp\/v2\/pages\/16904?l=fr&f=rent&ipage=3\">\n\t\t\t\t\t\t\t<span>3<\/span>\n\t\t\t\t\t\t<\/a>\n\t\t\t\t\t<\/li>\n\t\t\t\t\t\t\t\t\t<li>\n\t\t\t\t\t\t<a title=\"Propri\u00e9t\u00e9 \u00e0 louer \u00e0 Marbella (4)\" href=\"\/fr\/wp-json\/wp\/v2\/pages\/16904?l=fr&f=rent&ipage=4\">\n\t\t\t\t\t\t\t<span>4<\/span>\n\t\t\t\t\t\t<\/a>\n\t\t\t\t\t<\/li>\n\t\t\t\t\t\t\t\t<li>\n\t\t\t\t\t<a title=\"Propri\u00e9t\u00e9 \u00e0 louer \u00e0 Marbella (2)\" href=\"\/fr\/wp-json\/wp\/v2\/pages\/16904?l=fr&f=rent&ipage=2\">\n\t\t\t\t\t&rsaquo;\n\t\t\t\t\t<\/a>\n\t\t\t\t<\/li>\n\t\t\t\t\t\t\t<li>\n\t\t\t\t\t<a title=\"Propri\u00e9t\u00e9 \u00e0 louer \u00e0 Marbella (4)\" href=\"\/fr\/wp-json\/wp\/v2\/pages\/16904?l=fr&f=rent&ipage=4\">\n\t\t\t\t\t&raquo;\n\t\t\t\t\t<\/a>\n\t\t\t\t<\/li>\n\t\t\t\t<\/ul>\n<\/nav>\t\n\t\t<div class=\"wpb--advert\">\r\n\t\t\t<a style=\"color: var(--wp--preset--color--contrast-2)\" href=\"https:\/\/www.inmobalia.com\/\" class=\"wpb--advert-link\" target=\"_blank\" rel=\"noopenner noopener\">Pris en charge par Inmobalia CRM<\/a>\r\n\t\t<\/div>\r\n\t<\/div>\r\n<script>\r\n\t(function($) {\r\n\t\t$(document).ready(function() {\r\n\t\t\t$(\"#searchform\").searchForm({\"id\":\"search\",\"data\":[],\"hiddenName\":\"c\",\"initialValue\":[]});\r\n\t\t});\r\n\t}(jQuery));\r\n<\/script>\n","protected":false},"excerpt":{"rendered":"","protected":false},"author":1,"featured_media":0,"parent":0,"menu_order":3,"comment_status":"closed","ping_status":"closed","template":"solid-header","meta":{"_acf_changed":false,"footnotes":""},"class_list":["post-16904","page","type-page","status-publish","hentry"],"acf":[],"_links":{"self":[{"href":"https:\/\/www.nevadomarbella.com\/fr\/wp-json\/wp\/v2\/pages\/16904","targetHints":{"allow":["GET"]}}],"collection":[{"href":"https:\/\/www.nevadomarbella.com\/fr\/wp-json\/wp\/v2\/pages"}],"about":[{"href":"https:\/\/www.nevadomarbella.com\/fr\/wp-json\/wp\/v2\/types\/page"}],"author":[{"embeddable":true,"href":"https:\/\/www.nevadomarbella.com\/fr\/wp-json\/wp\/v2\/users\/1"}],"replies":[{"embeddable":true,"href":"https:\/\/www.nevadomarbella.com\/fr\/wp-json\/wp\/v2\/comments?post=16904"}],"version-history":[{"count":1,"href":"https:\/\/www.nevadomarbella.com\/fr\/wp-json\/wp\/v2\/pages\/16904\/revisions"}],"predecessor-version":[{"id":21017,"href":"https:\/\/www.nevadomarbella.com\/fr\/wp-json\/wp\/v2\/pages\/16904\/revisions\/21017"}],"wp:attachment":[{"href":"https:\/\/www.nevadomarbella.com\/fr\/wp-json\/wp\/v2\/media?parent=16904"}],"curies":[{"name":"wp","href":"https:\/\/api.w.org\/{rel}","templated":true}]}}