{"id":16893,"date":"2024-08-01T19:29:38","date_gmt":"2024-08-01T17:29:38","guid":{"rendered":"https:\/\/www.nevadomarbella.com\/nevado-real-estate-agency"},"modified":"2026-01-20T13:45:20","modified_gmt":"2026-01-20T12:45:20","slug":"nevado-real-estate-agency","status":"publish","type":"page","link":"https:\/\/www.nevadomarbella.com\/fr","title":{"rendered":"Agence Immobili\u00e8re \u00e0 marbella"},"content":{"rendered":"\n<section class=\"wp-block-group jl-video-container is-layout-flow wp-block-group-is-layout-flow\" style=\"margin-bottom:var(--wp--preset--spacing--50)\">\n<div class=\"wp-block-group jl-video-container-caption has-base-color has-text-color has-link-color wp-elements-a2548600ce279b4805417c5e807ebccd is-vertical is-content-justification-left is-layout-flex wp-container-core-group-is-layout-96c7b9c9 wp-block-group-is-layout-flex\" style=\"margin-top:0;margin-bottom:0;padding-top:0;padding-right:0;padding-bottom:0;padding-left:0\">\n<div class=\"wp-block-group has-global-padding is-content-justification-left is-layout-constrained wp-container-core-group-is-layout-00957634 wp-block-group-is-layout-constrained\" style=\"border-bottom-color:var(--wp--preset--color--base);padding-top:0;padding-right:0;padding-bottom:var(--wp--preset--spacing--20);padding-left:0\">\n<p class=\"has-text-align-left gutenslider-content-initial has-base-color has-text-color has-link-color has-heading-font-family has-xxs-large-font-size wp-elements-0f935d06317852b9c9f1f8d30533a1ae\">VOTRE AGENCE IMMOBILI\u00c8RE \u00c0 <strong>MARBELLA<\/strong><\/p>\n<\/div>\n\n\n\n<p class=\"has-text-align-left has-body-font-family has-large-font-size\" style=\"padding-top:var(--wp--preset--spacing--20);letter-spacing:0.25em;text-transform:uppercase\">R\u00c9F\u00c9RENCE EN IMMOBILIER DEPUIS 1994<\/p>\n<\/div>\n\n\n\n<figure class=\"wp-block-video\"><video autoplay loop muted src=\"\/wp-content\/themes\/nevado\/assets\/videos\/home-video.mp4\" playsinline><\/video><\/figure>\n<\/section>\n\n\n\n<div class=\"wp-block-group jaleo--container-75-center is-layout-flow wp-block-group-is-layout-flow\" style=\"margin-bottom:var(--wp--preset--spacing--50)\">\n<h1 class=\"wp-block-heading has-text-align-center\">AGENCE IMMOBILI\u00c8RE \u00c1 MARBELLA PAR <strong>NEVADO REALTY<\/strong><\/h1>\n\n\n\n<p class=\"has-text-align-center\">Fond\u00e9e en 1994, Nevado Realty est une <strong>agence immobili\u00e8re de premier plan \u00e0 Marbella<\/strong>. Sp\u00e9cialiste des propri\u00e9t\u00e9s \u00e0 vendre dans le <strong>centre de Marbella, le Golden Mile et les zones environnantes<\/strong>. Notre agence offre un <strong>service personnalis\u00e9<\/strong> qui, associ\u00e9 \u00e0 une <strong>connaissance approfondie de la r\u00e9gion et \u00e0 une \u00e9quipe multilingue<\/strong> d&rsquo;agents exp\u00e9riment\u00e9s, fait la diff\u00e9rence.<\/p>\n\n\n\n<div class=\"wp-block-buttons is-content-justification-center is-layout-flex wp-container-core-buttons-is-layout-e511ce0b wp-block-buttons-is-layout-flex\" style=\"margin-top:var(--wp--preset--spacing--30);margin-bottom:var(--wp--preset--spacing--30)\">\n<div class=\"wp-block-button is-style-outline is-style-outline--1\"><a class=\"wp-block-button__link wp-element-button\" href=\"https:\/\/www.nevadomarbella.com\/fr\/propriete-a-vendre-a-marbella\">propri\u00e9t\u00e9s \u00c0 VENDRE<\/a><\/div>\n\n\n\n<div class=\"wp-block-button is-style-outline is-style-outline--2\"><a class=\"wp-block-button__link wp-element-button\" href=\"https:\/\/www.nevadomarbella.com\/fr\/propriete-a-louer-a-marbella\">BIENS \u00c0 LOUER<\/a><\/div>\n\n\n\n<div class=\"wp-block-button is-style-outline is-style-outline--3\"><a class=\"wp-block-button__link wp-element-button\" href=\"https:\/\/www.nevadomarbella.com\/fr\/nouveaux-developments-a-vendre-a-marbella\">PROPRI\u00c9T\u00c9S HORS PLAN<\/a><\/div>\n<\/div>\n<\/div>\n\n\n\n<section class=\"wp-block-group jaleo-properties-grid is-layout-flow wp-block-group-is-layout-flow\" style=\"margin-top:0;margin-bottom:var(--wp--preset--spacing--60);padding-right:0;padding-left:0\">\n<div class=\"wp-block-group has-global-padding is-layout-constrained wp-block-group-is-layout-constrained\">\n<h2 class=\"wp-block-heading has-text-align-left\" style=\"padding-right:var(--wp--preset--spacing--20);padding-left:var(--wp--preset--spacing--20)\">LES DERNIERS <strong>BIENS \u00c0 VENDRE \u00c0 MARBELLA<\/strong><\/h2>\n\n\n\n<p class=\"has-text-align-left\" style=\"padding-right:var(--wp--preset--spacing--20);padding-left:var(--wp--preset--spacing--20)\">D\u00e9couvrez un monde de possibilit\u00e9s dans notre <strong>portefeuille immobilier<\/strong>, o\u00f9 chaque espace raconte une histoire qui peut devenir l&rsquo;histoire de votre vie. Laissez-vous surprendre !<\/p>\n<\/div>\n\n\n\n<div class=\"wp-block-group is-layout-flow wp-block-group-is-layout-flow\">\t<div id=\"wpb__style_container\" class=\"wpb--container\">\r\n\t\t<div class=\"wpb--card-container\">\r\n\t\t\t<div class=\"wpb--card\">\n\t<div class=\"wpb--aspect-box wpb--panoramic\">\n\t\t<a class=\"wpb--stretched-link\" href=\"\/fr\/propriete\/vente-casares-finca-698949\">\n\t\t\t\t\t\t\t<img decoding=\"async\" loading=\"lazy\" class=\"wpb--image-fit\" src=\"https:\/\/www.nevadomarbella.com\/wp-content\/uploads\/inmoba\/thumb-all-0.75-exact-698949.webp\" alt=\"Propri\u00e9t\u00e9 \u00e0 Casares, autonome en \u00e9nergie, \u00e0 vendre\" \/>\n\t\t\t\n\t\t\t\t\t<\/a>\n\t<\/div>\n\t<div class=\"wpb--card-body\">\n\t\t<span class=\"wpb--card-body-location\">Casares<\/span>\n\t\t<h3 class=\"wpb--card-title\">\n\t\t\t<a class=\"wpb--stretched-link\" href=\"\/fr\/propriete\/vente-casares-finca-698949\">\n\t\t\t\tPropri\u00e9t\u00e9 \u00e0 Casares, autonome en \u00e9nergie, \u00e0 vendre\t\t\t<\/a>\n\t\t<\/h3>\n\t\t<div class=\"wpb--card-data\">\n\t\t\t<ul class=\"wpb--card-features\">\n\t\t\t\t\t\t\t\t\t\t<li>4  Chambres, <\/li>\n\t\t\t\t\t\t\t\t\t\t<li>2  Bains, <\/li>\n\t\t\t\t\t\t\t\t\t\t<li>249.990 m&sup2; Parcelle , <\/li>\n\t\t\t\t\t\t\t\t\t\t<li>175 m&sup2; Construit<\/li>\n\t\t\t\t\t\t\t<\/ul>\n\t\t\t<div class=\"wpb--card-price\">\n\t\t\t\t775.000 &euro;<span>163-04632P<\/span>\t\t\t<\/div>\n\t\t<\/div>\n\t<\/div>\n<\/div>\n<div class=\"wpb--card\">\n\t<div class=\"wpb--aspect-box wpb--panoramic\">\n\t\t<a class=\"wpb--stretched-link\" href=\"\/fr\/propriete\/vente-bahia-del-velerin-appartement-698929\">\n\t\t\t\t\t\t\t<img decoding=\"async\" loading=\"lazy\" class=\"wpb--image-fit\" src=\"https:\/\/www.nevadomarbella.com\/wp-content\/uploads\/inmoba\/thumb-all-0.75-exact-698929.webp\" alt=\"Appartement \u00e0 vendre \u00e0 Bah\u00eda del Veler\u00edn, Estepona, en premi\u00e8re ligne de plage\" \/>\n\t\t\t\n\t\t\t\t\t<\/a>\n\t<\/div>\n\t<div class=\"wpb--card-body\">\n\t\t<span class=\"wpb--card-body-location\">Bah\u00eda del Veler\u00edn - Estepona Est<\/span>\n\t\t<h3 class=\"wpb--card-title\">\n\t\t\t<a class=\"wpb--stretched-link\" href=\"\/fr\/propriete\/vente-bahia-del-velerin-appartement-698929\">\n\t\t\t\tAppartement \u00e0 vendre \u00e0 Bah\u00eda del Veler\u00edn, Estepona, en premi\u00e8re ligne de plage\t\t\t<\/a>\n\t\t<\/h3>\n\t\t<div class=\"wpb--card-data\">\n\t\t\t<ul class=\"wpb--card-features\">\n\t\t\t\t\t\t\t\t\t\t<li>3  Chambres, <\/li>\n\t\t\t\t\t\t\t\t\t\t<li>2  Bains, <\/li>\n\t\t\t\t\t\t\t\t\t\t<li>122 m&sup2; Construit<\/li>\n\t\t\t\t\t\t\t<\/ul>\n\t\t\t<div class=\"wpb--card-price\">\n\t\t\t\t1.895.000 &euro;<span>163-04631P<\/span>\t\t\t<\/div>\n\t\t<\/div>\n\t<\/div>\n<\/div>\n<div class=\"wpb--card\">\n\t<div class=\"wpb--aspect-box wpb--panoramic\">\n\t\t<a class=\"wpb--stretched-link\" href=\"\/fr\/propriete\/vente-estepona-ville-appartement-terrasse-698612\">\n\t\t\t\t\t\t\t<img decoding=\"async\" loading=\"lazy\" class=\"wpb--image-fit\" src=\"https:\/\/www.nevadomarbella.com\/wp-content\/uploads\/inmoba\/thumb-all-0.75-exact-698612.webp\" alt=\"Penthouse \u00e0 Estepona, face \u00e0 la mer et en premi\u00e8re ligne de plage, \u00e0 vendre\" \/>\n\t\t\t\n\t\t\t\t\t<\/a>\n\t<\/div>\n\t<div class=\"wpb--card-body\">\n\t\t<span class=\"wpb--card-body-location\">Estepona Ville<\/span>\n\t\t<h3 class=\"wpb--card-title\">\n\t\t\t<a class=\"wpb--stretched-link\" href=\"\/fr\/propriete\/vente-estepona-ville-appartement-terrasse-698612\">\n\t\t\t\tPenthouse \u00e0 Estepona, face \u00e0 la mer et en premi\u00e8re ligne de plage, \u00e0 vendre\t\t\t<\/a>\n\t\t<\/h3>\n\t\t<div class=\"wpb--card-data\">\n\t\t\t<ul class=\"wpb--card-features\">\n\t\t\t\t\t\t\t\t\t\t<li>3  Chambres, <\/li>\n\t\t\t\t\t\t\t\t\t\t<li>3  Bains, <\/li>\n\t\t\t\t\t\t\t\t\t\t<li>512 m&sup2; Construit<\/li>\n\t\t\t\t\t\t\t<\/ul>\n\t\t\t<div class=\"wpb--card-price\">\n\t\t\t\t6.400.000 &euro;<span>163-04629P-DUP<\/span>\t\t\t<\/div>\n\t\t<\/div>\n\t<\/div>\n<\/div>\n<div class=\"wpb--card\">\n\t<div class=\"wpb--aspect-box wpb--panoramic\">\n\t\t<a class=\"wpb--stretched-link\" href=\"\/fr\/propriete\/vente-estepona-ville-appartement-698497\">\n\t\t\t\t\t\t\t<img decoding=\"async\" loading=\"lazy\" class=\"wpb--image-fit\" src=\"https:\/\/www.nevadomarbella.com\/wp-content\/uploads\/inmoba\/thumb-all-0.75-exact-698497.webp\" alt=\"Appartement \u00e0 Estepona, face \u00e0 la mer, en premi\u00e8re ligne de plage\" \/>\n\t\t\t\n\t\t\t\t\t<\/a>\n\t<\/div>\n\t<div class=\"wpb--card-body\">\n\t\t<span class=\"wpb--card-body-location\">Estepona Ville<\/span>\n\t\t<h3 class=\"wpb--card-title\">\n\t\t\t<a class=\"wpb--stretched-link\" href=\"\/fr\/propriete\/vente-estepona-ville-appartement-698497\">\n\t\t\t\tAppartement \u00e0 Estepona, face \u00e0 la mer, en premi\u00e8re ligne de plage\t\t\t<\/a>\n\t\t<\/h3>\n\t\t<div class=\"wpb--card-data\">\n\t\t\t<ul class=\"wpb--card-features\">\n\t\t\t\t\t\t\t\t\t\t<li>3  Chambres, <\/li>\n\t\t\t\t\t\t\t\t\t\t<li>3  Bains, <\/li>\n\t\t\t\t\t\t\t\t\t\t<li>297 m&sup2; Construit<\/li>\n\t\t\t\t\t\t\t<\/ul>\n\t\t\t<div class=\"wpb--card-price\">\n\t\t\t\t3.550.000 &euro;<span>163-04628P<\/span>\t\t\t<\/div>\n\t\t<\/div>\n\t<\/div>\n<\/div>\n\t\t<\/div>\r\n\t\t<!-- Go to the full list -->\r\n\t\t\t\t<div class=\"wpb--center\">\r\n\t\t\t<a class=\"wpb--btn-outline\" href=\"\/fr\/propriete-a-vendre-a-marbella?l=fr&f=sale\">Voir plus<\/a>\r\n\t\t<\/div>\r\n\t\t\t<\/div>\r\n\n<\/div>\n<\/section>\n\n\n\n<div class=\"wp-block-group jaleo-offcanvas-slider-wrapper is-layout-flow wp-block-group-is-layout-flow\" style=\"margin-bottom:var(--wp--preset--spacing--60)\">\n<div class=\"wp-block-group has-global-padding is-layout-constrained wp-block-group-is-layout-constrained\">\n<h2 class=\"wp-block-heading has-text-align-left\">ZONES LES <strong>PLUS POPULAIRES<\/strong><\/h2>\n\n\n\n<p class=\"has-text-align-left\">Vous trouverez ci-dessous une l<strong>iste de nos propri\u00e9t\u00e9s, s\u00e9lectionn\u00e9es en fonction de la zone qui vous int\u00e9resse le plus<\/strong>. Vous serez ainsi plus pr\u00e8s de trouver la maison dont vous avez toujours r\u00eav\u00e9 !<\/p>\n<\/div>\n\n\n\n<div class=\"wp-block-group jaleo-offcanvas-slider is-layout-flow wp-block-group-is-layout-flow\"><div id=\"gutenslider-lyoxax1eo\" class=\"wp-block-eedee-block-gutenslider gs-frontend content-change alignnone arrow-style-1 arrow-position-sides arrow-mb-none arrows-lg arrows-md arrows-sm dot-style-1 dots-lg dots-md dots-sm dot-position-bottom is-position-center-center mb-none wrap-auto-height\" data-parallax-direction=\"down\" data-parallax-amount=\"1.3\" data-lg-transition=\"lg-slide\" data-hash=\"\" ><div class=\"eedee-swiper-outer\" style=\"--gutenslider-min-height: 40vh;--gutenslider-arrow-size: 100px;--gutenslider-dot-size: 25px;--gutenslider-arrow-color: #ffffff;--gutenslider-dot-color: #ffffff;--gutenslider-padding-y-mobile: 40px;--gutenslider-padding-x-mobile: 40px;--gutenslider-padding-y-tablet: 40px;--gutenslider-padding-x-tablet: 40px;--gutenslider-padding-y-desktop: 40px;--gutenslider-padding-x-desktop: 40px;--gutenslider-bg-image: url();--gutenslider-min-height-md: 50vh;--gutenslider-min-height-sm: 50vh;--gutenslider-padding-x: 40px;--gutenslider-padding-x-md: 40px;--gutenslider-padding-x-sm: 20px;--gutenslider-padding-y: 40px;--gutenslider-padding-y-md: 40px;--gutenslider-padding-y-sm: 20px;--gutenslider-arrow-size-md: 100px;--gutenslider-arrow-size-sm: 100px;--gutenslider-dot-size-md: 25px;--gutenslider-dot-size-sm: 25px;--gutenslider-arrow-bg-color: transparent;--gutenslider-arrow-hover-color: #eeeeee;--gutenslider-arrow-bg-hover-color: transparent;--gutenslider-arrow-x-offset: 10px;--gutenslider-arrow-x-offset-md: 10px;--gutenslider-arrow-x-offset-sm: 10px;--gutenslider-arrow-y-offset: 0px;--gutenslider-arrow-y-offset-md: 0px;--gutenslider-arrow-y-offset-sm: 0px;--gutenslider-arrow-x-spacing: 0px;--gutenslider-dot-y-offset: 10px;--gutenslider-dot-y-offset-md: 10px;--gutenslider-dot-y-offset-sm: 10px;--gutenslider-margin-x: 0px;--gutenslider-margin-x-md: 0px;--gutenslider-margin-x-sm: 0px;--gutenslider-margin-y: 0px;--gutenslider-margin-y-md: 0px;--gutenslider-margin-y-sm: 0px;--gutenslider-divider-top: 60px;--gutenslider-divider-bottom: 60px;--gutenslider-lightgallery-bg: #ffffff;--gutenslider-lightgallery-font: #000000;--gs-first-pos: 50% 50%;--gs-gap-vertical: var( --wp--style--gallery-gap-default, var( --gallery-block--gutter-size, var( --wp--style--block-gap, 0.5em ) ) );--gs-gap-horizontal: var( --wp--style--gallery-gap-default, var( --gallery-block--gutter-size, var( --wp--style--block-gap, 0.5em ) ) );\"><div class=\"gutenslider-divider-top\" style=\"color:#f2f2f2;\"><\/div><div class=\"swiper\" data-settings='{\"autoplay\":{\"delay\":3000,\"pauseOnMouseEnter\":true,\"disableOnInteraction\":false},\"speed\":700,\"direction\":\"horizontal\",\"autoHeight\":\"\",\"loop\":false,\"centeredSlides\":false,\"spaceBetween\":0,\"slidesPerView\":\"auto\",\"slidesPerGroup\":1,\"effect\":\"slide\",\"coverflowEffect\":{\"rotate\":30,\"slideShadows\":false,\"depth\":100,\"stretch\":50,\"modifier\":1},\"fadeEffect\":{\"crossFade\":true},\"zoom\":\"\",\"navigation\":{\"nextEl\":\"#gutenslider-lyoxax1eo .eedee-gutenslider-next\",\"prevEl\":\"#gutenslider-lyoxax1eo .eedee-gutenslider-prev\"},\"pagination\":{\"type\":\"bullets\",\"clickable\":true,\"dynamicBullets\":false,\"el\":\"#gutenslider-lyoxax1eo .eedee-gutenslider-pagination\"},\"pauseOnHover\":\"1\",\"watchSlidesProgress\":true,\"watchSlidesVisibility\":true,\"settingsMd\":{\"autoHeight\":\"\",\"slidesPerView\":\"auto\",\"slidesPerGroup\":1,\"spaceBetween\":0,\"loop\":false},\"settingsLg\":{\"autoHeight\":\"\",\"slidesPerView\":\"auto\",\"slidesPerGroup\":1,\"spaceBetween\":0,\"loop\":false},\"hasLg\":false,\"hasLgCounter\":true,\"isFullScreen\":false,\"arrowsFollowMouse\":false,\"lgTitle\":\"none\",\"lgCaption\":\"none\",\"lgThumbnails\":true,\"lgZoomEnabled\":false,\"keyboard\":{\"keyboard\":{\"enabled\":true,\"onlyInViewport\":true}},\"hashNavigation\":false,\"dividers\":false}'><div class=\"swiper-wrapper\">\n<div class=\"swiper-slide wp-block-eedee-block-gutenslide jaleo-offcanvas-slide is-position-center-center\" style=\"--slide-min-width:80%;\" data-hash=\"\"><div class=\"eedee-background-div no-media-background\"><div class=\"eedee-background-div__overlay\" style=\"opacity:1;background:#fffa;\"><\/div><\/div><div class=\"slide-content\">\n\n<figure class=\"wp-block-image size-full jaleo-slide-image wp-duotone-duotone-2\"><img decoding=\"async\" width=\"1920\" height=\"1080\" src=\"https:\/\/www.nevadomarbella.com\/wp-content\/uploads\/2025\/01\/apartamento-frontal-mar-gran-marbella-primera-linea-playa-nevado-realty-copia.webp\" alt=\"Appartement en bord de mer dans le centre de Marbella\" class=\"wp-image-19306\"\/><\/figure>\n\n\n\n<div class=\"wp-block-group jaleo-slide-caption has-global-padding is-layout-constrained wp-block-group-is-layout-constrained\">\n<p class=\"has-text-align-center has-base-color has-text-color has-link-color has-heading-font-family has-medium-font-size wp-elements-589a2a923530621614bfc9cb3746f224\" style=\"letter-spacing:4px;text-transform:uppercase\"><a href=\"https:\/\/www.nevadomarbella.com\/fr\/propriete-a-vendre-a-marbella-centre\">Marbella<br>Centre<\/a><\/p>\n<\/div>\n\n<\/div><\/div>\n\n<div class=\"swiper-slide wp-block-eedee-block-gutenslide jaleo-offcanvas-slide is-position-center-center\" style=\"--slide-min-width:80%;\" data-hash=\"\"><div class=\"eedee-background-div no-media-background\"><div class=\"eedee-background-div__overlay\" style=\"opacity:1;background:#fffa;\"><\/div><\/div><div class=\"slide-content\">\n\n<figure class=\"wp-block-image size-full jaleo-slide-image wp-duotone-duotone-2\"><img decoding=\"async\" width=\"1920\" height=\"1080\" src=\"https:\/\/www.nevadomarbella.com\/wp-content\/uploads\/2025\/01\/Aalto-Orquidea-2-1-HD-7_retocado-1-copia.webp\" alt=\"Penthouse sur la plage en premi\u00e8re ligne dans le Golden Mile, Marbella\" class=\"wp-image-19338\"\/><\/figure>\n\n\n\n<div class=\"wp-block-group jaleo-slide-caption has-global-padding is-layout-constrained wp-block-group-is-layout-constrained\">\n<p class=\"has-text-align-center has-base-color has-text-color has-link-color has-heading-font-family has-medium-font-size wp-elements-7df9404b40e6e0174d1712d5f43bcd74\" style=\"letter-spacing:4px;text-transform:uppercase\"><a href=\"https:\/\/www.nevadomarbella.com\/fr\/propriete-a-vendre-a-marbella-golden-mile\" data-type=\"link\" data-id=\"https:\/\/www.nevadomarbella.com\/properties-for-sale-in-marbella?l=en&amp;refinesearch-typeselector=full&amp;o=&amp;f=sale&amp;c=c24&amp;a=a41&amp;t=&amp;ft=&amp;pf=&amp;pt=&amp;b=#\">GOLDEN<br>MILE<\/a><\/p>\n<\/div>\n\n<\/div><\/div>\n\n<div class=\"swiper-slide wp-block-eedee-block-gutenslide jaleo-offcanvas-slide is-position-center-center\" style=\"--slide-min-width:80%;\" data-hash=\"\"><div class=\"eedee-background-div no-media-background\"><div class=\"eedee-background-div__overlay\" style=\"opacity:1;background:#fffa;\"><\/div><\/div><div class=\"slide-content\">\n\n<figure class=\"wp-block-image size-full jaleo-slide-image wp-duotone-duotone-2\"><img decoding=\"async\" width=\"1920\" height=\"1280\" src=\"https:\/\/www.nevadomarbella.com\/wp-content\/uploads\/2025\/01\/e328303e-6fd9-4175-8edf-ab008f1f0146-copia.webp\" alt=\"Villa en bord de golf \u00e0 Nueva Andaluc\u00eda\" class=\"wp-image-19322\"\/><\/figure>\n\n\n\n<div class=\"wp-block-group jaleo-slide-caption has-global-padding is-layout-constrained wp-block-group-is-layout-constrained\">\n<p class=\"has-text-align-center has-base-color has-text-color has-link-color has-heading-font-family has-medium-font-size wp-elements-9788deb7ef486726ad5e578de580f94c\" style=\"letter-spacing:4px;text-transform:uppercase\"><a href=\"https:\/\/www.nevadomarbella.com\/fr\/propriete-a-vendre-a-nueva-andalucia\" data-type=\"link\" data-id=\"https:\/\/www.nevadomarbella.com\/properties-for-sale-in-marbella?l=en&amp;refinesearch-typeselector=full&amp;o=&amp;f=sale&amp;c=c24&amp;a=a51&amp;t=&amp;ft=&amp;pf=&amp;pt=&amp;b=#\">NUEVA<br>ANDALUC\u00cdA<\/a><\/p>\n<\/div>\n\n<\/div><\/div>\n\n<div class=\"swiper-slide wp-block-eedee-block-gutenslide jaleo-offcanvas-slide is-position-center-center\" style=\"--slide-min-width:80%;\" data-hash=\"\"><div class=\"eedee-background-div no-media-background\"><div class=\"eedee-background-div__overlay\" style=\"opacity:1;background:#fffa;\"><\/div><\/div><div class=\"slide-content\">\n\n<figure class=\"wp-block-image size-full jaleo-slide-image wp-duotone-duotone-2\"><img decoding=\"async\" width=\"1920\" height=\"1080\" src=\"https:\/\/www.nevadomarbella.com\/wp-content\/uploads\/2025\/01\/atico-marbella-este-primera-linea-playa-nevado-realty-copia.webp\" alt=\"Penthouse en bord de mer \u00e0 Marbella East\" class=\"wp-image-19314\"\/><\/figure>\n\n\n\n<div class=\"wp-block-group jaleo-slide-caption has-global-padding is-layout-constrained wp-block-group-is-layout-constrained\">\n<p class=\"has-text-align-center has-base-color has-text-color has-link-color has-heading-font-family has-medium-font-size wp-elements-3dfc937b5bf41ddd3867aa5eb2f1f7bd\" style=\"letter-spacing:4px;text-transform:uppercase\"><a href=\"https:\/\/www.nevadomarbella.com\/fr\/propriete-a-vendre-a-marbella-est\" data-type=\"link\" data-id=\"https:\/\/www.nevadomarbella.com\/properties-for-sale-in-marbella?l=en&amp;refinesearch-typeselector=full&amp;o=&amp;f=sale&amp;c=c24&amp;a=a40&amp;t=&amp;ft=&amp;pf=&amp;pt=&amp;b=#\">Marbella est<\/a><\/p>\n<\/div>\n\n<\/div><\/div>\n\n<div class=\"swiper-slide wp-block-eedee-block-gutenslide jaleo-offcanvas-slide is-position-center-center\" style=\"--slide-min-width:80%;\" data-hash=\"\"><div class=\"eedee-background-div no-media-background\"><div class=\"eedee-background-div__overlay\" style=\"opacity:1;background:#fffa;\"><\/div><\/div><div class=\"slide-content\">\n\n<figure class=\"wp-block-image size-full jaleo-slide-image wp-duotone-duotone-2\"><img decoding=\"async\" width=\"1920\" height=\"1080\" src=\"https:\/\/www.nevadomarbella.com\/wp-content\/uploads\/2025\/01\/atico-estepona-primera-linea-playa-nevado-realty-copia.webp\" alt=\"Penthouse sur la plage \u00e0 Estepona\" class=\"wp-image-19310\"\/><\/figure>\n\n\n\n<div class=\"wp-block-group jaleo-slide-caption has-global-padding is-layout-constrained wp-block-group-is-layout-constrained\">\n<p class=\"has-text-align-center has-base-color has-text-color has-link-color has-heading-font-family has-medium-font-size wp-elements-47df54e273173e66b18804e5ecc3b541\" style=\"letter-spacing:4px;text-transform:uppercase\"><a href=\"https:\/\/www.nevadomarbella.com\/fr\/propriete-a-vendre-estepona\" data-type=\"link\" data-id=\"https:\/\/www.nevadomarbella.com\/properties-for-sale-in-marbella?l=en&amp;refinesearch-typeselector=full&amp;o=&amp;f=sale&amp;c=c11&amp;a=&amp;t=&amp;ft=&amp;pf=&amp;pt=&amp;b=#\">estepona<\/a><\/p>\n<\/div>\n\n<\/div><\/div>\n\n<div class=\"swiper-slide wp-block-eedee-block-gutenslide jaleo-offcanvas-slide is-position-center-center\" style=\"--slide-min-width:80%;\" data-hash=\"\"><div class=\"eedee-background-div no-media-background\"><div class=\"eedee-background-div__overlay\" style=\"opacity:1;background:#fffa;\"><\/div><\/div><div class=\"slide-content\">\n\n<figure class=\"wp-block-image size-full jaleo-slide-image wp-duotone-duotone-2\"><img decoding=\"async\" width=\"1920\" height=\"1279\" src=\"https:\/\/www.nevadomarbella.com\/wp-content\/uploads\/2025\/01\/7d052263-90aa-4420-aa43-2ae79297e694-copia.webp\" alt=\"Villa \u00e0 San Pedro\" class=\"wp-image-19330\"\/><\/figure>\n\n\n\n<div class=\"wp-block-group jaleo-slide-caption has-global-padding is-layout-constrained wp-block-group-is-layout-constrained\">\n<p class=\"has-text-align-center has-base-color has-text-color has-link-color has-heading-font-family has-medium-font-size wp-elements-0452bd1894be3604c5a9a39019844b71\" style=\"letter-spacing:4px;text-transform:uppercase\"><a href=\"https:\/\/www.nevadomarbella.com\/fr\/propriete-a-vendre-san-pedro\">San pedrO<\/a><\/p>\n<\/div>\n\n<\/div><\/div>\n\n<div class=\"swiper-slide wp-block-eedee-block-gutenslide jaleo-offcanvas-slide is-position-center-center\" style=\"--slide-min-width:80%;\" data-hash=\"\"><div class=\"eedee-background-div no-media-background\"><div class=\"eedee-background-div__overlay\" style=\"opacity:1;background:#fffa;\"><\/div><\/div><div class=\"slide-content\">\n\n<figure class=\"wp-block-image size-full jaleo-slide-image wp-duotone-duotone-2\"><img decoding=\"async\" width=\"1920\" height=\"1080\" src=\"https:\/\/www.nevadomarbella.com\/wp-content\/uploads\/2025\/01\/16d0a455-a794-4df0-9771-c2230a0247f9-copia.webp\" alt=\"Penthouse \u00e0 Puerto Ban\u00fas\" class=\"wp-image-19334\"\/><\/figure>\n\n\n\n<div class=\"wp-block-group jaleo-slide-caption has-global-padding is-layout-constrained wp-block-group-is-layout-constrained\">\n<p class=\"has-text-align-center has-base-color has-text-color has-link-color has-heading-font-family has-medium-font-size wp-elements-218fdcb0dd4ff7bbc8f67d70abe5f483\" style=\"letter-spacing:4px;text-transform:uppercase\"><a href=\"https:\/\/www.nevadomarbella.com\/fr\/propriete-a-vendre-a-puerto-banus\">PUERTO<br>BAN\u00daS<\/a><\/p>\n<\/div>\n\n<\/div><\/div>\n\n<div class=\"swiper-slide wp-block-eedee-block-gutenslide jaleo-offcanvas-slide is-position-center-center\" style=\"--slide-min-width:80%;\" data-hash=\"\"><div class=\"eedee-background-div no-media-background\"><div class=\"eedee-background-div__overlay\" style=\"opacity:1;background:#fffa;\"><\/div><\/div><div class=\"slide-content\">\n\n<figure class=\"wp-block-image size-full jaleo-slide-image wp-duotone-duotone-2\"><img decoding=\"async\" width=\"1080\" height=\"1080\" src=\"https:\/\/www.nevadomarbella.com\/wp-content\/uploads\/2025\/07\/ab0c4363-0c44-4ea2-b345-445de2be2083.jpg\" alt=\"Vue sur la mer depuis une villa \u00e0 Benahav\u00eds\" class=\"wp-image-20418\"\/><\/figure>\n\n\n\n<div class=\"wp-block-group jaleo-slide-caption has-global-padding is-layout-constrained wp-block-group-is-layout-constrained\">\n<p class=\"has-text-align-center has-base-color has-text-color has-link-color has-heading-font-family has-medium-font-size wp-elements-edcbfc8f6607f33956ba74ce697368e0\" style=\"letter-spacing:4px;text-transform:uppercase\"><a href=\"https:\/\/www.nevadomarbella.com\/fr\/propriete-a-vendre-a-benahavis\">BENAHAV\u00cdS<\/a><\/p>\n<\/div>\n\n<\/div><\/div>\n<\/div><\/div><button class=\"eedee-gutenslider-nav eedee-gutenslider-prev\"><svg xmlns=\"http:\/\/www.w3.org\/2000\/svg\" viewBox=\"0 0 24 24\" width=\"24\" height=\"24\"><circle class=\"bg\" cx=\"13\" cy=\"12\" r=\"11\" \/><path fill=\"none\" d=\"M0 0h24v24H0z\"\/><path class=\"arrow\" d=\"M10.828 12l4.95 4.95-1.414 1.414L8 12l6.364-6.364 1.414 1.414z\"\/><\/svg><\/button><button class=\"eedee-gutenslider-nav eedee-gutenslider-next\"><svg xmlns=\"http:\/\/www.w3.org\/2000\/svg\" viewBox=\"0 0 24 24\" width=\"24\" height=\"24\"><circle class=\"bg\" cx=\"11\" cy=\"12\" r=\"11\" \/><path fill=\"none\" d=\"M0 0h24v24H0z\"\/><path class=\"arrow\" d=\"M13.172 12l-4.95-4.95 1.414-1.414L16 12l-6.364 6.364-1.414-1.414z\"\/><\/svg><\/button><div class=\"eedee-gutenslider-pagination\"><\/div><div class=\"gutenslider-divider-bottom \" style=\"color:#f2f2f2;\"><\/div><\/div><\/div><\/div>\n<\/div>\n\n\n\n<section class=\"wp-block-group alignfull jaleo-herobox-group wide right has-shell-background-color has-background is-layout-flow wp-block-group-is-layout-flow\" style=\"margin-top:0;margin-bottom:var(--wp--preset--spacing--60);padding-right:var(--wp--preset--spacing--50);padding-left:var(--wp--preset--spacing--50)\">\n<div class=\"wp-block-columns alignwide are-vertically-aligned-center jaleo-herobox-columns is-layout-flex wp-container-core-columns-is-layout-2e289adc wp-block-columns-is-layout-flex\" style=\"padding-top:0;padding-right:0;padding-bottom:0;padding-left:0\">\n<div class=\"wp-block-column is-vertically-aligned-center jaleo-herobox-content is-layout-flow wp-block-column-is-layout-flow\" style=\"padding-right:0;flex-basis:50%\">\n<div class=\"wp-block-group has-global-padding is-content-justification-right is-layout-constrained wp-container-core-group-is-layout-d74be48a wp-block-group-is-layout-constrained\" style=\"margin-top:0;margin-bottom:0;padding-top:0;padding-right:var(--wp--preset--spacing--30);padding-left:var(--wp--preset--spacing--30)\">\n<h2 class=\"wp-block-heading has-text-align-left\" style=\"margin-bottom:var(--wp--preset--spacing--30);font-style:normal;font-weight:400;text-transform:uppercase\">30 ANS \u00c0 R\u00c9ALISER DES R\u00caVES<\/h2>\n\n\n\n<p class=\"has-text-align-left\">Au cours de ces 30 ann\u00e9es, nous avons fait de <strong>l&rsquo;excellence notre marque de fabrique<\/strong>. Tout au long de ces trois d\u00e9cennies, nous nous sommes attach\u00e9s \u00e0 comprendre et \u00e0 satisfaire les besoins de nos clients, en leur offrant un <strong>service personnalis\u00e9 qui transforme la recherche d&rsquo;une maison en une exp\u00e9rience unique et agr\u00e9able.<\/strong><\/p>\n<\/div>\n<\/div>\n\n\n\n<div class=\"wp-block-column is-vertically-aligned-center jaleo-herobox-column is-layout-flow wp-block-column-is-layout-flow\" style=\"flex-basis:50%\">\n<figure class=\"wp-block-image size-full jaleo-herobox-image half-size wp-duotone-unset-4\"><img decoding=\"async\" src=\"https:\/\/www.nevadomarbella.com\/wp-content\/uploads\/2025\/01\/Logotipo-30-anos_DEFF.svg\" alt=\"Logo 30 ans Nevado Realty\" class=\"wp-image-19266\" style=\"aspect-ratio:1;object-fit:contain\"\/><\/figure>\n<\/div>\n<\/div>\n<\/section>\n\n\n\n<section class=\"wp-block-group jaleo-latest-blogs-wrapper has-base-2-background-color has-background is-layout-flow wp-block-group-is-layout-flow\" style=\"margin-bottom:var(--wp--preset--spacing--60);padding-top:0;padding-bottom:var(--wp--preset--spacing--40)\">\n<div class=\"wp-block-group has-global-padding is-layout-constrained wp-container-core-group-is-layout-951a40f6 wp-block-group-is-layout-constrained\" style=\"padding-top:var(--wp--preset--spacing--20);padding-right:var(--wp--preset--spacing--40);padding-bottom:var(--wp--preset--spacing--20);padding-left:var(--wp--preset--spacing--40)\">\n<h2 class=\"wp-block-heading has-text-align-left\"><strong>ARTICLES POPULAIRES<\/strong> DE NOTRE <strong>CENTRE DE CONSEIL<\/strong><\/h2>\n\n\n\n<p class=\"has-text-align-left\" style=\"margin-bottom:var(--wp--preset--spacing--30)\">Consultez notre guide de l&rsquo;immobilier pour obtenir de l&rsquo;aide lors de <strong>l&rsquo;achat ou de la vente<\/strong> d&rsquo;une propri\u00e9t\u00e9 \u00e0 Marbella. Nous couvrons un large \u00e9ventail de sujets importants, notamment les<strong> visas, les guides d&rsquo;achat et de vente, les proc\u00e9dures l\u00e9gales et bien plus encore<\/strong>.<\/p>\n<\/div>\n\n\n\n<div class=\"wp-block-query jaleo-latest-blogs-loop is-layout-flow wp-block-query-is-layout-flow\"><ul class=\"columns-4 wp-block-post-template is-layout-grid wp-container-core-post-template-is-layout-0eac9162 wp-block-post-template-is-layout-grid\"><li class=\"wp-block-post post-21347 post type-post status-publish format-standard has-post-thumbnail hentry category-guide-du-vendeur category-immobilier\">\n<figure style=\"aspect-ratio:1; padding-top:0;padding-bottom:0;padding-left:0rem;padding-right:0rem;margin-right:0;margin-left:0;\" class=\"wp-block-post-featured-image\"><a href=\"https:\/\/www.nevadomarbella.com\/fr\/21347-pourquoi-certaines-maisons-ne-se-vendent-elles-pas.html\" target=\"_self\"  ><img decoding=\"async\" width=\"1920\" height=\"1080\" src=\"https:\/\/www.nevadomarbella.com\/wp-content\/uploads\/2026\/02\/gines-garcia-en-podcasta-lpa-sobre-valor-de-la-vivienda.webp\" class=\"attachment-post-thumbnail size-post-thumbnail wp-post-image\" alt=\"Prix \u200b\u200bde vente affich\u00e9 vs. prix r\u00e9el : Pourquoi certaines maisons ne se vendent pas\" style=\"width:100%;height:100%;object-fit:cover;\" \/><\/a><\/figure>\n\n\n<div class=\"wp-block-group has-global-padding is-layout-constrained wp-container-core-group-is-layout-9597dc02 wp-block-group-is-layout-constrained\" style=\"padding-top:var(--wp--preset--spacing--10);padding-right:var(--wp--preset--spacing--10);padding-bottom:var(--wp--preset--spacing--10);padding-left:var(--wp--preset--spacing--10)\"><h3 style=\"font-style:normal;font-weight:700;line-height:1.5;\" class=\"has-text-align-left wp-block-post-title has-medium-font-size has-heading-font-family\"><a href=\"https:\/\/www.nevadomarbella.com\/fr\/21347-pourquoi-certaines-maisons-ne-se-vendent-elles-pas.html\" target=\"_self\" >Prix \u200b\u200bde vente affich\u00e9 vs. prix r\u00e9el : Pourquoi certaines maisons ne se vendent pas<\/a><\/h3>\n\n\n<div class=\"wp-block-group is-content-justification-space-between is-nowrap is-layout-flex wp-container-core-group-is-layout-cb46ffcb wp-block-group-is-layout-flex\">\n<div class=\"wp-block-group is-nowrap is-layout-flex wp-container-core-group-is-layout-6c531013 wp-block-group-is-layout-flex\"><div class=\"wp-block-post-author-name has-medium-font-size\">Gin\u00e9s Garc\u00eda<\/div><\/div>\n\n\n<div class=\"wp-block-post-date\"><time datetime=\"2026-02-26T16:54:45+01:00\">f\u00e9vrier 2026<\/time><\/div><\/div>\n<\/div>\n\n<\/li><li class=\"wp-block-post post-21287 post type-post status-publish format-standard has-post-thumbnail hentry category-guidez-de-zona tag-golden-mile\">\n<figure style=\"aspect-ratio:1; padding-top:0;padding-bottom:0;padding-left:0rem;padding-right:0rem;margin-right:0;margin-left:0;\" class=\"wp-block-post-featured-image\"><a href=\"https:\/\/www.nevadomarbella.com\/fr\/21287-acheter-une-maison-a-la-virginia-cest-acheter-un-morceau-de-lhistoire-de-marbella.html\" target=\"_self\"  ><img decoding=\"async\" width=\"1920\" height=\"1280\" src=\"https:\/\/www.nevadomarbella.com\/wp-content\/uploads\/2026\/01\/la-virginia-marbella-capilla.webp\" class=\"attachment-post-thumbnail size-post-thumbnail wp-post-image\" alt=\"Acheter une maison \u00e0 La Virginia, c&rsquo;est acheter un morceau de l&rsquo;histoire de Marbella\" style=\"width:100%;height:100%;object-fit:cover;\" \/><\/a><\/figure>\n\n\n<div class=\"wp-block-group has-global-padding is-layout-constrained wp-container-core-group-is-layout-9597dc02 wp-block-group-is-layout-constrained\" style=\"padding-top:var(--wp--preset--spacing--10);padding-right:var(--wp--preset--spacing--10);padding-bottom:var(--wp--preset--spacing--10);padding-left:var(--wp--preset--spacing--10)\"><h3 style=\"font-style:normal;font-weight:700;line-height:1.5;\" class=\"has-text-align-left wp-block-post-title has-medium-font-size has-heading-font-family\"><a href=\"https:\/\/www.nevadomarbella.com\/fr\/21287-acheter-une-maison-a-la-virginia-cest-acheter-un-morceau-de-lhistoire-de-marbella.html\" target=\"_self\" >Acheter une maison \u00e0 La Virginia, c&rsquo;est acheter un morceau de l&rsquo;histoire de Marbella<\/a><\/h3>\n\n\n<div class=\"wp-block-group is-content-justification-space-between is-nowrap is-layout-flex wp-container-core-group-is-layout-cb46ffcb wp-block-group-is-layout-flex\">\n<div class=\"wp-block-group is-nowrap is-layout-flex wp-container-core-group-is-layout-6c531013 wp-block-group-is-layout-flex\"><div class=\"wp-block-post-author-name has-medium-font-size\">Gin\u00e9s Garc\u00eda<\/div><\/div>\n\n\n<div class=\"wp-block-post-date\"><time datetime=\"2026-01-21T12:51:49+01:00\">janvier 2026<\/time><\/div><\/div>\n<\/div>\n\n<\/li><li class=\"wp-block-post post-20879 post type-post status-publish format-standard has-post-thumbnail hentry category-mode-de-vie\">\n<figure style=\"aspect-ratio:1; padding-top:0;padding-bottom:0;padding-left:0rem;padding-right:0rem;margin-right:0;margin-left:0;\" class=\"wp-block-post-featured-image\"><a href=\"https:\/\/www.nevadomarbella.com\/fr\/20879-ecole-internationale-marbella.html\" target=\"_self\"  ><img decoding=\"async\" width=\"1920\" height=\"1080\" src=\"https:\/\/www.nevadomarbella.com\/wp-content\/uploads\/2025\/07\/alumnos-estudio-en-colegio-internacional-de-marbella-cum-laude.webp\" class=\"attachment-post-thumbnail size-post-thumbnail wp-post-image\" alt=\"Vous recherchez la meilleure \u00e9cole internationale \u00e0 Marbella ?\" style=\"width:100%;height:100%;object-fit:cover;\" \/><\/a><\/figure>\n\n\n<div class=\"wp-block-group has-global-padding is-layout-constrained wp-container-core-group-is-layout-9597dc02 wp-block-group-is-layout-constrained\" style=\"padding-top:var(--wp--preset--spacing--10);padding-right:var(--wp--preset--spacing--10);padding-bottom:var(--wp--preset--spacing--10);padding-left:var(--wp--preset--spacing--10)\"><h3 style=\"font-style:normal;font-weight:700;line-height:1.5;\" class=\"has-text-align-left wp-block-post-title has-medium-font-size has-heading-font-family\"><a href=\"https:\/\/www.nevadomarbella.com\/fr\/20879-ecole-internationale-marbella.html\" target=\"_self\" >Vous recherchez la meilleure \u00e9cole internationale \u00e0 Marbella ?<\/a><\/h3>\n\n\n<div class=\"wp-block-group is-content-justification-space-between is-nowrap is-layout-flex wp-container-core-group-is-layout-cb46ffcb wp-block-group-is-layout-flex\">\n<div class=\"wp-block-group is-nowrap is-layout-flex wp-container-core-group-is-layout-6c531013 wp-block-group-is-layout-flex\"><div class=\"wp-block-post-author-name has-medium-font-size\">Gin\u00e9s Garc\u00eda<\/div><\/div>\n\n\n<div class=\"wp-block-post-date\"><time datetime=\"2025-10-17T16:57:06+02:00\">octobre 2025<\/time><\/div><\/div>\n<\/div>\n\n<\/li><li class=\"wp-block-post post-12909 post type-post status-publish format-standard has-post-thumbnail hentry category-guidez-de-zona\">\n<figure style=\"aspect-ratio:1; padding-top:0;padding-bottom:0;padding-left:0rem;padding-right:0rem;margin-right:0;margin-left:0;\" class=\"wp-block-post-featured-image\"><a href=\"https:\/\/www.nevadomarbella.com\/fr\/12909-vivre-a-rio-real-le-luxe-a-5-minutes-du-centre-ville-de-marbella-2.html\" target=\"_self\"  ><img decoding=\"async\" width=\"1920\" height=\"1080\" src=\"https:\/\/www.nevadomarbella.com\/wp-content\/uploads\/2021\/07\/vista-aerea-rio-real-nevado-realty-marbella.jpg\" class=\"attachment-post-thumbnail size-post-thumbnail wp-post-image\" alt=\"Vivre \u00e0 Rio Real: le luxe \u00e0 5 minutes du centre-ville de Marbella\" style=\"width:100%;height:100%;object-fit:cover;\" srcset=\"https:\/\/www.nevadomarbella.com\/wp-content\/uploads\/2021\/07\/vista-aerea-rio-real-nevado-realty-marbella.jpg 1920w, https:\/\/www.nevadomarbella.com\/wp-content\/uploads\/2021\/07\/vista-aerea-rio-real-nevado-realty-marbella-1536x864.jpg 1536w\" sizes=\"(max-width: 1920px) 100vw, 1920px\" \/><\/a><\/figure>\n\n\n<div class=\"wp-block-group has-global-padding is-layout-constrained wp-container-core-group-is-layout-9597dc02 wp-block-group-is-layout-constrained\" style=\"padding-top:var(--wp--preset--spacing--10);padding-right:var(--wp--preset--spacing--10);padding-bottom:var(--wp--preset--spacing--10);padding-left:var(--wp--preset--spacing--10)\"><h3 style=\"font-style:normal;font-weight:700;line-height:1.5;\" class=\"has-text-align-left wp-block-post-title has-medium-font-size has-heading-font-family\"><a href=\"https:\/\/www.nevadomarbella.com\/fr\/12909-vivre-a-rio-real-le-luxe-a-5-minutes-du-centre-ville-de-marbella-2.html\" target=\"_self\" >Vivre \u00e0 Rio Real: le luxe \u00e0 5 minutes du centre-ville de Marbella<\/a><\/h3>\n\n\n<div class=\"wp-block-group is-content-justification-space-between is-nowrap is-layout-flex wp-container-core-group-is-layout-cb46ffcb wp-block-group-is-layout-flex\">\n<div class=\"wp-block-group is-nowrap is-layout-flex wp-container-core-group-is-layout-6c531013 wp-block-group-is-layout-flex\"><div class=\"wp-block-post-author-name has-medium-font-size\">Jose Naranjo<\/div><\/div>\n\n\n<div class=\"wp-block-post-date\"><time datetime=\"2024-08-22T09:51:09+02:00\">ao\u00fbt 2024<\/time><\/div><\/div>\n<\/div>\n\n<\/li><\/ul><\/div>\n<\/section>\n\n\n\n<div class=\"wp-block-group jaleo-testimonials is-layout-flow wp-block-group-is-layout-flow\" style=\"margin-top:0;margin-bottom:var(--wp--preset--spacing--60);padding-top:0;padding-bottom:0\">\n<div class=\"wp-block-group jaleo--container-75-center has-global-padding is-layout-constrained wp-block-group-is-layout-constrained\">\n<h2 class=\"wp-block-heading has-text-align-left\" style=\"letter-spacing:4px\">TESTIMONIAUX<\/h2>\n\n\n\n<p class=\"has-text-align-left\" style=\"margin-bottom:var(--wp--preset--spacing--30)\">Les meilleures histoires sont celles qui naissent de<strong> l&rsquo;exp\u00e9rience et de la satisfaction de nos clients<\/strong>. Lisez les t\u00e9moignages <strong>d&rsquo;acheteurs et de vendeurs<\/strong> qui nous ont fait <strong>confiance pour trouver la maison de leurs r\u00eaves ou pour vendre<\/strong> leur propri\u00e9t\u00e9. <strong>Laissez-vous inspirer par ces exp\u00e9riences<\/strong> et d\u00e9couvrez pourquoi nous sommes le choix privil\u00e9gi\u00e9 pour l&rsquo;achat ou la vente d&rsquo;une propri\u00e9t\u00e9 \u00e0 Marbella !<\/p>\n<\/div>\n\n\n\n<div class=\"wp-block-group has-global-padding is-layout-constrained wp-block-group-is-layout-constrained\"><div id=\"gutenslider-hpaouh6a5\" class=\"wp-block-eedee-block-gutenslider gs-frontend content-change alignnone arrow-style-1 arrow-position-sides arrow-mb-none arrows-lg arrows-md arrows-sm dot-style-1 dots-lg dots-md dots-sm dot-position-bottom is-position-center-center mb-none wrap-auto-height\" data-parallax-direction=\"down\" data-parallax-amount=\"1.3\" data-lg-transition=\"lg-slide\" data-hash=\"\" ><div class=\"eedee-swiper-outer\" style=\"--gutenslider-min-height: 20vh;--gutenslider-arrow-size: 100px;--gutenslider-dot-size: 25px;--gutenslider-arrow-color: #ffffff;--gutenslider-dot-color: #ffffff;--gutenslider-padding-y-mobile: 40px;--gutenslider-padding-x-mobile: 40px;--gutenslider-padding-y-tablet: 40px;--gutenslider-padding-x-tablet: 40px;--gutenslider-padding-y-desktop: 40px;--gutenslider-padding-x-desktop: 40px;--gutenslider-bg-image: url();--gutenslider-min-height-md: 50vh;--gutenslider-min-height-sm: 50vh;--gutenslider-padding-x: 40px;--gutenslider-padding-x-md: 40px;--gutenslider-padding-x-sm: 20px;--gutenslider-padding-y: 40px;--gutenslider-padding-y-md: 40px;--gutenslider-padding-y-sm: 20px;--gutenslider-arrow-size-md: 100px;--gutenslider-arrow-size-sm: 100px;--gutenslider-dot-size-md: 25px;--gutenslider-dot-size-sm: 25px;--gutenslider-arrow-bg-color: transparent;--gutenslider-arrow-hover-color: #eeeeee;--gutenslider-arrow-bg-hover-color: transparent;--gutenslider-arrow-x-offset: 10px;--gutenslider-arrow-x-offset-md: 10px;--gutenslider-arrow-x-offset-sm: 10px;--gutenslider-arrow-y-offset: 0px;--gutenslider-arrow-y-offset-md: 0px;--gutenslider-arrow-y-offset-sm: 0px;--gutenslider-arrow-x-spacing: 0px;--gutenslider-dot-y-offset: 10px;--gutenslider-dot-y-offset-md: 10px;--gutenslider-dot-y-offset-sm: 10px;--gutenslider-margin-x: 0px;--gutenslider-margin-x-md: 0px;--gutenslider-margin-x-sm: 0px;--gutenslider-margin-y: 0px;--gutenslider-margin-y-md: 0px;--gutenslider-margin-y-sm: 0px;--gutenslider-divider-top: 60px;--gutenslider-divider-bottom: 60px;--gutenslider-lightgallery-bg: #ffffff;--gutenslider-lightgallery-font: #000000;--gs-first-pos: 50% 50%;--gs-gap-vertical: var( --wp--style--gallery-gap-default, var( --gallery-block--gutter-size, var( --wp--style--block-gap, 0.5em ) ) );--gs-gap-horizontal: var( --wp--style--gallery-gap-default, var( --gallery-block--gutter-size, var( --wp--style--block-gap, 0.5em ) ) );\"><div class=\"gutenslider-divider-top\" style=\"color:#fff;\"><\/div><div class=\"swiper\" data-settings='{\"autoplay\":{\"delay\":3000,\"pauseOnMouseEnter\":true,\"disableOnInteraction\":false},\"speed\":700,\"direction\":\"horizontal\",\"autoHeight\":\"\",\"loop\":true,\"centeredSlides\":true,\"spaceBetween\":0,\"slidesPerView\":1,\"slidesPerGroup\":1,\"effect\":\"slide\",\"coverflowEffect\":{\"rotate\":30,\"slideShadows\":false,\"depth\":100,\"stretch\":50,\"modifier\":1},\"fadeEffect\":{\"crossFade\":true},\"zoom\":\"\",\"navigation\":{\"nextEl\":\"#gutenslider-hpaouh6a5 .eedee-gutenslider-next\",\"prevEl\":\"#gutenslider-hpaouh6a5 .eedee-gutenslider-prev\"},\"pagination\":{\"type\":\"bullets\",\"clickable\":true,\"dynamicBullets\":false,\"el\":\"#gutenslider-hpaouh6a5 .eedee-gutenslider-pagination\"},\"pauseOnHover\":\"1\",\"watchSlidesProgress\":true,\"watchSlidesVisibility\":true,\"settingsMd\":{\"autoHeight\":\"\",\"slidesPerView\":1,\"slidesPerGroup\":1,\"spaceBetween\":0,\"loop\":true},\"settingsLg\":{\"autoHeight\":\"\",\"slidesPerView\":1,\"slidesPerGroup\":1,\"spaceBetween\":0,\"loop\":true},\"hasLg\":false,\"hasLgCounter\":true,\"isFullScreen\":false,\"arrowsFollowMouse\":false,\"lgTitle\":\"none\",\"lgCaption\":\"none\",\"lgThumbnails\":true,\"lgZoomEnabled\":false,\"keyboard\":{\"keyboard\":{\"enabled\":true,\"onlyInViewport\":true}},\"hashNavigation\":false,\"dividers\":false}'><div class=\"swiper-wrapper\">\n<div class=\"swiper-slide wp-block-eedee-block-gutenslide is-position-center-center\" style=\"--slide-min-width:80%;\" data-hash=\"\"><div class=\"eedee-background-div no-media-background\"><div class=\"eedee-background-div__overlay\" style=\"opacity:1;background:#fffa;\"><\/div><\/div><div class=\"slide-content\">\n\n<div class=\"wp-block-group has-background has-global-padding is-layout-constrained wp-container-core-group-is-layout-3c3360ea wp-block-group-is-layout-constrained\" style=\"background-color:#1946820f;padding-top:var(--wp--preset--spacing--50);padding-right:var(--wp--preset--spacing--50);padding-bottom:var(--wp--preset--spacing--50);padding-left:var(--wp--preset--spacing--50)\">\n<p class=\"has-text-align-center has-large-font-size\"><em>Ma maison \u00e9tait en vente depuis 18 mois aupr\u00e8s d&rsquo;autres agences immobili\u00e8res et avait fait l&rsquo;objet de nombreuses visites sans susciter d&rsquo;int\u00e9r\u00eat r\u00e9el. Quelques mois apr\u00e8s l&rsquo;avoir mise en vente chez Nevado, de nombreuses personnes s\u00e9rieusement int\u00e9ress\u00e9es se sont pr\u00e9sent\u00e9es et l&rsquo;ont achet\u00e9e. Ils ne perdent pas de temps et ne font venir que des personnes vraiment int\u00e9ress\u00e9es. Le personnel est adorable. F\u00e9licitations \u00e0 Alicia pour cette fantastique vente ! Merci Nevado ! Vous \u00eates honn\u00eatement l&rsquo;une des seules VRAIES agences immobili\u00e8res de la r\u00e9gion de Marbella\/Estepona !!!<\/em><\/p>\n\n\n\n<p class=\"has-text-align-center has-large-font-size\"><em>19\/09\/25<\/em><\/p>\n\n\n\n<figure class=\"wp-block-image size-full wp-duotone-duotone-2\"><img decoding=\"async\" src=\"https:\/\/www.nevadomarbella.com\/wp-content\/uploads\/2025\/09\/5-estrellas-ancho.svg\" alt=\"\" class=\"wp-image-20554\"\/><\/figure>\n\n\n\n<div class=\"wp-block-group is-content-justification-center is-nowrap is-layout-flex wp-container-core-group-is-layout-23441af8 wp-block-group-is-layout-flex\">\n<p><strong>Catherine Godbold <\/strong><\/p>\n\n\n\n<figure class=\"wp-block-image size-full wp-duotone-duotone-2\"><img decoding=\"async\" src=\"https:\/\/www.nevadomarbella.com\/wp-content\/uploads\/2025\/09\/uk-flag.svg\" alt=\"\" class=\"wp-image-20561\"\/><\/figure>\n<\/div>\n<\/div>\n\n<\/div><\/div>\n\n<div class=\"swiper-slide wp-block-eedee-block-gutenslide is-position-center-center\" style=\"--slide-min-width:80%;\" data-hash=\"\"><div class=\"eedee-background-div no-media-background\"><div class=\"eedee-background-div__overlay\" style=\"opacity:1;background:#fffa;\"><\/div><\/div><div class=\"slide-content\">\n\n<div class=\"wp-block-group has-background has-global-padding is-layout-constrained wp-container-core-group-is-layout-3c3360ea wp-block-group-is-layout-constrained\" style=\"background-color:#1946820f;padding-top:var(--wp--preset--spacing--50);padding-right:var(--wp--preset--spacing--50);padding-bottom:var(--wp--preset--spacing--50);padding-left:var(--wp--preset--spacing--50)\">\n<p class=\"has-text-align-center has-large-font-size\">Cet \u00e9t\u00e9, nous avons lou\u00e9 un appartement avec Nevado et l&rsquo;exp\u00e9rience n&rsquo;aurait pas pu \u00eatre meilleure. D\u00e8s le premier contact, ils nous ont transmis leur professionnalisme, leur proximit\u00e9 et leur confiance, en r\u00e9pondant rapidement et efficacement \u00e0 toutes nos questions. Nous tenons \u00e0 mentionner tout particuli\u00e8rement Mar\u00eda, qui a \u00e9t\u00e9 charmante \u00e0 tout moment : attentive, aimable et toujours disponible pour nous aider, ce qui a rendu tout le processus facile et agr\u00e9able. Gr\u00e2ce \u00e0 elle, nous nous sommes sentis pris en charge et bien accompagn\u00e9s.<\/p>\n\n\n\n<p class=\"has-text-align-center has-large-font-size\">Nous ferons sans aucun doute appel \u00e0 eux \u00e0 l&rsquo;avenir. Nous les recommandons vivement !<\/p>\n\n\n\n<p class=\"has-text-align-center has-large-font-size\"><em>19\/09\/25<\/em><\/p>\n\n\n\n<figure class=\"wp-block-image size-full wp-duotone-duotone-2\"><img decoding=\"async\" src=\"https:\/\/www.nevadomarbella.com\/wp-content\/uploads\/2025\/09\/5-estrellas-ancho.svg\" alt=\"\" class=\"wp-image-20554\"\/><\/figure>\n\n\n\n<div class=\"wp-block-group is-content-justification-center is-nowrap is-layout-flex wp-container-core-group-is-layout-23441af8 wp-block-group-is-layout-flex\">\n<p><strong>Soledad S\u00e1ez &nbsp;<\/strong><\/p>\n\n\n\n<figure class=\"wp-block-image size-full wp-duotone-duotone-2\"><img decoding=\"async\" src=\"https:\/\/www.nevadomarbella.com\/wp-content\/uploads\/2025\/01\/espana.svg\" alt=\"drapeau de l'espagne\" class=\"wp-image-19275\"\/><\/figure>\n<\/div>\n<\/div>\n\n<\/div><\/div>\n\n<div class=\"swiper-slide wp-block-eedee-block-gutenslide is-position-center-center\" style=\"--slide-min-width:80%;\" data-hash=\"\"><div class=\"eedee-background-div no-media-background\"><div class=\"eedee-background-div__overlay\" style=\"opacity:1;background:#fffa;\"><\/div><\/div><div class=\"slide-content\">\n\n<div class=\"wp-block-group has-background has-global-padding is-layout-constrained wp-container-core-group-is-layout-3c3360ea wp-block-group-is-layout-constrained\" style=\"background-color:#1946820f;padding-top:var(--wp--preset--spacing--50);padding-right:var(--wp--preset--spacing--50);padding-bottom:var(--wp--preset--spacing--50);padding-left:var(--wp--preset--spacing--50)\">\n<p class=\"has-text-align-center has-large-font-size\">J&rsquo;utilise leurs services depuis plusieurs ann\u00e9es et je n&rsquo;ai rien \u00e0 redire. Ils sont extr\u00eamement professionnels dans tout ce qu&rsquo;ils font et accordent une grande attention aux d\u00e9tails. Merci \u00e0 Maria et \u00e0 toute l&rsquo;\u00e9quipe.<\/p>\n\n\n\n<p class=\"has-text-align-center has-large-font-size\"><em>17\/09\/25<\/em><\/p>\n\n\n\n<figure class=\"wp-block-image size-full wp-duotone-duotone-2\"><img decoding=\"async\" src=\"https:\/\/www.nevadomarbella.com\/wp-content\/uploads\/2025\/09\/5-estrellas-ancho.svg\" alt=\"\" class=\"wp-image-20554\"\/><\/figure>\n\n\n\n<div class=\"wp-block-group is-content-justification-center is-nowrap is-layout-flex wp-container-core-group-is-layout-23441af8 wp-block-group-is-layout-flex\">\n<p><strong>Alfonso Cort\u00e9s <\/strong><\/p>\n\n\n\n<figure class=\"wp-block-image size-full wp-duotone-duotone-2\"><img decoding=\"async\" src=\"https:\/\/www.nevadomarbella.com\/wp-content\/uploads\/2025\/01\/espana.svg\" alt=\"drapeau de l'espagne\" class=\"wp-image-19275\"\/><\/figure>\n<\/div>\n<\/div>\n\n<\/div><\/div>\n\n<div class=\"swiper-slide wp-block-eedee-block-gutenslide is-position-center-center\" style=\"--slide-min-width:80%;\" data-hash=\"\"><div class=\"eedee-background-div no-media-background\"><div class=\"eedee-background-div__overlay\" style=\"opacity:1;background:#fffa;\"><\/div><\/div><div class=\"slide-content\">\n\n<div class=\"wp-block-group has-background has-global-padding is-layout-constrained wp-container-core-group-is-layout-3c3360ea wp-block-group-is-layout-constrained\" style=\"background-color:#1946820f;padding-top:var(--wp--preset--spacing--50);padding-right:var(--wp--preset--spacing--50);padding-bottom:var(--wp--preset--spacing--50);padding-left:var(--wp--preset--spacing--50)\">\n<p class=\"has-text-align-center has-large-font-size\"><em>Ils nous ont sauv\u00e9 la vie. Nous avons rencontr\u00e9 Loreto qui s&rsquo;est consacr\u00e9e corps et \u00e2me \u00e0 nous trouver un logement pour notre famille. Elle a fait des miracles et nous vivons d\u00e9sormais dans un superbe appartement, qui semble avoir \u00e9t\u00e9 fait pour nous. Elle a obtenu tout ce dont nous avions besoin au d\u00e9but, mais cela fait presque un an et elle continue \u00e0 se consacrer enti\u00e8rement \u00e0 tous nos besoins ! De nos jours, on ne trouve cela dans aucune agence immobili\u00e8re de Marbella. Loreto a \u00e9t\u00e9 un ange dans notre vie, merci du fond du c\u0153ur !<\/em><\/p>\n\n\n\n<p class=\"has-text-align-center has-large-font-size\"><em>21\/09\/25<\/em><\/p>\n\n\n\n<figure class=\"wp-block-image size-full wp-duotone-duotone-2\"><img decoding=\"async\" src=\"https:\/\/www.nevadomarbella.com\/wp-content\/uploads\/2025\/09\/5-estrellas-ancho.svg\" alt=\"\" class=\"wp-image-20554\"\/><\/figure>\n\n\n\n<div class=\"wp-block-group is-content-justification-center is-nowrap is-layout-flex wp-container-core-group-is-layout-23441af8 wp-block-group-is-layout-flex\">\n<p><strong>boussetvigo &nbsp;<\/strong><\/p>\n\n\n\n<figure class=\"wp-block-image size-full wp-duotone-duotone-2\"><img decoding=\"async\" src=\"https:\/\/www.nevadomarbella.com\/wp-content\/uploads\/2025\/01\/espana.svg\" alt=\"drapeau de l'espagne\" class=\"wp-image-19275\"\/><\/figure>\n<\/div>\n<\/div>\n\n<\/div><\/div>\n<\/div><\/div><button class=\"eedee-gutenslider-nav eedee-gutenslider-prev\"><svg xmlns=\"http:\/\/www.w3.org\/2000\/svg\" viewBox=\"0 0 24 24\" width=\"24\" height=\"24\"><circle class=\"bg\" cx=\"13\" cy=\"12\" r=\"11\" \/><path fill=\"none\" d=\"M0 0h24v24H0z\"\/><path class=\"arrow\" d=\"M10.828 12l4.95 4.95-1.414 1.414L8 12l6.364-6.364 1.414 1.414z\"\/><\/svg><\/button><button class=\"eedee-gutenslider-nav eedee-gutenslider-next\"><svg xmlns=\"http:\/\/www.w3.org\/2000\/svg\" viewBox=\"0 0 24 24\" width=\"24\" height=\"24\"><circle class=\"bg\" cx=\"11\" cy=\"12\" r=\"11\" \/><path fill=\"none\" d=\"M0 0h24v24H0z\"\/><path class=\"arrow\" d=\"M13.172 12l-4.95-4.95 1.414-1.414L16 12l-6.364 6.364-1.414-1.414z\"\/><\/svg><\/button><div class=\"eedee-gutenslider-pagination\"><\/div><div class=\"gutenslider-divider-bottom \" style=\"color:#fff;\"><\/div><\/div><\/div><\/div>\n<\/div>\n\n\n\n<section class=\"wp-block-group alignfull jaleo-herobox-group wide right jaleo-portrait has-shell-background-color has-background is-layout-flow wp-block-group-is-layout-flow\" style=\"margin-top:0;margin-bottom:var(--wp--preset--spacing--60);padding-right:var(--wp--preset--spacing--50);padding-left:var(--wp--preset--spacing--50)\">\n<div class=\"wp-block-columns alignwide are-vertically-aligned-center jaleo-herobox-columns is-layout-flex wp-container-core-columns-is-layout-2e289adc wp-block-columns-is-layout-flex\" style=\"padding-top:0;padding-right:0;padding-bottom:0;padding-left:0\">\n<div class=\"wp-block-column is-vertically-aligned-center jaleo-herobox-column is-layout-flow wp-block-column-is-layout-flow\" style=\"flex-basis:50%\">\n<figure class=\"wp-block-image size-full jaleo-herobox-image portrait wp-duotone-unset-5\"><img decoding=\"async\" width=\"1200\" height=\"1500\" src=\"https:\/\/www.nevadomarbella.com\/wp-content\/uploads\/2025\/01\/gines.webp\" alt=\"Gin\u00e9s Garc\u00eda, PDG de Nevado Realty\" class=\"wp-image-19298\" style=\"aspect-ratio:9\/16;object-fit:cover\"\/><\/figure>\n<\/div>\n\n\n\n<div class=\"wp-block-column is-vertically-aligned-center jaleo-herobox-content is-layout-flow wp-block-column-is-layout-flow\" style=\"padding-right:0;flex-basis:50%\">\n<div class=\"wp-block-group has-global-padding is-content-justification-right is-layout-constrained wp-container-core-group-is-layout-d74be48a wp-block-group-is-layout-constrained\" style=\"margin-top:0;margin-bottom:0;padding-top:0;padding-right:var(--wp--preset--spacing--30);padding-left:var(--wp--preset--spacing--30)\">\n<h2 class=\"wp-block-heading has-text-align-left\" style=\"margin-bottom:0;letter-spacing:4px;text-decoration:none;text-transform:uppercase\"><strong>gines Garcia<\/strong><\/h2>\n\n\n\n<p class=\"has-text-align-left\"><em>CEO &#8211; Propri\u00e9taire<\/em><\/p>\n\n\n\n<p><strong>N\u00e9 \u00e0 Marbella<\/strong>, Gin\u00e9s est passionn\u00e9 par notre belle ville et a plus de <strong>30 ans d&rsquo;exp\u00e9rience<\/strong> dans le secteur de l&rsquo;immobilier.<\/p>\n\n\n\n<p>Gin\u00e9s veille \u00e0 respecter les protocoles et les bonnes pratiques, ne laissant aucun d\u00e9tail au hasard et garantissant ainsi la bonne <strong>r\u00e9putation<\/strong> dont jouit notre agence immobili\u00e8re. Une r\u00e9putation forg\u00e9e par des ann\u00e9es <strong>d&rsquo;excellent travail parmi les clients et les coll\u00e8gues du secteur<\/strong>.<\/p>\n\n\n\n<p>C&rsquo;est le reflet de l&rsquo;engagement et de l&rsquo;int\u00e9grit\u00e9 exig\u00e9s de chaque membre de l&rsquo;\u00e9quipe.<br><\/p>\n\n\n\n<div class=\"wp-block-buttons is-content-justification-left is-layout-flex wp-container-core-buttons-is-layout-0bc89592 wp-block-buttons-is-layout-flex\" style=\"margin-top:var(--wp--preset--spacing--40)\">\n<div class=\"wp-block-button jaleo-icon-phone is-style-outline dark is-style-outline--6\"><a class=\"wp-block-button__link wp-element-button\" href=\"tel:+34607779747\">APPELER GINES<\/a><\/div>\n\n\n\n<div class=\"wp-block-button jaleo-icon-whatsapp is-style-outline dark is-style-outline--7\"><a class=\"wp-block-button__link wp-element-button\" href=\"https:\/\/wa.me\/+34607779747\" target=\"_blank\" rel=\"noopener\">Whatsapp<\/a><\/div>\n<\/div>\n<\/div>\n<\/div>\n<\/div>\n<\/section>\n\n\n\n<div class=\"wp-block-group alignwide has-global-padding is-layout-constrained wp-block-group-is-layout-constrained\">\n<h2 class=\"wp-block-heading alignwide is-style-default has-contrast-2-color has-text-color has-link-color wp-elements-4a26a8ea59b757e5568b566d9465f78e\" style=\"font-size:clamp(2.2rem, 2.2rem + ((1vw - 0.2rem) * 2.88), 4rem);letter-spacing:-0.02em\">FAQs<\/h2>\n\n\n\n<h2 class=\"wp-block-heading\">Immobilier Questions fr\u00e9quemment pos\u00e9es<\/h2>\n\n\n\n<hr class=\"wp-block-separator has-text-color has-base-color has-alpha-channel-opacity has-base-background-color has-background is-style-wide\" style=\"margin-top:var(--wp--preset--spacing--30);margin-bottom:var(--wp--preset--spacing--30)\"\/>\n\n\n\n<div class=\"wp-block-group alignwide has-global-padding is-layout-constrained wp-block-group-is-layout-constrained\">\n<div class=\"wp-block-group alignwide has-global-padding is-layout-constrained wp-block-group-is-layout-constrained\">\n<div class=\"wp-block-group has-global-padding is-layout-constrained wp-block-group-is-layout-constrained\">\n<details class=\"wp-block-details is-layout-flow wp-block-details-is-layout-flow\"><summary>\u00c0 propos de Nevado Realty<\/summary>\n<hr class=\"wp-block-separator has-text-color has-base-color has-alpha-channel-opacity has-base-background-color has-background is-style-wide\" style=\"margin-top:var(--wp--preset--spacing--10);margin-bottom:var(--wp--preset--spacing--10)\"\/>\n\n\n\n<p>Vous avez d&rsquo;autres <a href=\"https:\/\/www.nevadomarbella.com\/fr\/questions-et-reponses-immobilieres-sur-nevado-realty\">questions sur Nevado Realty<\/a> ? Nous vous invitons \u00e0 consulter notre section compl\u00e8te de questions fr\u00e9quentes, o\u00f9 vous trouverez des r\u00e9ponses d\u00e9taill\u00e9es aux questions les plus courantes sur notre histoire, nos services et notre engagement envers l&rsquo;excellence sur le march\u00e9 immobilier de Marbella. <a href=\"https:\/\/www.nevadomarbella.com\/fr\/questions-et-reponses-immobilieres-sur-nevado-realty\">D\u00e9couvrez tout ce qu&rsquo;il y a \u00e0 savoir sur Nevado Realty<\/a>.<\/p>\n<\/details>\n\n\n\n<hr class=\"wp-block-separator has-text-color has-base-color has-alpha-channel-opacity has-base-background-color has-background is-style-wide\" style=\"margin-top:var(--wp--preset--spacing--10);margin-bottom:var(--wp--preset--spacing--10)\"\/>\n<\/div>\n\n\n\n<div class=\"wp-block-group has-global-padding is-layout-constrained wp-block-group-is-layout-constrained\">\n<details class=\"wp-block-details is-layout-flow wp-block-details-is-layout-flow\"><summary>Pour les acheteurs immobiliers<\/summary>\n<hr class=\"wp-block-separator has-text-color has-base-color has-alpha-channel-opacity has-base-background-color has-background is-style-wide\" style=\"margin-top:var(--wp--preset--spacing--10);margin-bottom:var(--wp--preset--spacing--10)\"\/>\n\n\n\n<p><a href=\"https:\/\/www.nevadomarbella.com\/fr\/questions-et-reponses-pour-les-acheteurs-immobiliers\">Des r\u00e9ponses claires sur le processus d&rsquo;achat immobilier<\/a> : imp\u00f4ts, financement, soci\u00e9t\u00e9s, procurations notariales, exigences l\u00e9gales et toutes les \u00e9tapes n\u00e9cessaires pour acqu\u00e9rir un logement en toute s\u00e9curit\u00e9 et s\u00e9r\u00e9nit\u00e9.<\/p>\n<\/details>\n\n\n\n<hr class=\"wp-block-separator has-text-color has-base-color has-alpha-channel-opacity has-base-background-color has-background is-style-wide\" style=\"margin-top:var(--wp--preset--spacing--10);margin-bottom:var(--wp--preset--spacing--10)\"\/>\n<\/div>\n\n\n\n<div class=\"wp-block-group has-global-padding is-layout-constrained wp-block-group-is-layout-constrained\">\n<details class=\"wp-block-details is-layout-flow wp-block-details-is-layout-flow\"><summary>Pour les vendeurs immobiliers<\/summary>\n<hr class=\"wp-block-separator has-text-color has-base-color has-alpha-channel-opacity has-base-background-color has-background is-style-wide\" style=\"margin-top:var(--wp--preset--spacing--10);margin-bottom:var(--wp--preset--spacing--10)\"\/>\n\n\n\n<p>Nous <a href=\"https:\/\/www.nevadomarbella.com\/fr\/questions-et-reponses-pour-les-vendeurs-immobiliers\">r\u00e9pondons aux questions les plus courantes concernant la vente de votre bien immobilier<\/a>. Nous vous guidons dans la pr\u00e9paration du logement, la fixation d&rsquo;un prix r\u00e9aliste, la constitution du dossier n\u00e9cessaire et la gestion du processus de vente et du paiement des taxes correspondantes avec l&rsquo;aide d&rsquo;une agence professionnelle, afin que vous puissiez vendre au meilleur prix, en toute s\u00e9curit\u00e9, en moins de temps et en minimisant les taxes.<\/p>\n<\/details>\n\n\n\n<hr class=\"wp-block-separator has-text-color has-base-color has-alpha-channel-opacity has-base-background-color has-background is-style-wide\" style=\"margin-top:var(--wp--preset--spacing--10);margin-bottom:var(--wp--preset--spacing--10)\"\/>\n<\/div>\n\n\n\n<div class=\"wp-block-group has-global-padding is-layout-constrained wp-block-group-is-layout-constrained\">\n<details class=\"wp-block-details is-layout-flow wp-block-details-is-layout-flow\"><summary>\u00c0 propos de la location immobili\u00e8re<\/summary>\n<hr class=\"wp-block-separator has-text-color has-base-color has-alpha-channel-opacity has-base-background-color has-background is-style-wide\" style=\"margin-top:var(--wp--preset--spacing--10);margin-bottom:var(--wp--preset--spacing--10)\"\/>\n\n\n\n<p>Nous apportons des <a href=\"https:\/\/www.nevadomarbella.com\/fr\/questions-et-reponses-sur-la-location-immobiliere\">r\u00e9ponses claires aux questions les plus fr\u00e9quentes qui se posent lors de la location d&rsquo;un bien immobilier<\/a>. Nous vous accompagnons \u00e0 chaque \u00e9tape, depuis la pr\u00e9paration du logement pour attirer le locataire id\u00e9al et fixer un loyer conforme au march\u00e9, jusqu&rsquo;\u00e0 la gestion des documents, des contrats, des obligations l\u00e9gales et fiscales et la protection de votre investissement. Tout cela avec le soutien d&rsquo;une agence professionnelle, pour que vous puissiez louer en toute tranquillit\u00e9, s\u00e9curit\u00e9 et rentabilit\u00e9, en \u00e9vitant les surprises inutiles et en optimisant le rendement de votre bien immobilier.<\/p>\n<\/details>\n\n\n\n<hr class=\"wp-block-separator has-text-color has-base-color has-alpha-channel-opacity has-base-background-color has-background is-style-wide\" style=\"margin-top:var(--wp--preset--spacing--10);margin-bottom:var(--wp--preset--spacing--10)\"\/>\n<\/div>\n<\/div>\n<\/div>\n<\/div>\n\n\n\n<p><\/p>\n","protected":false},"excerpt":{"rendered":"<p>VOTRE AGENCE IMMOBILI\u00c8RE \u00c0 MARBELLA R\u00c9F\u00c9RENCE EN IMMOBILIER DEPUIS 1994 AGENCE IMMOBILI\u00c8RE \u00c1 MARBELLA PAR NEVADO REALTY Fond\u00e9e en 1994, Nevado Realty est une agence immobili\u00e8re de premier plan \u00e0 Marbella. Sp\u00e9cialiste des propri\u00e9t\u00e9s \u00e0 vendre dans le centre de Marbella, le Golden Mile et les zones environnantes. Notre agence offre un service personnalis\u00e9 qui, [&hellip;]<\/p>\n","protected":false},"author":1,"featured_media":0,"parent":0,"menu_order":1,"comment_status":"closed","ping_status":"closed","template":"fixed-header","meta":{"_acf_changed":false,"footnotes":""},"class_list":["post-16893","page","type-page","status-publish","hentry"],"acf":[],"_links":{"self":[{"href":"https:\/\/www.nevadomarbella.com\/fr\/wp-json\/wp\/v2\/pages\/16893","targetHints":{"allow":["GET"]}}],"collection":[{"href":"https:\/\/www.nevadomarbella.com\/fr\/wp-json\/wp\/v2\/pages"}],"about":[{"href":"https:\/\/www.nevadomarbella.com\/fr\/wp-json\/wp\/v2\/types\/page"}],"author":[{"embeddable":true,"href":"https:\/\/www.nevadomarbella.com\/fr\/wp-json\/wp\/v2\/users\/1"}],"replies":[{"embeddable":true,"href":"https:\/\/www.nevadomarbella.com\/fr\/wp-json\/wp\/v2\/comments?post=16893"}],"version-history":[{"count":1,"href":"https:\/\/www.nevadomarbella.com\/fr\/wp-json\/wp\/v2\/pages\/16893\/revisions"}],"predecessor-version":[{"id":21258,"href":"https:\/\/www.nevadomarbella.com\/fr\/wp-json\/wp\/v2\/pages\/16893\/revisions\/21258"}],"wp:attachment":[{"href":"https:\/\/www.nevadomarbella.com\/fr\/wp-json\/wp\/v2\/media?parent=16893"}],"curies":[{"name":"wp","href":"https:\/\/api.w.org\/{rel}","templated":true}]}}