{"id":20233,"date":"2024-09-11T12:15:19","date_gmt":"2025-07-29T10:12:12","guid":{"rendered":"https:\/\/www.nevadomarbella.com\/?page_id=20233"},"modified":"2025-10-03T13:19:53","modified_gmt":"2025-10-03T11:19:53","slug":"adosadas","status":"publish","type":"page","link":"https:\/\/www.nevadomarbella.com\/es\/propiedad-en-venta-en-marbella-este\/adosadas","title":{"rendered":"Adosadas en venta en Marbella Este"},"content":{"rendered":"\n<section class=\"wp-block-group jaleo-properties-grid is-layout-flow wp-block-group-is-layout-flow\" style=\"margin-top:0;margin-bottom:var(--wp--preset--spacing--60);padding-right:var(--wp--preset--spacing--50);padding-left:var(--wp--preset--spacing--50)\">\n<h1 class=\"wp-block-heading has-text-align-center\" style=\"padding-right:0;padding-left:0\">\u00daltimas adosadas EN VENTA EN MARBELLA ESTE<\/h1>\n\n\n\n<div class=\"wp-block-group is-layout-flow wp-block-group-is-layout-flow\" style=\"margin-top:var(--wp--preset--spacing--30);padding-top:0;padding-right:0;padding-bottom:0;padding-left:0\">\t<div id=\"wpb__style_container\" class=\"wpb--container\">\r\n\t\t<div class=\"wpb--card-container\">\r\n\t\t\t<div class=\"wpb--card\">\n\t<div class=\"wpb--aspect-box wpb--panoramic\">\n\t\t<a class=\"wpb--stretched-link\" href=\"\/es\/propiedad\/venta-santa-clara-pareado-651135\">\n\t\t\t\t\t\t\t<img decoding=\"async\" loading=\"lazy\" class=\"wpb--image-fit\" src=\"https:\/\/www.nevadomarbella.com\/wp-content\/uploads\/inmoba\/thumb-all-0.75-exact-651135.webp\" alt=\"Villa pareada en Urbanizaci\u00f3n Santa Clara Golf con vistas al mar en venta\" \/>\n\t\t\t\n\t\t\t\t\t<\/a>\n\t<\/div>\n\t<div class=\"wpb--card-body\">\n\t\t<span class=\"wpb--card-body-location\">Santa Clara - Marbella Este<\/span>\n\t\t<h3 class=\"wpb--card-title\">\n\t\t\t<a class=\"wpb--stretched-link\" href=\"\/es\/propiedad\/venta-santa-clara-pareado-651135\">\n\t\t\t\tVilla pareada en Urbanizaci\u00f3n Santa Clara Golf con vistas al mar en venta\t\t\t<\/a>\n\t\t<\/h3>\n\t\t<div class=\"wpb--card-data\">\n\t\t\t<ul class=\"wpb--card-features\">\n\t\t\t\t\t\t\t\t\t\t<li>3  Dormitorios, <\/li>\n\t\t\t\t\t\t\t\t\t\t<li>4  Ba\u00f1os, <\/li>\n\t\t\t\t\t\t\t\t\t\t<li>588 m&sup2; Parcela, <\/li>\n\t\t\t\t\t\t\t\t\t\t<li>206 m&sup2; Const.<\/li>\n\t\t\t\t\t\t\t<\/ul>\n\t\t\t<div class=\"wpb--card-price\">\n\t\t\t\t1.495.000 &euro;<span>163-04443P<\/span>\t\t\t<\/div>\n\t\t<\/div>\n\t<\/div>\n<\/div>\n<div class=\"wpb--card\">\n\t<div class=\"wpb--aspect-box wpb--panoramic\">\n\t\t<a class=\"wpb--stretched-link\" href=\"\/es\/propiedad\/venta-artola-pareado-638037\">\n\t\t\t\t\t\t\t<img decoding=\"async\" loading=\"lazy\" class=\"wpb--image-fit\" src=\"https:\/\/www.nevadomarbella.com\/wp-content\/uploads\/inmoba\/thumb-all-0.75-exact-638037.webp\" alt=\"Pareada en Urbanizaci\u00f3n Artola Homes con piscina privada en venta\" \/>\n\t\t\t\n\t\t\t\t\t<\/a>\n\t<\/div>\n\t<div class=\"wpb--card-body\">\n\t\t<span class=\"wpb--card-body-location\">Artola - Marbella Este<\/span>\n\t\t<h3 class=\"wpb--card-title\">\n\t\t\t<a class=\"wpb--stretched-link\" href=\"\/es\/propiedad\/venta-artola-pareado-638037\">\n\t\t\t\tPareada en Urbanizaci\u00f3n Artola Homes con piscina privada en venta\t\t\t<\/a>\n\t\t<\/h3>\n\t\t<div class=\"wpb--card-data\">\n\t\t\t<ul class=\"wpb--card-features\">\n\t\t\t\t\t\t\t\t\t\t<li>3  Dormitorios, <\/li>\n\t\t\t\t\t\t\t\t\t\t<li>3  Ba\u00f1os, <\/li>\n\t\t\t\t\t\t\t\t\t\t<li>216 m&sup2; Parcela, <\/li>\n\t\t\t\t\t\t\t\t\t\t<li>288 m&sup2; Const.<\/li>\n\t\t\t\t\t\t\t<\/ul>\n\t\t\t<div class=\"wpb--card-price\">\n\t\t\t\t1.150.000 &euro;<span>163-04359P<\/span>\t\t\t<\/div>\n\t\t<\/div>\n\t<\/div>\n<\/div>\n<div class=\"wpb--card\">\n\t<div class=\"wpb--aspect-box wpb--panoramic\">\n\t\t<a class=\"wpb--stretched-link\" href=\"\/es\/propiedad\/venta-estrella-del-mar-casa-630640\">\n\t\t\t\t\t\t\t<img decoding=\"async\" loading=\"lazy\" class=\"wpb--image-fit\" src=\"https:\/\/www.nevadomarbella.com\/wp-content\/uploads\/inmoba\/thumb-all-0.75-exact-630640.webp\" alt=\"Adosada en Las Chapas de nueva construcci\u00f3n en venta\" \/>\n\t\t\t\n\t\t\t\t\t<\/a>\n\t<\/div>\n\t<div class=\"wpb--card-body\">\n\t\t<span class=\"wpb--card-body-location\">Estrella del Mar - Marbella Este<\/span>\n\t\t<h3 class=\"wpb--card-title\">\n\t\t\t<a class=\"wpb--stretched-link\" href=\"\/es\/propiedad\/venta-estrella-del-mar-casa-630640\">\n\t\t\t\tAdosada en Las Chapas de nueva construcci\u00f3n en venta\t\t\t<\/a>\n\t\t<\/h3>\n\t\t<div class=\"wpb--card-data\">\n\t\t\t<ul class=\"wpb--card-features\">\n\t\t\t\t\t\t\t\t\t\t<li>3  Dormitorios, <\/li>\n\t\t\t\t\t\t\t\t\t\t<li>2  Ba\u00f1os, <\/li>\n\t\t\t\t\t\t\t\t\t\t<li>150 m&sup2; Const.<\/li>\n\t\t\t\t\t\t\t<\/ul>\n\t\t\t<div class=\"wpb--card-price\">\n\t\t\t\t860.000 &euro;<span>163-04333P<\/span>\t\t\t<\/div>\n\t\t<\/div>\n\t<\/div>\n<\/div>\n<div class=\"wpb--card\">\n\t<div class=\"wpb--aspect-box wpb--panoramic\">\n\t\t<a class=\"wpb--stretched-link\" href=\"\/es\/propiedad\/venta-rio-real-adosado-599890\">\n\t\t\t\t\t\t\t<img decoding=\"async\" loading=\"lazy\" class=\"wpb--image-fit\" src=\"https:\/\/www.nevadomarbella.com\/wp-content\/uploads\/inmoba\/thumb-all-0.75-exact-599890.webp\" alt=\"Pareada en R\u00edo Real con vistas al mar en venta\" \/>\n\t\t\t\n\t\t\t\t\t<\/a>\n\t<\/div>\n\t<div class=\"wpb--card-body\">\n\t\t<span class=\"wpb--card-body-location\">Rio Real - Marbella Este<\/span>\n\t\t<h3 class=\"wpb--card-title\">\n\t\t\t<a class=\"wpb--stretched-link\" href=\"\/es\/propiedad\/venta-rio-real-adosado-599890\">\n\t\t\t\tPareada en R\u00edo Real con vistas al mar en venta\t\t\t<\/a>\n\t\t<\/h3>\n\t\t<div class=\"wpb--card-data\">\n\t\t\t<ul class=\"wpb--card-features\">\n\t\t\t\t\t\t\t\t\t\t<li>4  Dormitorios, <\/li>\n\t\t\t\t\t\t\t\t\t\t<li>5  Ba\u00f1os, <\/li>\n\t\t\t\t\t\t\t\t\t\t<li>492 m&sup2; Const.<\/li>\n\t\t\t\t\t\t\t<\/ul>\n\t\t\t<div class=\"wpb--card-price\">\n\t\t\t\t1.675.000 &euro;<span>163-04181P<\/span>\t\t\t<\/div>\n\t\t<\/div>\n\t<\/div>\n<\/div>\n\t\t<\/div>\r\n\t\t<!-- Go to the full list -->\r\n\t\t\t<\/div>\r\n\n<\/div>\n<\/section>\n\n\n\n<div class=\"wp-block-buttons is-content-justification-center is-layout-flex wp-container-core-buttons-is-layout-dd320d38 wp-block-buttons-is-layout-flex\" style=\"margin-bottom:var(--wp--preset--spacing--40)\">\n<div class=\"wp-block-button is-style-outline is-style-outline--1\"><a class=\"wp-block-button__link wp-element-button\" href=\"https:\/\/www.nevadomarbella.com\/es\/propiedad-en-venta-en-marbella\">Buscador<\/a><\/div>\n<\/div>\n\n\n\n<div class=\"wp-block-group has-global-padding is-layout-constrained wp-block-group-is-layout-constrained\" style=\"margin-bottom:var(--wp--preset--spacing--50)\">\n<p style=\"padding-top:var(--wp--preset--spacing--20);padding-right:var(--wp--preset--spacing--50);padding-bottom:var(--wp--preset--spacing--20);padding-left:var(--wp--preset--spacing--50)\">Descubre nuestra selecci\u00f3n de adosadas en venta en Marbella Este, una de las zonas m\u00e1s demandadas por quienes buscan tranquilidad, naturaleza y proximidad al mar. Esta \u00e1rea combina un entorno residencial consolidado con f\u00e1cil acceso a las mejores playas de Marbella, campos de golf y todos los servicios necesarios para una vida c\u00f3moda durante todo el a\u00f1o o para disfrutar de unas vacaciones inolvidables.<\/p>\n<\/div>\n\n\n\n<section class=\"wp-block-group alignfull jaleo-herobox-group wide right has-shell-background-color has-background is-layout-flow wp-block-group-is-layout-flow\" style=\"margin-top:0;margin-bottom:var(--wp--preset--spacing--60);padding-right:var(--wp--preset--spacing--50);padding-left:var(--wp--preset--spacing--50)\">\n<div class=\"wp-block-columns alignwide are-vertically-aligned-center jaleo-herobox-columns is-layout-flex wp-container-core-columns-is-layout-2e289adc wp-block-columns-is-layout-flex\" style=\"padding-top:0;padding-right:0;padding-bottom:0;padding-left:0\">\n<div class=\"wp-block-column is-vertically-aligned-center jaleo-herobox-content is-layout-flow wp-block-column-is-layout-flow\" style=\"padding-right:0;flex-basis:50%\">\n<div class=\"wp-block-group has-global-padding is-content-justification-right is-layout-constrained wp-container-core-group-is-layout-d74be48a wp-block-group-is-layout-constrained\" style=\"margin-top:0;margin-bottom:0;padding-top:0;padding-right:var(--wp--preset--spacing--30);padding-left:var(--wp--preset--spacing--30)\">\n<h2 class=\"wp-block-heading\" style=\"margin-bottom:var(--wp--preset--spacing--40);font-style:normal;font-weight:400;text-transform:uppercase\">adosada en Marbella Este: comodidad, privacidad y estilo de vida<\/h2>\n\n\n\n<p>Marbella Este es sin\u00f3nimo de playas de arena fina, vegetaci\u00f3n exuberante y un ambiente m\u00e1s relajado que el del centro de Marbella. Las adosadas en esta zona permiten disfrutar de espacios amplios, terrazas soleadas, jardines privados y, en muchas ocasiones, vistas al mar o la monta\u00f1a. Adem\u00e1s, se encuentran cerca de colegios internacionales, campos de golf, restaurantes de calidad y todos los servicios necesarios para el d\u00eda a d\u00eda. Elegir una adosada en Marbella Este es apostar por una vida familiar, tranquila y conectada con la naturaleza, sin renunciar a las ventajas de vivir en una de las localidades m\u00e1s exclusivas de la Costa del Sol.<\/p>\n<\/div>\n<\/div>\n\n\n\n<div class=\"wp-block-column is-vertically-aligned-center jaleo-herobox-column is-layout-flow wp-block-column-is-layout-flow\" style=\"flex-basis:50%\">\n<figure class=\"wp-block-image size-full jaleo-herobox-image wp-duotone-unset-2\"><img decoding=\"async\" width=\"1920\" height=\"1080\" src=\"https:\/\/www.nevadomarbella.com\/wp-content\/uploads\/2021\/07\/vista-aerea-rio-real-nevado-realty-marbella.jpg\" alt=\"vista a\u00e9rea de Rio Real\" class=\"wp-image-8098\" style=\"aspect-ratio:1;object-fit:cover\" srcset=\"https:\/\/www.nevadomarbella.com\/wp-content\/uploads\/2021\/07\/vista-aerea-rio-real-nevado-realty-marbella.jpg 1920w, https:\/\/www.nevadomarbella.com\/wp-content\/uploads\/2021\/07\/vista-aerea-rio-real-nevado-realty-marbella-1536x864.jpg 1536w\" sizes=\"(max-width: 1920px) 100vw, 1920px\" \/><\/figure>\n<\/div>\n<\/div>\n<\/section>\n\n\n\n<section class=\"wp-block-group alignfull jaleo-heroform is-layout-flow wp-block-group-is-layout-flow\" style=\"margin-bottom:var(--wp--preset--spacing--60);padding-right:var(--wp--preset--spacing--50);padding-left:var(--wp--preset--spacing--50)\">\n<div class=\"wp-block-columns alignwide are-vertically-aligned-center is-layout-flex wp-container-core-columns-is-layout-28f84493 wp-block-columns-is-layout-flex\">\n<div class=\"wp-block-column is-vertically-aligned-center has-global-padding is-layout-constrained wp-block-column-is-layout-constrained\" style=\"flex-basis:50%\">\n<figure class=\"wp-block-image size-full is-style-default wp-duotone-unset-3\"><img decoding=\"async\" width=\"1000\" height=\"1250\" src=\"https:\/\/www.nevadomarbella.com\/wp-content\/uploads\/2024\/09\/gines-garcia-ceo-nevado-realty-marbella.jpg\" alt=\"\" class=\"wp-image-16598\" style=\"aspect-ratio:3\/4;object-fit:cover\"\/><\/figure>\n<\/div>\n\n\n\n<div class=\"wp-block-column is-vertically-aligned-center has-global-padding is-layout-constrained wp-block-column-is-layout-constrained\" style=\"flex-basis:50%\">\n<h2 class=\"wp-block-heading has-x-large-font-size\">\u00bfNO ENCUENTRA LO QUE BUSCA?<\/h2>\n\n\n\n<p>Si no encuentra la adosada de sus sue\u00f1os en Marbella Este pero sabe lo que quiere, podemos ayudarle. P\u00f3ngase en contacto con nosotros y trataremos de encontrarlo para usted y si no hay ninguna unidad disponible, estaremos al tanto de cualquier pr\u00f3xima propiedad que le pueda interesar.<\/p>\n\n\n<div id=\"wpb__style_container\" class=\"wpb__style_container wpb--container\"><form id=\"property_form\" class=\"wpb--property-form\" action=\"localhost\" method=\"POST\" data-contact=\"property_form\" data-lead-sent-ok=\"Su mensaje ha sido enviado.\" data-sitekey=\"6Lcu70ApAAAAALSclGERBvdFXlfg15po4zMqthx0\">\n\t<input type=\"hidden\" name=\"subject\" value=\"Contacto desde Propiedad \/es\/wp-json\/wp\/v2\/pages\/20233\" \/>\n\t<input type=\"hidden\" name=\"g-recaptcha-response\" value=\"\" \/>\n\t<input type=\"hidden\" name=\"success\" value=\"\/es\/pagina-de-gracias\" \/> \n\t\t<input name=\"name\" type=\"text\" autocomplete=\"off\" placeholder=\"Nombre completo\" required data-error=\"Nombre obligatorio\" \/>\n\t<input name=\"email\" type=\"email\" autocomplete=\"off\" placeholder=\"Email\" required data-error=\"Email obligatorio\" \/>\n\t<input name=\"intphone\" style=\"width: 100%\" type=\"tel\" autocomplete=\"off\" placeholder=\"Tel\u00e9fono\" data-error=\"Los n\u00fameros de tel\u00e9fono deben tener entre 8 y 20 d\u00edgitos\" \/>\n\t<input name=\"source\" type=\"hidden\" value=\"https:\/\/www.nevadomarbella.com\/es\/wp-json\/wp\/v2\/pages\/20233\"\/>\n\t\t<textarea name=\"comment\" rows=\"6\" placeholder=\"Cu\u00e9ntenos lo que busca\"><\/textarea>\n\n\t<div class=\"wpb--custom-checkbox\">\n\t\t<input type=\"checkbox\" id=\"property_form-property_form-customCheck1\" name=\"privacy_policy\" required data-error=\"Campo Obligatorio\" \/>\n\t\t<label for=\"property_form-property_form-customCheck1\">Acepto la  <a href=\"https:\/\/www.nevadomarbella.com\/privacy\" target=\"_blank\">Pol\u00edtica de privacidad<\/a><\/label>\n\t<\/div>\n\t<div class=\"wpb--custom-checkbox\">\n\t\t<input type=\"checkbox\" id=\"property_form-property_form-customCheck2\" name=\"commercial_information\" \/>\n\t\t<label for=\"property_form-property_form-customCheck2\">Acepto recibir informaci\u00f3n por email<\/label>\n\t<\/div>\n\t<button data-ids=\"property_form\" data-lang=\"\" class=\"btn wpb--formbutton g-recaptcha\" type=\"submit\"><span id=\"text-send\">Enviar<\/span> <span id=\"spinner-send\"><\/span><\/button>\n\t<p id=\"result\" class=\"wpb--form-msg\"><\/p>\n<\/form>\n\t<script src=\"https:\/\/www.google.com\/recaptcha\/api.js?render=6Lcu70ApAAAAALSclGERBvdFXlfg15po4zMqthx0&hl=\"><\/script>\n\t<link rel=\"stylesheet\" href=\"https:\/\/cdn.jsdelivr.net\/npm\/intl-tel-input@23.0.10\/build\/css\/intlTelInput.css\">\n\t<script src=\"https:\/\/cdn.jsdelivr.net\/npm\/intl-tel-input@23.0.10\/build\/js\/intlTelInput.min.js\"><\/script>\n\t<script>\n\t\tconst input = document.querySelectorAll(\"[name=intphone]\");\n\t\tif (input.length) {\n\t\t\tlet initialCountry ;\n\t\t\tconst currentLang = document.querySelector(\"html\").getAttribute(\"lang\").split(\"-\")[0];\n\t\t\tswitch (currentLang) {\n\t\t\t\tcase \"en\" : \n\t\t\t\t\tinitialCountry = \"gb\";\n\t\t\t\t\tbreak;\n\t\t\t\tcase \"es\" : \n\t\t\t\t\tinitialCountry = \"es\";\n\t\t\t\t\tbreak;\n\t\t\t\tcase \"fr\":\n\t\t\t\t\tinitialCountry = \"fr\";\n\t\t\t\t\tbreak;\n\t\t\t\tdefault:\n\t\t\t\t\tinitialCountry = \"es\";\n\t\t\t\t\tbreak;\n\t\t\t}\n\t\t\tinput.forEach(function(item) {\n\t\t\t\twindow.intlTelInput(item, {\n\t\t\t\t\tutilsScript: \"https:\/\/cdn.jsdelivr.net\/npm\/intl-tel-input@23.0.10\/build\/js\/utils.js\",\n\t\t\t\t\tinitialCountry: initialCountry,\n\t\t\t\t\thiddenInput: () => ({ phone: \"phone\", country: \"country_code\" }),\n\t\t\t\t\tcountryOrder: [\"gb\", \"se\", \"es\", \"fr\", \"de\"],\n\t\t\t\t\tnationalMode: false,\n\t\t\t\t\tautoHideDialCode: false,\n\t\t\t\t\texcludeCountries: [\"none\"],\n\t\t\t\t\tseparateDialCode: true\n\t\t\t\t})\n\t\t\t});\n\t\t}\n\t<\/script>\n<\/div>\n<\/div>\n<\/div>\n<\/section>\n","protected":false},"excerpt":{"rendered":"<p>\u00daltimas adosadas EN VENTA EN MARBELLA ESTE Descubre nuestra selecci\u00f3n de adosadas en venta en Marbella Este, una de las zonas m\u00e1s demandadas por quienes buscan tranquilidad, naturaleza y proximidad al mar. Esta \u00e1rea combina un entorno residencial consolidado con f\u00e1cil acceso a las mejores playas de Marbella, campos de golf y todos los servicios [&hellip;]<\/p>\n","protected":false},"author":3,"featured_media":0,"parent":17595,"menu_order":1,"comment_status":"closed","ping_status":"closed","template":"solid-header","meta":{"_acf_changed":false,"footnotes":""},"class_list":["post-20233","page","type-page","status-publish","hentry"],"acf":[],"_links":{"self":[{"href":"https:\/\/www.nevadomarbella.com\/es\/wp-json\/wp\/v2\/pages\/20233","targetHints":{"allow":["GET"]}}],"collection":[{"href":"https:\/\/www.nevadomarbella.com\/es\/wp-json\/wp\/v2\/pages"}],"about":[{"href":"https:\/\/www.nevadomarbella.com\/es\/wp-json\/wp\/v2\/types\/page"}],"author":[{"embeddable":true,"href":"https:\/\/www.nevadomarbella.com\/es\/wp-json\/wp\/v2\/users\/3"}],"replies":[{"embeddable":true,"href":"https:\/\/www.nevadomarbella.com\/es\/wp-json\/wp\/v2\/comments?post=20233"}],"version-history":[{"count":1,"href":"https:\/\/www.nevadomarbella.com\/es\/wp-json\/wp\/v2\/pages\/20233\/revisions"}],"predecessor-version":[{"id":20781,"href":"https:\/\/www.nevadomarbella.com\/es\/wp-json\/wp\/v2\/pages\/20233\/revisions\/20781"}],"up":[{"embeddable":true,"href":"https:\/\/www.nevadomarbella.com\/es\/wp-json\/wp\/v2\/pages\/17595"}],"wp:attachment":[{"href":"https:\/\/www.nevadomarbella.com\/es\/wp-json\/wp\/v2\/media?parent=20233"}],"curies":[{"name":"wp","href":"https:\/\/api.w.org\/{rel}","templated":true}]}}