{"id":20227,"date":"2025-07-23T13:20:02","date_gmt":"2025-07-23T11:20:02","guid":{"rendered":"https:\/\/www.nevadomarbella.com\/?page_id=20227"},"modified":"2025-10-03T12:42:14","modified_gmt":"2025-10-03T10:42:14","slug":"apartamentos","status":"publish","type":"page","link":"https:\/\/www.nevadomarbella.com\/es\/propiedad-en-venta-en-marbella-este\/apartamentos","title":{"rendered":"Apartamentos en venta en Marbella Este"},"content":{"rendered":"\n<section class=\"wp-block-group jaleo-properties-grid is-layout-flow wp-block-group-is-layout-flow\" style=\"margin-top:0;margin-bottom:var(--wp--preset--spacing--60);padding-right:var(--wp--preset--spacing--50);padding-left:var(--wp--preset--spacing--50)\">\n<h1 class=\"wp-block-heading has-text-align-center\" style=\"padding-right:0;padding-left:0\">\u00daltimos apartamentos EN VENTA EN MARBELLA ESTE<\/h1>\n\n\n\n<div class=\"wp-block-group is-layout-flow wp-block-group-is-layout-flow\" style=\"margin-top:var(--wp--preset--spacing--30);padding-top:0;padding-right:0;padding-bottom:0;padding-left:0\">\t<div id=\"wpb__style_container\" class=\"wpb--container\">\r\n\t\t<div class=\"wpb--card-container\">\r\n\t\t\t<div class=\"wpb--card\">\n\t<div class=\"wpb--aspect-box wpb--panoramic\">\n\t\t<a class=\"wpb--stretched-link\" href=\"\/es\/propiedad\/venta-elviria-apartamento-695867\">\n\t\t\t\t\t\t\t<img decoding=\"async\" loading=\"lazy\" class=\"wpb--image-fit\" src=\"https:\/\/www.nevadomarbella.com\/wp-content\/uploads\/inmoba\/thumb-all-0.75-exact-695867.webp\" alt=\"\u00c1tico en Elviria con sol\u00e1rium y piscina privada en venta\" \/>\n\t\t\t\n\t\t\t\t\t<\/a>\n\t<\/div>\n\t<div class=\"wpb--card-body\">\n\t\t<span class=\"wpb--card-body-location\">Elviria - Marbella Este<\/span>\n\t\t<h3 class=\"wpb--card-title\">\n\t\t\t<a class=\"wpb--stretched-link\" href=\"\/es\/propiedad\/venta-elviria-apartamento-695867\">\n\t\t\t\t\u00c1tico en Elviria con sol\u00e1rium y piscina privada en venta\t\t\t<\/a>\n\t\t<\/h3>\n\t\t<div class=\"wpb--card-data\">\n\t\t\t<ul class=\"wpb--card-features\">\n\t\t\t\t\t\t\t\t\t\t<li>2  Dormitorios, <\/li>\n\t\t\t\t\t\t\t\t\t\t<li>2  Ba\u00f1os, <\/li>\n\t\t\t\t\t\t\t\t\t\t<li>250 m&sup2; Const.<\/li>\n\t\t\t\t\t\t\t<\/ul>\n\t\t\t<div class=\"wpb--card-price\">\n\t\t\t\t930.000 &euro;<span>163-04616P-DUP<\/span>\t\t\t<\/div>\n\t\t<\/div>\n\t<\/div>\n<\/div>\n<div class=\"wpb--card\">\n\t<div class=\"wpb--aspect-box wpb--panoramic\">\n\t\t<a class=\"wpb--stretched-link\" href=\"\/es\/propiedad\/venta-elviria-apartamento-695628\">\n\t\t\t\t\t\t\t<img decoding=\"async\" loading=\"lazy\" class=\"wpb--image-fit\" src=\"https:\/\/www.nevadomarbella.com\/wp-content\/uploads\/inmoba\/thumb-all-0.75-exact-695628.webp\" alt=\"Apartamento en Elviria con amplio jard\u00edn y terrazas en venta\" \/>\n\t\t\t\n\t\t\t\t\t<\/a>\n\t<\/div>\n\t<div class=\"wpb--card-body\">\n\t\t<span class=\"wpb--card-body-location\">Elviria - Marbella Este<\/span>\n\t\t<h3 class=\"wpb--card-title\">\n\t\t\t<a class=\"wpb--stretched-link\" href=\"\/es\/propiedad\/venta-elviria-apartamento-695628\">\n\t\t\t\tApartamento en Elviria con amplio jard\u00edn y terrazas en venta\t\t\t<\/a>\n\t\t<\/h3>\n\t\t<div class=\"wpb--card-data\">\n\t\t\t<ul class=\"wpb--card-features\">\n\t\t\t\t\t\t\t\t\t\t<li>3  Dormitorios, <\/li>\n\t\t\t\t\t\t\t\t\t\t<li>3  Ba\u00f1os, <\/li>\n\t\t\t\t\t\t\t\t\t\t<li>241 m&sup2; Const.<\/li>\n\t\t\t\t\t\t\t<\/ul>\n\t\t\t<div class=\"wpb--card-price\">\n\t\t\t\t880.000 &euro;<span>163-04615P<\/span>\t\t\t<\/div>\n\t\t<\/div>\n\t<\/div>\n<\/div>\n<div class=\"wpb--card\">\n\t<div class=\"wpb--aspect-box wpb--panoramic\">\n\t\t<a class=\"wpb--stretched-link\" href=\"\/es\/propiedad\/venta-santa-clara-apartamento-652631\">\n\t\t\t\t\t\t\t<img decoding=\"async\" loading=\"lazy\" class=\"wpb--image-fit\" src=\"https:\/\/www.nevadomarbella.com\/wp-content\/uploads\/inmoba\/thumb-all-0.75-exact-652631.webp\" alt=\"Apartamento en Soul Marbella Sunlife III de nueva construcci\u00f3n en venta\" \/>\n\t\t\t\n\t\t\t\t\t<\/a>\n\t<\/div>\n\t<div class=\"wpb--card-body\">\n\t\t<span class=\"wpb--card-body-location\">Santa Clara - Marbella Este<\/span>\n\t\t<h3 class=\"wpb--card-title\">\n\t\t\t<a class=\"wpb--stretched-link\" href=\"\/es\/propiedad\/venta-santa-clara-apartamento-652631\">\n\t\t\t\tApartamento en Soul Marbella Sunlife III de nueva construcci\u00f3n en venta\t\t\t<\/a>\n\t\t<\/h3>\n\t\t<div class=\"wpb--card-data\">\n\t\t\t<ul class=\"wpb--card-features\">\n\t\t\t\t\t\t\t\t\t\t<li>2  Dormitorios, <\/li>\n\t\t\t\t\t\t\t\t\t\t<li>2  Ba\u00f1os, <\/li>\n\t\t\t\t\t\t\t\t\t\t<li>167 m&sup2; Const.<\/li>\n\t\t\t\t\t\t\t<\/ul>\n\t\t\t<div class=\"wpb--card-price\">\n\t\t\t\t1.125.000 &euro;<span>163-04451P<\/span>\t\t\t<\/div>\n\t\t<\/div>\n\t<\/div>\n<\/div>\n<div class=\"wpb--card\">\n\t<div class=\"wpb--aspect-box wpb--panoramic\">\n\t\t<a class=\"wpb--stretched-link\" href=\"\/es\/propiedad\/venta-santa-clara-apartamento-645768\">\n\t\t\t\t\t\t\t<img decoding=\"async\" loading=\"lazy\" class=\"wpb--image-fit\" src=\"https:\/\/www.nevadomarbella.com\/wp-content\/uploads\/inmoba\/thumb-all-0.75-exact-645768.webp\" alt=\"Apartamento en Urbanizaci\u00f3n Santa Clara Homes con piscina privada en venta\" \/>\n\t\t\t\n\t\t\t\t\t<\/a>\n\t<\/div>\n\t<div class=\"wpb--card-body\">\n\t\t<span class=\"wpb--card-body-location\">Santa Clara - Marbella Este<\/span>\n\t\t<h3 class=\"wpb--card-title\">\n\t\t\t<a class=\"wpb--stretched-link\" href=\"\/es\/propiedad\/venta-santa-clara-apartamento-645768\">\n\t\t\t\tApartamento en Urbanizaci\u00f3n Santa Clara Homes con piscina privada en venta\t\t\t<\/a>\n\t\t<\/h3>\n\t\t<div class=\"wpb--card-data\">\n\t\t\t<ul class=\"wpb--card-features\">\n\t\t\t\t\t\t\t\t\t\t<li>4  Dormitorios, <\/li>\n\t\t\t\t\t\t\t\t\t\t<li>4  Ba\u00f1os, <\/li>\n\t\t\t\t\t\t\t\t\t\t<li>318 m&sup2; Const.<\/li>\n\t\t\t\t\t\t\t<\/ul>\n\t\t\t<div class=\"wpb--card-price\">\n\t\t\t\t1.340.000 &euro;<span>163-04432P<\/span>\t\t\t<\/div>\n\t\t<\/div>\n\t<\/div>\n<\/div>\n<div class=\"wpb--card\">\n\t<div class=\"wpb--aspect-box wpb--panoramic\">\n\t\t<a class=\"wpb--stretched-link\" href=\"\/es\/propiedad\/venta-los-monteros-palm-beach-apartamento-623168\">\n\t\t\t\t\t\t\t<img decoding=\"async\" loading=\"lazy\" class=\"wpb--image-fit\" src=\"https:\/\/www.nevadomarbella.com\/wp-content\/uploads\/inmoba\/thumb-all-0.75-exact-623168.webp\" alt=\"Apartamento en Urbanizaci\u00f3n Palm Beach en primera l\u00ednea de playa en venta\" \/>\n\t\t\t\n\t\t\t\t\t<\/a>\n\t<\/div>\n\t<div class=\"wpb--card-body\">\n\t\t<span class=\"wpb--card-body-location\">Los Monteros Palm Beach - Marbella Este<\/span>\n\t\t<h3 class=\"wpb--card-title\">\n\t\t\t<a class=\"wpb--stretched-link\" href=\"\/es\/propiedad\/venta-los-monteros-palm-beach-apartamento-623168\">\n\t\t\t\tApartamento en Urbanizaci\u00f3n Palm Beach en primera l\u00ednea de playa en venta\t\t\t<\/a>\n\t\t<\/h3>\n\t\t<div class=\"wpb--card-data\">\n\t\t\t<ul class=\"wpb--card-features\">\n\t\t\t\t\t\t\t\t\t\t<li>3  Dormitorios, <\/li>\n\t\t\t\t\t\t\t\t\t\t<li>2  Ba\u00f1os, <\/li>\n\t\t\t\t\t\t\t\t\t\t<li>190 m&sup2; Const.<\/li>\n\t\t\t\t\t\t\t<\/ul>\n\t\t\t<div class=\"wpb--card-price\">\n\t\t\t\t2.450.000 &euro;<span>163-04284P<\/span>\t\t\t<\/div>\n\t\t<\/div>\n\t<\/div>\n<\/div>\n<div class=\"wpb--card\">\n\t<div class=\"wpb--aspect-box wpb--panoramic\">\n\t\t<a class=\"wpb--stretched-link\" href=\"\/es\/propiedad\/venta-elviria-atico-617287\">\n\t\t\t\t\t\t\t<img decoding=\"async\" loading=\"lazy\" class=\"wpb--image-fit\" src=\"https:\/\/www.nevadomarbella.com\/wp-content\/uploads\/inmoba\/thumb-all-0.75-exact-617287.webp\" alt=\"Sira Homes, \u00c1tico en Elviria de nueva construcci\u00f3n en venta\" \/>\n\t\t\t\n\t\t\t\t\t<\/a>\n\t<\/div>\n\t<div class=\"wpb--card-body\">\n\t\t<span class=\"wpb--card-body-location\">Elviria - Marbella Este<\/span>\n\t\t<h3 class=\"wpb--card-title\">\n\t\t\t<a class=\"wpb--stretched-link\" href=\"\/es\/propiedad\/venta-elviria-atico-617287\">\n\t\t\t\tSira Homes, \u00c1tico en Elviria de nueva construcci\u00f3n en venta\t\t\t<\/a>\n\t\t<\/h3>\n\t\t<div class=\"wpb--card-data\">\n\t\t\t<ul class=\"wpb--card-features\">\n\t\t\t\t\t\t\t\t\t\t<li>3  Dormitorios, <\/li>\n\t\t\t\t\t\t\t\t\t\t<li>3  Ba\u00f1os, <\/li>\n\t\t\t\t\t\t\t\t\t\t<li>214 m&sup2; Const.<\/li>\n\t\t\t\t\t\t\t<\/ul>\n\t\t\t<div class=\"wpb--card-price\">\n\t\t\t\t1.295.000 &euro;<span>163-04267P<\/span>\t\t\t<\/div>\n\t\t<\/div>\n\t<\/div>\n<\/div>\n<div class=\"wpb--card\">\n\t<div class=\"wpb--aspect-box wpb--panoramic\">\n\t\t<a class=\"wpb--stretched-link\" href=\"\/es\/propiedad\/venta-elviria-atico-617280\">\n\t\t\t\t\t\t\t<img decoding=\"async\" loading=\"lazy\" class=\"wpb--image-fit\" src=\"https:\/\/www.nevadomarbella.com\/wp-content\/uploads\/inmoba\/thumb-all-0.75-exact-617280.webp\" alt=\"\u00c1tico en Elviria de nueva construcci\u00f3n en venta\" \/>\n\t\t\t\n\t\t\t\t\t<\/a>\n\t<\/div>\n\t<div class=\"wpb--card-body\">\n\t\t<span class=\"wpb--card-body-location\">Elviria - Marbella Este<\/span>\n\t\t<h3 class=\"wpb--card-title\">\n\t\t\t<a class=\"wpb--stretched-link\" href=\"\/es\/propiedad\/venta-elviria-atico-617280\">\n\t\t\t\t\u00c1tico en Elviria de nueva construcci\u00f3n en venta\t\t\t<\/a>\n\t\t<\/h3>\n\t\t<div class=\"wpb--card-data\">\n\t\t\t<ul class=\"wpb--card-features\">\n\t\t\t\t\t\t\t\t\t\t<li>2  Dormitorios, <\/li>\n\t\t\t\t\t\t\t\t\t\t<li>2  Ba\u00f1os, <\/li>\n\t\t\t\t\t\t\t\t\t\t<li>154 m&sup2; Const.<\/li>\n\t\t\t\t\t\t\t<\/ul>\n\t\t\t<div class=\"wpb--card-price\">\n\t\t\t\t870.000 &euro;<span>163-04266P<\/span>\t\t\t<\/div>\n\t\t<\/div>\n\t<\/div>\n<\/div>\n<div class=\"wpb--card\">\n\t<div class=\"wpb--aspect-box wpb--panoramic\">\n\t\t<a class=\"wpb--stretched-link\" href=\"\/es\/propiedad\/venta-cabopino-apartamento-603009\">\n\t\t\t\t\t\t\t<img decoding=\"async\" loading=\"lazy\" class=\"wpb--image-fit\" src=\"https:\/\/www.nevadomarbella.com\/wp-content\/uploads\/inmoba\/thumb-all-0.75-exact-603009.webp\" alt=\"Apartamento en Cabopino Golf con vistas panor\u00e1micas al mar en venta\" \/>\n\t\t\t\n\t\t\t\t\t<\/a>\n\t<\/div>\n\t<div class=\"wpb--card-body\">\n\t\t<span class=\"wpb--card-body-location\">Cabopino - Marbella Este<\/span>\n\t\t<h3 class=\"wpb--card-title\">\n\t\t\t<a class=\"wpb--stretched-link\" href=\"\/es\/propiedad\/venta-cabopino-apartamento-603009\">\n\t\t\t\tApartamento en Cabopino Golf con vistas panor\u00e1micas al mar en venta\t\t\t<\/a>\n\t\t<\/h3>\n\t\t<div class=\"wpb--card-data\">\n\t\t\t<ul class=\"wpb--card-features\">\n\t\t\t\t\t\t\t\t\t\t<li>3  Dormitorios, <\/li>\n\t\t\t\t\t\t\t\t\t\t<li>3  Ba\u00f1os, <\/li>\n\t\t\t\t\t\t\t\t\t\t<li>214 m&sup2; Const.<\/li>\n\t\t\t\t\t\t\t<\/ul>\n\t\t\t<div class=\"wpb--card-price\">\n\t\t\t\t1.475.000 &euro;<span>163-04206P<\/span>\t\t\t<\/div>\n\t\t<\/div>\n\t<\/div>\n<\/div>\n<div class=\"wpb--card\">\n\t<div class=\"wpb--aspect-box wpb--panoramic\">\n\t\t<a class=\"wpb--stretched-link\" href=\"\/es\/propiedad\/venta-artola-apartamento-planta-baja-572727\">\n\t\t\t\t\t\t\t<img decoding=\"async\" loading=\"lazy\" class=\"wpb--image-fit\" src=\"https:\/\/www.nevadomarbella.com\/wp-content\/uploads\/inmoba\/thumb-all-0.75-exact-572727.webp\" alt=\"Apartamento en planta baja en Artola con vistas panor\u00e1micas al mar en venta\" \/>\n\t\t\t\n\t\t\t\t\t<\/a>\n\t<\/div>\n\t<div class=\"wpb--card-body\">\n\t\t<span class=\"wpb--card-body-location\">Artola - Marbella Este<\/span>\n\t\t<h3 class=\"wpb--card-title\">\n\t\t\t<a class=\"wpb--stretched-link\" href=\"\/es\/propiedad\/venta-artola-apartamento-planta-baja-572727\">\n\t\t\t\tApartamento en planta baja en Artola con vistas panor\u00e1micas al mar en venta\t\t\t<\/a>\n\t\t<\/h3>\n\t\t<div class=\"wpb--card-data\">\n\t\t\t<ul class=\"wpb--card-features\">\n\t\t\t\t\t\t\t\t\t\t<li>3  Dormitorios, <\/li>\n\t\t\t\t\t\t\t\t\t\t<li>2  Ba\u00f1os, <\/li>\n\t\t\t\t\t\t\t\t\t\t<li>151 m&sup2; Const.<\/li>\n\t\t\t\t\t\t\t<\/ul>\n\t\t\t<div class=\"wpb--card-price\">\n\t\t\t\t898.000 &euro;<span>163-04081P<\/span>\t\t\t<\/div>\n\t\t<\/div>\n\t<\/div>\n<\/div>\n<div class=\"wpb--card\">\n\t<div class=\"wpb--aspect-box wpb--panoramic\">\n\t\t<a class=\"wpb--stretched-link\" href=\"\/es\/propiedad\/venta-los-altos-de-los-monteros-apartamento-419866\">\n\t\t\t\t\t\t\t<img decoding=\"async\" loading=\"lazy\" class=\"wpb--image-fit\" src=\"https:\/\/www.nevadomarbella.com\/wp-content\/uploads\/inmoba\/thumb-all-0.75-exact-419866.webp\" alt=\"Apartamento en Altos de Los Monteros de nueva construcci\u00f3n en venta\" \/>\n\t\t\t\n\t\t\t\t\t<\/a>\n\t<\/div>\n\t<div class=\"wpb--card-body\">\n\t\t<span class=\"wpb--card-body-location\">Los Altos de los Monteros - Marbella Este<\/span>\n\t\t<h3 class=\"wpb--card-title\">\n\t\t\t<a class=\"wpb--stretched-link\" href=\"\/es\/propiedad\/venta-los-altos-de-los-monteros-apartamento-419866\">\n\t\t\t\tApartamento en Altos de Los Monteros de nueva construcci\u00f3n en venta\t\t\t<\/a>\n\t\t<\/h3>\n\t\t<div class=\"wpb--card-data\">\n\t\t\t<ul class=\"wpb--card-features\">\n\t\t\t\t\t\t\t\t\t\t<li>3  Dormitorios, <\/li>\n\t\t\t\t\t\t\t\t\t\t<li>2  Ba\u00f1os, <\/li>\n\t\t\t\t\t\t\t\t\t\t<li>278 m&sup2; Const.<\/li>\n\t\t\t\t\t\t\t<\/ul>\n\t\t\t<div class=\"wpb--card-price\">\n\t\t\t\t759.000 &euro;<span>163-03528P<\/span>\t\t\t<\/div>\n\t\t<\/div>\n\t<\/div>\n<\/div>\n<div class=\"wpb--card\">\n\t<div class=\"wpb--aspect-box wpb--panoramic\">\n\t\t<a class=\"wpb--stretched-link\" href=\"\/es\/propiedad\/venta-las-chapas-apartamento-411937\">\n\t\t\t\t\t\t\t<img decoding=\"async\" loading=\"lazy\" class=\"wpb--image-fit\" src=\"https:\/\/www.nevadomarbella.com\/wp-content\/uploads\/inmoba\/thumb-all-0.75-exact-411937.webp\" alt=\"Apartamento en Las Chapas en primera l\u00ednea de playa en venta\" \/>\n\t\t\t\n\t\t\t\t\t<\/a>\n\t<\/div>\n\t<div class=\"wpb--card-body\">\n\t\t<span class=\"wpb--card-body-location\">Las Chapas - Marbella Este<\/span>\n\t\t<h3 class=\"wpb--card-title\">\n\t\t\t<a class=\"wpb--stretched-link\" href=\"\/es\/propiedad\/venta-las-chapas-apartamento-411937\">\n\t\t\t\tApartamento en Las Chapas en primera l\u00ednea de playa en venta\t\t\t<\/a>\n\t\t<\/h3>\n\t\t<div class=\"wpb--card-data\">\n\t\t\t<ul class=\"wpb--card-features\">\n\t\t\t\t\t\t\t\t\t\t<li>3  Dormitorios, <\/li>\n\t\t\t\t\t\t\t\t\t\t<li>3  Ba\u00f1os, <\/li>\n\t\t\t\t\t\t\t\t\t\t<li>617 m&sup2; Const.<\/li>\n\t\t\t\t\t\t\t<\/ul>\n\t\t\t<div class=\"wpb--card-price\">\n\t\t\t\t4.480.000 &euro;<span>163-03494P<\/span>\t\t\t<\/div>\n\t\t<\/div>\n\t<\/div>\n<\/div>\n\t\t<\/div>\r\n\t\t<!-- Go to the full list -->\r\n\t\t\t<\/div>\r\n\n<\/div>\n<\/section>\n\n\n\n<div class=\"wp-block-buttons is-content-justification-center is-layout-flex wp-container-core-buttons-is-layout-dd320d38 wp-block-buttons-is-layout-flex\" style=\"margin-bottom:var(--wp--preset--spacing--40)\">\n<div class=\"wp-block-button is-style-outline is-style-outline--1\"><a class=\"wp-block-button__link wp-element-button\" href=\"https:\/\/www.nevadomarbella.com\/es\/propiedad-en-venta-en-marbella\">Buscador<\/a><\/div>\n<\/div>\n\n\n\n<div class=\"wp-block-group has-global-padding is-layout-constrained wp-block-group-is-layout-constrained\" style=\"margin-bottom:var(--wp--preset--spacing--50)\">\n<p style=\"padding-top:var(--wp--preset--spacing--20);padding-right:var(--wp--preset--spacing--50);padding-bottom:var(--wp--preset--spacing--20);padding-left:var(--wp--preset--spacing--50)\">Los apartamentos en venta en Marbella Este representan una de las opciones m\u00e1s atractivas para quienes desean vivir cerca del mar con todas las comodidades. Esta zona ofrece una excelente calidad de vida, con complejos residenciales modernos, zonas verdes, piscinas comunitarias y acceso directo a algunas de las mejores playas de la Costa del Sol. Los apartamentos en urbanizaciones como <a href=\"https:\/\/www.nevadomarbella.com\/es\/8097-vivir-en-rio-real-lujo-a-5-minutos-de-marbella-centro.html\" data-type=\"post\" data-id=\"8097\">R\u00edo Real<\/a>, Los Monteros Playa, Bah\u00eda de Marbella o La Morera brindan seguridad, confort y servicios de alta gama. Adem\u00e1s, Marbella Este cuenta con colegios internacionales reconocidos como el <a href=\"https:\/\/www.eicmarbella.org\/\" target=\"_blank\" rel=\"noopener\">English International College<\/a> (EIC) y est\u00e1 rodeada de prestigiosos campos de golf como Santa Clara Golf y R\u00edo Real, lo que la convierte en una zona ideal tanto para familias como para quienes buscan una segunda residencia con alto potencial de revalorizaci\u00f3n.<\/p>\n<\/div>\n\n\n\n<section class=\"wp-block-group alignfull jaleo-herobox-group wide right has-shell-background-color has-background is-layout-flow wp-block-group-is-layout-flow\" style=\"margin-top:0;margin-bottom:var(--wp--preset--spacing--60);padding-right:var(--wp--preset--spacing--50);padding-left:var(--wp--preset--spacing--50)\">\n<div class=\"wp-block-columns alignwide are-vertically-aligned-center jaleo-herobox-columns is-layout-flex wp-container-core-columns-is-layout-2e289adc wp-block-columns-is-layout-flex\" style=\"padding-top:0;padding-right:0;padding-bottom:0;padding-left:0\">\n<div class=\"wp-block-column is-vertically-aligned-center jaleo-herobox-content is-layout-flow wp-block-column-is-layout-flow\" style=\"padding-right:0;flex-basis:50%\">\n<div class=\"wp-block-group has-global-padding is-content-justification-right is-layout-constrained wp-container-core-group-is-layout-d74be48a wp-block-group-is-layout-constrained\" style=\"margin-top:0;margin-bottom:0;padding-top:0;padding-right:var(--wp--preset--spacing--30);padding-left:var(--wp--preset--spacing--30)\">\n<h2 class=\"wp-block-heading\" style=\"margin-bottom:var(--wp--preset--spacing--40);font-style:normal;font-weight:400;text-transform:uppercase\">Apartamentos en venta en MARBELLA ESTE : el mejor estilo de vida al mejor precio<\/h2>\n\n\n\n<p>Marbella Este ofrece una excelente oportunidad para quienes buscan un estilo de vida exclusivo a precios m\u00e1s accesibles que en otras zonas de la ciudad. Rodeados de naturaleza, cerca de playas de arena fina y con acceso a servicios de calidad, los apartamentos en esta \u00e1rea combinan confort, ubicaci\u00f3n y una gran relaci\u00f3n calidad-precio, ideales tanto para vivir como para invertir.<\/p>\n<\/div>\n<\/div>\n\n\n\n<div class=\"wp-block-column is-vertically-aligned-center jaleo-herobox-column is-layout-flow wp-block-column-is-layout-flow\" style=\"flex-basis:50%\">\n<figure class=\"wp-block-image size-full jaleo-herobox-image wp-duotone-unset-2\"><img decoding=\"async\" width=\"1920\" height=\"1080\" src=\"https:\/\/www.nevadomarbella.com\/wp-content\/uploads\/2021\/07\/vista-aerea-rio-real-nevado-realty-marbella.jpg\" alt=\"vista a\u00e9rea de Rio Real\" class=\"wp-image-8098\" style=\"aspect-ratio:1;object-fit:cover\" srcset=\"https:\/\/www.nevadomarbella.com\/wp-content\/uploads\/2021\/07\/vista-aerea-rio-real-nevado-realty-marbella.jpg 1920w, https:\/\/www.nevadomarbella.com\/wp-content\/uploads\/2021\/07\/vista-aerea-rio-real-nevado-realty-marbella-1536x864.jpg 1536w\" sizes=\"(max-width: 1920px) 100vw, 1920px\" \/><\/figure>\n<\/div>\n<\/div>\n<\/section>\n\n\n\n<section class=\"wp-block-group alignfull jaleo-heroform is-layout-flow wp-block-group-is-layout-flow\" style=\"margin-bottom:var(--wp--preset--spacing--60);padding-right:var(--wp--preset--spacing--50);padding-left:var(--wp--preset--spacing--50)\">\n<div class=\"wp-block-columns alignwide are-vertically-aligned-center is-layout-flex wp-container-core-columns-is-layout-28f84493 wp-block-columns-is-layout-flex\">\n<div class=\"wp-block-column is-vertically-aligned-center has-global-padding is-layout-constrained wp-block-column-is-layout-constrained\" style=\"flex-basis:50%\">\n<figure class=\"wp-block-image size-full is-style-default wp-duotone-unset-3\"><img decoding=\"async\" width=\"1000\" height=\"1250\" src=\"https:\/\/www.nevadomarbella.com\/wp-content\/uploads\/2024\/09\/gines-garcia-ceo-nevado-realty-marbella.jpg\" alt=\"\" class=\"wp-image-16598\" style=\"aspect-ratio:3\/4;object-fit:cover\"\/><\/figure>\n<\/div>\n\n\n\n<div class=\"wp-block-column is-vertically-aligned-center has-global-padding is-layout-constrained wp-block-column-is-layout-constrained\" style=\"flex-basis:50%\">\n<h2 class=\"wp-block-heading has-x-large-font-size\">\u00bfNO ENCUENTRA LO QUE BUSCA?<\/h2>\n\n\n\n<p>Si no encuentra el apartamento de sus sue\u00f1os en Marbella Este pero sabe lo que quiere, podemos ayudarle. P\u00f3ngase en contacto con nosotros y trataremos de encontrarlo para usted y si no hay ninguna unidad disponible, estaremos al tanto de cualquier pr\u00f3xima propiedad que le pueda interesar.<\/p>\n\n\n<div id=\"wpb__style_container\" class=\"wpb__style_container wpb--container\"><form id=\"property_form\" class=\"wpb--property-form\" action=\"localhost\" method=\"POST\" data-contact=\"property_form\" data-lead-sent-ok=\"Su mensaje ha sido enviado.\" data-sitekey=\"6Lcu70ApAAAAALSclGERBvdFXlfg15po4zMqthx0\">\n\t<input type=\"hidden\" name=\"subject\" value=\"Contacto desde Propiedad \/es\/wp-json\/wp\/v2\/pages\/20227\" \/>\n\t<input type=\"hidden\" name=\"g-recaptcha-response\" value=\"\" \/>\n\t<input type=\"hidden\" name=\"success\" value=\"\/es\/pagina-de-gracias\" \/> \n\t\t<input name=\"name\" type=\"text\" autocomplete=\"off\" placeholder=\"Nombre completo\" required data-error=\"Nombre obligatorio\" \/>\n\t<input name=\"email\" type=\"email\" autocomplete=\"off\" placeholder=\"Email\" required data-error=\"Email obligatorio\" \/>\n\t<input name=\"intphone\" style=\"width: 100%\" type=\"tel\" autocomplete=\"off\" placeholder=\"Tel\u00e9fono\" data-error=\"Los n\u00fameros de tel\u00e9fono deben tener entre 8 y 20 d\u00edgitos\" \/>\n\t<input name=\"source\" type=\"hidden\" value=\"https:\/\/www.nevadomarbella.com\/es\/wp-json\/wp\/v2\/pages\/20227\"\/>\n\t\t<textarea name=\"comment\" rows=\"6\" placeholder=\"Cu\u00e9ntenos lo que busca\"><\/textarea>\n\n\t<div class=\"wpb--custom-checkbox\">\n\t\t<input type=\"checkbox\" id=\"property_form-property_form-customCheck1\" name=\"privacy_policy\" required data-error=\"Campo Obligatorio\" \/>\n\t\t<label for=\"property_form-property_form-customCheck1\">Acepto la  <a href=\"https:\/\/www.nevadomarbella.com\/privacy\" target=\"_blank\">Pol\u00edtica de privacidad<\/a><\/label>\n\t<\/div>\n\t<div class=\"wpb--custom-checkbox\">\n\t\t<input type=\"checkbox\" id=\"property_form-property_form-customCheck2\" name=\"commercial_information\" \/>\n\t\t<label for=\"property_form-property_form-customCheck2\">Acepto recibir informaci\u00f3n por email<\/label>\n\t<\/div>\n\t<button data-ids=\"property_form\" data-lang=\"\" class=\"btn wpb--formbutton g-recaptcha\" type=\"submit\"><span id=\"text-send\">Enviar<\/span> <span id=\"spinner-send\"><\/span><\/button>\n\t<p id=\"result\" class=\"wpb--form-msg\"><\/p>\n<\/form>\n\t<script src=\"https:\/\/www.google.com\/recaptcha\/api.js?render=6Lcu70ApAAAAALSclGERBvdFXlfg15po4zMqthx0&hl=\"><\/script>\n\t<link rel=\"stylesheet\" href=\"https:\/\/cdn.jsdelivr.net\/npm\/intl-tel-input@23.0.10\/build\/css\/intlTelInput.css\">\n\t<script src=\"https:\/\/cdn.jsdelivr.net\/npm\/intl-tel-input@23.0.10\/build\/js\/intlTelInput.min.js\"><\/script>\n\t<script>\n\t\tconst input = document.querySelectorAll(\"[name=intphone]\");\n\t\tif (input.length) {\n\t\t\tlet initialCountry ;\n\t\t\tconst currentLang = document.querySelector(\"html\").getAttribute(\"lang\").split(\"-\")[0];\n\t\t\tswitch (currentLang) {\n\t\t\t\tcase \"en\" : \n\t\t\t\t\tinitialCountry = \"gb\";\n\t\t\t\t\tbreak;\n\t\t\t\tcase \"es\" : \n\t\t\t\t\tinitialCountry = \"es\";\n\t\t\t\t\tbreak;\n\t\t\t\tcase \"fr\":\n\t\t\t\t\tinitialCountry = \"fr\";\n\t\t\t\t\tbreak;\n\t\t\t\tdefault:\n\t\t\t\t\tinitialCountry = \"es\";\n\t\t\t\t\tbreak;\n\t\t\t}\n\t\t\tinput.forEach(function(item) {\n\t\t\t\twindow.intlTelInput(item, {\n\t\t\t\t\tutilsScript: \"https:\/\/cdn.jsdelivr.net\/npm\/intl-tel-input@23.0.10\/build\/js\/utils.js\",\n\t\t\t\t\tinitialCountry: initialCountry,\n\t\t\t\t\thiddenInput: () => ({ phone: \"phone\", country: \"country_code\" }),\n\t\t\t\t\tcountryOrder: [\"gb\", \"se\", \"es\", \"fr\", \"de\"],\n\t\t\t\t\tnationalMode: false,\n\t\t\t\t\tautoHideDialCode: false,\n\t\t\t\t\texcludeCountries: [\"none\"],\n\t\t\t\t\tseparateDialCode: true\n\t\t\t\t})\n\t\t\t});\n\t\t}\n\t<\/script>\n<\/div>\n<\/div>\n<\/div>\n<\/section>\n","protected":false},"excerpt":{"rendered":"<p>\u00daltimos apartamentos EN VENTA EN MARBELLA ESTE Los apartamentos en venta en Marbella Este representan una de las opciones m\u00e1s atractivas para quienes desean vivir cerca del mar con todas las comodidades. Esta zona ofrece una excelente calidad de vida, con complejos residenciales modernos, zonas verdes, piscinas comunitarias y acceso directo a algunas de las [&hellip;]<\/p>\n","protected":false},"author":3,"featured_media":0,"parent":17595,"menu_order":1,"comment_status":"closed","ping_status":"closed","template":"solid-header","meta":{"_acf_changed":false,"footnotes":""},"class_list":["post-20227","page","type-page","status-publish","hentry"],"acf":[],"_links":{"self":[{"href":"https:\/\/www.nevadomarbella.com\/es\/wp-json\/wp\/v2\/pages\/20227","targetHints":{"allow":["GET"]}}],"collection":[{"href":"https:\/\/www.nevadomarbella.com\/es\/wp-json\/wp\/v2\/pages"}],"about":[{"href":"https:\/\/www.nevadomarbella.com\/es\/wp-json\/wp\/v2\/types\/page"}],"author":[{"embeddable":true,"href":"https:\/\/www.nevadomarbella.com\/es\/wp-json\/wp\/v2\/users\/3"}],"replies":[{"embeddable":true,"href":"https:\/\/www.nevadomarbella.com\/es\/wp-json\/wp\/v2\/comments?post=20227"}],"version-history":[{"count":1,"href":"https:\/\/www.nevadomarbella.com\/es\/wp-json\/wp\/v2\/pages\/20227\/revisions"}],"predecessor-version":[{"id":20770,"href":"https:\/\/www.nevadomarbella.com\/es\/wp-json\/wp\/v2\/pages\/20227\/revisions\/20770"}],"up":[{"embeddable":true,"href":"https:\/\/www.nevadomarbella.com\/es\/wp-json\/wp\/v2\/pages\/17595"}],"wp:attachment":[{"href":"https:\/\/www.nevadomarbella.com\/es\/wp-json\/wp\/v2\/media?parent=20227"}],"curies":[{"name":"wp","href":"https:\/\/api.w.org\/{rel}","templated":true}]}}