{"id":18549,"date":"2024-10-17T13:29:38","date_gmt":"2024-10-17T11:29:38","guid":{"rendered":"https:\/\/www.nevadomarbella.com\/?page_id=18549"},"modified":"2025-10-02T17:45:49","modified_gmt":"2025-10-02T15:45:49","slug":"adosadas","status":"publish","type":"page","link":"https:\/\/www.nevadomarbella.com\/es\/propiedad-en-venta-en-marbella\/adosadas","title":{"rendered":"Adosadas en venta en Marbella"},"content":{"rendered":"\n<section class=\"wp-block-group jaleo-properties-grid is-layout-flow wp-block-group-is-layout-flow\" style=\"margin-top:0;margin-bottom:var(--wp--preset--spacing--60);padding-right:var(--wp--preset--spacing--50);padding-left:var(--wp--preset--spacing--50)\">\n<h1 class=\"wp-block-heading has-text-align-center\" style=\"padding-right:0;padding-left:0\">\u00daltimas Adosadas EN VENTA EN MARBELLA<\/h1>\n\n\n\n<div class=\"wp-block-group is-layout-flow wp-block-group-is-layout-flow\" style=\"margin-top:var(--wp--preset--spacing--30);padding-top:0;padding-right:0;padding-bottom:0;padding-left:0\">\t<div id=\"wpb__style_container\" class=\"wpb--container\">\r\n\t\t<div class=\"wpb--card-container\">\r\n\t\t\t<div class=\"wpb--card\">\n\t<div class=\"wpb--aspect-box wpb--panoramic\">\n\t\t<a class=\"wpb--stretched-link\" href=\"\/es\/propiedad\/venta-marbella-golden-mile-adosado-689144\">\n\t\t\t\t\t\t\t<img decoding=\"async\" loading=\"lazy\" class=\"wpb--image-fit\" src=\"https:\/\/www.nevadomarbella.com\/wp-content\/uploads\/inmoba\/thumb-all-0.75-exact-689144.webp\" alt=\"Adosada en Urbanizaci\u00f3n Camoj\u00e1n Blanco - Balcones de Sierra Blanca en venta\" \/>\n\t\t\t\n\t\t\t\t\t<\/a>\n\t<\/div>\n\t<div class=\"wpb--card-body\">\n\t\t<span class=\"wpb--card-body-location\">Marbella Golden Mile<\/span>\n\t\t<h3 class=\"wpb--card-title\">\n\t\t\t<a class=\"wpb--stretched-link\" href=\"\/es\/propiedad\/venta-marbella-golden-mile-adosado-689144\">\n\t\t\t\tAdosada en Urbanizaci\u00f3n Camoj\u00e1n Blanco - Balcones de Sierra Blanca en venta\t\t\t<\/a>\n\t\t<\/h3>\n\t\t<div class=\"wpb--card-data\">\n\t\t\t<ul class=\"wpb--card-features\">\n\t\t\t\t\t\t\t\t\t\t<li>3  Dormitorios, <\/li>\n\t\t\t\t\t\t\t\t\t\t<li>3  Ba\u00f1os, <\/li>\n\t\t\t\t\t\t\t\t\t\t<li>161 m&sup2; Const.<\/li>\n\t\t\t\t\t\t\t<\/ul>\n\t\t\t<div class=\"wpb--card-price\">\n\t\t\t\t800.000 &euro;<span>163-04608P<\/span>\t\t\t<\/div>\n\t\t<\/div>\n\t<\/div>\n<\/div>\n<div class=\"wpb--card\">\n\t<div class=\"wpb--aspect-box wpb--panoramic\">\n\t\t<a class=\"wpb--stretched-link\" href=\"\/es\/propiedad\/venta-nueva-alcantara-adosado-688778\">\n\t\t\t\t\t\t\t<img decoding=\"async\" loading=\"lazy\" class=\"wpb--image-fit\" src=\"https:\/\/www.nevadomarbella.com\/wp-content\/uploads\/inmoba\/thumb-all-0.75-exact-688778.webp\" alt=\"Adosada en San Pedro en lado playa en venta\" \/>\n\t\t\t\n\t\t\t\t\t<\/a>\n\t<\/div>\n\t<div class=\"wpb--card-body\">\n\t\t<span class=\"wpb--card-body-location\">Nueva Alcantara - San Pedro de Alcantara<\/span>\n\t\t<h3 class=\"wpb--card-title\">\n\t\t\t<a class=\"wpb--stretched-link\" href=\"\/es\/propiedad\/venta-nueva-alcantara-adosado-688778\">\n\t\t\t\tAdosada en San Pedro en lado playa en venta\t\t\t<\/a>\n\t\t<\/h3>\n\t\t<div class=\"wpb--card-data\">\n\t\t\t<ul class=\"wpb--card-features\">\n\t\t\t\t\t\t\t\t\t\t<li>4  Dormitorios, <\/li>\n\t\t\t\t\t\t\t\t\t\t<li>3  Ba\u00f1os, <\/li>\n\t\t\t\t\t\t\t\t\t\t<li>360 m&sup2; Const.<\/li>\n\t\t\t\t\t\t\t<\/ul>\n\t\t\t<div class=\"wpb--card-price\">\n\t\t\t\t1.204.970 &euro;<span>163-04603P<\/span>\t\t\t<\/div>\n\t\t<\/div>\n\t<\/div>\n<\/div>\n<div class=\"wpb--card\">\n\t<div class=\"wpb--aspect-box wpb--panoramic\">\n\t\t<a class=\"wpb--stretched-link\" href=\"\/es\/propiedad\/venta-the-island-adosado-682482\">\n\t\t\t\t\t\t\t<img decoding=\"async\" loading=\"lazy\" class=\"wpb--image-fit\" src=\"https:\/\/www.nevadomarbella.com\/wp-content\/uploads\/inmoba\/thumb-all-0.75-exact-682482.webp\" alt=\"Adosada frontal al mar en primera l\u00ednea de playa en Estepona en venta\" \/>\n\t\t\t\n\t\t\t\t\t<\/a>\n\t<\/div>\n\t<div class=\"wpb--card-body\">\n\t\t<span class=\"wpb--card-body-location\">The Island - Estepona Oeste<\/span>\n\t\t<h3 class=\"wpb--card-title\">\n\t\t\t<a class=\"wpb--stretched-link\" href=\"\/es\/propiedad\/venta-the-island-adosado-682482\">\n\t\t\t\tAdosada frontal al mar en primera l\u00ednea de playa en Estepona en venta\t\t\t<\/a>\n\t\t<\/h3>\n\t\t<div class=\"wpb--card-data\">\n\t\t\t<ul class=\"wpb--card-features\">\n\t\t\t\t\t\t\t\t\t\t<li>3  Dormitorios, <\/li>\n\t\t\t\t\t\t\t\t\t\t<li>4  Ba\u00f1os, <\/li>\n\t\t\t\t\t\t\t\t\t\t<li>364 m&sup2; Const.<\/li>\n\t\t\t\t\t\t\t<\/ul>\n\t\t\t<div class=\"wpb--card-price\">\n\t\t\t\t3.450.000 &euro;<span>163-04583P<\/span>\t\t\t<\/div>\n\t\t<\/div>\n\t<\/div>\n<\/div>\n<div class=\"wpb--card\">\n\t<div class=\"wpb--aspect-box wpb--panoramic\">\n\t\t<a class=\"wpb--stretched-link\" href=\"\/es\/propiedad\/venta-meisho-hills-pareado-682009\">\n\t\t\t\t\t\t\t<img decoding=\"async\" loading=\"lazy\" class=\"wpb--image-fit\" src=\"https:\/\/www.nevadomarbella.com\/wp-content\/uploads\/inmoba\/thumb-all-0.75-exact-682009.webp\" alt=\"Casa pareada con vistas panor\u00e1micas al mar en Sierra Blanca\" \/>\n\t\t\t\n\t\t\t\t\t<\/a>\n\t<\/div>\n\t<div class=\"wpb--card-body\">\n\t\t<span class=\"wpb--card-body-location\">Meisho Hills - Marbella Golden Mile<\/span>\n\t\t<h3 class=\"wpb--card-title\">\n\t\t\t<a class=\"wpb--stretched-link\" href=\"\/es\/propiedad\/venta-meisho-hills-pareado-682009\">\n\t\t\t\tCasa pareada con vistas panor\u00e1micas al mar en Sierra Blanca\t\t\t<\/a>\n\t\t<\/h3>\n\t\t<div class=\"wpb--card-data\">\n\t\t\t<ul class=\"wpb--card-features\">\n\t\t\t\t\t\t\t\t\t\t<li>3  Dormitorios, <\/li>\n\t\t\t\t\t\t\t\t\t\t<li>3  Ba\u00f1os, <\/li>\n\t\t\t\t\t\t\t\t\t\t<li>800 m&sup2; Const.<\/li>\n\t\t\t\t\t\t\t<\/ul>\n\t\t\t<div class=\"wpb--card-price\">\n\t\t\t\t3.850.000 &euro;<span>163-04579P<\/span>\t\t\t<\/div>\n\t\t<\/div>\n\t<\/div>\n<\/div>\n<div class=\"wpb--card\">\n\t<div class=\"wpb--aspect-box wpb--panoramic\">\n\t\t<a class=\"wpb--stretched-link\" href=\"\/es\/propiedad\/venta-montevideo-hills-adosado-679294\">\n\t\t\t\t\t\t\t<img decoding=\"async\" loading=\"lazy\" class=\"wpb--image-fit\" src=\"https:\/\/www.nevadomarbella.com\/wp-content\/uploads\/inmoba\/thumb-all-0.75-exact-679294.webp\" alt=\"Adosada en esquina en Urbanzaci\u00f3n Montevideo Hills, Benahav\u00eds, en venta\" \/>\n\t\t\t\n\t\t\t\t\t<\/a>\n\t<\/div>\n\t<div class=\"wpb--card-body\">\n\t\t<span class=\"wpb--card-body-location\">Montevideo Hills - Benahavis<\/span>\n\t\t<h3 class=\"wpb--card-title\">\n\t\t\t<a class=\"wpb--stretched-link\" href=\"\/es\/propiedad\/venta-montevideo-hills-adosado-679294\">\n\t\t\t\tAdosada en esquina en Urbanzaci\u00f3n Montevideo Hills, Benahav\u00eds, en venta\t\t\t<\/a>\n\t\t<\/h3>\n\t\t<div class=\"wpb--card-data\">\n\t\t\t<ul class=\"wpb--card-features\">\n\t\t\t\t\t\t\t\t\t\t<li>3  Dormitorios, <\/li>\n\t\t\t\t\t\t\t\t\t\t<li>2  Ba\u00f1os, <\/li>\n\t\t\t\t\t\t\t\t\t\t<li>250 m&sup2; Const.<\/li>\n\t\t\t\t\t\t\t<\/ul>\n\t\t\t<div class=\"wpb--card-price\">\n\t\t\t\t749.000 &euro;<span>163-04569P<\/span>\t\t\t<\/div>\n\t\t<\/div>\n\t<\/div>\n<\/div>\n<div class=\"wpb--card\">\n\t<div class=\"wpb--aspect-box wpb--panoramic\">\n\t\t<a class=\"wpb--stretched-link\" href=\"\/es\/propiedad\/venta-la-quinta-golf-adosado-674759\">\n\t\t\t\t\t\t\t<img decoding=\"async\" loading=\"lazy\" class=\"wpb--image-fit\" src=\"https:\/\/www.nevadomarbella.com\/wp-content\/uploads\/inmoba\/thumb-all-0.75-exact-674759.webp\" alt=\"Adosada en Urbanizaci\u00f3n La Quinta Golf completamente renovada en venta\" \/>\n\t\t\t\n\t\t\t\t\t<\/a>\n\t<\/div>\n\t<div class=\"wpb--card-body\">\n\t\t<span class=\"wpb--card-body-location\">La Quinta Golf - Benahavis<\/span>\n\t\t<h3 class=\"wpb--card-title\">\n\t\t\t<a class=\"wpb--stretched-link\" href=\"\/es\/propiedad\/venta-la-quinta-golf-adosado-674759\">\n\t\t\t\tAdosada en Urbanizaci\u00f3n La Quinta Golf completamente renovada en venta\t\t\t<\/a>\n\t\t<\/h3>\n\t\t<div class=\"wpb--card-data\">\n\t\t\t<ul class=\"wpb--card-features\">\n\t\t\t\t\t\t\t\t\t\t<li>4  Dormitorios, <\/li>\n\t\t\t\t\t\t\t\t\t\t<li>4  Ba\u00f1os, <\/li>\n\t\t\t\t\t\t\t\t\t\t<li>263 m&sup2; Const.<\/li>\n\t\t\t\t\t\t\t<\/ul>\n\t\t\t<div class=\"wpb--card-price\">\n\t\t\t\t1.875.000 &euro;<span>163-04555P<\/span>\t\t\t<\/div>\n\t\t<\/div>\n\t<\/div>\n<\/div>\n<div class=\"wpb--card\">\n\t<div class=\"wpb--aspect-box wpb--panoramic\">\n\t\t<a class=\"wpb--stretched-link\" href=\"\/es\/propiedad\/venta-la-rinconada-adosado-674675\">\n\t\t\t\t\t\t\t<img decoding=\"async\" loading=\"lazy\" class=\"wpb--image-fit\" src=\"https:\/\/www.nevadomarbella.com\/wp-content\/uploads\/inmoba\/thumb-all-0.75-exact-674675.webp\" alt=\"Adosada en Urbanizaci\u00f3n La Rinconada completamente reformada en venta\" \/>\n\t\t\t\n\t\t\t\t\t<\/a>\n\t<\/div>\n\t<div class=\"wpb--card-body\">\n\t\t<span class=\"wpb--card-body-location\">La Rinconada - Nueva Andalucia<\/span>\n\t\t<h3 class=\"wpb--card-title\">\n\t\t\t<a class=\"wpb--stretched-link\" href=\"\/es\/propiedad\/venta-la-rinconada-adosado-674675\">\n\t\t\t\tAdosada en Urbanizaci\u00f3n La Rinconada completamente reformada en venta\t\t\t<\/a>\n\t\t<\/h3>\n\t\t<div class=\"wpb--card-data\">\n\t\t\t<ul class=\"wpb--card-features\">\n\t\t\t\t\t\t\t\t\t\t<li>4  Dormitorios, <\/li>\n\t\t\t\t\t\t\t\t\t\t<li>3  Ba\u00f1os, <\/li>\n\t\t\t\t\t\t\t\t\t\t<li>230 m&sup2; Const.<\/li>\n\t\t\t\t\t\t\t<\/ul>\n\t\t\t<div class=\"wpb--card-price\">\n\t\t\t\t1.499.000 &euro;<span>163-04553P<\/span>\t\t\t<\/div>\n\t\t<\/div>\n\t<\/div>\n<\/div>\n<div class=\"wpb--card\">\n\t<div class=\"wpb--aspect-box wpb--panoramic\">\n\t\t<a class=\"wpb--stretched-link\" href=\"\/es\/propiedad\/venta-la-heredia-adosado-673235\">\n\t\t\t\t\t\t\t<img decoding=\"async\" loading=\"lazy\" class=\"wpb--image-fit\" src=\"https:\/\/www.nevadomarbella.com\/wp-content\/uploads\/inmoba\/thumb-all-0.75-exact-673235.webp\" alt=\"Adosada en Urbanizaci\u00f3n La Perla de la Heredia en venta\" \/>\n\t\t\t\n\t\t\t\t\t<\/a>\n\t<\/div>\n\t<div class=\"wpb--card-body\">\n\t\t<span class=\"wpb--card-body-location\">La Heredia - Benahavis<\/span>\n\t\t<h3 class=\"wpb--card-title\">\n\t\t\t<a class=\"wpb--stretched-link\" href=\"\/es\/propiedad\/venta-la-heredia-adosado-673235\">\n\t\t\t\tAdosada en Urbanizaci\u00f3n La Perla de la Heredia en venta\t\t\t<\/a>\n\t\t<\/h3>\n\t\t<div class=\"wpb--card-data\">\n\t\t\t<ul class=\"wpb--card-features\">\n\t\t\t\t\t\t\t\t\t\t<li>3  Dormitorios, <\/li>\n\t\t\t\t\t\t\t\t\t\t<li>2  Ba\u00f1os, <\/li>\n\t\t\t\t\t\t\t\t\t\t<li>176 m&sup2; Const.<\/li>\n\t\t\t\t\t\t\t<\/ul>\n\t\t\t<div class=\"wpb--card-price\">\n\t\t\t\t550.000 &euro;<span>163-04540P<\/span>\t\t\t<\/div>\n\t\t<\/div>\n\t<\/div>\n<\/div>\n<div class=\"wpb--card\">\n\t<div class=\"wpb--aspect-box wpb--panoramic\">\n\t\t<a class=\"wpb--stretched-link\" href=\"\/es\/propiedad\/venta-meisho-hills-adosado-671341\">\n\t\t\t\t\t\t\t<img decoding=\"async\" loading=\"lazy\" class=\"wpb--image-fit\" src=\"https:\/\/www.nevadomarbella.com\/wp-content\/uploads\/inmoba\/thumb-all-0.75-exact-671341.webp\" alt=\"Pareada en Urbanizaci\u00f3n Meisho Hills con vistas panor\u00e1micas al mar en venta\" \/>\n\t\t\t\n\t\t\t\t\t<\/a>\n\t<\/div>\n\t<div class=\"wpb--card-body\">\n\t\t<span class=\"wpb--card-body-location\">Meisho Hills - Marbella Golden Mile<\/span>\n\t\t<h3 class=\"wpb--card-title\">\n\t\t\t<a class=\"wpb--stretched-link\" href=\"\/es\/propiedad\/venta-meisho-hills-adosado-671341\">\n\t\t\t\tPareada en Urbanizaci\u00f3n Meisho Hills con vistas panor\u00e1micas al mar en venta\t\t\t<\/a>\n\t\t<\/h3>\n\t\t<div class=\"wpb--card-data\">\n\t\t\t<ul class=\"wpb--card-features\">\n\t\t\t\t\t\t\t\t\t\t<li>3  Dormitorios, <\/li>\n\t\t\t\t\t\t\t\t\t\t<li>3  Ba\u00f1os, <\/li>\n\t\t\t\t\t\t\t\t\t\t<li>800 m&sup2; Const.<\/li>\n\t\t\t\t\t\t\t<\/ul>\n\t\t\t<div class=\"wpb--card-price\">\n\t\t\t\t3.995.000 &euro;<span>163-04536P<\/span>\t\t\t<\/div>\n\t\t<\/div>\n\t<\/div>\n<\/div>\n<div class=\"wpb--card\">\n\t<div class=\"wpb--aspect-box wpb--panoramic\">\n\t\t<a class=\"wpb--stretched-link\" href=\"\/es\/propiedad\/venta-la-virginia-adosado-666874\">\n\t\t\t\t\t\t\t<img decoding=\"async\" loading=\"lazy\" class=\"wpb--image-fit\" src=\"https:\/\/www.nevadomarbella.com\/wp-content\/uploads\/inmoba\/thumb-all-0.75-exact-666874.webp\" alt=\"Adosada en Urbanizaci\u00f3n La Virginia en venta\" \/>\n\t\t\t\n\t\t\t\t\t<\/a>\n\t<\/div>\n\t<div class=\"wpb--card-body\">\n\t\t<span class=\"wpb--card-body-location\">La Virginia - Marbella Golden Mile<\/span>\n\t\t<h3 class=\"wpb--card-title\">\n\t\t\t<a class=\"wpb--stretched-link\" href=\"\/es\/propiedad\/venta-la-virginia-adosado-666874\">\n\t\t\t\tAdosada en Urbanizaci\u00f3n La Virginia en venta\t\t\t<\/a>\n\t\t<\/h3>\n\t\t<div class=\"wpb--card-data\">\n\t\t\t<ul class=\"wpb--card-features\">\n\t\t\t\t\t\t\t\t\t\t<li>2  Dormitorios, <\/li>\n\t\t\t\t\t\t\t\t\t\t<li>3  Ba\u00f1os, <\/li>\n\t\t\t\t\t\t\t\t\t\t<li>208 m&sup2; Const.<\/li>\n\t\t\t\t\t\t\t<\/ul>\n\t\t\t<div class=\"wpb--card-price\">\n\t\t\t\t1.150.000 &euro;<span>163-04524P-DUP<\/span>\t\t\t<\/div>\n\t\t<\/div>\n\t<\/div>\n<\/div>\n<div class=\"wpb--card\">\n\t<div class=\"wpb--aspect-box wpb--panoramic\">\n\t\t<a class=\"wpb--stretched-link\" href=\"\/es\/propiedad\/venta-nueva-andalucia-adosado-658452\">\n\t\t\t\t\t\t\t<img decoding=\"async\" loading=\"lazy\" class=\"wpb--image-fit\" src=\"https:\/\/www.nevadomarbella.com\/wp-content\/uploads\/inmoba\/thumb-all-0.75-exact-658452.webp\" alt=\"Adosada en Nueva Andaluc\u00eda completamente reformada en venta\" \/>\n\t\t\t\n\t\t\t\t\t<\/a>\n\t<\/div>\n\t<div class=\"wpb--card-body\">\n\t\t<span class=\"wpb--card-body-location\">Nueva Andalucia - Marbella<\/span>\n\t\t<h3 class=\"wpb--card-title\">\n\t\t\t<a class=\"wpb--stretched-link\" href=\"\/es\/propiedad\/venta-nueva-andalucia-adosado-658452\">\n\t\t\t\tAdosada en Nueva Andaluc\u00eda completamente reformada en venta\t\t\t<\/a>\n\t\t<\/h3>\n\t\t<div class=\"wpb--card-data\">\n\t\t\t<ul class=\"wpb--card-features\">\n\t\t\t\t\t\t\t\t\t\t<li>3  Dormitorios, <\/li>\n\t\t\t\t\t\t\t\t\t\t<li>3  Ba\u00f1os, <\/li>\n\t\t\t\t\t\t\t\t\t\t<li>259 m&sup2; Const.<\/li>\n\t\t\t\t\t\t\t<\/ul>\n\t\t\t<div class=\"wpb--card-price\">\n\t\t\t\t1.395.000 &euro;<span>163-04476P<\/span>\t\t\t<\/div>\n\t\t<\/div>\n\t<\/div>\n<\/div>\n<div class=\"wpb--card\">\n\t<div class=\"wpb--aspect-box wpb--panoramic\">\n\t\t<a class=\"wpb--stretched-link\" href=\"\/es\/propiedad\/venta-marberia-adosado-654692\">\n\t\t\t\t\t\t\t<img decoding=\"async\" loading=\"lazy\" class=\"wpb--image-fit\" src=\"https:\/\/www.nevadomarbella.com\/wp-content\/uploads\/inmoba\/thumb-all-0.75-exact-654692.webp\" alt=\"Adosada en Urbanizaci\u00f3n Jardines de Marber\u00eda en venta\" \/>\n\t\t\t\n\t\t\t\t\t<\/a>\n\t<\/div>\n\t<div class=\"wpb--card-body\">\n\t\t<span class=\"wpb--card-body-location\">Marberia - Marbella Golden Mile<\/span>\n\t\t<h3 class=\"wpb--card-title\">\n\t\t\t<a class=\"wpb--stretched-link\" href=\"\/es\/propiedad\/venta-marberia-adosado-654692\">\n\t\t\t\tAdosada en Urbanizaci\u00f3n Jardines de Marber\u00eda en venta\t\t\t<\/a>\n\t\t<\/h3>\n\t\t<div class=\"wpb--card-data\">\n\t\t\t<ul class=\"wpb--card-features\">\n\t\t\t\t\t\t\t\t\t\t<li>3  Dormitorios, <\/li>\n\t\t\t\t\t\t\t\t\t\t<li>3  Ba\u00f1os, <\/li>\n\t\t\t\t\t\t\t\t\t\t<li>210 m&sup2; Const.<\/li>\n\t\t\t\t\t\t\t<\/ul>\n\t\t\t<div class=\"wpb--card-price\">\n\t\t\t\t950.000 &euro;<span>163-04462P<\/span>\t\t\t<\/div>\n\t\t<\/div>\n\t<\/div>\n<\/div>\n<div class=\"wpb--card\">\n\t<div class=\"wpb--aspect-box wpb--panoramic\">\n\t\t<a class=\"wpb--stretched-link\" href=\"\/es\/propiedad\/venta-santa-clara-pareado-651135\">\n\t\t\t\t\t\t\t<img decoding=\"async\" loading=\"lazy\" class=\"wpb--image-fit\" src=\"https:\/\/www.nevadomarbella.com\/wp-content\/uploads\/inmoba\/thumb-all-0.75-exact-651135.webp\" alt=\"Villa pareada en Urbanizaci\u00f3n Santa Clara Golf con vistas al mar en venta\" \/>\n\t\t\t\n\t\t\t\t\t<\/a>\n\t<\/div>\n\t<div class=\"wpb--card-body\">\n\t\t<span class=\"wpb--card-body-location\">Santa Clara - Marbella Este<\/span>\n\t\t<h3 class=\"wpb--card-title\">\n\t\t\t<a class=\"wpb--stretched-link\" href=\"\/es\/propiedad\/venta-santa-clara-pareado-651135\">\n\t\t\t\tVilla pareada en Urbanizaci\u00f3n Santa Clara Golf con vistas al mar en venta\t\t\t<\/a>\n\t\t<\/h3>\n\t\t<div class=\"wpb--card-data\">\n\t\t\t<ul class=\"wpb--card-features\">\n\t\t\t\t\t\t\t\t\t\t<li>3  Dormitorios, <\/li>\n\t\t\t\t\t\t\t\t\t\t<li>4  Ba\u00f1os, <\/li>\n\t\t\t\t\t\t\t\t\t\t<li>588 m&sup2; Parcela, <\/li>\n\t\t\t\t\t\t\t\t\t\t<li>206 m&sup2; Const.<\/li>\n\t\t\t\t\t\t\t<\/ul>\n\t\t\t<div class=\"wpb--card-price\">\n\t\t\t\t1.495.000 &euro;<span>163-04443P<\/span>\t\t\t<\/div>\n\t\t<\/div>\n\t<\/div>\n<\/div>\n<div class=\"wpb--card\">\n\t<div class=\"wpb--aspect-box wpb--panoramic\">\n\t\t<a class=\"wpb--stretched-link\" href=\"\/es\/propiedad\/venta-los-potros-adosado-648641\">\n\t\t\t\t\t\t\t<img decoding=\"async\" loading=\"lazy\" class=\"wpb--image-fit\" src=\"https:\/\/www.nevadomarbella.com\/wp-content\/uploads\/inmoba\/thumb-all-0.75-exact-648641.webp\" alt=\"Adosada en Urbanizaci\u00f3n Los Potros completamente reformada en venta\" \/>\n\t\t\t\n\t\t\t\t\t<\/a>\n\t<\/div>\n\t<div class=\"wpb--card-body\">\n\t\t<span class=\"wpb--card-body-location\">Los Potros - Nueva Andalucia<\/span>\n\t\t<h3 class=\"wpb--card-title\">\n\t\t\t<a class=\"wpb--stretched-link\" href=\"\/es\/propiedad\/venta-los-potros-adosado-648641\">\n\t\t\t\tAdosada en Urbanizaci\u00f3n Los Potros completamente reformada en venta\t\t\t<\/a>\n\t\t<\/h3>\n\t\t<div class=\"wpb--card-data\">\n\t\t\t<ul class=\"wpb--card-features\">\n\t\t\t\t\t\t\t\t\t\t<li>4  Dormitorios, <\/li>\n\t\t\t\t\t\t\t\t\t\t<li>3  Ba\u00f1os, <\/li>\n\t\t\t\t\t\t\t\t\t\t<li>240 m&sup2; Const.<\/li>\n\t\t\t\t\t\t\t<\/ul>\n\t\t\t<div class=\"wpb--card-price\">\n\t\t\t\t1.395.000 &euro;<span>163-04437P<\/span>\t\t\t<\/div>\n\t\t<\/div>\n\t<\/div>\n<\/div>\n<div class=\"wpb--card\">\n\t<div class=\"wpb--aspect-box wpb--panoramic\">\n\t\t<a class=\"wpb--stretched-link\" href=\"\/es\/propiedad\/venta-el-oasis-club-pareado-645918\">\n\t\t\t\t\t\t\t<img decoding=\"async\" loading=\"lazy\" class=\"wpb--image-fit\" src=\"https:\/\/www.nevadomarbella.com\/wp-content\/uploads\/inmoba\/thumb-all-0.75-exact-645918.webp\" alt=\"Casa pareada en Urbanizaci\u00f3n El Oasis Club en primera l\u00ednea de playa en venta\" \/>\n\t\t\t\n\t\t\t\t\t<\/a>\n\t<\/div>\n\t<div class=\"wpb--card-body\">\n\t\t<span class=\"wpb--card-body-location\">El Oasis Club - Marbella Golden Mile<\/span>\n\t\t<h3 class=\"wpb--card-title\">\n\t\t\t<a class=\"wpb--stretched-link\" href=\"\/es\/propiedad\/venta-el-oasis-club-pareado-645918\">\n\t\t\t\tCasa pareada en Urbanizaci\u00f3n El Oasis Club en primera l\u00ednea de playa en venta\t\t\t<\/a>\n\t\t<\/h3>\n\t\t<div class=\"wpb--card-data\">\n\t\t\t<ul class=\"wpb--card-features\">\n\t\t\t\t\t\t\t\t\t\t<li>3  Dormitorios, <\/li>\n\t\t\t\t\t\t\t\t\t\t<li>3  Ba\u00f1os, <\/li>\n\t\t\t\t\t\t\t\t\t\t<li>434 m&sup2; Const.<\/li>\n\t\t\t\t\t\t\t<\/ul>\n\t\t\t<div class=\"wpb--card-price\">\n\t\t\t\t5.995.000 &euro;<span>163-04434P<\/span>\t\t\t<\/div>\n\t\t<\/div>\n\t<\/div>\n<\/div>\n<div class=\"wpb--card\">\n\t<div class=\"wpb--aspect-box wpb--panoramic\">\n\t\t<a class=\"wpb--stretched-link\" href=\"\/es\/propiedad\/venta-altos-de-salamanca-adosado-644808\">\n\t\t\t\t\t\t\t<img decoding=\"async\" loading=\"lazy\" class=\"wpb--image-fit\" src=\"https:\/\/www.nevadomarbella.com\/wp-content\/uploads\/inmoba\/thumb-all-0.75-exact-644808.webp\" alt=\"Casa pareada en Urbanizaci\u00f3n Altos de Salamanca completamente reformada en venta\" \/>\n\t\t\t\n\t\t\t\t\t<\/a>\n\t<\/div>\n\t<div class=\"wpb--card-body\">\n\t\t<span class=\"wpb--card-body-location\">Altos de Salamanca - Marbella Golden Mile<\/span>\n\t\t<h3 class=\"wpb--card-title\">\n\t\t\t<a class=\"wpb--stretched-link\" href=\"\/es\/propiedad\/venta-altos-de-salamanca-adosado-644808\">\n\t\t\t\tCasa pareada en Urbanizaci\u00f3n Altos de Salamanca completamente reformada en venta\t\t\t<\/a>\n\t\t<\/h3>\n\t\t<div class=\"wpb--card-data\">\n\t\t\t<ul class=\"wpb--card-features\">\n\t\t\t\t\t\t\t\t\t\t<li>5  Dormitorios, <\/li>\n\t\t\t\t\t\t\t\t\t\t<li>5  Ba\u00f1os, <\/li>\n\t\t\t\t\t\t\t\t\t\t<li>393 m&sup2; Const.<\/li>\n\t\t\t\t\t\t\t<\/ul>\n\t\t\t<div class=\"wpb--card-price\">\n\t\t\t\t2.495.000 &euro;<span>163-04420P<\/span>\t\t\t<\/div>\n\t\t<\/div>\n\t<\/div>\n<\/div>\n<div class=\"wpb--card\">\n\t<div class=\"wpb--aspect-box wpb--panoramic\">\n\t\t<a class=\"wpb--stretched-link\" href=\"\/es\/propiedad\/venta-la-heredia-pareado-640717\">\n\t\t\t\t\t\t\t<img decoding=\"async\" loading=\"lazy\" class=\"wpb--image-fit\" src=\"https:\/\/www.nevadomarbella.com\/wp-content\/uploads\/inmoba\/thumb-all-0.75-exact-640717.webp\" alt=\"Adosada en Urbanizaci\u00f3n La Perla de la Heredia con piscina privada en venta\" \/>\n\t\t\t\n\t\t\t\t\t<\/a>\n\t<\/div>\n\t<div class=\"wpb--card-body\">\n\t\t<span class=\"wpb--card-body-location\">La Heredia - Benahavis<\/span>\n\t\t<h3 class=\"wpb--card-title\">\n\t\t\t<a class=\"wpb--stretched-link\" href=\"\/es\/propiedad\/venta-la-heredia-pareado-640717\">\n\t\t\t\tAdosada en Urbanizaci\u00f3n La Perla de la Heredia con piscina privada en venta\t\t\t<\/a>\n\t\t<\/h3>\n\t\t<div class=\"wpb--card-data\">\n\t\t\t<ul class=\"wpb--card-features\">\n\t\t\t\t\t\t\t\t\t\t<li>5  Dormitorios, <\/li>\n\t\t\t\t\t\t\t\t\t\t<li>4  Ba\u00f1os, <\/li>\n\t\t\t\t\t\t\t\t\t\t<li>547 m&sup2; Const.<\/li>\n\t\t\t\t\t\t\t<\/ul>\n\t\t\t<div class=\"wpb--card-price\">\n\t\t\t\t995.000 &euro;<span>163-04382P<\/span>\t\t\t<\/div>\n\t\t<\/div>\n\t<\/div>\n<\/div>\n<div class=\"wpb--card\">\n\t<div class=\"wpb--aspect-box wpb--panoramic\">\n\t\t<a class=\"wpb--stretched-link\" href=\"\/es\/propiedad\/venta-benahavis-adosado-638552\">\n\t\t\t\t\t\t\t<img decoding=\"async\" loading=\"lazy\" class=\"wpb--image-fit\" src=\"https:\/\/www.nevadomarbella.com\/wp-content\/uploads\/inmoba\/thumb-all-0.75-exact-638552.webp\" alt=\"Adosada en Urbanizaci\u00f3n El Alto con vistas panor\u00e1micas al mar en venta\" \/>\n\t\t\t\n\t\t\t\t\t<\/a>\n\t<\/div>\n\t<div class=\"wpb--card-body\">\n\t\t<span class=\"wpb--card-body-location\">Benahavis<\/span>\n\t\t<h3 class=\"wpb--card-title\">\n\t\t\t<a class=\"wpb--stretched-link\" href=\"\/es\/propiedad\/venta-benahavis-adosado-638552\">\n\t\t\t\tAdosada en Urbanizaci\u00f3n El Alto con vistas panor\u00e1micas al mar en venta\t\t\t<\/a>\n\t\t<\/h3>\n\t\t<div class=\"wpb--card-data\">\n\t\t\t<ul class=\"wpb--card-features\">\n\t\t\t\t\t\t\t\t\t\t<li>3  Dormitorios, <\/li>\n\t\t\t\t\t\t\t\t\t\t<li>3  Ba\u00f1os, <\/li>\n\t\t\t\t\t\t\t\t\t\t<li>176 m&sup2; Const.<\/li>\n\t\t\t\t\t\t\t<\/ul>\n\t\t\t<div class=\"wpb--card-price\">\n\t\t\t\t699.000 &euro;<span>163-04363P<\/span>\t\t\t<\/div>\n\t\t<\/div>\n\t<\/div>\n<\/div>\n<div class=\"wpb--card\">\n\t<div class=\"wpb--aspect-box wpb--panoramic\">\n\t\t<a class=\"wpb--stretched-link\" href=\"\/es\/propiedad\/venta-artola-pareado-638037\">\n\t\t\t\t\t\t\t<img decoding=\"async\" loading=\"lazy\" class=\"wpb--image-fit\" src=\"https:\/\/www.nevadomarbella.com\/wp-content\/uploads\/inmoba\/thumb-all-0.75-exact-638037.webp\" alt=\"Pareada en Urbanizaci\u00f3n Artola Homes con piscina privada en venta\" \/>\n\t\t\t\n\t\t\t\t\t<\/a>\n\t<\/div>\n\t<div class=\"wpb--card-body\">\n\t\t<span class=\"wpb--card-body-location\">Artola - Marbella Este<\/span>\n\t\t<h3 class=\"wpb--card-title\">\n\t\t\t<a class=\"wpb--stretched-link\" href=\"\/es\/propiedad\/venta-artola-pareado-638037\">\n\t\t\t\tPareada en Urbanizaci\u00f3n Artola Homes con piscina privada en venta\t\t\t<\/a>\n\t\t<\/h3>\n\t\t<div class=\"wpb--card-data\">\n\t\t\t<ul class=\"wpb--card-features\">\n\t\t\t\t\t\t\t\t\t\t<li>3  Dormitorios, <\/li>\n\t\t\t\t\t\t\t\t\t\t<li>3  Ba\u00f1os, <\/li>\n\t\t\t\t\t\t\t\t\t\t<li>216 m&sup2; Parcela, <\/li>\n\t\t\t\t\t\t\t\t\t\t<li>288 m&sup2; Const.<\/li>\n\t\t\t\t\t\t\t<\/ul>\n\t\t\t<div class=\"wpb--card-price\">\n\t\t\t\t1.150.000 &euro;<span>163-04359P<\/span>\t\t\t<\/div>\n\t\t<\/div>\n\t<\/div>\n<\/div>\n<div class=\"wpb--card\">\n\t<div class=\"wpb--aspect-box wpb--panoramic\">\n\t\t<a class=\"wpb--stretched-link\" href=\"\/es\/propiedad\/venta-monte-marbella-club-adosado-636006\">\n\t\t\t\t\t\t\t<img decoding=\"async\" loading=\"lazy\" class=\"wpb--image-fit\" src=\"https:\/\/www.nevadomarbella.com\/wp-content\/uploads\/inmoba\/thumb-all-0.75-exact-636006.webp\" alt=\"Adosada en Urbanizaci\u00f3n Monte Marbella Club completamente reformada en venta\" \/>\n\t\t\t\n\t\t\t\t\t<\/a>\n\t<\/div>\n\t<div class=\"wpb--card-body\">\n\t\t<span class=\"wpb--card-body-location\">Monte Marbella Club - Marbella Golden Mile<\/span>\n\t\t<h3 class=\"wpb--card-title\">\n\t\t\t<a class=\"wpb--stretched-link\" href=\"\/es\/propiedad\/venta-monte-marbella-club-adosado-636006\">\n\t\t\t\tAdosada en Urbanizaci\u00f3n Monte Marbella Club completamente reformada en venta\t\t\t<\/a>\n\t\t<\/h3>\n\t\t<div class=\"wpb--card-data\">\n\t\t\t<ul class=\"wpb--card-features\">\n\t\t\t\t\t\t\t\t\t\t<li>4  Dormitorios, <\/li>\n\t\t\t\t\t\t\t\t\t\t<li>3  Ba\u00f1os, <\/li>\n\t\t\t\t\t\t\t\t\t\t<li>240 m&sup2; Const.<\/li>\n\t\t\t\t\t\t\t<\/ul>\n\t\t\t<div class=\"wpb--card-price\">\n\t\t\t\t1.995.000 &euro;<span>163-04357P<\/span>\t\t\t<\/div>\n\t\t<\/div>\n\t<\/div>\n<\/div>\n<div class=\"wpb--card\">\n\t<div class=\"wpb--aspect-box wpb--panoramic\">\n\t\t<a class=\"wpb--stretched-link\" href=\"\/es\/propiedad\/venta-los-olivos-adosado-632208\">\n\t\t\t\t\t\t\t<img decoding=\"async\" loading=\"lazy\" class=\"wpb--image-fit\" src=\"https:\/\/www.nevadomarbella.com\/wp-content\/uploads\/inmoba\/thumb-all-0.75-exact-632208.webp\" alt=\"Adosada en Urbanizaci\u00f3n Los Olivos en primera l\u00ednea de golf en venta\" \/>\n\t\t\t\n\t\t\t\t\t<\/a>\n\t<\/div>\n\t<div class=\"wpb--card-body\">\n\t\t<span class=\"wpb--card-body-location\">Los Olivos - Nueva Andalucia<\/span>\n\t\t<h3 class=\"wpb--card-title\">\n\t\t\t<a class=\"wpb--stretched-link\" href=\"\/es\/propiedad\/venta-los-olivos-adosado-632208\">\n\t\t\t\tAdosada en Urbanizaci\u00f3n Los Olivos en primera l\u00ednea de golf en venta\t\t\t<\/a>\n\t\t<\/h3>\n\t\t<div class=\"wpb--card-data\">\n\t\t\t<ul class=\"wpb--card-features\">\n\t\t\t\t\t\t\t\t\t\t<li>4  Dormitorios, <\/li>\n\t\t\t\t\t\t\t\t\t\t<li>4  Ba\u00f1os, <\/li>\n\t\t\t\t\t\t\t\t\t\t<li>269 m&sup2; Const.<\/li>\n\t\t\t\t\t\t\t<\/ul>\n\t\t\t<div class=\"wpb--card-price\">\n\t\t\t\t1.850.000 &euro;<span>163-04338P<\/span>\t\t\t<\/div>\n\t\t<\/div>\n\t<\/div>\n<\/div>\n<div class=\"wpb--card\">\n\t<div class=\"wpb--aspect-box wpb--panoramic\">\n\t\t<a class=\"wpb--stretched-link\" href=\"\/es\/propiedad\/venta-estrella-del-mar-casa-630640\">\n\t\t\t\t\t\t\t<img decoding=\"async\" loading=\"lazy\" class=\"wpb--image-fit\" src=\"https:\/\/www.nevadomarbella.com\/wp-content\/uploads\/inmoba\/thumb-all-0.75-exact-630640.webp\" alt=\"Adosada en Las Chapas de nueva construcci\u00f3n en venta\" \/>\n\t\t\t\n\t\t\t\t\t<\/a>\n\t<\/div>\n\t<div class=\"wpb--card-body\">\n\t\t<span class=\"wpb--card-body-location\">Estrella del Mar - Marbella Este<\/span>\n\t\t<h3 class=\"wpb--card-title\">\n\t\t\t<a class=\"wpb--stretched-link\" href=\"\/es\/propiedad\/venta-estrella-del-mar-casa-630640\">\n\t\t\t\tAdosada en Las Chapas de nueva construcci\u00f3n en venta\t\t\t<\/a>\n\t\t<\/h3>\n\t\t<div class=\"wpb--card-data\">\n\t\t\t<ul class=\"wpb--card-features\">\n\t\t\t\t\t\t\t\t\t\t<li>3  Dormitorios, <\/li>\n\t\t\t\t\t\t\t\t\t\t<li>2  Ba\u00f1os, <\/li>\n\t\t\t\t\t\t\t\t\t\t<li>150 m&sup2; Const.<\/li>\n\t\t\t\t\t\t\t<\/ul>\n\t\t\t<div class=\"wpb--card-price\">\n\t\t\t\t860.000 &euro;<span>163-04333P<\/span>\t\t\t<\/div>\n\t\t<\/div>\n\t<\/div>\n<\/div>\n<div class=\"wpb--card\">\n\t<div class=\"wpb--aspect-box wpb--panoramic\">\n\t\t<a class=\"wpb--stretched-link\" href=\"\/es\/propiedad\/venta-azata-golf-adosado-629332\">\n\t\t\t\t\t\t\t<img decoding=\"async\" loading=\"lazy\" class=\"wpb--image-fit\" src=\"https:\/\/www.nevadomarbella.com\/wp-content\/uploads\/inmoba\/thumb-all-0.75-exact-629332.webp\" alt=\"Adosada en Estepona Oeste en primera l\u00ednea de golf en venta\" \/>\n\t\t\t\n\t\t\t\t\t<\/a>\n\t<\/div>\n\t<div class=\"wpb--card-body\">\n\t\t<span class=\"wpb--card-body-location\">Azata Golf - Estepona Oeste<\/span>\n\t\t<h3 class=\"wpb--card-title\">\n\t\t\t<a class=\"wpb--stretched-link\" href=\"\/es\/propiedad\/venta-azata-golf-adosado-629332\">\n\t\t\t\tAdosada en Estepona Oeste en primera l\u00ednea de golf en venta\t\t\t<\/a>\n\t\t<\/h3>\n\t\t<div class=\"wpb--card-data\">\n\t\t\t<ul class=\"wpb--card-features\">\n\t\t\t\t\t\t\t\t\t\t<li>3  Dormitorios, <\/li>\n\t\t\t\t\t\t\t\t\t\t<li>2  Ba\u00f1os, <\/li>\n\t\t\t\t\t\t\t\t\t\t<li>210 m&sup2; Const.<\/li>\n\t\t\t\t\t\t\t<\/ul>\n\t\t\t<div class=\"wpb--card-price\">\n\t\t\t\t470.250 &euro;<span>163-04321P<\/span>\t\t\t<\/div>\n\t\t<\/div>\n\t<\/div>\n<\/div>\n<div class=\"wpb--card\">\n\t<div class=\"wpb--aspect-box wpb--panoramic\">\n\t\t<a class=\"wpb--stretched-link\" href=\"\/es\/propiedad\/venta-la-quinta-hills-adosado-623520\">\n\t\t\t\t\t\t\t<img decoding=\"async\" loading=\"lazy\" class=\"wpb--image-fit\" src=\"https:\/\/www.nevadomarbella.com\/wp-content\/uploads\/inmoba\/thumb-all-0.75-exact-623520.webp\" alt=\"Adosada en Urbanizaci\u00f3n La Quinta Hills completamente renovada en venta\" \/>\n\t\t\t\n\t\t\t\t\t<\/a>\n\t<\/div>\n\t<div class=\"wpb--card-body\">\n\t\t<span class=\"wpb--card-body-location\">La Quinta Hills - Benahavis<\/span>\n\t\t<h3 class=\"wpb--card-title\">\n\t\t\t<a class=\"wpb--stretched-link\" href=\"\/es\/propiedad\/venta-la-quinta-hills-adosado-623520\">\n\t\t\t\tAdosada en Urbanizaci\u00f3n La Quinta Hills completamente renovada en venta\t\t\t<\/a>\n\t\t<\/h3>\n\t\t<div class=\"wpb--card-data\">\n\t\t\t<ul class=\"wpb--card-features\">\n\t\t\t\t\t\t\t\t\t\t<li>3  Dormitorios, <\/li>\n\t\t\t\t\t\t\t\t\t\t<li>2  Ba\u00f1os, <\/li>\n\t\t\t\t\t\t\t\t\t\t<li>213 m&sup2; Const.<\/li>\n\t\t\t\t\t\t\t<\/ul>\n\t\t\t<div class=\"wpb--card-price\">\n\t\t\t\t1.650.000 &euro;<span>163-04290P<\/span>\t\t\t<\/div>\n\t\t<\/div>\n\t<\/div>\n<\/div>\n<div class=\"wpb--card\">\n\t<div class=\"wpb--aspect-box wpb--panoramic\">\n\t\t<a class=\"wpb--stretched-link\" href=\"\/es\/propiedad\/venta-coral-beach-adosado-621287\">\n\t\t\t\t\t\t\t<img decoding=\"async\" loading=\"lazy\" class=\"wpb--image-fit\" src=\"https:\/\/www.nevadomarbella.com\/wp-content\/uploads\/inmoba\/thumb-all-0.75-exact-621287.webp\" alt=\"Adosada en Urbanizaci\u00f3n Coral Beach en primera l\u00ednea de playa en venta\" \/>\n\t\t\t\n\t\t\t\t\t<\/a>\n\t<\/div>\n\t<div class=\"wpb--card-body\">\n\t\t<span class=\"wpb--card-body-location\">Coral Beach - Marbella Golden Mile<\/span>\n\t\t<h3 class=\"wpb--card-title\">\n\t\t\t<a class=\"wpb--stretched-link\" href=\"\/es\/propiedad\/venta-coral-beach-adosado-621287\">\n\t\t\t\tAdosada en Urbanizaci\u00f3n Coral Beach en primera l\u00ednea de playa en venta\t\t\t<\/a>\n\t\t<\/h3>\n\t\t<div class=\"wpb--card-data\">\n\t\t\t<ul class=\"wpb--card-features\">\n\t\t\t\t\t\t\t\t\t\t<li>4  Dormitorios, <\/li>\n\t\t\t\t\t\t\t\t\t\t<li>3  Ba\u00f1os, <\/li>\n\t\t\t\t\t\t\t\t\t\t<li>290 m&sup2; Const.<\/li>\n\t\t\t\t\t\t\t<\/ul>\n\t\t\t<div class=\"wpb--card-price\">\n\t\t\t\t5.460.000 &euro;<span>163-04277P<\/span>\t\t\t<\/div>\n\t\t<\/div>\n\t<\/div>\n<\/div>\n<div class=\"wpb--card\">\n\t<div class=\"wpb--aspect-box wpb--panoramic\">\n\t\t<a class=\"wpb--stretched-link\" href=\"\/es\/propiedad\/venta-marbella-puerto-banus-pareado-614974\">\n\t\t\t\t\t\t\t<img decoding=\"async\" loading=\"lazy\" class=\"wpb--image-fit\" src=\"https:\/\/www.nevadomarbella.com\/wp-content\/uploads\/inmoba\/thumb-all-0.75-exact-614974.webp\" alt=\"Villa pareada en Urbanizaci\u00f3n Banus Bay Residences en venta\" \/>\n\t\t\t\n\t\t\t\t\t<\/a>\n\t<\/div>\n\t<div class=\"wpb--card-body\">\n\t\t<span class=\"wpb--card-body-location\">Marbella - Puerto Banus<\/span>\n\t\t<h3 class=\"wpb--card-title\">\n\t\t\t<a class=\"wpb--stretched-link\" href=\"\/es\/propiedad\/venta-marbella-puerto-banus-pareado-614974\">\n\t\t\t\tVilla pareada en Urbanizaci\u00f3n Banus Bay Residences en venta\t\t\t<\/a>\n\t\t<\/h3>\n\t\t<div class=\"wpb--card-data\">\n\t\t\t<ul class=\"wpb--card-features\">\n\t\t\t\t\t\t\t\t\t\t<li>5  Dormitorios, <\/li>\n\t\t\t\t\t\t\t\t\t\t<li>4  Ba\u00f1os, <\/li>\n\t\t\t\t\t\t\t\t\t\t<li>321 m&sup2; Const.<\/li>\n\t\t\t\t\t\t\t<\/ul>\n\t\t\t<div class=\"wpb--card-price\">\n\t\t\t\t2.395.000 &euro;<span>163-04251P<\/span>\t\t\t<\/div>\n\t\t<\/div>\n\t<\/div>\n<\/div>\n<div class=\"wpb--card\">\n\t<div class=\"wpb--aspect-box wpb--panoramic\">\n\t\t<a class=\"wpb--stretched-link\" href=\"\/es\/propiedad\/venta-marbella-golden-mile-adosado-610664\">\n\t\t\t\t\t\t\t<img decoding=\"async\" loading=\"lazy\" class=\"wpb--image-fit\" src=\"https:\/\/www.nevadomarbella.com\/wp-content\/uploads\/inmoba\/thumb-all-0.75-exact-610664.webp\" alt=\"Adosada en Urbanizaci\u00f3n Camoj\u00e1n Blanco en venta\" \/>\n\t\t\t\n\t\t\t\t\t<\/a>\n\t<\/div>\n\t<div class=\"wpb--card-body\">\n\t\t<span class=\"wpb--card-body-location\">Marbella Golden Mile<\/span>\n\t\t<h3 class=\"wpb--card-title\">\n\t\t\t<a class=\"wpb--stretched-link\" href=\"\/es\/propiedad\/venta-marbella-golden-mile-adosado-610664\">\n\t\t\t\tAdosada en Urbanizaci\u00f3n Camoj\u00e1n Blanco en venta\t\t\t<\/a>\n\t\t<\/h3>\n\t\t<div class=\"wpb--card-data\">\n\t\t\t<ul class=\"wpb--card-features\">\n\t\t\t\t\t\t\t\t\t\t<li>3  Dormitorios, <\/li>\n\t\t\t\t\t\t\t\t\t\t<li>3  Ba\u00f1os, <\/li>\n\t\t\t\t\t\t\t\t\t\t<li>196 m&sup2; Const.<\/li>\n\t\t\t\t\t\t\t<\/ul>\n\t\t\t<div class=\"wpb--card-price\">\n\t\t\t\t865.000 &euro;<span>163-04226P<\/span>\t\t\t<\/div>\n\t\t<\/div>\n\t<\/div>\n<\/div>\n<div class=\"wpb--card\">\n\t<div class=\"wpb--aspect-box wpb--panoramic\">\n\t\t<a class=\"wpb--stretched-link\" href=\"\/es\/propiedad\/venta-marbella-golden-mile-adosado-609395\">\n\t\t\t\t\t\t\t<img decoding=\"async\" loading=\"lazy\" class=\"wpb--image-fit\" src=\"https:\/\/www.nevadomarbella.com\/wp-content\/uploads\/inmoba\/thumb-all-0.75-exact-609395.webp\" alt=\"Adosada en Urbanizaci\u00f3n Las Cumbres de Marbella completamente reformada en venta\" \/>\n\t\t\t\n\t\t\t\t\t<\/a>\n\t<\/div>\n\t<div class=\"wpb--card-body\">\n\t\t<span class=\"wpb--card-body-location\">Marbella Golden Mile<\/span>\n\t\t<h3 class=\"wpb--card-title\">\n\t\t\t<a class=\"wpb--stretched-link\" href=\"\/es\/propiedad\/venta-marbella-golden-mile-adosado-609395\">\n\t\t\t\tAdosada en Urbanizaci\u00f3n Las Cumbres de Marbella completamente reformada en venta\t\t\t<\/a>\n\t\t<\/h3>\n\t\t<div class=\"wpb--card-data\">\n\t\t\t<ul class=\"wpb--card-features\">\n\t\t\t\t\t\t\t\t\t\t<li>4  Dormitorios, <\/li>\n\t\t\t\t\t\t\t\t\t\t<li>3  Ba\u00f1os, <\/li>\n\t\t\t\t\t\t\t\t\t\t<li>301 m&sup2; Const.<\/li>\n\t\t\t\t\t\t\t<\/ul>\n\t\t\t<div class=\"wpb--card-price\">\n\t\t\t\t1.395.000 &euro;<span>163-04223P<\/span>\t\t\t<\/div>\n\t\t<\/div>\n\t<\/div>\n<\/div>\n<div class=\"wpb--card\">\n\t<div class=\"wpb--aspect-box wpb--panoramic\">\n\t\t<a class=\"wpb--stretched-link\" href=\"\/es\/propiedad\/venta-las-cancelas-adosado-602629\">\n\t\t\t\t\t\t\t<img decoding=\"async\" loading=\"lazy\" class=\"wpb--image-fit\" src=\"https:\/\/www.nevadomarbella.com\/wp-content\/uploads\/inmoba\/thumb-all-0.75-exact-602629.webp\" alt=\"Adosada en Urbanizaci\u00f3n Las Cancelas totalmente reformado en venta\" \/>\n\t\t\t\n\t\t\t\t\t<\/a>\n\t<\/div>\n\t<div class=\"wpb--card-body\">\n\t\t<span class=\"wpb--card-body-location\">Las Cancelas - Marbella Centro<\/span>\n\t\t<h3 class=\"wpb--card-title\">\n\t\t\t<a class=\"wpb--stretched-link\" href=\"\/es\/propiedad\/venta-las-cancelas-adosado-602629\">\n\t\t\t\tAdosada en Urbanizaci\u00f3n Las Cancelas totalmente reformado en venta\t\t\t<\/a>\n\t\t<\/h3>\n\t\t<div class=\"wpb--card-data\">\n\t\t\t<ul class=\"wpb--card-features\">\n\t\t\t\t\t\t\t\t\t\t<li>1  Dormitorio, <\/li>\n\t\t\t\t\t\t\t\t\t\t<li>1  Ba\u00f1o, <\/li>\n\t\t\t\t\t\t\t\t\t\t<li>49 m&sup2; Const.<\/li>\n\t\t\t\t\t\t\t<\/ul>\n\t\t\t<div class=\"wpb--card-price\">\n\t\t\t\t350.000 &euro;<span>163-04196P<\/span>\t\t\t<\/div>\n\t\t<\/div>\n\t<\/div>\n<\/div>\n<div class=\"wpb--card\">\n\t<div class=\"wpb--aspect-box wpb--panoramic\">\n\t\t<a class=\"wpb--stretched-link\" href=\"\/es\/propiedad\/venta-rio-real-adosado-599890\">\n\t\t\t\t\t\t\t<img decoding=\"async\" loading=\"lazy\" class=\"wpb--image-fit\" src=\"https:\/\/www.nevadomarbella.com\/wp-content\/uploads\/inmoba\/thumb-all-0.75-exact-599890.webp\" alt=\"Pareada en R\u00edo Real con vistas al mar en venta\" \/>\n\t\t\t\n\t\t\t\t\t<\/a>\n\t<\/div>\n\t<div class=\"wpb--card-body\">\n\t\t<span class=\"wpb--card-body-location\">Rio Real - Marbella Este<\/span>\n\t\t<h3 class=\"wpb--card-title\">\n\t\t\t<a class=\"wpb--stretched-link\" href=\"\/es\/propiedad\/venta-rio-real-adosado-599890\">\n\t\t\t\tPareada en R\u00edo Real con vistas al mar en venta\t\t\t<\/a>\n\t\t<\/h3>\n\t\t<div class=\"wpb--card-data\">\n\t\t\t<ul class=\"wpb--card-features\">\n\t\t\t\t\t\t\t\t\t\t<li>4  Dormitorios, <\/li>\n\t\t\t\t\t\t\t\t\t\t<li>5  Ba\u00f1os, <\/li>\n\t\t\t\t\t\t\t\t\t\t<li>492 m&sup2; Const.<\/li>\n\t\t\t\t\t\t\t<\/ul>\n\t\t\t<div class=\"wpb--card-price\">\n\t\t\t\t1.675.000 &euro;<span>163-04181P<\/span>\t\t\t<\/div>\n\t\t<\/div>\n\t<\/div>\n<\/div>\n<div class=\"wpb--card\">\n\t<div class=\"wpb--aspect-box wpb--panoramic\">\n\t\t<a class=\"wpb--stretched-link\" href=\"\/es\/propiedad\/venta-balcones-de-sierra-blanca-adosado-593636\">\n\t\t\t\t\t\t\t<img decoding=\"async\" loading=\"lazy\" class=\"wpb--image-fit\" src=\"https:\/\/www.nevadomarbella.com\/wp-content\/uploads\/inmoba\/thumb-all-0.75-exact-593636.webp\" alt=\"Casa adosada en Urbanizaci\u00f3n Balcones de Sierra Blanca en venta\" \/>\n\t\t\t\n\t\t\t\t\t<\/a>\n\t<\/div>\n\t<div class=\"wpb--card-body\">\n\t\t<span class=\"wpb--card-body-location\">Balcones de Sierra Blanca - Marbella Golden Mile<\/span>\n\t\t<h3 class=\"wpb--card-title\">\n\t\t\t<a class=\"wpb--stretched-link\" href=\"\/es\/propiedad\/venta-balcones-de-sierra-blanca-adosado-593636\">\n\t\t\t\tCasa adosada en Urbanizaci\u00f3n Balcones de Sierra Blanca en venta\t\t\t<\/a>\n\t\t<\/h3>\n\t\t<div class=\"wpb--card-data\">\n\t\t\t<ul class=\"wpb--card-features\">\n\t\t\t\t\t\t\t\t\t\t<li>3  Dormitorios, <\/li>\n\t\t\t\t\t\t\t\t\t\t<li>1  Ba\u00f1o, <\/li>\n\t\t\t\t\t\t\t\t\t\t<li>127 m&sup2; Parcela, <\/li>\n\t\t\t\t\t\t\t\t\t\t<li>112 m&sup2; Const.<\/li>\n\t\t\t\t\t\t\t<\/ul>\n\t\t\t<div class=\"wpb--card-price\">\n\t\t\t\t550.000 &euro;<span>163-04164P<\/span>\t\t\t<\/div>\n\t\t<\/div>\n\t<\/div>\n<\/div>\n<div class=\"wpb--card\">\n\t<div class=\"wpb--aspect-box wpb--panoramic\">\n\t\t<a class=\"wpb--stretched-link\" href=\"\/es\/propiedad\/venta-altos-del-rodeo-adosado-589230\">\n\t\t\t\t\t\t\t<img decoding=\"async\" loading=\"lazy\" class=\"wpb--image-fit\" src=\"https:\/\/www.nevadomarbella.com\/wp-content\/uploads\/inmoba\/thumb-all-0.75-exact-589230.webp\" alt=\"Adosada en Urbanizaci\u00f3n Altos del Rodeo para reformar en venta\" \/>\n\t\t\t\n\t\t\t\t\t<\/a>\n\t<\/div>\n\t<div class=\"wpb--card-body\">\n\t\t<span class=\"wpb--card-body-location\">Altos del Rodeo - Nueva Andalucia<\/span>\n\t\t<h3 class=\"wpb--card-title\">\n\t\t\t<a class=\"wpb--stretched-link\" href=\"\/es\/propiedad\/venta-altos-del-rodeo-adosado-589230\">\n\t\t\t\tAdosada en Urbanizaci\u00f3n Altos del Rodeo para reformar en venta\t\t\t<\/a>\n\t\t<\/h3>\n\t\t<div class=\"wpb--card-data\">\n\t\t\t<ul class=\"wpb--card-features\">\n\t\t\t\t\t\t\t\t\t\t<li>4  Dormitorios, <\/li>\n\t\t\t\t\t\t\t\t\t\t<li>3  Ba\u00f1os, <\/li>\n\t\t\t\t\t\t\t\t\t\t<li>196 m&sup2; Const.<\/li>\n\t\t\t\t\t\t\t<\/ul>\n\t\t\t<div class=\"wpb--card-price\">\n\t\t\t\t495.000 &euro;<span>163-04144P<\/span>\t\t\t<\/div>\n\t\t<\/div>\n\t<\/div>\n<\/div>\n<div class=\"wpb--card\">\n\t<div class=\"wpb--aspect-box wpb--panoramic\">\n\t\t<a class=\"wpb--stretched-link\" href=\"\/es\/propiedad\/venta-nueva-andalucia-pareado-574568\">\n\t\t\t\t\t\t\t<img decoding=\"async\" loading=\"lazy\" class=\"wpb--image-fit\" src=\"https:\/\/www.nevadomarbella.com\/wp-content\/uploads\/inmoba\/thumb-all-0.75-exact-574568.webp\" alt=\"Villa pareada en Nueva Andaluc\u00eda de nueva construcci\u00f3n con vistas panor\u00e1micas al mar en venta\" \/>\n\t\t\t\n\t\t\t\t\t<\/a>\n\t<\/div>\n\t<div class=\"wpb--card-body\">\n\t\t<span class=\"wpb--card-body-location\">Nueva Andalucia - Marbella<\/span>\n\t\t<h3 class=\"wpb--card-title\">\n\t\t\t<a class=\"wpb--stretched-link\" href=\"\/es\/propiedad\/venta-nueva-andalucia-pareado-574568\">\n\t\t\t\tVilla pareada en Nueva Andaluc\u00eda de nueva construcci\u00f3n con vistas panor\u00e1micas al mar en venta\t\t\t<\/a>\n\t\t<\/h3>\n\t\t<div class=\"wpb--card-data\">\n\t\t\t<ul class=\"wpb--card-features\">\n\t\t\t\t\t\t\t\t\t\t<li>4  Dormitorios, <\/li>\n\t\t\t\t\t\t\t\t\t\t<li>5  Ba\u00f1os, <\/li>\n\t\t\t\t\t\t\t\t\t\t<li>463 m&sup2; Const.<\/li>\n\t\t\t\t\t\t\t<\/ul>\n\t\t\t<div class=\"wpb--card-price\">\n\t\t\t\t4.750.000 &euro;<span>163-04092P<\/span>\t\t\t<\/div>\n\t\t<\/div>\n\t<\/div>\n<\/div>\n<div class=\"wpb--card\">\n\t<div class=\"wpb--aspect-box wpb--panoramic\">\n\t\t<a class=\"wpb--stretched-link\" href=\"\/es\/propiedad\/venta-playa-bajadilla-puertos-adosado-554793\">\n\t\t\t\t\t\t\t<img decoding=\"async\" loading=\"lazy\" class=\"wpb--image-fit\" src=\"https:\/\/www.nevadomarbella.com\/wp-content\/uploads\/inmoba\/thumb-all-0.75-exact-554793.webp\" alt=\"Adosada en Marbella Centro en segunda l\u00ednea de playa en venta\" \/>\n\t\t\t\n\t\t\t\t\t<\/a>\n\t<\/div>\n\t<div class=\"wpb--card-body\">\n\t\t<span class=\"wpb--card-body-location\">Playa Bajadilla - Puertos - Marbella Centro<\/span>\n\t\t<h3 class=\"wpb--card-title\">\n\t\t\t<a class=\"wpb--stretched-link\" href=\"\/es\/propiedad\/venta-playa-bajadilla-puertos-adosado-554793\">\n\t\t\t\tAdosada en Marbella Centro en segunda l\u00ednea de playa en venta\t\t\t<\/a>\n\t\t<\/h3>\n\t\t<div class=\"wpb--card-data\">\n\t\t\t<ul class=\"wpb--card-features\">\n\t\t\t\t\t\t\t\t\t\t<li>5  Dormitorios, <\/li>\n\t\t\t\t\t\t\t\t\t\t<li>6  Ba\u00f1os, <\/li>\n\t\t\t\t\t\t\t\t\t\t<li>212 m&sup2; Parcela, <\/li>\n\t\t\t\t\t\t\t\t\t\t<li>691 m&sup2; Const.<\/li>\n\t\t\t\t\t\t\t<\/ul>\n\t\t\t<div class=\"wpb--card-price\">\n\t\t\t\t4.995.000 &euro;<span>163-04026P<\/span>\t\t\t<\/div>\n\t\t<\/div>\n\t<\/div>\n<\/div>\n<div class=\"wpb--card\">\n\t<div class=\"wpb--aspect-box wpb--panoramic\">\n\t\t<a class=\"wpb--stretched-link\" href=\"\/es\/propiedad\/venta-riviera-del-sol-adosado-527424\">\n\t\t\t\t\t\t\t<img decoding=\"async\" loading=\"lazy\" class=\"wpb--image-fit\" src=\"https:\/\/www.nevadomarbella.com\/wp-content\/uploads\/inmoba\/thumb-all-0.75-exact-527424.webp\" alt=\"Aalto Residences, Adosadas en Riviera del Sol en construcci\u00f3n en venta\" \/>\n\t\t\t\n\t\t\t\t\t<\/a>\n\t<\/div>\n\t<div class=\"wpb--card-body\">\n\t\t<span class=\"wpb--card-body-location\">Riviera del Sol - Mijas Costa<\/span>\n\t\t<h3 class=\"wpb--card-title\">\n\t\t\t<a class=\"wpb--stretched-link\" href=\"\/es\/propiedad\/venta-riviera-del-sol-adosado-527424\">\n\t\t\t\tAalto Residences, Adosadas en Riviera del Sol en construcci\u00f3n en venta\t\t\t<\/a>\n\t\t<\/h3>\n\t\t<div class=\"wpb--card-data\">\n\t\t\t<ul class=\"wpb--card-features\">\n\t\t\t\t\t\t\t\t\t\t<li>3  Dormitorios, <\/li>\n\t\t\t\t\t\t\t\t\t\t<li>2  Ba\u00f1os, <\/li>\n\t\t\t\t\t\t\t\t\t\t<li>217 m&sup2; Parcela, <\/li>\n\t\t\t\t\t\t\t\t\t\t<li>410 m&sup2; Const.<\/li>\n\t\t\t\t\t\t\t<\/ul>\n\t\t\t<div class=\"wpb--card-price\">\n\t\t\t\t1.261.151 &euro;<span>163-03924P<\/span>\t\t\t<\/div>\n\t\t<\/div>\n\t<\/div>\n<\/div>\n<div class=\"wpb--card\">\n\t<div class=\"wpb--aspect-box wpb--panoramic\">\n\t\t<a class=\"wpb--stretched-link\" href=\"\/es\/propiedad\/venta-el-chaparral-adosado-527108\">\n\t\t\t\t\t\t\t<img decoding=\"async\" loading=\"lazy\" class=\"wpb--image-fit\" src=\"https:\/\/www.nevadomarbella.com\/wp-content\/uploads\/inmoba\/thumb-all-0.75-exact-527108.webp\" alt=\"Adosada en Mijas Costa con vistas al mar en construcci\u00f3n\" \/>\n\t\t\t\n\t\t\t\t\t<\/a>\n\t<\/div>\n\t<div class=\"wpb--card-body\">\n\t\t<span class=\"wpb--card-body-location\">El Chaparral - Mijas Costa<\/span>\n\t\t<h3 class=\"wpb--card-title\">\n\t\t\t<a class=\"wpb--stretched-link\" href=\"\/es\/propiedad\/venta-el-chaparral-adosado-527108\">\n\t\t\t\tAdosada en Mijas Costa con vistas al mar en construcci\u00f3n\t\t\t<\/a>\n\t\t<\/h3>\n\t\t<div class=\"wpb--card-data\">\n\t\t\t<ul class=\"wpb--card-features\">\n\t\t\t\t\t\t\t\t\t\t<li>4  Dormitorios, <\/li>\n\t\t\t\t\t\t\t\t\t\t<li>3  Ba\u00f1os, <\/li>\n\t\t\t\t\t\t\t\t\t\t<li>397 m&sup2; Parcela, <\/li>\n\t\t\t\t\t\t\t\t\t\t<li>337 m&sup2; Const.<\/li>\n\t\t\t\t\t\t\t<\/ul>\n\t\t\t<div class=\"wpb--card-price\">\n\t\t\t\t1.144.000 &euro;<span>163-03920P-DUP<\/span>\t\t\t<\/div>\n\t\t<\/div>\n\t<\/div>\n<\/div>\n<div class=\"wpb--card\">\n\t<div class=\"wpb--aspect-box wpb--panoramic\">\n\t\t<a class=\"wpb--stretched-link\" href=\"\/es\/propiedad\/venta-el-chaparral-adosado-527103\">\n\t\t\t\t\t\t\t<img decoding=\"async\" loading=\"lazy\" class=\"wpb--image-fit\" src=\"https:\/\/www.nevadomarbella.com\/wp-content\/uploads\/inmoba\/thumb-all-0.75-exact-527103.webp\" alt=\"Adosada en Mijas Costa en primera l\u00ednea de golf en construcci\u00f3n\" \/>\n\t\t\t\n\t\t\t\t\t<\/a>\n\t<\/div>\n\t<div class=\"wpb--card-body\">\n\t\t<span class=\"wpb--card-body-location\">El Chaparral - Mijas Costa<\/span>\n\t\t<h3 class=\"wpb--card-title\">\n\t\t\t<a class=\"wpb--stretched-link\" href=\"\/es\/propiedad\/venta-el-chaparral-adosado-527103\">\n\t\t\t\tAdosada en Mijas Costa en primera l\u00ednea de golf en construcci\u00f3n\t\t\t<\/a>\n\t\t<\/h3>\n\t\t<div class=\"wpb--card-data\">\n\t\t\t<ul class=\"wpb--card-features\">\n\t\t\t\t\t\t\t\t\t\t<li>3  Dormitorios, <\/li>\n\t\t\t\t\t\t\t\t\t\t<li>2  Ba\u00f1os, <\/li>\n\t\t\t\t\t\t\t\t\t\t<li>158 m&sup2; Parcela, <\/li>\n\t\t\t\t\t\t\t\t\t\t<li>337 m&sup2; Const.<\/li>\n\t\t\t\t\t\t\t<\/ul>\n\t\t\t<div class=\"wpb--card-price\">\n\t\t\t\t819.000 &euro;<span>163-03919P<\/span>\t\t\t<\/div>\n\t\t<\/div>\n\t<\/div>\n<\/div>\n<div class=\"wpb--card\">\n\t<div class=\"wpb--aspect-box wpb--panoramic\">\n\t\t<a class=\"wpb--stretched-link\" href=\"\/es\/propiedad\/venta-marbellamar-adosado-71584\">\n\t\t\t\t\t\t\t<img decoding=\"async\" loading=\"lazy\" class=\"wpb--image-fit\" src=\"https:\/\/www.nevadomarbella.com\/wp-content\/uploads\/inmoba\/thumb-all-0.75-exact-71584.webp\" alt=\"Adosada en Marbellamar en venta\" \/>\n\t\t\t\n\t\t\t\t\t\t\t<span class=\"wpb--card-label\">Vendida<\/span>\n\t\t\t\t\t<\/a>\n\t<\/div>\n\t<div class=\"wpb--card-body\">\n\t\t<span class=\"wpb--card-body-location\">Marbellamar - Marbella Golden Mile<\/span>\n\t\t<h3 class=\"wpb--card-title\">\n\t\t\t<a class=\"wpb--stretched-link\" href=\"\/es\/propiedad\/venta-marbellamar-adosado-71584\">\n\t\t\t\tAdosada en Marbellamar en venta\t\t\t<\/a>\n\t\t<\/h3>\n\t\t<div class=\"wpb--card-data\">\n\t\t\t<ul class=\"wpb--card-features\">\n\t\t\t\t\t\t\t\t\t\t<li>5  Dormitorios, <\/li>\n\t\t\t\t\t\t\t\t\t\t<li>4  Ba\u00f1os, <\/li>\n\t\t\t\t\t\t\t\t\t\t<li>190 m&sup2; Const.<\/li>\n\t\t\t\t\t\t\t<\/ul>\n\t\t\t<div class=\"wpb--card-price\">\n\t\t\t\tVendida<span>163-01280P<\/span>\t\t\t<\/div>\n\t\t<\/div>\n\t<\/div>\n<\/div>\n\t\t<\/div>\r\n\t\t<!-- Go to the full list -->\r\n\t\t\t<\/div>\r\n\n<\/div>\n<\/section>\n\n\n\n<div class=\"wp-block-buttons is-content-justification-center is-layout-flex wp-container-core-buttons-is-layout-dd320d38 wp-block-buttons-is-layout-flex\" style=\"margin-bottom:var(--wp--preset--spacing--40)\">\n<div class=\"wp-block-button is-style-outline is-style-outline--1\"><a class=\"wp-block-button__link wp-element-button\" href=\"https:\/\/www.nevadomarbella.com\/es\/propiedad-en-venta-en-marbella\">Buscador<\/a><\/div>\n<\/div>\n\n\n\n<div class=\"wp-block-group has-global-padding is-layout-constrained wp-block-group-is-layout-constrained\" style=\"margin-bottom:var(--wp--preset--spacing--50)\">\n<p style=\"padding-top:var(--wp--preset--spacing--20);padding-right:var(--wp--preset--spacing--50);padding-bottom:var(--wp--preset--spacing--20);padding-left:var(--wp--preset--spacing--50)\">Encuentre las mejores adosadas en venta en Marbella y alrededores. Hay una gran variedad para elegir, dependiendo de lo que busque, puede elegir entre propiedades junto al mar, en el campo de golf o en comunidades cerradas. Las mejores casas y adosados ofrecen vistas al mar Mediterr\u00e1neo, seguridad 24\/7, vistas al golf\u2026 Desde Marbella a Benahav\u00eds, Estepona o Mijas, encontrar\u00e1 la casa adosada perfecta que se adapte a sus necesidades.<\/p>\n<\/div>\n\n\n\n<section class=\"wp-block-group alignfull jaleo-herobox-group wide right has-shell-background-color has-background is-layout-flow wp-block-group-is-layout-flow\" style=\"margin-top:0;margin-bottom:var(--wp--preset--spacing--60);padding-right:var(--wp--preset--spacing--50);padding-left:var(--wp--preset--spacing--50)\">\n<div class=\"wp-block-columns alignwide are-vertically-aligned-center jaleo-herobox-columns is-layout-flex wp-container-core-columns-is-layout-2e289adc wp-block-columns-is-layout-flex\" style=\"padding-top:0;padding-right:0;padding-bottom:0;padding-left:0\">\n<div class=\"wp-block-column is-vertically-aligned-center jaleo-herobox-content is-layout-flow wp-block-column-is-layout-flow\" style=\"padding-right:0;flex-basis:50%\">\n<div class=\"wp-block-group has-global-padding is-content-justification-right is-layout-constrained wp-container-core-group-is-layout-d74be48a wp-block-group-is-layout-constrained\" style=\"margin-top:0;margin-bottom:0;padding-top:0;padding-right:var(--wp--preset--spacing--30);padding-left:var(--wp--preset--spacing--30)\">\n<h2 class=\"wp-block-heading\" style=\"margin-bottom:var(--wp--preset--spacing--40);font-style:normal;font-weight:400;text-transform:uppercase\">CASAS ADOSADAS EN MARBELLA: VIDA DE LUJO CON ENCANTO MEDITERR\u00c1NEO<\/h2>\n\n\n\n<p>Una adosada en Marbella nos ofrece la oportunidad de encontrar un estilo de vida tranquilo, rodeadeo de un entorno id\u00edlico. Las adosadas ofrecen amplitud a la vez que suelen disponer de buenas vistas gracias a su altura y a su ubicaci\u00f3n en algunas de las mejores zonas de la ciudad.<\/p>\n<\/div>\n<\/div>\n\n\n\n<div class=\"wp-block-column is-vertically-aligned-center jaleo-herobox-column is-layout-flow wp-block-column-is-layout-flow\" style=\"flex-basis:50%\">\n<figure class=\"wp-block-image size-full jaleo-herobox-image wp-duotone-unset-2\"><img decoding=\"async\" width=\"1920\" height=\"1080\" src=\"https:\/\/www.nevadomarbella.com\/wp-content\/uploads\/2024\/10\/townhouse-for-sale-in-marbella-nevado-realty.jpg\" alt=\"casa adosada en venta en Marbella\" class=\"wp-image-18553\" style=\"aspect-ratio:1;object-fit:cover\" srcset=\"https:\/\/www.nevadomarbella.com\/wp-content\/uploads\/2024\/10\/townhouse-for-sale-in-marbella-nevado-realty.jpg 1920w, https:\/\/www.nevadomarbella.com\/wp-content\/uploads\/2024\/10\/townhouse-for-sale-in-marbella-nevado-realty-1600x900.jpg 1600w, https:\/\/www.nevadomarbella.com\/wp-content\/uploads\/2024\/10\/townhouse-for-sale-in-marbella-nevado-realty-1536x864.jpg 1536w\" sizes=\"(max-width: 1920px) 100vw, 1920px\" \/><\/figure>\n<\/div>\n<\/div>\n<\/section>\n\n\n\n<section class=\"wp-block-group alignfull jaleo-heroform is-layout-flow wp-block-group-is-layout-flow\" style=\"margin-bottom:var(--wp--preset--spacing--60);padding-right:var(--wp--preset--spacing--50);padding-left:var(--wp--preset--spacing--50)\">\n<div class=\"wp-block-columns alignwide are-vertically-aligned-center is-layout-flex wp-container-core-columns-is-layout-28f84493 wp-block-columns-is-layout-flex\">\n<div class=\"wp-block-column is-vertically-aligned-center has-global-padding is-layout-constrained wp-block-column-is-layout-constrained\" style=\"flex-basis:50%\">\n<figure class=\"wp-block-image size-full is-style-default wp-duotone-unset-3\"><img decoding=\"async\" width=\"1000\" height=\"1250\" src=\"https:\/\/www.nevadomarbella.com\/wp-content\/uploads\/2024\/09\/gines-garcia-ceo-nevado-realty-marbella.jpg\" alt=\"\" class=\"wp-image-16598\" style=\"aspect-ratio:3\/4;object-fit:cover\"\/><\/figure>\n<\/div>\n\n\n\n<div class=\"wp-block-column is-vertically-aligned-center has-global-padding is-layout-constrained wp-block-column-is-layout-constrained\" style=\"flex-basis:50%\">\n<h2 class=\"wp-block-heading has-x-large-font-size\">\u00bfNO ENCUENTRA LO QUE BUSCA?<\/h2>\n\n\n\n<p>Si no encuentra la adosada de sus sue\u00f1os en Marbella pero sabe lo que quiere, podemos ayudarle. P\u00f3ngase en contacto con nosotros y trataremos de encontrarlo para usted y si no hay ninguna unidad disponible, estaremos al tanto de cualquier pr\u00f3xima propiedad que le pueda interesar.<\/p>\n\n\n<div id=\"wpb__style_container\" class=\"wpb__style_container wpb--container\"><form id=\"property_form\" class=\"wpb--property-form\" action=\"localhost\" method=\"POST\" data-contact=\"property_form\" data-lead-sent-ok=\"Su mensaje ha sido enviado.\" data-sitekey=\"6Lcu70ApAAAAALSclGERBvdFXlfg15po4zMqthx0\">\n\t<input type=\"hidden\" name=\"subject\" value=\"Contacto desde Propiedad \/es\/wp-json\/wp\/v2\/pages\/18549\" \/>\n\t<input type=\"hidden\" name=\"g-recaptcha-response\" value=\"\" \/>\n\t<input type=\"hidden\" name=\"success\" value=\"\/es\/pagina-de-gracias\" \/> \n\t\t<input name=\"name\" type=\"text\" autocomplete=\"off\" placeholder=\"Nombre completo\" required data-error=\"Nombre obligatorio\" \/>\n\t<input name=\"email\" type=\"email\" autocomplete=\"off\" placeholder=\"Email\" required data-error=\"Email obligatorio\" \/>\n\t<input name=\"intphone\" style=\"width: 100%\" type=\"tel\" autocomplete=\"off\" placeholder=\"Tel\u00e9fono\" data-error=\"Los n\u00fameros de tel\u00e9fono deben tener entre 8 y 20 d\u00edgitos\" \/>\n\t<input name=\"source\" type=\"hidden\" value=\"https:\/\/www.nevadomarbella.com\/es\/wp-json\/wp\/v2\/pages\/18549\"\/>\n\t\t<textarea name=\"comment\" rows=\"6\" placeholder=\"Cu\u00e9ntenos lo que busca\"><\/textarea>\n\n\t<div class=\"wpb--custom-checkbox\">\n\t\t<input type=\"checkbox\" id=\"property_form-property_form-customCheck1\" name=\"privacy_policy\" required data-error=\"Campo Obligatorio\" \/>\n\t\t<label for=\"property_form-property_form-customCheck1\">Acepto la  <a href=\"https:\/\/www.nevadomarbella.com\/privacy\" target=\"_blank\">Pol\u00edtica de privacidad<\/a><\/label>\n\t<\/div>\n\t<div class=\"wpb--custom-checkbox\">\n\t\t<input type=\"checkbox\" id=\"property_form-property_form-customCheck2\" name=\"commercial_information\" \/>\n\t\t<label for=\"property_form-property_form-customCheck2\">Acepto recibir informaci\u00f3n por email<\/label>\n\t<\/div>\n\t<button data-ids=\"property_form\" data-lang=\"\" class=\"btn wpb--formbutton g-recaptcha\" type=\"submit\"><span id=\"text-send\">Enviar<\/span> <span id=\"spinner-send\"><\/span><\/button>\n\t<p id=\"result\" class=\"wpb--form-msg\"><\/p>\n<\/form>\n\t<script src=\"https:\/\/www.google.com\/recaptcha\/api.js?render=6Lcu70ApAAAAALSclGERBvdFXlfg15po4zMqthx0&hl=\"><\/script>\n\t<link rel=\"stylesheet\" href=\"https:\/\/cdn.jsdelivr.net\/npm\/intl-tel-input@23.0.10\/build\/css\/intlTelInput.css\">\n\t<script src=\"https:\/\/cdn.jsdelivr.net\/npm\/intl-tel-input@23.0.10\/build\/js\/intlTelInput.min.js\"><\/script>\n\t<script>\n\t\tconst input = document.querySelectorAll(\"[name=intphone]\");\n\t\tif (input.length) {\n\t\t\tlet initialCountry ;\n\t\t\tconst currentLang = document.querySelector(\"html\").getAttribute(\"lang\").split(\"-\")[0];\n\t\t\tswitch (currentLang) {\n\t\t\t\tcase \"en\" : \n\t\t\t\t\tinitialCountry = \"gb\";\n\t\t\t\t\tbreak;\n\t\t\t\tcase \"es\" : \n\t\t\t\t\tinitialCountry = \"es\";\n\t\t\t\t\tbreak;\n\t\t\t\tcase \"fr\":\n\t\t\t\t\tinitialCountry = \"fr\";\n\t\t\t\t\tbreak;\n\t\t\t\tdefault:\n\t\t\t\t\tinitialCountry = \"es\";\n\t\t\t\t\tbreak;\n\t\t\t}\n\t\t\tinput.forEach(function(item) {\n\t\t\t\twindow.intlTelInput(item, {\n\t\t\t\t\tutilsScript: \"https:\/\/cdn.jsdelivr.net\/npm\/intl-tel-input@23.0.10\/build\/js\/utils.js\",\n\t\t\t\t\tinitialCountry: initialCountry,\n\t\t\t\t\thiddenInput: () => ({ phone: \"phone\", country: \"country_code\" }),\n\t\t\t\t\tcountryOrder: [\"gb\", \"se\", \"es\", \"fr\", \"de\"],\n\t\t\t\t\tnationalMode: false,\n\t\t\t\t\tautoHideDialCode: false,\n\t\t\t\t\texcludeCountries: [\"none\"],\n\t\t\t\t\tseparateDialCode: true\n\t\t\t\t})\n\t\t\t});\n\t\t}\n\t<\/script>\n<\/div>\n<\/div>\n<\/div>\n<\/section>\n","protected":false},"excerpt":{"rendered":"<p>\u00daltimas Adosadas EN VENTA EN MARBELLA Encuentre las mejores adosadas en venta en Marbella y alrededores. Hay una gran variedad para elegir, dependiendo de lo que busque, puede elegir entre propiedades junto al mar, en el campo de golf o en comunidades cerradas. Las mejores casas y adosados ofrecen vistas al mar Mediterr\u00e1neo, seguridad 24\/7, [&hellip;]<\/p>\n","protected":false},"author":8,"featured_media":0,"parent":12383,"menu_order":1,"comment_status":"closed","ping_status":"closed","template":"solid-header","meta":{"_acf_changed":false,"footnotes":""},"class_list":["post-18549","page","type-page","status-publish","hentry"],"acf":[],"_links":{"self":[{"href":"https:\/\/www.nevadomarbella.com\/es\/wp-json\/wp\/v2\/pages\/18549","targetHints":{"allow":["GET"]}}],"collection":[{"href":"https:\/\/www.nevadomarbella.com\/es\/wp-json\/wp\/v2\/pages"}],"about":[{"href":"https:\/\/www.nevadomarbella.com\/es\/wp-json\/wp\/v2\/types\/page"}],"author":[{"embeddable":true,"href":"https:\/\/www.nevadomarbella.com\/es\/wp-json\/wp\/v2\/users\/8"}],"replies":[{"embeddable":true,"href":"https:\/\/www.nevadomarbella.com\/es\/wp-json\/wp\/v2\/comments?post=18549"}],"version-history":[{"count":1,"href":"https:\/\/www.nevadomarbella.com\/es\/wp-json\/wp\/v2\/pages\/18549\/revisions"}],"predecessor-version":[{"id":20762,"href":"https:\/\/www.nevadomarbella.com\/es\/wp-json\/wp\/v2\/pages\/18549\/revisions\/20762"}],"up":[{"embeddable":true,"href":"https:\/\/www.nevadomarbella.com\/es\/wp-json\/wp\/v2\/pages\/12383"}],"wp:attachment":[{"href":"https:\/\/www.nevadomarbella.com\/es\/wp-json\/wp\/v2\/media?parent=18549"}],"curies":[{"name":"wp","href":"https:\/\/api.w.org\/{rel}","templated":true}]}}