{"id":17618,"date":"2024-09-11T12:15:19","date_gmt":"2024-10-08T11:55:21","guid":{"rendered":"https:\/\/www.nevadomarbella.com\/?page_id=17618"},"modified":"2025-04-16T15:24:21","modified_gmt":"2025-04-16T13:24:21","slug":"propiedad-en-venta-en-estepona","status":"publish","type":"page","link":"https:\/\/www.nevadomarbella.com\/es\/propiedad-en-venta-en-estepona","title":{"rendered":"Propiedad en venta en Estepona"},"content":{"rendered":"\n<h1 class=\"wp-block-heading has-text-align-center\" style=\"padding-right:0;padding-left:0\">PROPIEDAD EN VENTA EN ESTEPONA<\/h1>\n\n\n\n<section class=\"wp-block-group jaleo-properties-grid is-layout-flow wp-block-group-is-layout-flow\" style=\"margin-top:0;margin-bottom:var(--wp--preset--spacing--60);padding-right:var(--wp--preset--spacing--50);padding-left:var(--wp--preset--spacing--50)\">\n<div class=\"wp-block-group is-layout-flow wp-block-group-is-layout-flow\" style=\"margin-top:var(--wp--preset--spacing--30);padding-top:0;padding-right:0;padding-bottom:0;padding-left:0\">\t<div id=\"wpb__style_container\" class=\"wpb--container\">\r\n\t\t<div class=\"wpb--card-container\">\r\n\t\t\t<div class=\"wpb--card\">\n\t<div class=\"wpb--aspect-box wpb--panoramic\">\n\t\t<a class=\"wpb--stretched-link\" href=\"\/es\/propiedad\/venta-bahia-del-velerin-apartamento-698929\">\n\t\t\t\t\t\t\t<img decoding=\"async\" loading=\"lazy\" class=\"wpb--image-fit\" src=\"https:\/\/www.nevadomarbella.com\/wp-content\/uploads\/inmoba\/thumb-all-0.75-exact-698929.webp\" alt=\"Apartamento en Bah\u00eda del Veler\u00edn Estepona en primera l\u00ednea de playa en venta\" \/>\n\t\t\t\n\t\t\t\t\t<\/a>\n\t<\/div>\n\t<div class=\"wpb--card-body\">\n\t\t<span class=\"wpb--card-body-location\">Bah\u00eda del Veler\u00edn - Estepona Este<\/span>\n\t\t<h3 class=\"wpb--card-title\">\n\t\t\t<a class=\"wpb--stretched-link\" href=\"\/es\/propiedad\/venta-bahia-del-velerin-apartamento-698929\">\n\t\t\t\tApartamento en Bah\u00eda del Veler\u00edn Estepona en primera l\u00ednea de playa en venta\t\t\t<\/a>\n\t\t<\/h3>\n\t\t<div class=\"wpb--card-data\">\n\t\t\t<ul class=\"wpb--card-features\">\n\t\t\t\t\t\t\t\t\t\t<li>3  Dormitorios, <\/li>\n\t\t\t\t\t\t\t\t\t\t<li>2  Ba\u00f1os, <\/li>\n\t\t\t\t\t\t\t\t\t\t<li>122 m&sup2; Const.<\/li>\n\t\t\t\t\t\t\t<\/ul>\n\t\t\t<div class=\"wpb--card-price\">\n\t\t\t\t1.895.000 &euro;<span>163-04631P<\/span>\t\t\t<\/div>\n\t\t<\/div>\n\t<\/div>\n<\/div>\n<div class=\"wpb--card\">\n\t<div class=\"wpb--aspect-box wpb--panoramic\">\n\t\t<a class=\"wpb--stretched-link\" href=\"\/es\/propiedad\/venta-estepona-ciudad-atico-698612\">\n\t\t\t\t\t\t\t<img decoding=\"async\" loading=\"lazy\" class=\"wpb--image-fit\" src=\"https:\/\/www.nevadomarbella.com\/wp-content\/uploads\/inmoba\/thumb-all-0.75-exact-698612.webp\" alt=\"\u00c1tico en Estepona frontal al mar en primera l\u00ednea de playa en venta\" \/>\n\t\t\t\n\t\t\t\t\t<\/a>\n\t<\/div>\n\t<div class=\"wpb--card-body\">\n\t\t<span class=\"wpb--card-body-location\">Estepona Ciudad<\/span>\n\t\t<h3 class=\"wpb--card-title\">\n\t\t\t<a class=\"wpb--stretched-link\" href=\"\/es\/propiedad\/venta-estepona-ciudad-atico-698612\">\n\t\t\t\t\u00c1tico en Estepona frontal al mar en primera l\u00ednea de playa en venta\t\t\t<\/a>\n\t\t<\/h3>\n\t\t<div class=\"wpb--card-data\">\n\t\t\t<ul class=\"wpb--card-features\">\n\t\t\t\t\t\t\t\t\t\t<li>3  Dormitorios, <\/li>\n\t\t\t\t\t\t\t\t\t\t<li>3  Ba\u00f1os, <\/li>\n\t\t\t\t\t\t\t\t\t\t<li>512 m&sup2; Const.<\/li>\n\t\t\t\t\t\t\t<\/ul>\n\t\t\t<div class=\"wpb--card-price\">\n\t\t\t\t6.400.000 &euro;<span>163-04629P-DUP<\/span>\t\t\t<\/div>\n\t\t<\/div>\n\t<\/div>\n<\/div>\n<div class=\"wpb--card\">\n\t<div class=\"wpb--aspect-box wpb--panoramic\">\n\t\t<a class=\"wpb--stretched-link\" href=\"\/es\/propiedad\/venta-estepona-ciudad-apartamento-698497\">\n\t\t\t\t\t\t\t<img decoding=\"async\" loading=\"lazy\" class=\"wpb--image-fit\" src=\"https:\/\/www.nevadomarbella.com\/wp-content\/uploads\/inmoba\/thumb-all-0.75-exact-698497.webp\" alt=\"Apartamento en Estepona frontal al mar en primera l\u00ednea de playa en Estepona\" \/>\n\t\t\t\n\t\t\t\t\t<\/a>\n\t<\/div>\n\t<div class=\"wpb--card-body\">\n\t\t<span class=\"wpb--card-body-location\">Estepona Ciudad<\/span>\n\t\t<h3 class=\"wpb--card-title\">\n\t\t\t<a class=\"wpb--stretched-link\" href=\"\/es\/propiedad\/venta-estepona-ciudad-apartamento-698497\">\n\t\t\t\tApartamento en Estepona frontal al mar en primera l\u00ednea de playa en Estepona\t\t\t<\/a>\n\t\t<\/h3>\n\t\t<div class=\"wpb--card-data\">\n\t\t\t<ul class=\"wpb--card-features\">\n\t\t\t\t\t\t\t\t\t\t<li>3  Dormitorios, <\/li>\n\t\t\t\t\t\t\t\t\t\t<li>3  Ba\u00f1os, <\/li>\n\t\t\t\t\t\t\t\t\t\t<li>297 m&sup2; Const.<\/li>\n\t\t\t\t\t\t\t<\/ul>\n\t\t\t<div class=\"wpb--card-price\">\n\t\t\t\t3.550.000 &euro;<span>163-04628P<\/span>\t\t\t<\/div>\n\t\t<\/div>\n\t<\/div>\n<\/div>\n<div class=\"wpb--card\">\n\t<div class=\"wpb--aspect-box wpb--panoramic\">\n\t\t<a class=\"wpb--stretched-link\" href=\"\/es\/propiedad\/venta-la-cartuja-del-golf-atico-698163\">\n\t\t\t\t\t\t\t<img decoding=\"async\" loading=\"lazy\" class=\"wpb--image-fit\" src=\"https:\/\/www.nevadomarbella.com\/wp-content\/uploads\/inmoba\/thumb-all-0.75-exact-698163.webp\" alt=\"\u00c1tico en La Cartuja, Estepona  en venta\" \/>\n\t\t\t\n\t\t\t\t\t<\/a>\n\t<\/div>\n\t<div class=\"wpb--card-body\">\n\t\t<span class=\"wpb--card-body-location\">La Cartuja del Golf - Estepona Este<\/span>\n\t\t<h3 class=\"wpb--card-title\">\n\t\t\t<a class=\"wpb--stretched-link\" href=\"\/es\/propiedad\/venta-la-cartuja-del-golf-atico-698163\">\n\t\t\t\t\u00c1tico en La Cartuja, Estepona  en venta\t\t\t<\/a>\n\t\t<\/h3>\n\t\t<div class=\"wpb--card-data\">\n\t\t\t<ul class=\"wpb--card-features\">\n\t\t\t\t\t\t\t\t\t\t<li>3  Dormitorios, <\/li>\n\t\t\t\t\t\t\t\t\t\t<li>2  Ba\u00f1os, <\/li>\n\t\t\t\t\t\t\t\t\t\t<li>298 m&sup2; Const.<\/li>\n\t\t\t\t\t\t\t<\/ul>\n\t\t\t<div class=\"wpb--card-price\">\n\t\t\t\t835.000 &euro;<span>163-04626P<\/span>\t\t\t<\/div>\n\t\t<\/div>\n\t<\/div>\n<\/div>\n<div class=\"wpb--card\">\n\t<div class=\"wpb--aspect-box wpb--panoramic\">\n\t\t<a class=\"wpb--stretched-link\" href=\"\/es\/propiedad\/venta-costalita-apartamento-697925\">\n\t\t\t\t\t\t\t<img decoding=\"async\" loading=\"lazy\" class=\"wpb--image-fit\" src=\"https:\/\/www.nevadomarbella.com\/wp-content\/uploads\/inmoba\/thumb-all-0.75-exact-697925.webp\" alt=\"Apartamento en Costalita Estepona en primera l\u00ednea de playa y renovado en venta\" \/>\n\t\t\t\n\t\t\t\t\t<\/a>\n\t<\/div>\n\t<div class=\"wpb--card-body\">\n\t\t<span class=\"wpb--card-body-location\">Costalita - Estepona Este<\/span>\n\t\t<h3 class=\"wpb--card-title\">\n\t\t\t<a class=\"wpb--stretched-link\" href=\"\/es\/propiedad\/venta-costalita-apartamento-697925\">\n\t\t\t\tApartamento en Costalita Estepona en primera l\u00ednea de playa y renovado en venta\t\t\t<\/a>\n\t\t<\/h3>\n\t\t<div class=\"wpb--card-data\">\n\t\t\t<ul class=\"wpb--card-features\">\n\t\t\t\t\t\t\t\t\t\t<li>3  Dormitorios, <\/li>\n\t\t\t\t\t\t\t\t\t\t<li>2  Ba\u00f1os, <\/li>\n\t\t\t\t\t\t\t\t\t\t<li>157 m&sup2; Const.<\/li>\n\t\t\t\t\t\t\t<\/ul>\n\t\t\t<div class=\"wpb--card-price\">\n\t\t\t\t1.495.000 &euro;<span>163-04625P<\/span>\t\t\t<\/div>\n\t\t<\/div>\n\t<\/div>\n<\/div>\n<div class=\"wpb--card\">\n\t<div class=\"wpb--aspect-box wpb--panoramic\">\n\t\t<a class=\"wpb--stretched-link\" href=\"\/es\/propiedad\/venta-estepona-este-villa-697847\">\n\t\t\t\t\t\t\t<img decoding=\"async\" loading=\"lazy\" class=\"wpb--image-fit\" src=\"https:\/\/www.nevadomarbella.com\/wp-content\/uploads\/inmoba\/thumb-all-0.75-exact-697847.webp\" alt=\"Villa en Estepona en primera l\u00ednea de playa con gran parcela en venta\" \/>\n\t\t\t\n\t\t\t\t\t<\/a>\n\t<\/div>\n\t<div class=\"wpb--card-body\">\n\t\t<span class=\"wpb--card-body-location\">Estepona Este<\/span>\n\t\t<h3 class=\"wpb--card-title\">\n\t\t\t<a class=\"wpb--stretched-link\" href=\"\/es\/propiedad\/venta-estepona-este-villa-697847\">\n\t\t\t\tVilla en Estepona en primera l\u00ednea de playa con gran parcela en venta\t\t\t<\/a>\n\t\t<\/h3>\n\t\t<div class=\"wpb--card-data\">\n\t\t\t<ul class=\"wpb--card-features\">\n\t\t\t\t\t\t\t\t\t\t<li>9  Dormitorios, <\/li>\n\t\t\t\t\t\t\t\t\t\t<li>8  Ba\u00f1os, <\/li>\n\t\t\t\t\t\t\t\t\t\t<li>5.828 m&sup2; Parcela, <\/li>\n\t\t\t\t\t\t\t\t\t\t<li>1.926 m&sup2; Const.<\/li>\n\t\t\t\t\t\t\t<\/ul>\n\t\t\t<div class=\"wpb--card-price\">\n\t\t\t\t11.900.000 &euro;<span>163-04623P<\/span>\t\t\t<\/div>\n\t\t<\/div>\n\t<\/div>\n<\/div>\n<div class=\"wpb--card\">\n\t<div class=\"wpb--aspect-box wpb--panoramic\">\n\t\t<a class=\"wpb--stretched-link\" href=\"\/es\/propiedad\/venta-selwo-villa-691801\">\n\t\t\t\t\t\t\t<img decoding=\"async\" loading=\"lazy\" class=\"wpb--image-fit\" src=\"https:\/\/www.nevadomarbella.com\/wp-content\/uploads\/inmoba\/thumb-all-0.75-exact-691801.webp\" alt=\"Villa en Estepona con vistas panor\u00e1micas al mar en venta\" \/>\n\t\t\t\n\t\t\t\t\t<\/a>\n\t<\/div>\n\t<div class=\"wpb--card-body\">\n\t\t<span class=\"wpb--card-body-location\">Selwo - Estepona Este<\/span>\n\t\t<h3 class=\"wpb--card-title\">\n\t\t\t<a class=\"wpb--stretched-link\" href=\"\/es\/propiedad\/venta-selwo-villa-691801\">\n\t\t\t\tVilla en Estepona con vistas panor\u00e1micas al mar en venta\t\t\t<\/a>\n\t\t<\/h3>\n\t\t<div class=\"wpb--card-data\">\n\t\t\t<ul class=\"wpb--card-features\">\n\t\t\t\t\t\t\t\t\t\t<li>5  Dormitorios, <\/li>\n\t\t\t\t\t\t\t\t\t\t<li>5  Ba\u00f1os, <\/li>\n\t\t\t\t\t\t\t\t\t\t<li>2.856 m&sup2; Parcela, <\/li>\n\t\t\t\t\t\t\t\t\t\t<li>522 m&sup2; Const.<\/li>\n\t\t\t\t\t\t\t<\/ul>\n\t\t\t<div class=\"wpb--card-price\">\n\t\t\t\t2.195.000 &euro;<span>163-04611P<\/span>\t\t\t<\/div>\n\t\t<\/div>\n\t<\/div>\n<\/div>\n<div class=\"wpb--card\">\n\t<div class=\"wpb--aspect-box wpb--panoramic\">\n\t\t<a class=\"wpb--stretched-link\" href=\"\/es\/propiedad\/venta-estepona-oeste-apartamento-687360\">\n\t\t\t\t\t\t\t<img decoding=\"async\" loading=\"lazy\" class=\"wpb--image-fit\" src=\"https:\/\/www.nevadomarbella.com\/wp-content\/uploads\/inmoba\/thumb-all-0.75-exact-687360.webp\" alt=\"Apartamento en Estepona con amplia terraza en venta\" \/>\n\t\t\t\n\t\t\t\t\t<\/a>\n\t<\/div>\n\t<div class=\"wpb--card-body\">\n\t\t<span class=\"wpb--card-body-location\">Estepona Oeste<\/span>\n\t\t<h3 class=\"wpb--card-title\">\n\t\t\t<a class=\"wpb--stretched-link\" href=\"\/es\/propiedad\/venta-estepona-oeste-apartamento-687360\">\n\t\t\t\tApartamento en Estepona con amplia terraza en venta\t\t\t<\/a>\n\t\t<\/h3>\n\t\t<div class=\"wpb--card-data\">\n\t\t\t<ul class=\"wpb--card-features\">\n\t\t\t\t\t\t\t\t\t\t<li>3  Dormitorios, <\/li>\n\t\t\t\t\t\t\t\t\t\t<li>2  Ba\u00f1os, <\/li>\n\t\t\t\t\t\t\t\t\t\t<li>204 m&sup2; Const.<\/li>\n\t\t\t\t\t\t\t<\/ul>\n\t\t\t<div class=\"wpb--card-price\">\n\t\t\t\t950.000 &euro;<span>163-04595P-DUP<\/span>\t\t\t<\/div>\n\t\t<\/div>\n\t<\/div>\n<\/div>\n<div class=\"wpb--card\">\n\t<div class=\"wpb--aspect-box wpb--panoramic\">\n\t\t<a class=\"wpb--stretched-link\" href=\"\/es\/propiedad\/venta-estepona-oeste-apartamento-687347\">\n\t\t\t\t\t\t\t<img decoding=\"async\" loading=\"lazy\" class=\"wpb--image-fit\" src=\"https:\/\/www.nevadomarbella.com\/wp-content\/uploads\/inmoba\/thumb-all-0.75-exact-687347.webp\" alt=\"Apartamento en Estepona Oeste con terraza en venta\" \/>\n\t\t\t\n\t\t\t\t\t<\/a>\n\t<\/div>\n\t<div class=\"wpb--card-body\">\n\t\t<span class=\"wpb--card-body-location\">Estepona Oeste<\/span>\n\t\t<h3 class=\"wpb--card-title\">\n\t\t\t<a class=\"wpb--stretched-link\" href=\"\/es\/propiedad\/venta-estepona-oeste-apartamento-687347\">\n\t\t\t\tApartamento en Estepona Oeste con terraza en venta\t\t\t<\/a>\n\t\t<\/h3>\n\t\t<div class=\"wpb--card-data\">\n\t\t\t<ul class=\"wpb--card-features\">\n\t\t\t\t\t\t\t\t\t\t<li>1  Dormitorio, <\/li>\n\t\t\t\t\t\t\t\t\t\t<li>1  Ba\u00f1o, <\/li>\n\t\t\t\t\t\t\t\t\t\t<li>53 m&sup2; Const.<\/li>\n\t\t\t\t\t\t\t<\/ul>\n\t\t\t<div class=\"wpb--card-price\">\n\t\t\t\t290.000 &euro;<span>163-04594P<\/span>\t\t\t<\/div>\n\t\t<\/div>\n\t<\/div>\n<\/div>\n<div class=\"wpb--card\">\n\t<div class=\"wpb--aspect-box wpb--panoramic\">\n\t\t<a class=\"wpb--stretched-link\" href=\"\/es\/propiedad\/venta-mirador-de-estepona-hills-apartamento-686708\">\n\t\t\t\t\t\t\t<img decoding=\"async\" loading=\"lazy\" class=\"wpb--image-fit\" src=\"https:\/\/www.nevadomarbella.com\/wp-content\/uploads\/inmoba\/thumb-all-0.75-exact-686708.webp\" alt=\"Apartamento en Mirador de Estepona Hills con vistas al mar en venta\" \/>\n\t\t\t\n\t\t\t\t\t<\/a>\n\t<\/div>\n\t<div class=\"wpb--card-body\">\n\t\t<span class=\"wpb--card-body-location\">Mirador de Estepona Hills - Altos de Estepona<\/span>\n\t\t<h3 class=\"wpb--card-title\">\n\t\t\t<a class=\"wpb--stretched-link\" href=\"\/es\/propiedad\/venta-mirador-de-estepona-hills-apartamento-686708\">\n\t\t\t\tApartamento en Mirador de Estepona Hills con vistas al mar en venta\t\t\t<\/a>\n\t\t<\/h3>\n\t\t<div class=\"wpb--card-data\">\n\t\t\t<ul class=\"wpb--card-features\">\n\t\t\t\t\t\t\t\t\t\t<li>3  Dormitorios, <\/li>\n\t\t\t\t\t\t\t\t\t\t<li>3  Ba\u00f1os, <\/li>\n\t\t\t\t\t\t\t\t\t\t<li>195 m&sup2; Const.<\/li>\n\t\t\t\t\t\t\t<\/ul>\n\t\t\t<div class=\"wpb--card-price\">\n\t\t\t\t847.000 &euro;<span>163-04590P<\/span>\t\t\t<\/div>\n\t\t<\/div>\n\t<\/div>\n<\/div>\n<div class=\"wpb--card\">\n\t<div class=\"wpb--aspect-box wpb--panoramic\">\n\t\t<a class=\"wpb--stretched-link\" href=\"\/es\/propiedad\/venta-the-island-adosado-682482\">\n\t\t\t\t\t\t\t<img decoding=\"async\" loading=\"lazy\" class=\"wpb--image-fit\" src=\"https:\/\/www.nevadomarbella.com\/wp-content\/uploads\/inmoba\/thumb-all-0.75-exact-682482.webp\" alt=\"Adosada frontal al mar en primera l\u00ednea de playa en Estepona en venta\" \/>\n\t\t\t\n\t\t\t\t\t<\/a>\n\t<\/div>\n\t<div class=\"wpb--card-body\">\n\t\t<span class=\"wpb--card-body-location\">The Island - Estepona Oeste<\/span>\n\t\t<h3 class=\"wpb--card-title\">\n\t\t\t<a class=\"wpb--stretched-link\" href=\"\/es\/propiedad\/venta-the-island-adosado-682482\">\n\t\t\t\tAdosada frontal al mar en primera l\u00ednea de playa en Estepona en venta\t\t\t<\/a>\n\t\t<\/h3>\n\t\t<div class=\"wpb--card-data\">\n\t\t\t<ul class=\"wpb--card-features\">\n\t\t\t\t\t\t\t\t\t\t<li>3  Dormitorios, <\/li>\n\t\t\t\t\t\t\t\t\t\t<li>4  Ba\u00f1os, <\/li>\n\t\t\t\t\t\t\t\t\t\t<li>364 m&sup2; Const.<\/li>\n\t\t\t\t\t\t\t<\/ul>\n\t\t\t<div class=\"wpb--card-price\">\n\t\t\t\t3.450.000 &euro;<span>163-04583P<\/span>\t\t\t<\/div>\n\t\t<\/div>\n\t<\/div>\n<\/div>\n<div class=\"wpb--card\">\n\t<div class=\"wpb--aspect-box wpb--panoramic\">\n\t\t<a class=\"wpb--stretched-link\" href=\"\/es\/propiedad\/venta-el-campanario-villa-682346\">\n\t\t\t\t\t\t\t<img decoding=\"async\" loading=\"lazy\" class=\"wpb--image-fit\" src=\"https:\/\/www.nevadomarbella.com\/wp-content\/uploads\/inmoba\/thumb-all-0.75-exact-682346.webp\" alt=\"Villa junto a campo de golf en Estepona en venta\" \/>\n\t\t\t\n\t\t\t\t\t<\/a>\n\t<\/div>\n\t<div class=\"wpb--card-body\">\n\t\t<span class=\"wpb--card-body-location\">El Campanario - Estepona Este<\/span>\n\t\t<h3 class=\"wpb--card-title\">\n\t\t\t<a class=\"wpb--stretched-link\" href=\"\/es\/propiedad\/venta-el-campanario-villa-682346\">\n\t\t\t\tVilla junto a campo de golf en Estepona en venta\t\t\t<\/a>\n\t\t<\/h3>\n\t\t<div class=\"wpb--card-data\">\n\t\t\t<ul class=\"wpb--card-features\">\n\t\t\t\t\t\t\t\t\t\t<li>5  Dormitorios, <\/li>\n\t\t\t\t\t\t\t\t\t\t<li>6  Ba\u00f1os, <\/li>\n\t\t\t\t\t\t\t\t\t\t<li>401 m&sup2; Parcela, <\/li>\n\t\t\t\t\t\t\t\t\t\t<li>458 m&sup2; Const.<\/li>\n\t\t\t\t\t\t\t<\/ul>\n\t\t\t<div class=\"wpb--card-price\">\n\t\t\t\t1.950.000 &euro;<span>163-04581P<\/span>\t\t\t<\/div>\n\t\t<\/div>\n\t<\/div>\n<\/div>\n\t\t<\/div>\r\n\t\t<!-- Go to the full list -->\r\n\t\t\t\t<div class=\"wpb--center\">\r\n\t\t\t<a class=\"wpb--btn-outline\" href=\"\/es\/propiedad-en-venta-en-marbella?f=sale&c=c11\">Ver m\u00e1s<\/a>\r\n\t\t<\/div>\r\n\t\t\t<\/div>\r\n\n<\/div>\n<\/section>\n\n\n\n<div class=\"wp-block-group has-global-padding is-layout-constrained wp-block-group-is-layout-constrained\" style=\"margin-bottom:var(--wp--preset--spacing--50)\">\n<p style=\"padding-top:var(--wp--preset--spacing--20);padding-right:var(--wp--preset--spacing--50);padding-bottom:var(--wp--preset--spacing--20);padding-left:var(--wp--preset--spacing--50)\">Estepona es una pintoresca ciudad situada en la Costa del Sol, en el sur de Espa\u00f1a, conocida por su mezcla de encanto tradicional andaluz e instalaciones modernas. Las propiedades en venta en Estepona est\u00e1n muy solicitadas y la demanda supera a la disponibilidad. Situado entre Marbella y Sotogrande, Estepona cuenta con una impresionante costa, hermosas playas de arena, y un centro hist\u00f3rico bien conservado lleno de edificios encalados, calles bordeadas de flores, y plazas vibrantes.<\/p>\n<\/div>\n\n\n\n<section class=\"wp-block-group alignfull jaleo-herobox-group wide right has-shell-background-color has-background is-layout-flow wp-block-group-is-layout-flow\" style=\"margin-top:0;margin-bottom:var(--wp--preset--spacing--60);padding-right:var(--wp--preset--spacing--50);padding-left:var(--wp--preset--spacing--50)\">\n<div class=\"wp-block-columns alignwide are-vertically-aligned-center jaleo-herobox-columns is-layout-flex wp-container-core-columns-is-layout-2e289adc wp-block-columns-is-layout-flex\" style=\"padding-top:0;padding-right:0;padding-bottom:0;padding-left:0\">\n<div class=\"wp-block-column is-vertically-aligned-center jaleo-herobox-content is-layout-flow wp-block-column-is-layout-flow\" style=\"padding-right:0;flex-basis:50%\">\n<div class=\"wp-block-group has-global-padding is-content-justification-right is-layout-constrained wp-container-core-group-is-layout-d74be48a wp-block-group-is-layout-constrained\" style=\"margin-top:0;margin-bottom:0;padding-top:0;padding-right:var(--wp--preset--spacing--30);padding-left:var(--wp--preset--spacing--30)\">\n<h2 class=\"wp-block-heading\" style=\"margin-bottom:var(--wp--preset--spacing--40);font-style:normal;font-weight:400;text-transform:uppercase\"><a href=\"ESTEPONA: EL CORAZ\u00d3N DE LA CULTURA ANDALUZA Y LA FELICIDAD COSTERA\">Estepona: el coraz\u00f3n de la cultura y la alegr\u00eda andaluzas<\/a><\/h2>\n\n\n\n<p>Enclavada en la soleada Costa del Sol, Estepona ofrece una mezcla perfecta de tradici\u00f3n andaluza y serenidad junto al mar. Los visitantes pueden pasear por las estrechas callejuelas del casco antiguo, adornadas con coloridas macetas, donde los artesanos locales y las tiendas familiares ofrecen una visi\u00f3n de la artesan\u00eda de la regi\u00f3n. Por supuesto, abundan los restaurantes de primer nivel en diversas zonas. Se trata de una ciudad encantadora y animada durante todo el a\u00f1o. La demanda de propiedades en Estepona ha crecido considerablemente, convirti\u00e9ndola en uno de los lugares m\u00e1s deseados fuera de Marbella.<\/p>\n<\/div>\n<\/div>\n\n\n\n<div class=\"wp-block-column is-vertically-aligned-center jaleo-herobox-column is-layout-flow wp-block-column-is-layout-flow\" style=\"flex-basis:50%\">\n<figure class=\"wp-block-image size-full jaleo-herobox-image wp-duotone-unset-1\"><img decoding=\"async\" width=\"1280\" height=\"1280\" src=\"https:\/\/www.nevadomarbella.com\/wp-content\/uploads\/2025\/01\/estepona-city-centre-nevado-realty-marbella.webp\" alt=\"Estepona, centro de la ciudad\" class=\"wp-image-19462\" style=\"aspect-ratio:1;object-fit:cover\"\/><\/figure>\n<\/div>\n<\/div>\n<\/section>\n\n\n\n<section class=\"wp-block-group alignfull jaleo-heroform is-layout-flow wp-block-group-is-layout-flow\" style=\"margin-bottom:var(--wp--preset--spacing--60);padding-right:var(--wp--preset--spacing--50);padding-left:var(--wp--preset--spacing--50)\">\n<div class=\"wp-block-columns alignwide are-vertically-aligned-center is-layout-flex wp-container-core-columns-is-layout-28f84493 wp-block-columns-is-layout-flex\">\n<div class=\"wp-block-column is-vertically-aligned-center has-global-padding is-layout-constrained wp-block-column-is-layout-constrained\" style=\"flex-basis:50%\">\n<figure class=\"wp-block-image size-full is-style-default wp-duotone-unset-2\"><img decoding=\"async\" width=\"1000\" height=\"1250\" src=\"https:\/\/www.nevadomarbella.com\/wp-content\/uploads\/2025\/01\/gines-garcia-morillo-ceo-de-nevado-realty.webp\" alt=\"Gin\u00e9s Garc\u00eda, CEO de Nevado Realty\" class=\"wp-image-19501\"\/><\/figure>\n<\/div>\n\n\n\n<div class=\"wp-block-column is-vertically-aligned-center has-global-padding is-layout-constrained wp-block-column-is-layout-constrained\" style=\"flex-basis:50%\">\n<h2 class=\"wp-block-heading has-x-large-font-size\">\u00bfNO ENCUENTRA LO QUE BUSCA?<\/h2>\n\n\n\n<p>Si no encuentra la propiedad de sus sue\u00f1os en Estepona pero sabe lo que quiere, podemos ayudarle. P\u00f3ngase en contacto con nosotros y trataremos de encontrarlo para usted y si no hay ninguna unidad disponible, estaremos al tanto de cualquier pr\u00f3xima propiedad que le pueda interesar.<\/p>\n\n\n<div id=\"wpb__style_container\" class=\"wpb__style_container wpb--container\"><form id=\"property_form\" class=\"wpb--property-form\" action=\"localhost\" method=\"POST\" data-contact=\"property_form\" data-lead-sent-ok=\"Su mensaje ha sido enviado.\" data-sitekey=\"6Lcu70ApAAAAALSclGERBvdFXlfg15po4zMqthx0\">\n\t<input type=\"hidden\" name=\"subject\" value=\"Contacto desde Propiedad \/es\/wp-json\/wp\/v2\/pages\/17618\" \/>\n\t<input type=\"hidden\" name=\"g-recaptcha-response\" value=\"\" \/>\n\t<input type=\"hidden\" name=\"success\" value=\"\/es\/pagina-de-gracias\" \/> \n\t\t<input name=\"name\" type=\"text\" autocomplete=\"off\" placeholder=\"Nombre completo\" required data-error=\"Nombre obligatorio\" \/>\n\t<input name=\"email\" type=\"email\" autocomplete=\"off\" placeholder=\"Email\" required data-error=\"Email obligatorio\" \/>\n\t<input name=\"intphone\" style=\"width: 100%\" type=\"tel\" autocomplete=\"off\" placeholder=\"Tel\u00e9fono\" data-error=\"Los n\u00fameros de tel\u00e9fono deben tener entre 8 y 20 d\u00edgitos\" \/>\n\t<input name=\"source\" type=\"hidden\" value=\"https:\/\/www.nevadomarbella.com\/es\/wp-json\/wp\/v2\/pages\/17618\"\/>\n\t\t<textarea name=\"comment\" rows=\"6\" placeholder=\"Cu\u00e9ntenos lo que busca\"><\/textarea>\n\n\t<div class=\"wpb--custom-checkbox\">\n\t\t<input type=\"checkbox\" id=\"property_form-property_form-customCheck1\" name=\"privacy_policy\" required data-error=\"Campo Obligatorio\" \/>\n\t\t<label for=\"property_form-property_form-customCheck1\">Acepto la  <a href=\"https:\/\/www.nevadomarbella.com\/privacy\" target=\"_blank\">Pol\u00edtica de privacidad<\/a><\/label>\n\t<\/div>\n\t<div class=\"wpb--custom-checkbox\">\n\t\t<input type=\"checkbox\" id=\"property_form-property_form-customCheck2\" name=\"commercial_information\" \/>\n\t\t<label for=\"property_form-property_form-customCheck2\">Acepto recibir informaci\u00f3n por email<\/label>\n\t<\/div>\n\t<button data-ids=\"property_form\" data-lang=\"\" class=\"btn wpb--formbutton g-recaptcha\" type=\"submit\"><span id=\"text-send\">Enviar<\/span> <span id=\"spinner-send\"><\/span><\/button>\n\t<p id=\"result\" class=\"wpb--form-msg\"><\/p>\n<\/form>\n\t<script src=\"https:\/\/www.google.com\/recaptcha\/api.js?render=6Lcu70ApAAAAALSclGERBvdFXlfg15po4zMqthx0&hl=\"><\/script>\n\t<link rel=\"stylesheet\" href=\"https:\/\/cdn.jsdelivr.net\/npm\/intl-tel-input@23.0.10\/build\/css\/intlTelInput.css\">\n\t<script src=\"https:\/\/cdn.jsdelivr.net\/npm\/intl-tel-input@23.0.10\/build\/js\/intlTelInput.min.js\"><\/script>\n\t<script>\n\t\tconst input = document.querySelectorAll(\"[name=intphone]\");\n\t\tif (input.length) {\n\t\t\tlet initialCountry ;\n\t\t\tconst currentLang = document.querySelector(\"html\").getAttribute(\"lang\").split(\"-\")[0];\n\t\t\tswitch (currentLang) {\n\t\t\t\tcase \"en\" : \n\t\t\t\t\tinitialCountry = \"gb\";\n\t\t\t\t\tbreak;\n\t\t\t\tcase \"es\" : \n\t\t\t\t\tinitialCountry = \"es\";\n\t\t\t\t\tbreak;\n\t\t\t\tcase \"fr\":\n\t\t\t\t\tinitialCountry = \"fr\";\n\t\t\t\t\tbreak;\n\t\t\t\tdefault:\n\t\t\t\t\tinitialCountry = \"es\";\n\t\t\t\t\tbreak;\n\t\t\t}\n\t\t\tinput.forEach(function(item) {\n\t\t\t\twindow.intlTelInput(item, {\n\t\t\t\t\tutilsScript: \"https:\/\/cdn.jsdelivr.net\/npm\/intl-tel-input@23.0.10\/build\/js\/utils.js\",\n\t\t\t\t\tinitialCountry: initialCountry,\n\t\t\t\t\thiddenInput: () => ({ phone: \"phone\", country: \"country_code\" }),\n\t\t\t\t\tcountryOrder: [\"gb\", \"se\", \"es\", \"fr\", \"de\"],\n\t\t\t\t\tnationalMode: false,\n\t\t\t\t\tautoHideDialCode: false,\n\t\t\t\t\texcludeCountries: [\"none\"],\n\t\t\t\t\tseparateDialCode: true\n\t\t\t\t})\n\t\t\t});\n\t\t}\n\t<\/script>\n<\/div>\n<\/div>\n<\/div>\n<\/section>\n","protected":false},"excerpt":{"rendered":"<p>PROPIEDAD EN VENTA EN ESTEPONA Estepona es una pintoresca ciudad situada en la Costa del Sol, en el sur de Espa\u00f1a, conocida por su mezcla de encanto tradicional andaluz e instalaciones modernas. Las propiedades en venta en Estepona est\u00e1n muy solicitadas y la demanda supera a la disponibilidad. Situado entre Marbella y Sotogrande, Estepona cuenta [&hellip;]<\/p>\n","protected":false},"author":8,"featured_media":0,"parent":0,"menu_order":7,"comment_status":"closed","ping_status":"closed","template":"solid-header","meta":{"_acf_changed":false,"footnotes":""},"class_list":["post-17618","page","type-page","status-publish","hentry"],"acf":[],"_links":{"self":[{"href":"https:\/\/www.nevadomarbella.com\/es\/wp-json\/wp\/v2\/pages\/17618","targetHints":{"allow":["GET"]}}],"collection":[{"href":"https:\/\/www.nevadomarbella.com\/es\/wp-json\/wp\/v2\/pages"}],"about":[{"href":"https:\/\/www.nevadomarbella.com\/es\/wp-json\/wp\/v2\/types\/page"}],"author":[{"embeddable":true,"href":"https:\/\/www.nevadomarbella.com\/es\/wp-json\/wp\/v2\/users\/8"}],"replies":[{"embeddable":true,"href":"https:\/\/www.nevadomarbella.com\/es\/wp-json\/wp\/v2\/comments?post=17618"}],"version-history":[{"count":1,"href":"https:\/\/www.nevadomarbella.com\/es\/wp-json\/wp\/v2\/pages\/17618\/revisions"}],"predecessor-version":[{"id":20071,"href":"https:\/\/www.nevadomarbella.com\/es\/wp-json\/wp\/v2\/pages\/17618\/revisions\/20071"}],"wp:attachment":[{"href":"https:\/\/www.nevadomarbella.com\/es\/wp-json\/wp\/v2\/media?parent=17618"}],"curies":[{"name":"wp","href":"https:\/\/api.w.org\/{rel}","templated":true}]}}