{"id":16478,"date":"2024-09-11T12:15:19","date_gmt":"2024-09-11T10:15:19","guid":{"rendered":"https:\/\/www.nevadomarbella.com\/?page_id=16478"},"modified":"2025-02-18T12:21:20","modified_gmt":"2025-02-18T11:21:20","slug":"conozca-nevado-realty","status":"publish","type":"page","link":"https:\/\/www.nevadomarbella.com\/es\/conozca-nevado-realty","title":{"rendered":"conozca nevado Realty"},"content":{"rendered":"\n<div class=\"wp-block-group has-global-padding is-layout-constrained wp-block-group-is-layout-constrained\" style=\"margin-top:0\">\n<h1 class=\"wp-block-heading has-text-align-left\">conozca <strong>nevado Realty<\/strong><\/h1>\n\n\n\n<p class=\"has-text-align-left\">Nevado Realty es una <strong>agencia inmobiliaria l\u00edder en Marbella desde 1994<\/strong>. Con un enfoque en propiedades de lujo en el coraz\u00f3n de Marbella y la Milla de Oro, ofrecemos una <strong>selecci\u00f3n de listados excepcionales y \u00fanicos<\/strong>. Explore con Nevado Realty para encontrar los mejores inmuebles cerca de la playa, as\u00ed como propiedades situadas cerca de los mejores hoteles y<strong> en las zonas m\u00e1s solicitadas de Marbella y sus alrededores<\/strong>.<\/p>\n\n\n\n<div class=\"wp-block-cover alignwide is-light\" style=\"min-height:700px;aspect-ratio:unset;\"><span aria-hidden=\"true\" class=\"wp-block-cover__background has-background-dim-0 has-background-dim\" style=\"background-color:#a99e93\"><\/span><img decoding=\"async\" width=\"1920\" height=\"1080\" class=\"wp-block-cover__image-background wp-image-19621\" alt=\"Foto del equipo Nevado en la recepci\u00f3n de la oficina\" src=\"https:\/\/www.nevadomarbella.com\/wp-content\/uploads\/2025\/01\/foto-equipo-en-recepcion.webp\" data-object-fit=\"cover\"\/><div class=\"wp-block-cover__inner-container is-layout-flow wp-block-cover-is-layout-flow\">\n<p class=\"has-text-align-center has-large-font-size\"><\/p>\n<\/div><\/div>\n\n\n\n<h2 class=\"wp-block-heading has-text-align-left\">nevado realty &#8211; pasi\u00f3n por la inmobiliaria<\/h2>\n\n\n\n<p>Somos un <strong>equipo de profesionales inmobiliarios experimentados<\/strong> dedicados a servir a nuestros clientes. Si usted est\u00e1 comprando o vendiendo, nuestro equipo de expertos est\u00e1 aqu\u00ed para apoyarle en cada paso del camino. <\/p>\n\n\n\n<p>Cada miembro de nuestro equipo comparte una pasi\u00f3n genuina por los bienes ra\u00edces y se compromete a acompa\u00f1arle a lo largo de su viaje. Nuestro enfoque es personalizado: escuchamos, comprendemos y nos esforzamos por superar sus expectativas. Con nuestra amplia experiencia, <strong>podemos identificar oportunidades \u00fanicas tanto para vender como para comprar<\/strong>. <\/p>\n\n\n\n<p>Creemos en los valores de confianza, transparencia y dedicaci\u00f3n, que forman la base de Nevado Realty. Encontrar\u00e1 no s\u00f3lo expertos, sino tambi\u00e9n personas atentas y deseosas de ayudarle en todos los aspectos de la compra o venta de propiedades en Marbella. <\/p>\n\n\n\n<p><strong>Nuestro objetivo es proporcionarle orientaci\u00f3n profesional y un toque personal<\/strong>, garantizando que se sienta seguro y tranquilo con cada decisi\u00f3n que tome. Le invitamos a conocernos y a ver c\u00f3mo <strong>Nevado Realty puede hacer de su b\u00fasqueda de vivienda un viaje \u00fanico y emocionante<\/strong>.<\/p>\n\n\n\n<div class=\"wp-block-group alignfull has-global-padding is-layout-constrained wp-block-group-is-layout-constrained\" id=\"team\" style=\"margin-top:0;margin-bottom:var(--wp--preset--spacing--50);padding-top:var(--wp--preset--spacing--30);padding-bottom:var(--wp--preset--spacing--30)\">\n<section class=\"wp-block-group alignfull jaleo-herobox-group wide right has-shell-background-color has-background has-global-padding is-layout-constrained wp-container-core-group-is-layout-af8d0820 wp-block-group-is-layout-constrained\" style=\"margin-top:var(--wp--preset--spacing--50);margin-bottom:var(--wp--preset--spacing--50);padding-right:0;padding-left:0\">\n<div class=\"wp-block-columns alignwide are-vertically-aligned-top jaleo-herobox-columns is-layout-flex wp-container-core-columns-is-layout-2e289adc wp-block-columns-is-layout-flex\" style=\"padding-top:0;padding-right:0;padding-bottom:0;padding-left:0\">\n<div class=\"wp-block-column is-vertically-aligned-top jaleo-herobox-content is-layout-flow wp-block-column-is-layout-flow\" style=\"padding-right:0;flex-basis:50%\">\n<div class=\"wp-block-group has-global-padding is-content-justification-right is-layout-constrained wp-container-core-group-is-layout-e524743c wp-block-group-is-layout-constrained\" style=\"margin-top:0;margin-bottom:0;padding-top:0;padding-right:0;padding-left:0\">\n<h2 class=\"wp-block-heading has-text-align-left\" style=\"margin-top:0;margin-bottom:var(--wp--preset--spacing--10);text-transform:uppercase\"><a href=\"https:\/\/www.nevadomarbella.com\/es\/gines-garcia-morillo-ceo-nevado-realty\">Gin\u00e9s Garc\u00eda<\/a><\/h2>\n\n\n\n<p class=\"has-text-align-left\" style=\"letter-spacing:2px\"><em>CEO\/PROPIETARIO<\/em><\/p>\n\n\n\n<p class=\"has-text-align-left\">L\u00edder de la empresa y conocido en el sector por su <strong>profesionalidad y excelente relaci\u00f3n con los agentes inmobiliarios de la zona<\/strong>. Es un experto con <strong>30 a\u00f1os en el mercado inmobiliario de luj<\/strong>o en Marbella. Habla <strong>espa\u00f1ol, ingl\u00e9s y franc\u00e9s<\/strong>. <\/p>\n\n\n\n<p class=\"has-text-align-left\">\u00abNacido en Marbella y <strong>apasionado de esta hermosa ciudad<\/strong>. Con 30 a\u00f1os de experiencia en el sector inmobiliario, dirijo Nevado Realty. Trato de asegurar el reconocimiento y la probada reputaci\u00f3n de nuestra empresa inmobiliaria. Una<strong> reputaci\u00f3n forjada por a\u00f1os de duro trabajo entre clientes y colegas<\/strong> del sector desde su fundaci\u00f3n en enero de 1994&#8243;.<\/p>\n\n\n\n<p class=\"has-text-align-left\">Nevado Realty ofrece profesionalidad, discreci\u00f3n y atenci\u00f3n al detalle y los deseos y necesidades de cada cliente. Trato personalizado en cada compraventa, en cada alquiler y en cada gesti\u00f3n. Este es el esp\u00edritu de nuestro trabajo y la forma en que nuestros clientes nos identifican.<\/p>\n\n\n\n<div class=\"wp-block-buttons is-content-justification-left is-layout-flex wp-container-core-buttons-is-layout-0bc89592 wp-block-buttons-is-layout-flex\" style=\"margin-top:var(--wp--preset--spacing--40)\">\n<div class=\"wp-block-button has-custom-font-size is-style-outline has-ultrasmall-font-size is-style-outline--1\"><a class=\"wp-block-button__link wp-element-button\" href=\"mailto:gines@nevadomarbella.com\">email<\/a><\/div>\n\n\n\n<div class=\"wp-block-button has-custom-font-size button-alternative is-style-outline has-ultrasmall-font-size is-style-outline--2\"><a class=\"wp-block-button__link wp-element-button\" href=\"tel:+34607779747\">Tel\u00e9fono<\/a><\/div>\n\n\n\n<div class=\"wp-block-button has-custom-font-size button-alternative is-style-outline has-ultrasmall-font-size is-style-outline--3\"><a class=\"wp-block-button__link wp-element-button\" href=\"http:\/\/wa.me\/+34607779747\" target=\"_blank\" rel=\"noopener\">whatsapp<\/a><\/div>\n\n\n\n<div class=\"wp-block-button has-custom-font-size button-alternative is-style-outline has-ultrasmall-font-size is-style-outline--4\"><a class=\"wp-block-button__link wp-element-button\" href=\"https:\/\/www.nevadomarbella.com\/es\/gines-garcia-morillo-ceo-nevado-realty\">saber m\u00e1s<\/a><\/div>\n<\/div>\n<\/div>\n<\/div>\n\n\n\n<div class=\"wp-block-column is-vertically-aligned-top jaleo-herobox-column is-layout-flow wp-block-column-is-layout-flow\" style=\"flex-basis:50%\">\n<figure class=\"wp-block-image size-full jaleo-herobox-image wp-duotone-unset-5\"><a href=\"https:\/\/www.nevadomarbella.com\/es\/gines-garcia-morillo-ceo-nevado-realty\"><img decoding=\"async\" width=\"1000\" height=\"1250\" src=\"https:\/\/www.nevadomarbella.com\/wp-content\/uploads\/2025\/01\/gines-garcia-morillo-ceo-de-nevado-realty.webp\" alt=\"Gin\u00e9s Garc\u00eda, CEO de Nevado Realty\" class=\"wp-image-19501\" style=\"aspect-ratio:3\/4;object-fit:contain\"\/><\/a><\/figure>\n<\/div>\n<\/div>\n<\/section>\n\n\n\n<h2 class=\"wp-block-heading has-text-align-center has-contrast-2-color has-text-color has-link-color wp-elements-d8e76b2c681b41f7e64e041fa178d395\">conozca a nuestro equipo<\/h2>\n\n\n\n<div class=\"wp-block-columns alignwide is-layout-flex wp-container-core-columns-is-layout-c3317e1f wp-block-columns-is-layout-flex\" style=\"margin-top:var(--wp--preset--spacing--40);padding-right:0;padding-left:0\">\n<div class=\"wp-block-column is-layout-flow wp-block-column-is-layout-flow\">\n<figure class=\"wp-block-image size-full has-custom-border wp-duotone-duotone-2\"><a href=\"https:\/\/www.nevadomarbella.com\/es\/yolanda-garaicoechea-agente-ventas-nevado-realty\"><img decoding=\"async\" width=\"750\" height=\"1000\" src=\"https:\/\/www.nevadomarbella.com\/wp-content\/uploads\/2025\/01\/yolanda-copia.webp\" alt=\"Yolanda Garaicoechea, agente de ventas en Nevado Realty\" class=\"wp-image-19681\" style=\"border-radius:0px;aspect-ratio:3\/4;object-fit:cover\"\/><\/a><\/figure>\n\n\n\n<h3 class=\"wp-block-heading has-text-align-left is-style-default has-large-font-size\" style=\"margin-top:var(--wp--preset--spacing--20);margin-bottom:0;padding-top:0;padding-bottom:0\"><a href=\"https:\/\/www.nevadomarbella.com\/es\/yolanda-garaicoechea-agente-ventas-nevado-realty\">Yolanda garaicoechea<\/a><\/h3>\n\n\n\n<p class=\"has-ultrasmall-font-size\" style=\"margin-top:0;margin-bottom:0;padding-top:0;padding-bottom:0\"><em>Agente de ventas senior<\/em><\/p>\n\n\n\n<p class=\"has-small-font-size\">Email: <a href=\"mailto:yolanda@nevadomarbella.com\">yolanda@nevadomarbella.com<\/a> <br>Phone:&nbsp;<a href=\"tel:+34699430930\" data-type=\"tel\" data-id=\"tel:+34699430930\">+34 699 43 09 30<\/a><\/p>\n<\/div>\n\n\n\n<div class=\"wp-block-column is-layout-flow wp-block-column-is-layout-flow\">\n<figure class=\"wp-block-image size-full has-custom-border wp-duotone-duotone-2\"><a href=\"https:\/\/www.nevadomarbella.com\/es\/alicia-lorenzo-agente-ventas-nevado-realty\"><img decoding=\"async\" width=\"750\" height=\"1000\" src=\"https:\/\/www.nevadomarbella.com\/wp-content\/uploads\/2025\/01\/alicia-copia.webp\" alt=\"Alicia Lorenzo, agente de ventas en Nevado Realty\" class=\"wp-image-19641\" style=\"border-radius:0px;aspect-ratio:3\/4;object-fit:cover\"\/><\/a><\/figure>\n\n\n\n<h3 class=\"wp-block-heading has-text-align-left is-style-default has-large-font-size\" style=\"margin-top:var(--wp--preset--spacing--20);margin-bottom:0;padding-top:0;padding-bottom:0\"><a href=\"https:\/\/www.nevadomarbella.com\/es\/alicia-lorenzo-agente-ventas-nevado-realty\">alicia lorenzo<\/a><\/h3>\n\n\n\n<p class=\"has-ultrasmall-font-size\" style=\"margin-top:0;margin-bottom:0;padding-top:0;padding-bottom:0\"><em><em>Agente de ventas senior<\/em><\/em><\/p>\n\n\n\n<p class=\"has-small-font-size\">Email: <a href=\"mailto:alicia@nevadomarbella.com\">alicia@nevadomarbella.com<\/a> <br>Phone:&nbsp;<a href=\"tel:+34637505840\">+34 637 50 58 40<\/a><\/p>\n<\/div>\n\n\n\n<div class=\"wp-block-column is-layout-flow wp-block-column-is-layout-flow\">\n<figure class=\"wp-block-image size-full has-custom-border wp-duotone-duotone-2\"><a href=\"https:\/\/www.nevadomarbella.com\/es\/maria-torres-agente-ventas-nevado-realty\"><img decoding=\"async\" width=\"1200\" height=\"1500\" src=\"https:\/\/www.nevadomarbella.com\/wp-content\/uploads\/2025\/01\/maria-torres-agente-ventas-nevado-realty-marbella-copia.webp\" alt=\"\" class=\"wp-image-19836\" style=\"border-radius:0px;aspect-ratio:3\/4;object-fit:cover\"\/><\/a><\/figure>\n\n\n\n<h3 class=\"wp-block-heading has-text-align-left is-style-default has-large-font-size\" style=\"margin-top:var(--wp--preset--spacing--20);margin-bottom:0;padding-top:0;padding-bottom:0\"><a href=\"https:\/\/www.nevadomarbella.com\/es\/maria-torres-agente-ventas-nevado-realty\">Mar\u00eda torres<\/a><\/h3>\n\n\n\n<p class=\"has-ultrasmall-font-size\" style=\"margin-top:0;margin-bottom:0;padding-top:0;padding-bottom:0\"><em>Ventas y alquiler<\/em><\/p>\n\n\n\n<p class=\"has-small-font-size\">Email: <a href=\"mailto:maria@nevadomarbella.com\">maria@nevadomarbella.com<\/a> <br>Phone:&nbsp;<a href=\"tel:+34691596838\">+34 691 59 68 38<\/a><\/p>\n<\/div>\n<\/div>\n\n\n\n<div class=\"wp-block-columns alignwide is-layout-flex wp-container-core-columns-is-layout-c3317e1f wp-block-columns-is-layout-flex\" style=\"margin-top:var(--wp--preset--spacing--40);padding-right:0;padding-left:0\">\n<div class=\"wp-block-column is-layout-flow wp-block-column-is-layout-flow\">\n<figure class=\"wp-block-image size-full has-custom-border wp-duotone-duotone-2\"><a href=\"https:\/\/www.nevadomarbella.com\/es\/loreto-lerones-agente-ventas-nevado-realty\"><img decoding=\"async\" width=\"750\" height=\"1000\" src=\"https:\/\/www.nevadomarbella.com\/wp-content\/uploads\/2025\/01\/loreto-copia.webp\" alt=\"Loreto Lerones, agente de ventas y alquiler en Nevado Realty\" class=\"wp-image-19661\" style=\"border-radius:0px;aspect-ratio:3\/4;object-fit:cover\"\/><\/a><\/figure>\n\n\n\n<h3 class=\"wp-block-heading has-text-align-left is-style-default has-large-font-size\" style=\"margin-top:var(--wp--preset--spacing--20);margin-bottom:0;padding-top:0;padding-bottom:0\"><a href=\"https:\/\/www.nevadomarbella.com\/es\/loreto-lerones-agente-ventas-nevado-realty\">loreto lerones<\/a><\/h3>\n\n\n\n<p class=\"has-ultrasmall-font-size\" style=\"margin-top:0;margin-bottom:0;padding-top:0;padding-bottom:0\"><em>Ventas y alquiler<\/em><\/p>\n\n\n\n<p class=\"has-small-font-size\">Email: <a href=\"mailto:loreto@nevadomarbella.com\">loreto@nevadomarbella.com<\/a> <br>Phone:&nbsp;<a href=\"tel:+34655527859\" data-type=\"tel\" data-id=\"tel:+34655527859\">+34 655 52 78 59<\/a><\/p>\n<\/div>\n\n\n\n<div class=\"wp-block-column is-layout-flow wp-block-column-is-layout-flow\">\n<figure class=\"wp-block-image size-full has-custom-border wp-duotone-duotone-2\"><a href=\"https:\/\/www.nevadomarbella.com\/es\/elisa-rodriguez-agente-ventas-nevado-realty\"><img decoding=\"async\" width=\"750\" height=\"1000\" src=\"https:\/\/www.nevadomarbella.com\/wp-content\/uploads\/2025\/01\/eli-copia.webp\" alt=\"Elisa Rodr\u00edguez, agente de ventas y alquiler en Nevado Realty\" class=\"wp-image-19645\" style=\"border-radius:0px;aspect-ratio:3\/4;object-fit:cover\"\/><\/a><\/figure>\n\n\n\n<h3 class=\"wp-block-heading has-text-align-left is-style-default has-large-font-size\" style=\"margin-top:var(--wp--preset--spacing--20);margin-bottom:0;padding-top:0;padding-bottom:0\"><a href=\"https:\/\/www.nevadomarbella.com\/es\/elisa-rodriguez-agente-ventas-nevado-realty\">elisa rodr\u00edguez<\/a><\/h3>\n\n\n\n<p class=\"has-ultrasmall-font-size\" style=\"margin-top:0;margin-bottom:0;padding-top:0;padding-bottom:0\"><em>Ventas y alquiler<\/em><\/p>\n\n\n\n<p class=\"has-small-font-size\">Email: <a href=\"mailto:elisa@nevadomarbella.com\">elisa@nevadomarbella.com<\/a> <br>Phone:&nbsp;<a href=\"tel:+34696950510\">+34 696 95 05 10<\/a><\/p>\n<\/div>\n\n\n\n<div class=\"wp-block-column is-layout-flow wp-block-column-is-layout-flow\">\n<figure class=\"wp-block-image size-full has-custom-border wp-duotone-duotone-2\"><a href=\"https:\/\/www.nevadomarbella.com\/es\/marina-artero-agente-captacion-nevado-realty\"><img decoding=\"async\" width=\"750\" height=\"1000\" src=\"https:\/\/www.nevadomarbella.com\/wp-content\/uploads\/2025\/01\/marina-copia.webp\" alt=\"Marina Artero, agente de captaci\u00f3n\" class=\"wp-image-19673\" style=\"border-radius:0px;aspect-ratio:3\/4;object-fit:cover\"\/><\/a><\/figure>\n\n\n\n<h3 class=\"wp-block-heading has-text-align-left is-style-default has-large-font-size\" style=\"margin-top:var(--wp--preset--spacing--20);margin-bottom:0;padding-top:0;padding-bottom:0\"><a href=\"https:\/\/www.nevadomarbella.com\/es\/marina-artero-agente-captacion-nevado-realty\">Marina artero<\/a><\/h3>\n\n\n\n<p class=\"has-ultrasmall-font-size\" style=\"margin-top:0;margin-bottom:0;padding-top:0;padding-bottom:0\"><em>Listings<\/em><\/p>\n\n\n\n<p class=\"has-small-font-size\">Email: <a href=\"mailto:marina@nevadomarbella.com\">marina@nevadomarbella.com<\/a> <br>Phone:&nbsp;<a href=\"tel:+34952825517\">+34 619 92 08 47<\/a><\/p>\n<\/div>\n<\/div>\n\n\n\n<div class=\"wp-block-columns alignwide is-layout-flex wp-container-core-columns-is-layout-c3317e1f wp-block-columns-is-layout-flex\" style=\"margin-top:var(--wp--preset--spacing--40);padding-right:0;padding-left:0\">\n<div class=\"wp-block-column is-layout-flow wp-block-column-is-layout-flow\">\n<figure class=\"wp-block-image size-full has-custom-border wp-duotone-duotone-2\"><a href=\"https:\/\/www.nevadomarbella.com\/es\/kira-sanchez-asistente-direccion-nevado-realty\"><img decoding=\"async\" width=\"750\" height=\"1000\" src=\"https:\/\/www.nevadomarbella.com\/wp-content\/uploads\/2025\/01\/kira-copia-1.webp\" alt=\"Kira S\u00e1nchez, asistente de direcci\u00f3n\" class=\"wp-image-19694\" style=\"border-radius:0px;aspect-ratio:3\/4;object-fit:cover\"\/><\/a><\/figure>\n\n\n\n<h3 class=\"wp-block-heading has-text-align-left is-style-default has-large-font-size\" style=\"margin-top:var(--wp--preset--spacing--20);margin-bottom:0;padding-top:0;padding-bottom:0\"><a href=\"https:\/\/www.nevadomarbella.com\/es\/kira-sanchez-asistente-direccion-nevado-realty\">kira s\u00e1nchez<\/a><\/h3>\n\n\n\n<p class=\"has-ultrasmall-font-size\" style=\"margin-top:0;margin-bottom:0;padding-top:0;padding-bottom:0\"><em>Asistente de direcci\u00f3n<\/em><\/p>\n\n\n\n<p class=\"has-small-font-size\">Email: <a href=\"mailto:info@nevadomarbella.com\">info@nevadomarbella.com<\/a> <\/p>\n<\/div>\n\n\n\n<div class=\"wp-block-column is-layout-flow wp-block-column-is-layout-flow\">\n<figure class=\"wp-block-image size-full has-custom-border wp-duotone-duotone-2\"><a href=\"https:\/\/www.nevadomarbella.com\/es\/silvia-garcia-asistente-direccion-nevado-realty\"><img decoding=\"async\" width=\"750\" height=\"1000\" src=\"https:\/\/www.nevadomarbella.com\/wp-content\/uploads\/2025\/01\/silvia-copia.webp\" alt=\"Silvia Garc\u00eda, asistente de direcci\u00f3n\" class=\"wp-image-19677\" style=\"border-radius:0px;aspect-ratio:3\/4;object-fit:cover\"\/><\/a><\/figure>\n\n\n\n<h3 class=\"wp-block-heading has-text-align-left is-style-default has-large-font-size\" style=\"margin-top:var(--wp--preset--spacing--20);margin-bottom:0;padding-top:0;padding-bottom:0\"><a href=\"https:\/\/www.nevadomarbella.com\/es\/silvia-garcia-asistente-direccion-nevado-realty\">silvia garc\u00eda<\/a><\/h3>\n\n\n\n<p class=\"has-ultrasmall-font-size\" style=\"margin-top:0;margin-bottom:0;padding-top:0;padding-bottom:0\"><em>Asistente de direcci\u00f3n<\/em><\/p>\n\n\n\n<p class=\"has-small-font-size\">Email: <a href=\"mailto:info@nevadomarbella.com\">info@nevadomarbella.com<\/a> <\/p>\n<\/div>\n\n\n\n<div class=\"wp-block-column is-layout-flow wp-block-column-is-layout-flow\">\n<figure class=\"wp-block-image size-full has-custom-border wp-duotone-duotone-2\"><a href=\"https:\/\/www.nevadomarbella.com\/es\/jose-naranjo-marketing-nevado-realty\"><img decoding=\"async\" width=\"750\" height=\"1000\" src=\"https:\/\/www.nevadomarbella.com\/wp-content\/uploads\/2025\/01\/jose-copia-1.webp\" alt=\"Jos\u00e9 Naranjo, responsable de marketing\" class=\"wp-image-19686\" style=\"border-radius:0px;aspect-ratio:3\/4;object-fit:cover\"\/><\/a><\/figure>\n\n\n\n<h3 class=\"wp-block-heading has-text-align-left is-style-default has-large-font-size\" style=\"margin-top:var(--wp--preset--spacing--20);margin-bottom:0;padding-top:0;padding-bottom:0\"><a href=\"https:\/\/www.nevadomarbella.com\/es\/jose-naranjo-marketing-nevado-realty\">jos\u00e9 Naranjo<\/a><\/h3>\n\n\n\n<p class=\"has-ultrasmall-font-size\" style=\"margin-top:0;margin-bottom:0;padding-top:0;padding-bottom:0\"><em>Marketing<\/em><\/p>\n\n\n\n<p>Email: <a href=\"mailto:jose@nevadomarbella.com\">jose@nevadomarbella.com<\/a> <br>Phone:&nbsp;<a href=\"tel:+34653526535\">+34 653 52 65 35<\/a><\/p>\n<\/div>\n<\/div>\n\n\n\n<div class=\"wp-block-columns alignwide is-layout-flex wp-container-core-columns-is-layout-c3317e1f wp-block-columns-is-layout-flex\" style=\"margin-top:var(--wp--preset--spacing--40);padding-right:0;padding-left:0\">\n<div class=\"wp-block-column is-layout-flow wp-block-column-is-layout-flow\">\n<figure class=\"wp-block-image size-full has-custom-border wp-duotone-duotone-2\"><a href=\"https:\/\/www.nevadomarbella.com\/es\/marcos-garcia-fotografo-nevado-realty\"><img decoding=\"async\" width=\"750\" height=\"1000\" src=\"https:\/\/www.nevadomarbella.com\/wp-content\/uploads\/2025\/01\/marcos-copia.webp\" alt=\"Marcos Garc\u00eda, fot\u00f3grafo\" class=\"wp-image-19665\" style=\"border-radius:0px;aspect-ratio:3\/4;object-fit:cover\"\/><\/a><\/figure>\n\n\n\n<h3 class=\"wp-block-heading has-text-align-left is-style-default has-large-font-size\" style=\"margin-top:var(--wp--preset--spacing--20);margin-bottom:0;padding-top:0;padding-bottom:0\"><a href=\"https:\/\/www.nevadomarbella.com\/es\/marcos-garcia-fotografo-nevado-realty\">marcos garc\u00eda<\/a><\/h3>\n\n\n\n<p class=\"has-ultrasmall-font-size\" style=\"margin-top:0;margin-bottom:0;padding-top:0;padding-bottom:0\"><em>Fot\u00f3grafo<\/em><\/p>\n<\/div>\n\n\n\n<div class=\"wp-block-column is-layout-flow wp-block-column-is-layout-flow\"><\/div>\n\n\n\n<div class=\"wp-block-column is-layout-flow wp-block-column-is-layout-flow\"><\/div>\n<\/div>\n<\/div>\n<\/div>\n\n\n\n<section class=\"wp-block-group alignfull jaleo-heroform is-layout-flow wp-block-group-is-layout-flow\" style=\"margin-bottom:var(--wp--preset--spacing--60);padding-right:var(--wp--preset--spacing--50);padding-left:var(--wp--preset--spacing--50)\">\n<div class=\"wp-block-columns alignwide are-vertically-aligned-center is-layout-flex wp-container-core-columns-is-layout-28f84493 wp-block-columns-is-layout-flex\">\n<div class=\"wp-block-column is-vertically-aligned-center has-global-padding is-layout-constrained wp-block-column-is-layout-constrained\" style=\"flex-basis:50%\">\n<figure class=\"wp-block-image size-full is-style-default wp-duotone-unset-6\"><img decoding=\"async\" width=\"1000\" height=\"1000\" src=\"https:\/\/www.nevadomarbella.com\/wp-content\/uploads\/2025\/01\/oficina-nevado-realty-en-marbella-centro-1.webp\" alt=\"Oficina Nevado Realty en Marbella centro\" class=\"wp-image-19710\" style=\"aspect-ratio:1;object-fit:cover\"\/><\/figure>\n<\/div>\n\n\n\n<div class=\"wp-block-column is-vertically-aligned-center has-global-padding is-layout-constrained wp-block-column-is-layout-constrained\" style=\"flex-basis:50%\">\n<h3 class=\"wp-block-heading has-text-align-left has-x-large-font-size\" style=\"margin-bottom:var(--wp--preset--spacing--30)\">cont\u00e1ctenos<\/h3>\n\n\n\n<p class=\"has-text-align-left\">Nuestro equipo est\u00e1 aqu\u00ed para guiarle en cada paso del camino, ofreci\u00e9ndole el <strong>apoyo<\/strong> y la <strong>experiencia <\/strong>que necesita para hacer realidad sus sue\u00f1os.<\/p>\n\n\n\n<p class=\"has-text-align-left\">Si tiene alguna <strong>pregunta, necesita orientaci\u00f3n<\/strong> o simplemente quiere compartir sus ideas, no dude en ponerse en contacto con nosotros. Estamos aqu\u00ed para escucharle, entender sus necesidades y ayudarle a encontrar ese espacio que usted sienta como su hogar. <\/p>\n\n\n\n<p class=\"has-text-align-left\">Perm\u00edtanos formar parte de su historia. <strong>Escr\u00edbanos, ll\u00e1menos o visite nuestra oficina<\/strong>. Nuestro equipo est\u00e1 preparado para ofrecerle la <strong>atenci\u00f3n personalizada que se merece<\/strong>. En Nevado Realty, el viaje de su hogar comienza con una conversaci\u00f3n. <strong>\u00a1Hablemos!<\/strong><\/p>\n\n\n<div id=\"wpb__style_container\" class=\"wpb__style_container wpb--container\"><form id=\"property_form\" class=\"wpb--property-form\" action=\"localhost\" method=\"POST\" data-contact=\"property_form\" data-lead-sent-ok=\"Su mensaje ha sido enviado.\" data-sitekey=\"6Lcu70ApAAAAALSclGERBvdFXlfg15po4zMqthx0\">\n\t<input type=\"hidden\" name=\"subject\" value=\"Contacto desde Propiedad \/es\/wp-json\/wp\/v2\/pages\/16478\" \/>\n\t<input type=\"hidden\" name=\"g-recaptcha-response\" value=\"\" \/>\n\t<input type=\"hidden\" name=\"success\" value=\"\/es\/pagina-de-gracias\" \/> \n\t\t<input name=\"name\" type=\"text\" autocomplete=\"off\" placeholder=\"Nombre completo\" required data-error=\"Nombre obligatorio\" \/>\n\t<input name=\"email\" type=\"email\" autocomplete=\"off\" placeholder=\"Email\" required data-error=\"Email obligatorio\" \/>\n\t<input name=\"intphone\" style=\"width: 100%\" type=\"tel\" autocomplete=\"off\" placeholder=\"Tel\u00e9fono\" data-error=\"Los n\u00fameros de tel\u00e9fono deben tener entre 8 y 20 d\u00edgitos\" \/>\n\t<input name=\"source\" type=\"hidden\" value=\"https:\/\/www.nevadomarbella.com\/es\/wp-json\/wp\/v2\/pages\/16478\"\/>\n\t\t<textarea name=\"comment\" rows=\"6\" placeholder=\"D\u00e9jenos sus comentarios\"><\/textarea>\n\n\t<div class=\"wpb--custom-checkbox\">\n\t\t<input type=\"checkbox\" id=\"property_form-property_form-customCheck1\" name=\"privacy_policy\" required data-error=\"Campo Obligatorio\" \/>\n\t\t<label for=\"property_form-property_form-customCheck1\">Acepto la  <a href=\"https:\/\/www.nevadomarbella.com\/privacy\" target=\"_blank\">Pol\u00edtica de privacidad<\/a><\/label>\n\t<\/div>\n\t<div class=\"wpb--custom-checkbox\">\n\t\t<input type=\"checkbox\" id=\"property_form-property_form-customCheck2\" name=\"commercial_information\" \/>\n\t\t<label for=\"property_form-property_form-customCheck2\">Acepto recibir informaci\u00f3n por email<\/label>\n\t<\/div>\n\t<button data-ids=\"property_form\" data-lang=\"\" class=\"btn wpb--formbutton g-recaptcha\" type=\"submit\"><span id=\"text-send\">Enviar<\/span> <span id=\"spinner-send\"><\/span><\/button>\n\t<p id=\"result\" class=\"wpb--form-msg\"><\/p>\n<\/form>\n\t<script src=\"https:\/\/www.google.com\/recaptcha\/api.js?render=6Lcu70ApAAAAALSclGERBvdFXlfg15po4zMqthx0&hl=\"><\/script>\n\t<link rel=\"stylesheet\" href=\"https:\/\/cdn.jsdelivr.net\/npm\/intl-tel-input@23.0.10\/build\/css\/intlTelInput.css\">\n\t<script src=\"https:\/\/cdn.jsdelivr.net\/npm\/intl-tel-input@23.0.10\/build\/js\/intlTelInput.min.js\"><\/script>\n\t<script>\n\t\tconst input = document.querySelectorAll(\"[name=intphone]\");\n\t\tif (input.length) {\n\t\t\tlet initialCountry ;\n\t\t\tconst currentLang = document.querySelector(\"html\").getAttribute(\"lang\").split(\"-\")[0];\n\t\t\tswitch (currentLang) {\n\t\t\t\tcase \"en\" : \n\t\t\t\t\tinitialCountry = \"gb\";\n\t\t\t\t\tbreak;\n\t\t\t\tcase \"es\" : \n\t\t\t\t\tinitialCountry = \"es\";\n\t\t\t\t\tbreak;\n\t\t\t\tcase \"fr\":\n\t\t\t\t\tinitialCountry = \"fr\";\n\t\t\t\t\tbreak;\n\t\t\t\tdefault:\n\t\t\t\t\tinitialCountry = \"es\";\n\t\t\t\t\tbreak;\n\t\t\t}\n\t\t\tinput.forEach(function(item) {\n\t\t\t\twindow.intlTelInput(item, {\n\t\t\t\t\tutilsScript: \"https:\/\/cdn.jsdelivr.net\/npm\/intl-tel-input@23.0.10\/build\/js\/utils.js\",\n\t\t\t\t\tinitialCountry: initialCountry,\n\t\t\t\t\thiddenInput: () => ({ phone: \"phone\", country: \"country_code\" }),\n\t\t\t\t\tcountryOrder: [\"gb\", \"se\", \"es\", \"fr\", \"de\"],\n\t\t\t\t\tnationalMode: false,\n\t\t\t\t\tautoHideDialCode: false,\n\t\t\t\t\texcludeCountries: [\"none\"],\n\t\t\t\t\tseparateDialCode: true\n\t\t\t\t})\n\t\t\t});\n\t\t}\n\t<\/script>\n<\/div>\n<\/div>\n<\/div>\n<\/section>\n","protected":false},"excerpt":{"rendered":"<p>conozca nevado Realty Nevado Realty es una agencia inmobiliaria l\u00edder en Marbella desde 1994. Con un enfoque en propiedades de lujo en el coraz\u00f3n de Marbella y la Milla de Oro, ofrecemos una selecci\u00f3n de listados excepcionales y \u00fanicos. Explore con Nevado Realty para encontrar los mejores inmuebles cerca de la playa, as\u00ed como propiedades [&hellip;]<\/p>\n","protected":false},"author":8,"featured_media":0,"parent":0,"menu_order":10,"comment_status":"closed","ping_status":"closed","template":"solid-header","meta":{"_acf_changed":false,"footnotes":""},"class_list":["post-16478","page","type-page","status-publish","hentry"],"acf":[],"_links":{"self":[{"href":"https:\/\/www.nevadomarbella.com\/es\/wp-json\/wp\/v2\/pages\/16478","targetHints":{"allow":["GET"]}}],"collection":[{"href":"https:\/\/www.nevadomarbella.com\/es\/wp-json\/wp\/v2\/pages"}],"about":[{"href":"https:\/\/www.nevadomarbella.com\/es\/wp-json\/wp\/v2\/types\/page"}],"author":[{"embeddable":true,"href":"https:\/\/www.nevadomarbella.com\/es\/wp-json\/wp\/v2\/users\/8"}],"replies":[{"embeddable":true,"href":"https:\/\/www.nevadomarbella.com\/es\/wp-json\/wp\/v2\/comments?post=16478"}],"version-history":[{"count":1,"href":"https:\/\/www.nevadomarbella.com\/es\/wp-json\/wp\/v2\/pages\/16478\/revisions"}],"predecessor-version":[{"id":19985,"href":"https:\/\/www.nevadomarbella.com\/es\/wp-json\/wp\/v2\/pages\/16478\/revisions\/19985"}],"wp:attachment":[{"href":"https:\/\/www.nevadomarbella.com\/es\/wp-json\/wp\/v2\/media?parent=16478"}],"curies":[{"name":"wp","href":"https:\/\/api.w.org\/{rel}","templated":true}]}}